{"id":3327,"date":"2017-02-23T12:36:50","date_gmt":"2017-02-23T11:36:50","guid":{"rendered":"https:\/\/proxipel.ch\/a-primeira-unidade-movel-de-peletizacao-uma-revolucao-para-um-futuro-sustentavel\/"},"modified":"2026-07-17T15:05:23","modified_gmt":"2026-07-17T13:05:23","slug":"a-primeira-unidade-movel-de-peletizacao-uma-revolucao-para-um-futuro-sustentavel","status":"publish","type":"page","link":"https:\/\/proxipel.ch\/pt-pt\/","title":{"rendered":"A primeira unidade m\u00f3vel de peletiza\u00e7\u00e3o: uma revolu\u00e7\u00e3o para um futuro sustent\u00e1vel."},"content":{"rendered":"<p>[et_pb_section fb_built=&#8221;1&#8243; _builder_version=&#8221;4.27.5&#8243; _module_preset=&#8221;default&#8221; background_image=&#8221;https:\/\/proxipel.ch\/wp-content\/uploads\/2025\/01\/camion-usine-pellet.webp&#8221; parallax=&#8221;on&#8221; height=&#8221;795px&#8221; collapsed=&#8221;off&#8221; global_colors_info=&#8221;{}&#8221;][et_pb_row _builder_version=&#8221;4.27.4&#8243; _module_preset=&#8221;default&#8221; global_colors_info=&#8221;{}&#8221;][et_pb_column type=&#8221;4_4&#8243; _builder_version=&#8221;4.27.4&#8243; _module_preset=&#8221;default&#8221; global_colors_info=&#8221;{}&#8221;][\/et_pb_column][\/et_pb_row][et_pb_row column_structure=&#8221;1_4,3_4&#8243; _builder_version=&#8221;4.27.4&#8243; _module_preset=&#8221;default&#8221; global_colors_info=&#8221;{}&#8221;][et_pb_column type=&#8221;1_4&#8243; _builder_version=&#8221;4.27.4&#8243; _module_preset=&#8221;default&#8221; global_colors_info=&#8221;{}&#8221;][\/et_pb_column][et_pb_column type=&#8221;3_4&#8243; _builder_version=&#8221;4.27.4&#8243; _module_preset=&#8221;default&#8221; global_colors_info=&#8221;{}&#8221;][et_pb_text _builder_version=&#8221;4.27.4&#8243; _module_preset=&#8221;default&#8221; text_font=&#8221;Abel||||||||&#8221; header_font=&#8221;Abel|700||on|||||&#8221; header_text_align=&#8221;center&#8221; header_text_color=&#8221;#000000&#8243; header_font_size=&#8221;65px&#8221; header_line_height=&#8221;1.2em&#8221; header_2_font=&#8221;Abel|700|||||||&#8221; header_2_text_color=&#8221;#000000&#8243; header_2_font_size=&#8221;34px&#8221; global_colors_info=&#8221;{}&#8221;][\/et_pb_text][et_pb_text _builder_version=&#8221;4.27.4&#8243; _module_preset=&#8221;default&#8221; text_font=&#8221;Abel||||||||&#8221; header_font=&#8221;Abel|700||on|||||&#8221; header_text_align=&#8221;center&#8221; header_text_color=&#8221;#FFFFFF&#8221; header_font_size=&#8221;78px&#8221; header_line_height=&#8221;1.2em&#8221; header_2_font=&#8221;Abel|700|||||||&#8221; header_2_text_color=&#8221;#FFFFFF&#8221; header_2_font_size=&#8221;44px&#8221; header_3_font=&#8221;Abel|600|||on||||&#8221; header_3_text_color=&#8221;#FFFFFF&#8221; header_3_font_size=&#8221;27px&#8221; background_color=&#8221;RGBA(255,255,255,0)&#8221; custom_margin=&#8221;|-116px|||false|false&#8221; custom_margin_tablet=&#8221;|-116px|||false|false&#8221; custom_margin_phone=&#8221;|-1px|||false|false&#8221; custom_margin_last_edited=&#8221;on|phone&#8221; custom_padding=&#8221;|0px||||&#8221; header_font_size_tablet=&#8221;78px&#8221; header_font_size_phone=&#8221;44px&#8221; header_font_size_last_edited=&#8221;on|phone&#8221; global_colors_info=&#8221;{}&#8221;]<\/p>\n<h1 style=\"text-align: left;\">A primeira unidade m\u00f3vel <span class=\"ui-provider a b c d e f g h i j k l m n o p q r s t u v w x y z ab ac ae af ag ah ai aj ak\" dir=\"ltr\">de peletiza\u00e7\u00e3o integral<\/span><\/h1>\n<h2>Proxipel: Uma revolu\u00e7\u00e3o para um futuro sustent\u00e1vel<\/h2>\n<p>&nbsp;<\/p>\n<p>&nbsp;<\/p>\n<p>[\/et_pb_text][\/et_pb_column][\/et_pb_row][\/et_pb_section][et_pb_section fb_built=&#8221;1&#8243; _builder_version=&#8221;4.24.3&#8243; _module_preset=&#8221;default&#8221; collapsed=&#8221;on&#8221; global_colors_info=&#8221;{}&#8221;][et_pb_row column_structure=&#8221;1_4,1_4,1_2&#8243; use_custom_gutter=&#8221;on&#8221; gutter_width=&#8221;1&#8243; admin_label=&#8221;row&#8221; _builder_version=&#8221;4.24.3&#8243; background_size=&#8221;initial&#8221; background_position=&#8221;top_left&#8221; background_repeat=&#8221;repeat&#8221; custom_margin_tablet=&#8221;&#8221; custom_margin_phone=&#8221;&#8221; custom_margin_last_edited=&#8221;on|desktop&#8221; custom_padding=&#8221;0px|0px|30px|0px|false|false&#8221; make_fullwidth=&#8221;off&#8221; use_custom_width=&#8221;on&#8221; width_unit=&#8221;on&#8221; custom_width_px=&#8221;1080px&#8221; custom_width_percent=&#8221;41%&#8221; global_colors_info=&#8221;{}&#8221;][et_pb_column type=&#8221;1_4&#8243; _builder_version=&#8221;4.16&#8243; custom_padding=&#8221;|||&#8221; global_colors_info=&#8221;{}&#8221; custom_padding__hover=&#8221;|||&#8221;][et_pb_image src=&#8221;https:\/\/proxipel.ch\/wp-content\/uploads\/2026\/05\/proxipel-deploiement.webp&#8221; alt=&#8221;proxipel-implementa\u00e7\u00e3o&#8221; title_text=&#8221;proxipel-implementa\u00e7\u00e3o&#8221; align_tablet=&#8221;center&#8221; align_phone=&#8221;center&#8221; align_last_edited=&#8221;on|desktop&#8221; admin_label=&#8221;Image&#8221; _builder_version=&#8221;4.27.5&#8243; animation_style=&#8221;slide&#8221; animation_direction=&#8221;left&#8221; animation_duration=&#8221;500ms&#8221; animation_intensity_slide=&#8221;10%&#8221; border_style=&#8221;solid&#8221; sticky=&#8221;off&#8221; always_center_on_mobile=&#8221;on&#8221; global_colors_info=&#8221;{}&#8221;][\/et_pb_image][\/et_pb_column][et_pb_column type=&#8221;1_4&#8243; _builder_version=&#8221;4.16&#8243; custom_padding=&#8221;|||&#8221; global_colors_info=&#8221;{}&#8221; custom_padding__hover=&#8221;|||&#8221;][et_pb_image src=&#8221;https:\/\/proxipel.ch\/wp-content\/uploads\/2026\/05\/proxipel-ouverture.webp&#8221; alt=&#8221;proxipel-abertura&#8221; title_text=&#8221;proxipel-abertura&#8221; align_tablet=&#8221;center&#8221; align_phone=&#8221;center&#8221; align_last_edited=&#8221;on|desktop&#8221; admin_label=&#8221;Image&#8221; _builder_version=&#8221;4.27.5&#8243; animation_style=&#8221;slide&#8221; animation_direction=&#8221;top&#8221; animation_duration=&#8221;500ms&#8221; animation_intensity_slide=&#8221;10%&#8221; border_style=&#8221;solid&#8221; animation=&#8221;top&#8221; sticky=&#8221;off&#8221; always_center_on_mobile=&#8221;on&#8221; global_colors_info=&#8221;{}&#8221;][\/et_pb_image][et_pb_image src=&#8221;https:\/\/proxipel.ch\/wp-content\/uploads\/2026\/05\/pellets-1.webp&#8221; alt=&#8221;pellets&#8221; title_text=&#8221;pellets (1)&#8221; align_tablet=&#8221;center&#8221; align_phone=&#8221;center&#8221; align_last_edited=&#8221;on|desktop&#8221; admin_label=&#8221;Image&#8221; _builder_version=&#8221;4.27.5&#8243; animation_style=&#8221;slide&#8221; animation_direction=&#8221;bottom&#8221; animation_duration=&#8221;500ms&#8221; animation_intensity_slide=&#8221;10%&#8221; border_style=&#8221;solid&#8221; animation=&#8221;bottom&#8221; sticky=&#8221;off&#8221; always_center_on_mobile=&#8221;on&#8221; global_colors_info=&#8221;{}&#8221;][\/et_pb_image][\/et_pb_column][et_pb_column type=&#8221;1_2&#8243; _builder_version=&#8221;4.16&#8243; custom_padding=&#8221;|||&#8221; global_colors_info=&#8221;{}&#8221; custom_padding__hover=&#8221;|||&#8221;][et_pb_text disabled_on=&#8221;off|off|off&#8221; admin_label=&#8221;Text&#8221; _builder_version=&#8221;4.27.5&#8243; text_line_height=&#8221;2em&#8221; header_3_font=&#8221;Abel|700|||||||&#8221; header_3_text_color=&#8221;#000000&#8243; background_size=&#8221;initial&#8221; background_position=&#8221;top_left&#8221; background_repeat=&#8221;repeat&#8221; custom_margin=&#8221;50px|1px||50px||&#8221; custom_margin_tablet=&#8221;&#8221; custom_margin_phone=&#8221;50px|20px||20px&#8221; custom_margin_last_edited=&#8221;on|phone&#8221; use_border_color=&#8221;off&#8221; border_style=&#8221;solid&#8221; global_colors_info=&#8221;{}&#8221;]<\/p>\n<h3><strong>Na Proxipel, a nossa miss\u00e3o \u00e9 tornar a produ\u00e7\u00e3o de pellets mais acess\u00edvel, eficiente e sustent\u00e1vel.<br \/><\/strong><\/h3>\n<p>Oferecemos uma <a href=\"https:\/\/proxipel.ch\/pt-pt\/unidade-movel-de-peletizacao-proxipel-proxiflex-em-video\/\"><span style=\"color: #a3c85f;\">unidade m\u00f3vel<\/span><\/a> capaz de triturar, secar e peletizar uma grande variedade de biomassas diretamente no local. Isso permite que os nossos clientes reduzam os seus custos e otimizem os seus recursos. Al\u00e9m disso, esta abordagem diminui os transportes e contribui para uma gest\u00e3o mais respons\u00e1vel da energia. Estamos empenhados em oferecer uma solu\u00e7\u00e3o inovadora que combine desempenho industrial com um impacto ambiental positivo. A Proxipel ajuda-te a <a href=\"https:\/\/proxipel.ch\/pt-pt\/a-valorizacao-dos-residuos-verdes\/\" title=\"Valoriza\u00e7\u00e3o dos res\u00edduos verdes\">valorizar os res\u00edduos e <\/a>a <a href=\"https:\/\/proxipel.ch\/pt-pt\/pellets-de-madeira-para-aquecimento-uma-solucao-ecologica-e-eficiente-da-proxipel\/\" title=\"Pellets de madeira para aquecimento.\">produzir pellets para aquecimento<\/a>, atrav\u00e9s de um <a href=\"https:\/\/proxipel.ch\/pt-pt\/tecnologia-movel-e-assistencia-no-local-uma-inovacao-da-proxipel\/\" title=\"Tecnologia m\u00f3vel e assist\u00eancia no local\">servi\u00e7o prestado diretamente no local<\/a>, destinado aos <a href=\"https:\/\/proxipel.ch\/pt-pt\/uma-unidade-movel-de-peletizacao-para-todos-os-profissionais-proxiflex-da-proxipel\/\" title=\"Uma unidade m\u00f3vel de peletiza\u00e7\u00e3o para todos os profissionais\"> intervenientes nos setores da madeira, agr\u00edcola, agroalimentar e da gest\u00e3o de res\u00edduos<\/a>.    <\/p>\n<p><strong>Juntos, vamos reduzir o tr\u00e1fego e otimizar o espa\u00e7o para um futuro mais respons\u00e1vel.<\/strong><\/p>\n<p>&nbsp;<\/p>\n<p>[\/et_pb_text][et_pb_button button_url=&#8221;https:\/\/proxipel.ch\/pt-pt\/contacto\/&#8221; button_text=&#8221;Contacta-nos&#8221; button_alignment=&#8221;center&#8221; _builder_version=&#8221;4.27.5&#8243; _module_preset=&#8221;default&#8221; custom_button=&#8221;on&#8221; button_text_color=&#8221;#AADB24&#8243; custom_margin=&#8221;20px||20px||false|false&#8221; global_colors_info=&#8221;{}&#8221;][\/et_pb_button][et_pb_button button_url=&#8221;https:\/\/proxipel.ch\/pt-pt\/tecnologia\/&#8221; button_text=&#8221;Descobrir a tecnologia&#8221; button_alignment=&#8221;center&#8221; _builder_version=&#8221;4.24.3&#8243; _module_preset=&#8221;default&#8221; custom_button=&#8221;on&#8221; button_text_color=&#8221;#AADB24&#8243; global_colors_info=&#8221;{}&#8221;][\/et_pb_button][\/et_pb_column][\/et_pb_row][et_pb_row disabled_on=&#8221;off|off|off&#8221; _builder_version=&#8221;4.27.5&#8243; _module_preset=&#8221;default&#8221; global_colors_info=&#8221;{}&#8221;][et_pb_column type=&#8221;4_4&#8243; _builder_version=&#8221;4.24.3&#8243; _module_preset=&#8221;default&#8221; global_colors_info=&#8221;{}&#8221;][et_pb_code _builder_version=&#8221;4.27.7&#8243; _module_preset=&#8221;default&#8221; global_colors_info=&#8221;{}&#8221;]<div class='white' style='background:rgba(0,0,0,0); border:solid 0px rgba(0,0,0,0); border-radius:0px; padding:0px 0px 0px 0px;'>\n<div id='sample_slider' class='owl-carousel sa_owl_theme owl-pagination-true autohide-arrows' data-slider-id='sample_slider' style='visibility:hidden;'>\n<div id='sample_slider_slide01' class='sa_hover_container' style='padding:5% 5%; margin:0px 0%; '><div style=\"text-align: left;padding-bottom: 10px\">\r\n<h3><img decoding=\"async\" class=\"alignnone wp-image-2685 size-full\" src=\"https:\/\/proxipel.ch\/wp-content\/uploads\/2026\/05\/camion.webp\" alt=\"camion proxipel\" width=\"895\" height=\"457\" srcset=\"https:\/\/proxipel.ch\/wp-content\/uploads\/2026\/05\/camion.webp 895w, https:\/\/proxipel.ch\/wp-content\/uploads\/2026\/05\/camion-480x245.webp 480w\" sizes=\"(min-width: 0px) and (max-width: 480px) 480px, (min-width: 481px) 895px, 100vw\" \/><\/h3>\r\n<h2 class=\"et_pb_slide_title et-fb-editable-element et-fb-editable-element__editing\" data-shortcode-id=\"0.0.0.0.0-1714621829766\" data-quickaccess-id=\"header\">Proxiflex<\/h2>\r\n<p>Unidade m\u00f3vel com tremonha de carregamento para materiais a granel<\/p>\r\n<p><a class=\"btn download\" href=\"https:\/\/proxipel.ch\/wp-content\/uploads\/2024\/09\/3422-Proxiflex-Fiche-Technique-WEB.pdf\">Ficha t\u00e9cnica <\/a><a class=\"btn download\" href=\"https:\/\/proxipel.ch\/pt-pt\/proxiflex\/\">Saiba mais<\/a><\/p>\r\n<\/div><\/div>\n<div id='sample_slider_slide02' class='sa_hover_container' style='padding:5% 5%; margin:0px 0%; background-color:rgb(255, 255, 255); '><div style=\"text-align: left;padding-bottom: 10px\">\r\n<h3><img decoding=\"async\" class=\"alignnone wp-image-2689 size-full\" src=\"https:\/\/proxipel.ch\/wp-content\/uploads\/2026\/05\/fabrication-pellet.webp\" alt=\"fabrication-pellet\" width=\"895\" height=\"457\" srcset=\"https:\/\/proxipel.ch\/wp-content\/uploads\/2026\/05\/fabrication-pellet.webp 895w, https:\/\/proxipel.ch\/wp-content\/uploads\/2026\/05\/fabrication-pellet-480x245.webp 480w\" sizes=\"(min-width: 0px) and (max-width: 480px) 480px, (min-width: 481px) 895px, 100vw\" \/><\/h3>\r\n<h2 class=\"et_pb_slide_title et-fb-editable-element et-fb-editable-element__editing\" data-shortcode-id=\"0.0.0.0.0-1714621829766\" data-quickaccess-id=\"header\">Servi\u00e7o de aluguer<\/h2>\r\n<p>Servi\u00e7o de aluguer da nossa unidade m\u00f3vel de peletiza\u00e7\u00e3o<\/p>\r\n<p><a class=\"btn download\" href=\"https:\/\/proxipel.ch\/pt-pt\/aluguer-de-unidades-moveis-de-peletizacao\/\">Saiba mais<\/a><\/p>\r\n<\/div><\/div>\n<div id='sample_slider_slide03' class='sa_hover_container' style='padding:5% 5%; margin:0px 0%; '><div style=\"text-align: left;padding-bottom: 10px\">\r\n<h3><img decoding=\"async\" class=\"alignnone wp-image-2681 size-full\" src=\"https:\/\/proxipel.ch\/wp-content\/uploads\/2026\/05\/labo-home.webp\" alt=\"labo-home\" width=\"895\" height=\"457\" srcset=\"https:\/\/proxipel.ch\/wp-content\/uploads\/2026\/05\/labo-home.webp 895w, https:\/\/proxipel.ch\/wp-content\/uploads\/2026\/05\/labo-home-480x245.webp 480w\" sizes=\"(min-width: 0px) and (max-width: 480px) 480px, (min-width: 481px) 895px, 100vw\" \/><\/h3>\r\n<h2 class=\"et_pb_slide_title et-fb-editable-element et-fb-editable-element__editing\" data-shortcode-id=\"0.0.0.0.0-1714621829766\" data-quickaccess-id=\"header\">Servi\u00e7os de Apoio<\/h2>\r\n<p>Apoio ao seu projeto, desde a conce\u00e7\u00e3o at\u00e9 \u00e0 entrada em funcionamento<\/p>\r\n<p><a class=\"btn download\" href=\"https:\/\/proxipel.ch\/pt-pt\/um-apoio-completo-para-o-teu-projeto\/\">Saiba mais<\/a><\/p>\r\n<\/div><\/div>\n<div id='sample_slider_slide04' class='sa_hover_container' style='padding:5% 5%; margin:0px 0%; '><div style=\"text-align: left;padding-bottom: 10px\">\r\n<h3><img decoding=\"async\" class=\"alignnone wp-image-2693 size-full\" src=\"https:\/\/proxipel.ch\/wp-content\/uploads\/2026\/05\/pellets-1.webp\" alt=\"pellets\" width=\"895\" height=\"457\" srcset=\"https:\/\/proxipel.ch\/wp-content\/uploads\/2026\/05\/pellets-1.webp 895w, https:\/\/proxipel.ch\/wp-content\/uploads\/2026\/05\/pellets-1-480x245.webp 480w\" sizes=\"(min-width: 0px) and (max-width: 480px) 480px, (min-width: 481px) 895px, 100vw\" \/><\/h3>\r\n<h2 class=\"et_pb_slide_title et-fb-editable-element et-fb-editable-element__editing\" data-shortcode-id=\"0.0.0.0.0-1714621829766\" data-quickaccess-id=\"header\">Pellets<\/h2>\r\n<p>Pellets de qualidade, em conformidade com a norma ISO 17225<\/p>\r\n<p><a class=\"btn download\" href=\"https:\/\/proxipel.ch\/pt-pt\/pellets\/\">Saiba mais<\/a><\/p>\r\n<\/div><\/div>\n<\/div>\n<\/div>\n<script type='text\/javascript'>\n\tjQuery(document).ready(function() {\n\t\tjQuery('#sample_slider').owlCarousel({\n\t\t\tresponsive:{\n\t\t\t\t0:{ items:1 },\n\t\t\t\t480:{ items:2 },\n\t\t\t\t768:{ items:2 },\n\t\t\t\t980:{ items:3 },\n\t\t\t\t1200:{ items:3 },\n\t\t\t\t1500:{ items:3 }\n\t\t\t},\n\t\t\tautoplay : true,\n\t\t\tautoplayTimeout : 5000,\n\t\t\tautoplayHoverPause : true,\n\t\t\tsmartSpeed : 200,\n\t\t\tfluidSpeed : 200,\n\t\t\tautoplaySpeed : 200,\n\t\t\tnavSpeed : 200,\n\t\t\tdotsSpeed : 200,\n\t\t\tloop : true,\n\t\t\tnav : true,\n\t\t\tnavText : ['Previous','Next'],\n\t\t\tdots : true,\n\t\t\tresponsiveRefreshRate : 200,\n\t\t\tslideBy : 1,\n\t\t\tmergeFit : true,\n\t\t\tautoHeight : false,\n\t\t\tmouseDrag : false,\n\t\t\ttouchDrag : true\n\t\t});\n\t\tjQuery('#sample_slider').css('visibility', 'visible');\n\t\tsa_resize_sample_slider();\n\t\twindow.addEventListener('resize', sa_resize_sample_slider);\n\t\tfunction sa_resize_sample_slider() {\n\t\t\tvar min_height = '50';\n\t\t\tvar win_width = jQuery(window).width();\n\t\t\tvar slider_width = jQuery('#sample_slider').width();\n\t\t\tif (win_width < 480) {\n\t\t\t\tvar slide_width = slider_width \/ 1;\n\t\t\t} else if (win_width < 768) {\n\t\t\t\tvar slide_width = slider_width \/ 2;\n\t\t\t} else if (win_width < 980) {\n\t\t\t\tvar slide_width = slider_width \/ 2;\n\t\t\t} else if (win_width < 1200) {\n\t\t\t\tvar slide_width = slider_width \/ 3;\n\t\t\t} else if (win_width < 1500) {\n\t\t\t\tvar slide_width = slider_width \/ 3;\n\t\t\t} else {\n\t\t\t\tvar slide_width = slider_width \/ 3;\n\t\t\t}\n\t\t\tslide_width = Math.round(slide_width);\n\t\t\tvar slide_height = '0';\n\t\t\tif (min_height == 'aspect43') {\n\t\t\t\tslide_height = (slide_width \/ 4) * 3;\t\t\t\tslide_height = Math.round(slide_height);\n\t\t\t} else if (min_height == 'aspect169') {\n\t\t\t\tslide_height = (slide_width \/ 16) * 9;\t\t\t\tslide_height = Math.round(slide_height);\n\t\t\t} else {\n\t\t\t\tslide_height = (slide_width \/ 100) * min_height;\t\t\t\tslide_height = Math.round(slide_height);\n\t\t\t}\n\t\t\tjQuery('#sample_slider .owl-item .sa_hover_container').css('min-height', slide_height+'px');\n\t\t}\n\t\tvar owl_goto = jQuery('#sample_slider');\n\t\tjQuery('.sample_slider_goto1').click(function(event){\n\t\t\towl_goto.trigger('to.owl.carousel', 0);\n\t\t});\n\t\tjQuery('.sample_slider_goto2').click(function(event){\n\t\t\towl_goto.trigger('to.owl.carousel', 1);\n\t\t});\n\t\tjQuery('.sample_slider_goto3').click(function(event){\n\t\t\towl_goto.trigger('to.owl.carousel', 2);\n\t\t});\n\t\tjQuery('.sample_slider_goto4').click(function(event){\n\t\t\towl_goto.trigger('to.owl.carousel', 3);\n\t\t});\n\t\tvar resize_4087 = jQuery('.owl-carousel');\n\t\tresize_4087.on('initialized.owl.carousel', function(e) {\n\t\t\tif (typeof(Event) === 'function') {\n\t\t\t\twindow.dispatchEvent(new Event('resize'));\n\t\t\t} else {\n\t\t\t\tvar evt = window.document.createEvent('UIEvents');\n\t\t\t\tevt.initUIEvent('resize', true, false, window, 0);\n\t\t\t\twindow.dispatchEvent(evt);\n\t\t\t}\n\t\t});\n\t});\n<\/script>\n[\/et_pb_code][\/et_pb_column][\/et_pb_row][et_pb_row _builder_version=&#8221;4.27.4&#8243; _module_preset=&#8221;default&#8221; custom_margin_tablet=&#8221;&#8221; custom_margin_phone=&#8221;||||false|false&#8221; custom_margin_last_edited=&#8221;on|phone&#8221; global_colors_info=&#8221;{}&#8221;][et_pb_column type=&#8221;4_4&#8243; _builder_version=&#8221;4.27.4&#8243; _module_preset=&#8221;default&#8221; global_colors_info=&#8221;{}&#8221;][et_pb_text disabled_on=&#8221;off|off|off&#8221; _builder_version=&#8221;4.27.4&#8243; _module_preset=&#8221;default&#8221; background_size=&#8221;initial&#8221; background_position=&#8221;top_left&#8221; background_repeat=&#8221;repeat&#8221; custom_margin=&#8221;0px|||50px|false|false&#8221; custom_margin_tablet=&#8221;0px|||50px|false|false&#8221; custom_margin_phone=&#8221;100px|||20px&#8221; custom_margin_last_edited=&#8221;on|phone&#8221; custom_padding=&#8221;|||&#8221; global_colors_info=&#8221;{}&#8221;]<\/p>\n<h2 style=\"text-align: center;\">Not\u00edcias<\/h2>\n<p>[\/et_pb_text][et_pb_blog fullwidth=&#8221;off&#8221; show_author=&#8221;off&#8221; show_categories=&#8221;off&#8221; _builder_version=&#8221;4.27.4&#8243; _module_preset=&#8221;default&#8221; global_colors_info=&#8221;{}&#8221;][\/et_pb_blog][\/et_pb_column][\/et_pb_row][\/et_pb_section][et_pb_section fb_built=&#8221;1&#8243; fullwidth=&#8221;on&#8221; _builder_version=&#8221;4.27.5&#8243; _module_preset=&#8221;default&#8221; background_image=&#8221;https:\/\/proxipel.ch\/wp-content\/uploads\/2026\/05\/foret-proxipel-1.webp&#8221; global_colors_info=&#8221;{}&#8221;][et_pb_fullwidth_image alt=&#8221;floresta verde durante o dia&#8221; title_text=&#8221;Foto de Rural Explorer&#8221; _builder_version=&#8221;4.24.3&#8243; _module_preset=&#8221;default&#8221; background_image=&#8221;https:\/\/proxipel.ch\/wp-content\/uploads\/2024\/09\/ows_3i0y5si.jpg&#8221; min_height=&#8221;200px&#8221; global_colors_info=&#8221;{}&#8221;][\/et_pb_fullwidth_image][\/et_pb_section]<\/p>\n","protected":false},"excerpt":{"rendered":"<p>A primeira unidade m\u00f3vel de peletiza\u00e7\u00e3o integral Proxipel: Uma revolu\u00e7\u00e3o para um futuro sustent\u00e1vel &nbsp; &nbsp;Na Proxipel, a nossa miss\u00e3o \u00e9 tornar a produ\u00e7\u00e3o de pellets mais acess\u00edvel, eficiente e sustent\u00e1vel. Oferecemos uma unidade m\u00f3vel capaz de triturar, secar e peletizar uma grande variedade de biomassas diretamente no local. Isso permite que os nossos clientes [&hellip;]<\/p>\n","protected":false},"author":8,"featured_media":3027,"parent":0,"menu_order":0,"comment_status":"closed","ping_status":"closed","template":"","meta":{"_et_pb_use_builder":"on","_et_pb_old_content":"","_et_gb_content_width":"","inline_featured_image":false,"footnotes":""},"class_list":["post-3327","page","type-page","status-publish","has-post-thumbnail","hentry"],"yoast_head":"<!-- This site is optimized with the Yoast SEO plugin v28.3 - https:\/\/yoast.com\/product\/yoast-seo-wordpress\/ -->\n<title>A primeira unidade m\u00f3vel de peletiza\u00e7\u00e3o: uma revolu\u00e7\u00e3o para um futuro sustent\u00e1vel. - Proxipel<\/title>\n<meta name=\"description\" content=\"Proxipel, uma unidade m\u00f3vel de peletiza\u00e7\u00e3o \u00fanica no mundo: produ\u00e7\u00e3o local de pellets, redu\u00e7\u00e3o dos transportes, valoriza\u00e7\u00e3o da biomassa.\" \/>\n<meta name=\"robots\" content=\"index, follow, max-snippet:-1, max-image-preview:large, max-video-preview:-1\" \/>\n<link rel=\"canonical\" href=\"https:\/\/proxipel.ch\/pt-pt\/\" \/>\n<meta property=\"og:locale\" content=\"pt_PT\" \/>\n<meta property=\"og:type\" content=\"article\" \/>\n<meta property=\"og:title\" content=\"A primeira unidade m\u00f3vel de peletiza\u00e7\u00e3o: uma revolu\u00e7\u00e3o para um futuro sustent\u00e1vel. - Proxipel\" \/>\n<meta property=\"og:description\" content=\"Proxipel, uma unidade m\u00f3vel de peletiza\u00e7\u00e3o \u00fanica no mundo: produ\u00e7\u00e3o local de pellets, redu\u00e7\u00e3o dos transportes, valoriza\u00e7\u00e3o da biomassa.\" \/>\n<meta property=\"og:url\" content=\"https:\/\/proxipel.ch\/pt-pt\/\" \/>\n<meta property=\"og:site_name\" content=\"Proxipel\" \/>\n<meta property=\"article:modified_time\" content=\"2026-07-17T13:05:23+00:00\" \/>\n<meta property=\"og:image\" content=\"https:\/\/proxipel.ch\/wp-content\/uploads\/2025\/06\/Proxipel-Logo.jpeg\" \/>\n\t<meta property=\"og:image:width\" content=\"1897\" \/>\n\t<meta property=\"og:image:height\" content=\"938\" \/>\n\t<meta property=\"og:image:type\" content=\"image\/jpeg\" \/>\n<meta name=\"twitter:card\" content=\"summary_large_image\" \/>\n<meta name=\"twitter:label1\" content=\"Tempo estimado de leitura\" \/>\n\t<meta name=\"twitter:data1\" content=\"8 minutos\" \/>\n<script type=\"application\/ld+json\" class=\"yoast-schema-graph\">{\"@context\":\"https:\\\/\\\/schema.org\",\"@graph\":[{\"@type\":\"WebPage\",\"@id\":\"https:\\\/\\\/proxipel.ch\\\/pt-pt\\\/\",\"url\":\"https:\\\/\\\/proxipel.ch\\\/pt-pt\\\/\",\"name\":\"A primeira unidade m\u00f3vel de peletiza\u00e7\u00e3o: uma revolu\u00e7\u00e3o para um futuro sustent\u00e1vel. - Proxipel\",\"isPartOf\":{\"@id\":\"https:\\\/\\\/proxipel.ch\\\/pt-pt\\\/#website\"},\"primaryImageOfPage\":{\"@id\":\"https:\\\/\\\/proxipel.ch\\\/pt-pt\\\/#primaryimage\"},\"image\":{\"@id\":\"https:\\\/\\\/proxipel.ch\\\/pt-pt\\\/#primaryimage\"},\"thumbnailUrl\":\"https:\\\/\\\/proxipel.ch\\\/wp-content\\\/uploads\\\/2025\\\/06\\\/Proxipel-Logo.jpeg\",\"datePublished\":\"2017-02-23T11:36:50+00:00\",\"dateModified\":\"2026-07-17T13:05:23+00:00\",\"description\":\"Proxipel, uma unidade m\u00f3vel de peletiza\u00e7\u00e3o \u00fanica no mundo: produ\u00e7\u00e3o local de pellets, redu\u00e7\u00e3o dos transportes, valoriza\u00e7\u00e3o da biomassa.\",\"breadcrumb\":{\"@id\":\"https:\\\/\\\/proxipel.ch\\\/pt-pt\\\/#breadcrumb\"},\"inLanguage\":\"pt-PT\",\"potentialAction\":[{\"@type\":\"ReadAction\",\"target\":[\"https:\\\/\\\/proxipel.ch\\\/pt-pt\\\/\"]}]},{\"@type\":\"ImageObject\",\"inLanguage\":\"pt-PT\",\"@id\":\"https:\\\/\\\/proxipel.ch\\\/pt-pt\\\/#primaryimage\",\"url\":\"https:\\\/\\\/proxipel.ch\\\/wp-content\\\/uploads\\\/2025\\\/06\\\/Proxipel-Logo.jpeg\",\"contentUrl\":\"https:\\\/\\\/proxipel.ch\\\/wp-content\\\/uploads\\\/2025\\\/06\\\/Proxipel-Logo.jpeg\",\"width\":1897,\"height\":938,\"caption\":\"Proxipel Logo\"},{\"@type\":\"BreadcrumbList\",\"@id\":\"https:\\\/\\\/proxipel.ch\\\/pt-pt\\\/#breadcrumb\",\"itemListElement\":[{\"@type\":\"ListItem\",\"position\":1,\"name\":\"P\u00e1gina inicial\",\"item\":\"https:\\\/\\\/proxipel.ch\\\/pt-pt\\\/\"},{\"@type\":\"ListItem\",\"position\":2,\"name\":\"A primeira unidade m\u00f3vel de peletiza\u00e7\u00e3o: uma revolu\u00e7\u00e3o para um futuro sustent\u00e1vel.\"}]},{\"@type\":\"WebSite\",\"@id\":\"https:\\\/\\\/proxipel.ch\\\/pt-pt\\\/#website\",\"url\":\"https:\\\/\\\/proxipel.ch\\\/pt-pt\\\/\",\"name\":\"Proxipel\",\"description\":\"La premi\u00e8re unit\u00e9 mobile de pelletisation int\u00e9grale\",\"publisher\":{\"@id\":\"https:\\\/\\\/proxipel.ch\\\/pt-pt\\\/#organization\"},\"potentialAction\":[{\"@type\":\"SearchAction\",\"target\":{\"@type\":\"EntryPoint\",\"urlTemplate\":\"https:\\\/\\\/proxipel.ch\\\/pt-pt\\\/?s={search_term_string}\"},\"query-input\":{\"@type\":\"PropertyValueSpecification\",\"valueRequired\":true,\"valueName\":\"search_term_string\"}}],\"inLanguage\":\"pt-PT\"},{\"@type\":\"Organization\",\"@id\":\"https:\\\/\\\/proxipel.ch\\\/pt-pt\\\/#organization\",\"name\":\"Proxipel\",\"url\":\"https:\\\/\\\/proxipel.ch\\\/pt-pt\\\/\",\"logo\":{\"@type\":\"ImageObject\",\"inLanguage\":\"pt-PT\",\"@id\":\"https:\\\/\\\/proxipel.ch\\\/pt-pt\\\/#\\\/schema\\\/logo\\\/image\\\/\",\"url\":\"https:\\\/\\\/proxipel.ch\\\/wp-content\\\/uploads\\\/2024\\\/04\\\/proxipel.svg\",\"contentUrl\":\"https:\\\/\\\/proxipel.ch\\\/wp-content\\\/uploads\\\/2024\\\/04\\\/proxipel.svg\",\"width\":\"1024\",\"height\":\"1024\",\"caption\":\"Proxipel\"},\"image\":{\"@id\":\"https:\\\/\\\/proxipel.ch\\\/pt-pt\\\/#\\\/schema\\\/logo\\\/image\\\/\"}}]}<\/script>\n<!-- \/ Yoast SEO plugin. -->","yoast_head_json":{"title":"A primeira unidade m\u00f3vel de peletiza\u00e7\u00e3o: uma revolu\u00e7\u00e3o para um futuro sustent\u00e1vel. - Proxipel","description":"Proxipel, uma unidade m\u00f3vel de peletiza\u00e7\u00e3o \u00fanica no mundo: produ\u00e7\u00e3o local de pellets, redu\u00e7\u00e3o dos transportes, valoriza\u00e7\u00e3o da biomassa.","robots":{"index":"index","follow":"follow","max-snippet":"max-snippet:-1","max-image-preview":"max-image-preview:large","max-video-preview":"max-video-preview:-1"},"canonical":"https:\/\/proxipel.ch\/pt-pt\/","og_locale":"pt_PT","og_type":"article","og_title":"A primeira unidade m\u00f3vel de peletiza\u00e7\u00e3o: uma revolu\u00e7\u00e3o para um futuro sustent\u00e1vel. - Proxipel","og_description":"Proxipel, uma unidade m\u00f3vel de peletiza\u00e7\u00e3o \u00fanica no mundo: produ\u00e7\u00e3o local de pellets, redu\u00e7\u00e3o dos transportes, valoriza\u00e7\u00e3o da biomassa.","og_url":"https:\/\/proxipel.ch\/pt-pt\/","og_site_name":"Proxipel","article_modified_time":"2026-07-17T13:05:23+00:00","og_image":[{"width":1897,"height":938,"url":"https:\/\/proxipel.ch\/wp-content\/uploads\/2025\/06\/Proxipel-Logo.jpeg","type":"image\/jpeg"}],"twitter_card":"summary_large_image","twitter_misc":{"Tempo estimado de leitura":"8 minutos"},"schema":{"@context":"https:\/\/schema.org","@graph":[{"@type":"WebPage","@id":"https:\/\/proxipel.ch\/pt-pt\/","url":"https:\/\/proxipel.ch\/pt-pt\/","name":"A primeira unidade m\u00f3vel de peletiza\u00e7\u00e3o: uma revolu\u00e7\u00e3o para um futuro sustent\u00e1vel. - Proxipel","isPartOf":{"@id":"https:\/\/proxipel.ch\/pt-pt\/#website"},"primaryImageOfPage":{"@id":"https:\/\/proxipel.ch\/pt-pt\/#primaryimage"},"image":{"@id":"https:\/\/proxipel.ch\/pt-pt\/#primaryimage"},"thumbnailUrl":"https:\/\/proxipel.ch\/wp-content\/uploads\/2025\/06\/Proxipel-Logo.jpeg","datePublished":"2017-02-23T11:36:50+00:00","dateModified":"2026-07-17T13:05:23+00:00","description":"Proxipel, uma unidade m\u00f3vel de peletiza\u00e7\u00e3o \u00fanica no mundo: produ\u00e7\u00e3o local de pellets, redu\u00e7\u00e3o dos transportes, valoriza\u00e7\u00e3o da biomassa.","breadcrumb":{"@id":"https:\/\/proxipel.ch\/pt-pt\/#breadcrumb"},"inLanguage":"pt-PT","potentialAction":[{"@type":"ReadAction","target":["https:\/\/proxipel.ch\/pt-pt\/"]}]},{"@type":"ImageObject","inLanguage":"pt-PT","@id":"https:\/\/proxipel.ch\/pt-pt\/#primaryimage","url":"https:\/\/proxipel.ch\/wp-content\/uploads\/2025\/06\/Proxipel-Logo.jpeg","contentUrl":"https:\/\/proxipel.ch\/wp-content\/uploads\/2025\/06\/Proxipel-Logo.jpeg","width":1897,"height":938,"caption":"Proxipel Logo"},{"@type":"BreadcrumbList","@id":"https:\/\/proxipel.ch\/pt-pt\/#breadcrumb","itemListElement":[{"@type":"ListItem","position":1,"name":"P\u00e1gina inicial","item":"https:\/\/proxipel.ch\/pt-pt\/"},{"@type":"ListItem","position":2,"name":"A primeira unidade m\u00f3vel de peletiza\u00e7\u00e3o: uma revolu\u00e7\u00e3o para um futuro sustent\u00e1vel."}]},{"@type":"WebSite","@id":"https:\/\/proxipel.ch\/pt-pt\/#website","url":"https:\/\/proxipel.ch\/pt-pt\/","name":"Proxipel","description":"La premi\u00e8re unit\u00e9 mobile de pelletisation int\u00e9grale","publisher":{"@id":"https:\/\/proxipel.ch\/pt-pt\/#organization"},"potentialAction":[{"@type":"SearchAction","target":{"@type":"EntryPoint","urlTemplate":"https:\/\/proxipel.ch\/pt-pt\/?s={search_term_string}"},"query-input":{"@type":"PropertyValueSpecification","valueRequired":true,"valueName":"search_term_string"}}],"inLanguage":"pt-PT"},{"@type":"Organization","@id":"https:\/\/proxipel.ch\/pt-pt\/#organization","name":"Proxipel","url":"https:\/\/proxipel.ch\/pt-pt\/","logo":{"@type":"ImageObject","inLanguage":"pt-PT","@id":"https:\/\/proxipel.ch\/pt-pt\/#\/schema\/logo\/image\/","url":"https:\/\/proxipel.ch\/wp-content\/uploads\/2024\/04\/proxipel.svg","contentUrl":"https:\/\/proxipel.ch\/wp-content\/uploads\/2024\/04\/proxipel.svg","width":"1024","height":"1024","caption":"Proxipel"},"image":{"@id":"https:\/\/proxipel.ch\/pt-pt\/#\/schema\/logo\/image\/"}}]}},"_links":{"self":[{"href":"https:\/\/proxipel.ch\/pt-pt\/wp-json\/wp\/v2\/pages\/3327","targetHints":{"allow":["GET"]}}],"collection":[{"href":"https:\/\/proxipel.ch\/pt-pt\/wp-json\/wp\/v2\/pages"}],"about":[{"href":"https:\/\/proxipel.ch\/pt-pt\/wp-json\/wp\/v2\/types\/page"}],"author":[{"embeddable":true,"href":"https:\/\/proxipel.ch\/pt-pt\/wp-json\/wp\/v2\/users\/8"}],"replies":[{"embeddable":true,"href":"https:\/\/proxipel.ch\/pt-pt\/wp-json\/wp\/v2\/comments?post=3327"}],"version-history":[{"count":27,"href":"https:\/\/proxipel.ch\/pt-pt\/wp-json\/wp\/v2\/pages\/3327\/revisions"}],"predecessor-version":[{"id":4279,"href":"https:\/\/proxipel.ch\/pt-pt\/wp-json\/wp\/v2\/pages\/3327\/revisions\/4279"}],"wp:featuredmedia":[{"embeddable":true,"href":"https:\/\/proxipel.ch\/pt-pt\/wp-json\/wp\/v2\/media\/3027"}],"wp:attachment":[{"href":"https:\/\/proxipel.ch\/pt-pt\/wp-json\/wp\/v2\/media?parent=3327"}],"curies":[{"name":"wp","href":"https:\/\/api.w.org\/{rel}","templated":true}]}}