{"id":3287,"date":"2024-04-30T07:28:49","date_gmt":"2024-04-30T05:28:49","guid":{"rendered":"https:\/\/proxipel.ch\/proxiflex\/"},"modified":"2026-07-17T15:18:53","modified_gmt":"2026-07-17T13:18:53","slug":"proxiflex","status":"publish","type":"page","link":"https:\/\/proxipel.ch\/pt-pt\/proxiflex\/","title":{"rendered":"Proxiflex"},"content":{"rendered":"<p>[et_pb_section fb_built=&#8221;1&#8243; _builder_version=&#8221;4.27.4&#8243; _module_preset=&#8221;default&#8221; global_colors_info=&#8221;{}&#8221;][et_pb_row column_structure=&#8221;1_2,1_2&#8243; _builder_version=&#8221;4.24.3&#8243; _module_preset=&#8221;default&#8221; global_colors_info=&#8221;{}&#8221;][et_pb_column type=&#8221;1_2&#8243; _builder_version=&#8221;4.24.3&#8243; _module_preset=&#8221;default&#8221; global_colors_info=&#8221;{}&#8221;][et_pb_text _builder_version=&#8221;4.24.3&#8243; _module_preset=&#8221;default&#8221; global_colors_info=&#8221;{}&#8221;]<\/p>\n<h1>Proxiflex: Solu\u00e7\u00e3o m\u00f3vel de peletiza\u00e7\u00e3o com tremonha de carregamento retr\u00e1til<\/h1>\n<p>Ideal para a transforma\u00e7\u00e3o de res\u00edduos de madeira triturados, o modelo Proxiflex representa um grande avan\u00e7o na produ\u00e7\u00e3o de pellets. A tremonha de carregamento estende-se na parte de tr\u00e1s do reboque, facilitando assim a alimenta\u00e7\u00e3o com aparas, serradura e res\u00edduos florestais. <\/p>\n<p>Este design inovador oferece uma flexibilidade ideal, garantindo ao mesmo tempo uma produ\u00e7\u00e3o eficiente de pellets. Gra\u00e7as a esta tremonha, o transporte e a utiliza\u00e7\u00e3o no local tornam-se simples e pr\u00e1ticos. <\/p>\n<p>&nbsp;<\/p>\n<p style=\"text-align: center;\"><a href=\"\/wp-content\/uploads\/2024\/09\/3422-Proxiflex-Fiche-Technique-WEB.pdf\" class=\"btn download\">Ficha t\u00e9cnica<\/a><\/p>\n<p>[\/et_pb_text][\/et_pb_column][et_pb_column type=&#8221;1_2&#8243; _builder_version=&#8221;4.24.3&#8243; _module_preset=&#8221;default&#8221; global_colors_info=&#8221;{}&#8221;][et_pb_image src=&#8221;https:\/\/proxipel.ch\/wp-content\/uploads\/2024\/10\/camion.png&#8221; title_text=&#8221;cami\u00e3o&#8221; _builder_version=&#8221;4.24.3&#8243; _module_preset=&#8221;default&#8221; global_colors_info=&#8221;{}&#8221;][\/et_pb_image][\/et_pb_column][\/et_pb_row][et_pb_row _builder_version=&#8221;4.24.3&#8243; _module_preset=&#8221;default&#8221; global_colors_info=&#8221;{}&#8221;][et_pb_column type=&#8221;4_4&#8243; _builder_version=&#8221;4.24.3&#8243; _module_preset=&#8221;default&#8221; global_colors_info=&#8221;{}&#8221;][et_pb_text _builder_version=&#8221;4.24.3&#8243; _module_preset=&#8221;default&#8221; global_colors_info=&#8221;{}&#8221;]<\/p>\n<h2 style=\"text-align: center;\">Um concentrado de experi\u00eancia, fruto de mais de 10 anos de desenvolvimento<\/h2>\n<p>[\/et_pb_text][\/et_pb_column][\/et_pb_row][et_pb_row column_structure=&#8221;1_3,1_3,1_3&#8243; _builder_version=&#8221;4.24.3&#8243; _module_preset=&#8221;default&#8221; global_colors_info=&#8221;{}&#8221;][et_pb_column type=&#8221;1_3&#8243; _builder_version=&#8221;4.24.3&#8243; _module_preset=&#8221;default&#8221; global_colors_info=&#8221;{}&#8221;][et_pb_text _builder_version=&#8221;4.24.3&#8243; _module_preset=&#8221;default&#8221; background_color=&#8221;rgba(164,202,97,0.41)&#8221; custom_padding=&#8221;20px|20px|20px|20px|true|true&#8221; border_radii=&#8221;on|20px|20px|20px|20px&#8221; global_colors_info=&#8221;{}&#8221;]<\/p>\n<p><strong>Mobilidade<\/strong><\/p>\n<p><strong>Dimens\u00f5es de transporte<\/strong><\/p>\n<ul>\n<li>\n<p>Comprimento \u00fatil: 13,5 metros<\/p>\n<\/li>\n<li>\n<p>Altura (HT): 4 metros<\/p>\n<\/li>\n<li>\n<p>Largura (HT): 2,55 metros<\/p>\n<\/li>\n<li>\n<p>PBT: 29 toneladas<\/p>\n<\/li>\n<\/ul>\n<p><strong>Dimens\u00f5es quando aberto<\/strong><\/p>\n<ul>\n<li>\n<p>Comprimento: 16 metros<\/p>\n<\/li>\n<li>\n<p>Largura: 5 metros<\/p>\n<\/li>\n<\/ul>\n<p>[\/et_pb_text][\/et_pb_column][et_pb_column type=&#8221;1_3&#8243; _builder_version=&#8221;4.24.3&#8243; _module_preset=&#8221;default&#8221; global_colors_info=&#8221;{}&#8221;][et_pb_text _builder_version=&#8221;4.24.3&#8243; _module_preset=&#8221;default&#8221; background_color=&#8221;rgba(164,202,97,0.41)&#8221; custom_padding=&#8221;20px|20px|20px|20px|true|true&#8221; border_radii=&#8221;on|20px|20px|20px|20px&#8221; global_colors_info=&#8221;{}&#8221;]<\/p>\n<p><strong>Alimenta\u00e7\u00e3o<\/strong><\/p>\n<ul>\n<li>\n<p>Grupo el\u00e9trico<\/p>\n<\/li>\n<li>\n<p>Combust\u00edvel: gas\u00f3leo<\/p>\n<\/li>\n<li>\n<p>Pot\u00eancia: 356 kW \/ 485 CV<\/p>\n<\/li>\n<\/ul>\n<p><strong>Queimador de pellets<\/strong><\/p>\n<ul>\n<li>\n<p>Pot\u00eancia m\u00e1xima: 800 kW<\/p>\n<\/li>\n<li>\n<p>Alimenta\u00e7\u00e3o: autom\u00e1tica<\/p>\n<\/li>\n<li>\n<p>Autoconsumo: 0-10%<\/p>\n<\/li>\n<li>\n<p>Limpeza: autom\u00e1tica<\/p>\n<\/li>\n<\/ul>\n<p>[\/et_pb_text][\/et_pb_column][et_pb_column type=&#8221;1_3&#8243; _builder_version=&#8221;4.24.3&#8243; _module_preset=&#8221;default&#8221; global_colors_info=&#8221;{}&#8221;][et_pb_text _builder_version=&#8221;4.24.3&#8243; _module_preset=&#8221;default&#8221; background_color=&#8221;rgba(164,202,97,0.41)&#8221; custom_padding=&#8221;20px|20px|20px|20px|true|true&#8221; border_radii=&#8221;on|20px|20px|20px|20px&#8221; global_colors_info=&#8221;{}&#8221;]<\/p>\n<p><strong>Automatiza\u00e7\u00e3o<\/strong><\/p>\n<ul>\n<li>Controlo<\/li>\n<li>Ecr\u00e3 t\u00e1til de 15\u2019<\/li>\n<li>Sensores integrados<\/li>\n<\/ul>\n<p><strong>Medidas<\/strong><\/p>\n<ul>\n<li>Taxa de humidade<\/li>\n<li>Temperatura<\/li>\n<li>Consumo<\/li>\n<li>Produtividade<\/li>\n<li>Pot\u00eancia el\u00e9trica<\/li>\n<\/ul>\n<p>[\/et_pb_text][\/et_pb_column][\/et_pb_row][et_pb_row column_structure=&#8221;1_2,1_2&#8243; _builder_version=&#8221;4.24.3&#8243; _module_preset=&#8221;default&#8221; border_radii=&#8221;on|1px|1px|1px|1px&#8221; border_width_top=&#8221;1px&#8221; border_color_top=&#8221;#AADB24&#8243; global_colors_info=&#8221;{}&#8221;][et_pb_column type=&#8221;1_2&#8243; _builder_version=&#8221;4.24.3&#8243; _module_preset=&#8221;default&#8221; global_colors_info=&#8221;{}&#8221;][et_pb_text _builder_version=&#8221;4.24.3&#8243; _module_preset=&#8221;default&#8221; global_colors_info=&#8221;{}&#8221;]<\/p>\n<h2>Prensa de pellets<\/h2>\n<ul>\n<li>Prensa anular de eixo horizontal<\/li>\n<li>Matrizes intercambi\u00e1veis: di\u00e2metros de 6\/8\/10\/12 mm<\/li>\n<li>Produtividade: 1 tonelada\/hora<\/li>\n<\/ul>\n<p>[\/et_pb_text][\/et_pb_column][et_pb_column type=&#8221;1_2&#8243; _builder_version=&#8221;4.24.3&#8243; _module_preset=&#8221;default&#8221; global_colors_info=&#8221;{}&#8221;][et_pb_image src=&#8221;https:\/\/proxipel.ch\/wp-content\/uploads\/2024\/09\/ZellwegerMPE-20240827-L1040542-1024&#215;683.jpg&#8221; title_text=&#8221;Proxipel&#8221; _builder_version=&#8221;4.24.3&#8243; _module_preset=&#8221;default&#8221; global_colors_info=&#8221;{}&#8221;][\/et_pb_image][\/et_pb_column][\/et_pb_row][et_pb_row column_structure=&#8221;1_2,1_2&#8243; _builder_version=&#8221;4.24.3&#8243; _module_preset=&#8221;default&#8221; border_radii=&#8221;on|1px|1px|1px|1px&#8221; border_width_top=&#8221;1px&#8221; border_color_top=&#8221;#AADB24&#8243; global_colors_info=&#8221;{}&#8221;][et_pb_column type=&#8221;1_2&#8243; _builder_version=&#8221;4.24.3&#8243; _module_preset=&#8221;default&#8221; global_colors_info=&#8221;{}&#8221;][et_pb_text _builder_version=&#8221;4.24.3&#8243; _module_preset=&#8221;default&#8221; global_colors_info=&#8221;{}&#8221;]<\/p>\n<h2>Trituradores integrados<\/h2>\n<ul>\n<li>Triturador de grossa granulometria: de martelos<\/li>\n<li>Pot\u00eancia: 45 kW<\/li>\n<li>Moinho fino: de martelos<\/li>\n<li>Pot\u00eancia: 45 kW<\/li>\n<\/ul>\n<p>[\/et_pb_text][\/et_pb_column][et_pb_column type=&#8221;1_2&#8243; _builder_version=&#8221;4.24.3&#8243; _module_preset=&#8221;default&#8221; global_colors_info=&#8221;{}&#8221;][et_pb_image src=&#8221;https:\/\/proxipel.ch\/wp-content\/uploads\/2024\/09\/broyeur.jpg&#8221; title_text=&#8221;triturador&#8221; _builder_version=&#8221;4.24.3&#8243; _module_preset=&#8221;default&#8221; global_colors_info=&#8221;{}&#8221;][\/et_pb_image][\/et_pb_column][\/et_pb_row][et_pb_row column_structure=&#8221;1_2,1_2&#8243; _builder_version=&#8221;4.24.3&#8243; _module_preset=&#8221;default&#8221; border_radii=&#8221;on|1px|1px|1px|1px&#8221; border_width_top=&#8221;1px&#8221; border_color_top=&#8221;#AADB24&#8243; global_colors_info=&#8221;{}&#8221;][et_pb_column type=&#8221;1_2&#8243; _builder_version=&#8221;4.24.3&#8243; _module_preset=&#8221;default&#8221; global_colors_info=&#8221;{}&#8221;][et_pb_text _builder_version=&#8221;4.24.3&#8243; _module_preset=&#8221;default&#8221; global_colors_info=&#8221;{}&#8221;]<\/p>\n<h2>Secador a biomassa<\/h2>\n<ul>\n<li>Tambor rotativo<\/li>\n<li>Taxa de humidade: at\u00e9 50%<\/li>\n<li>Seguran\u00e7a: queimador de pellets integrado  <\/li>\n<\/ul>\n<p>[\/et_pb_text][\/et_pb_column][et_pb_column type=&#8221;1_2&#8243; _builder_version=&#8221;4.24.3&#8243; _module_preset=&#8221;default&#8221; global_colors_info=&#8221;{}&#8221;][et_pb_image src=&#8221;https:\/\/proxipel.ch\/wp-content\/uploads\/2024\/09\/sechoir.jpg&#8221; title_text=&#8221;secador&#8221; _builder_version=&#8221;4.24.3&#8243; _module_preset=&#8221;default&#8221; global_colors_info=&#8221;{}&#8221;][\/et_pb_image][\/et_pb_column][\/et_pb_row][et_pb_row column_structure=&#8221;1_2,1_2&#8243; _builder_version=&#8221;4.24.3&#8243; _module_preset=&#8221;default&#8221; border_radii=&#8221;on|1px|1px|1px|1px&#8221; border_width_top=&#8221;1px&#8221; border_color_top=&#8221;#AADB24&#8243; global_colors_info=&#8221;{}&#8221;][et_pb_column type=&#8221;1_2&#8243; _builder_version=&#8221;4.24.3&#8243; _module_preset=&#8221;default&#8221; global_colors_info=&#8221;{}&#8221;][et_pb_text _builder_version=&#8221;4.24.3&#8243; _module_preset=&#8221;default&#8221; global_colors_info=&#8221;{}&#8221;]<\/p>\n<h2>Funil de entrada<\/h2>\n<ul>\n<li>Desdobr\u00e1vel, capacidade de 3-4 m\u00b3<\/li>\n<li>Ideal para carregar com um carregador<\/li>\n<li>Para biomassa triturada at\u00e9 50 mm<\/li>\n<\/ul>\n<p>[\/et_pb_text][\/et_pb_column][et_pb_column type=&#8221;1_2&#8243; _builder_version=&#8221;4.24.3&#8243; _module_preset=&#8221;default&#8221; global_colors_info=&#8221;{}&#8221;][et_pb_image src=&#8221;https:\/\/proxipel.ch\/wp-content\/uploads\/2024\/09\/ZellwegerMPE-20240827-L1040596.jpg&#8221; title_text=&#8221;Proxipel&#8221; _builder_version=&#8221;4.24.3&#8243; _module_preset=&#8221;default&#8221; global_colors_info=&#8221;{}&#8221;][\/et_pb_image][\/et_pb_column][\/et_pb_row][\/et_pb_section][et_pb_section fb_built=&#8221;1&#8243; _builder_version=&#8221;4.24.3&#8243; _module_preset=&#8221;default&#8221; global_colors_info=&#8221;{}&#8221;][et_pb_row _builder_version=&#8221;4.24.3&#8243; _module_preset=&#8221;default&#8221; global_colors_info=&#8221;{}&#8221;][et_pb_column type=&#8221;4_4&#8243; _builder_version=&#8221;4.24.3&#8243; _module_preset=&#8221;default&#8221; global_colors_info=&#8221;{}&#8221;][et_pb_code _builder_version=&#8221;4.27.7&#8243; _module_preset=&#8221;default&#8221; hover_enabled=&#8221;0&#8243; global_colors_info=&#8221;{}&#8221; sticky_enabled=&#8221;0&#8243;]<div class='white' style='background:rgba(0,0,0,0); border:solid 0px rgba(0,0,0,0); border-radius:0px; padding:0px 0px 0px 0px;'>\n<div id='sample_slider' class='owl-carousel sa_owl_theme owl-pagination-true autohide-arrows' data-slider-id='sample_slider' style='visibility:hidden;'>\n<div id='sample_slider_slide01' class='sa_hover_container' style='padding:5% 5%; margin:0px 0%; '><div style=\"text-align: left;padding-bottom: 10px\">\r\n<h3><img decoding=\"async\" class=\"alignnone wp-image-2685 size-full\" src=\"https:\/\/proxipel.ch\/wp-content\/uploads\/2026\/05\/camion.webp\" alt=\"camion proxipel\" width=\"895\" height=\"457\" srcset=\"https:\/\/proxipel.ch\/wp-content\/uploads\/2026\/05\/camion.webp 895w, https:\/\/proxipel.ch\/wp-content\/uploads\/2026\/05\/camion-480x245.webp 480w\" sizes=\"(min-width: 0px) and (max-width: 480px) 480px, (min-width: 481px) 895px, 100vw\" \/><\/h3>\r\n<h2 class=\"et_pb_slide_title et-fb-editable-element et-fb-editable-element__editing\" data-shortcode-id=\"0.0.0.0.0-1714621829766\" data-quickaccess-id=\"header\">Proxiflex<\/h2>\r\n<p>Unidade m\u00f3vel com tremonha de carregamento para materiais a granel<\/p>\r\n<p><a class=\"btn download\" href=\"https:\/\/proxipel.ch\/wp-content\/uploads\/2024\/09\/3422-Proxiflex-Fiche-Technique-WEB.pdf\">Ficha t\u00e9cnica <\/a><a class=\"btn download\" href=\"https:\/\/proxipel.ch\/pt-pt\/proxiflex\/\">Saiba mais<\/a><\/p>\r\n<\/div><\/div>\n<div id='sample_slider_slide02' class='sa_hover_container' style='padding:5% 5%; margin:0px 0%; background-color:rgb(255, 255, 255); '><div style=\"text-align: left;padding-bottom: 10px\">\r\n<h3><img decoding=\"async\" class=\"alignnone wp-image-2689 size-full\" src=\"https:\/\/proxipel.ch\/wp-content\/uploads\/2026\/05\/fabrication-pellet.webp\" alt=\"fabrication-pellet\" width=\"895\" height=\"457\" srcset=\"https:\/\/proxipel.ch\/wp-content\/uploads\/2026\/05\/fabrication-pellet.webp 895w, https:\/\/proxipel.ch\/wp-content\/uploads\/2026\/05\/fabrication-pellet-480x245.webp 480w\" sizes=\"(min-width: 0px) and (max-width: 480px) 480px, (min-width: 481px) 895px, 100vw\" \/><\/h3>\r\n<h2 class=\"et_pb_slide_title et-fb-editable-element et-fb-editable-element__editing\" data-shortcode-id=\"0.0.0.0.0-1714621829766\" data-quickaccess-id=\"header\">Servi\u00e7o de aluguer<\/h2>\r\n<p>Servi\u00e7o de aluguer da nossa unidade m\u00f3vel de peletiza\u00e7\u00e3o<\/p>\r\n<p><a class=\"btn download\" href=\"https:\/\/proxipel.ch\/pt-pt\/aluguer-de-unidades-moveis-de-peletizacao\/\">Saiba mais<\/a><\/p>\r\n<\/div><\/div>\n<div id='sample_slider_slide03' class='sa_hover_container' style='padding:5% 5%; margin:0px 0%; '><div style=\"text-align: left;padding-bottom: 10px\">\r\n<h3><img decoding=\"async\" class=\"alignnone wp-image-2681 size-full\" src=\"https:\/\/proxipel.ch\/wp-content\/uploads\/2026\/05\/labo-home.webp\" alt=\"labo-home\" width=\"895\" height=\"457\" srcset=\"https:\/\/proxipel.ch\/wp-content\/uploads\/2026\/05\/labo-home.webp 895w, https:\/\/proxipel.ch\/wp-content\/uploads\/2026\/05\/labo-home-480x245.webp 480w\" sizes=\"(min-width: 0px) and (max-width: 480px) 480px, (min-width: 481px) 895px, 100vw\" \/><\/h3>\r\n<h2 class=\"et_pb_slide_title et-fb-editable-element et-fb-editable-element__editing\" data-shortcode-id=\"0.0.0.0.0-1714621829766\" data-quickaccess-id=\"header\">Servi\u00e7os de Apoio<\/h2>\r\n<p>Apoio ao seu projeto, desde a conce\u00e7\u00e3o at\u00e9 \u00e0 entrada em funcionamento<\/p>\r\n<p><a class=\"btn download\" href=\"https:\/\/proxipel.ch\/pt-pt\/um-apoio-completo-para-o-teu-projeto\/\">Saiba mais<\/a><\/p>\r\n<\/div><\/div>\n<div id='sample_slider_slide04' class='sa_hover_container' style='padding:5% 5%; margin:0px 0%; '><div style=\"text-align: left;padding-bottom: 10px\">\r\n<h3><img decoding=\"async\" class=\"alignnone wp-image-2693 size-full\" src=\"https:\/\/proxipel.ch\/wp-content\/uploads\/2026\/05\/pellets-1.webp\" alt=\"pellets\" width=\"895\" height=\"457\" srcset=\"https:\/\/proxipel.ch\/wp-content\/uploads\/2026\/05\/pellets-1.webp 895w, https:\/\/proxipel.ch\/wp-content\/uploads\/2026\/05\/pellets-1-480x245.webp 480w\" sizes=\"(min-width: 0px) and (max-width: 480px) 480px, (min-width: 481px) 895px, 100vw\" \/><\/h3>\r\n<h2 class=\"et_pb_slide_title et-fb-editable-element et-fb-editable-element__editing\" data-shortcode-id=\"0.0.0.0.0-1714621829766\" data-quickaccess-id=\"header\">Pellets<\/h2>\r\n<p>Pellets de qualidade, em conformidade com a norma ISO 17225<\/p>\r\n<p><a class=\"btn download\" href=\"https:\/\/proxipel.ch\/pt-pt\/pellets\/\">Saiba mais<\/a><\/p>\r\n<\/div><\/div>\n<\/div>\n<\/div>\n<script type='text\/javascript'>\n\tjQuery(document).ready(function() {\n\t\tjQuery('#sample_slider').owlCarousel({\n\t\t\tresponsive:{\n\t\t\t\t0:{ items:1 },\n\t\t\t\t480:{ items:2 },\n\t\t\t\t768:{ items:2 },\n\t\t\t\t980:{ items:3 },\n\t\t\t\t1200:{ items:3 },\n\t\t\t\t1500:{ items:3 }\n\t\t\t},\n\t\t\tautoplay : true,\n\t\t\tautoplayTimeout : 5000,\n\t\t\tautoplayHoverPause : true,\n\t\t\tsmartSpeed : 200,\n\t\t\tfluidSpeed : 200,\n\t\t\tautoplaySpeed : 200,\n\t\t\tnavSpeed : 200,\n\t\t\tdotsSpeed : 200,\n\t\t\tloop : true,\n\t\t\tnav : true,\n\t\t\tnavText : ['Previous','Next'],\n\t\t\tdots : true,\n\t\t\tresponsiveRefreshRate : 200,\n\t\t\tslideBy : 1,\n\t\t\tmergeFit : true,\n\t\t\tautoHeight : false,\n\t\t\tmouseDrag : false,\n\t\t\ttouchDrag : true\n\t\t});\n\t\tjQuery('#sample_slider').css('visibility', 'visible');\n\t\tsa_resize_sample_slider();\n\t\twindow.addEventListener('resize', sa_resize_sample_slider);\n\t\tfunction sa_resize_sample_slider() {\n\t\t\tvar min_height = '50';\n\t\t\tvar win_width = jQuery(window).width();\n\t\t\tvar slider_width = jQuery('#sample_slider').width();\n\t\t\tif (win_width < 480) {\n\t\t\t\tvar slide_width = slider_width \/ 1;\n\t\t\t} else if (win_width < 768) {\n\t\t\t\tvar slide_width = slider_width \/ 2;\n\t\t\t} else if (win_width < 980) {\n\t\t\t\tvar slide_width = slider_width \/ 2;\n\t\t\t} else if (win_width < 1200) {\n\t\t\t\tvar slide_width = slider_width \/ 3;\n\t\t\t} else if (win_width < 1500) {\n\t\t\t\tvar slide_width = slider_width \/ 3;\n\t\t\t} else {\n\t\t\t\tvar slide_width = slider_width \/ 3;\n\t\t\t}\n\t\t\tslide_width = Math.round(slide_width);\n\t\t\tvar slide_height = '0';\n\t\t\tif (min_height == 'aspect43') {\n\t\t\t\tslide_height = (slide_width \/ 4) * 3;\t\t\t\tslide_height = Math.round(slide_height);\n\t\t\t} else if (min_height == 'aspect169') {\n\t\t\t\tslide_height = (slide_width \/ 16) * 9;\t\t\t\tslide_height = Math.round(slide_height);\n\t\t\t} else {\n\t\t\t\tslide_height = (slide_width \/ 100) * min_height;\t\t\t\tslide_height = Math.round(slide_height);\n\t\t\t}\n\t\t\tjQuery('#sample_slider .owl-item .sa_hover_container').css('min-height', slide_height+'px');\n\t\t}\n\t\tvar owl_goto = jQuery('#sample_slider');\n\t\tjQuery('.sample_slider_goto1').click(function(event){\n\t\t\towl_goto.trigger('to.owl.carousel', 0);\n\t\t});\n\t\tjQuery('.sample_slider_goto2').click(function(event){\n\t\t\towl_goto.trigger('to.owl.carousel', 1);\n\t\t});\n\t\tjQuery('.sample_slider_goto3').click(function(event){\n\t\t\towl_goto.trigger('to.owl.carousel', 2);\n\t\t});\n\t\tjQuery('.sample_slider_goto4').click(function(event){\n\t\t\towl_goto.trigger('to.owl.carousel', 3);\n\t\t});\n\t\tvar resize_4087 = jQuery('.owl-carousel');\n\t\tresize_4087.on('initialized.owl.carousel', function(e) {\n\t\t\tif (typeof(Event) === 'function') {\n\t\t\t\twindow.dispatchEvent(new Event('resize'));\n\t\t\t} else {\n\t\t\t\tvar evt = window.document.createEvent('UIEvents');\n\t\t\t\tevt.initUIEvent('resize', true, false, window, 0);\n\t\t\t\twindow.dispatchEvent(evt);\n\t\t\t}\n\t\t});\n\t});\n<\/script>\n[\/et_pb_code][\/et_pb_column][\/et_pb_row][\/et_pb_section]<\/p>\n","protected":false},"excerpt":{"rendered":"<p>Proxiflex: Solu\u00e7\u00e3o m\u00f3vel de peletiza\u00e7\u00e3o com tremonha de carregamento retr\u00e1til Ideal para a transforma\u00e7\u00e3o de res\u00edduos de madeira triturados, o modelo Proxiflex representa um grande avan\u00e7o na produ\u00e7\u00e3o de pellets. A tremonha de carregamento estende-se na parte de tr\u00e1s do reboque, facilitando assim a alimenta\u00e7\u00e3o com aparas, serradura e res\u00edduos florestais. Este design inovador oferece [&hellip;]<\/p>\n","protected":false},"author":1,"featured_media":3288,"parent":0,"menu_order":0,"comment_status":"closed","ping_status":"closed","template":"","meta":{"_et_pb_use_builder":"on","_et_pb_old_content":"","_et_gb_content_width":"","inline_featured_image":false,"footnotes":""},"class_list":["post-3287","page","type-page","status-publish","has-post-thumbnail","hentry"],"yoast_head":"<!-- This site is optimized with the Yoast SEO plugin v28.3 - https:\/\/yoast.com\/product\/yoast-seo-wordpress\/ -->\n<title>Proxiflex - Proxipel<\/title>\n<meta name=\"description\" content=\"A PROXIFLEX \u00e9 a unidade m\u00f3vel de granula\u00e7\u00e3o da Proxipel. F\u00e1cil de transportar e vers\u00e1til, transforma madeira, miscanthus e biomassa agr\u00edcola nas tuas instala\u00e7\u00f5es.\" \/>\n<meta name=\"robots\" content=\"index, follow, max-snippet:-1, max-image-preview:large, max-video-preview:-1\" \/>\n<link rel=\"canonical\" href=\"https:\/\/proxipel.ch\/pt-pt\/proxiflex\/\" \/>\n<meta property=\"og:locale\" content=\"pt_PT\" \/>\n<meta property=\"og:type\" content=\"article\" \/>\n<meta property=\"og:title\" content=\"Proxiflex - Proxipel\" \/>\n<meta property=\"og:description\" content=\"A PROXIFLEX \u00e9 a unidade m\u00f3vel de granula\u00e7\u00e3o da Proxipel. F\u00e1cil de transportar e vers\u00e1til, transforma madeira, miscanthus e biomassa agr\u00edcola nas tuas instala\u00e7\u00f5es.\" \/>\n<meta property=\"og:url\" content=\"https:\/\/proxipel.ch\/pt-pt\/proxiflex\/\" \/>\n<meta property=\"og:site_name\" content=\"Proxipel\" \/>\n<meta property=\"article:modified_time\" content=\"2026-07-17T13:18:53+00:00\" \/>\n<meta property=\"og:image\" content=\"https:\/\/proxipel.ch\/wp-content\/uploads\/2024\/10\/camion-usine-pellet.jpeg\" \/>\n\t<meta property=\"og:image:width\" content=\"1600\" \/>\n\t<meta property=\"og:image:height\" content=\"903\" \/>\n\t<meta property=\"og:image:type\" content=\"image\/jpeg\" \/>\n<meta name=\"twitter:card\" content=\"summary_large_image\" \/>\n<meta name=\"twitter:label1\" content=\"Tempo estimado de leitura\" \/>\n\t<meta name=\"twitter:data1\" content=\"4 minutos\" \/>\n<script type=\"application\/ld+json\" class=\"yoast-schema-graph\">{\"@context\":\"https:\\\/\\\/schema.org\",\"@graph\":[{\"@type\":\"WebPage\",\"@id\":\"https:\\\/\\\/proxipel.ch\\\/pt-pt\\\/proxiflex\\\/\",\"url\":\"https:\\\/\\\/proxipel.ch\\\/pt-pt\\\/proxiflex\\\/\",\"name\":\"Proxiflex - Proxipel\",\"isPartOf\":{\"@id\":\"https:\\\/\\\/proxipel.ch\\\/pt-pt\\\/#website\"},\"primaryImageOfPage\":{\"@id\":\"https:\\\/\\\/proxipel.ch\\\/pt-pt\\\/proxiflex\\\/#primaryimage\"},\"image\":{\"@id\":\"https:\\\/\\\/proxipel.ch\\\/pt-pt\\\/proxiflex\\\/#primaryimage\"},\"thumbnailUrl\":\"https:\\\/\\\/proxipel.ch\\\/wp-content\\\/uploads\\\/2024\\\/10\\\/camion-usine-pellet.jpeg\",\"datePublished\":\"2024-04-30T05:28:49+00:00\",\"dateModified\":\"2026-07-17T13:18:53+00:00\",\"description\":\"A PROXIFLEX \u00e9 a unidade m\u00f3vel de granula\u00e7\u00e3o da Proxipel. F\u00e1cil de transportar e vers\u00e1til, transforma madeira, miscanthus e biomassa agr\u00edcola nas tuas instala\u00e7\u00f5es.\",\"breadcrumb\":{\"@id\":\"https:\\\/\\\/proxipel.ch\\\/pt-pt\\\/proxiflex\\\/#breadcrumb\"},\"inLanguage\":\"pt-PT\",\"potentialAction\":[{\"@type\":\"ReadAction\",\"target\":[\"https:\\\/\\\/proxipel.ch\\\/pt-pt\\\/proxiflex\\\/\"]}]},{\"@type\":\"ImageObject\",\"inLanguage\":\"pt-PT\",\"@id\":\"https:\\\/\\\/proxipel.ch\\\/pt-pt\\\/proxiflex\\\/#primaryimage\",\"url\":\"https:\\\/\\\/proxipel.ch\\\/wp-content\\\/uploads\\\/2024\\\/10\\\/camion-usine-pellet.jpeg\",\"contentUrl\":\"https:\\\/\\\/proxipel.ch\\\/wp-content\\\/uploads\\\/2024\\\/10\\\/camion-usine-pellet.jpeg\",\"width\":1600,\"height\":903,\"caption\":\"Proxipel, premi\u00e8re unit\u00e9 mobile et int\u00e9grale de pelletisation\"},{\"@type\":\"BreadcrumbList\",\"@id\":\"https:\\\/\\\/proxipel.ch\\\/pt-pt\\\/proxiflex\\\/#breadcrumb\",\"itemListElement\":[{\"@type\":\"ListItem\",\"position\":1,\"name\":\"P\u00e1gina inicial\",\"item\":\"https:\\\/\\\/proxipel.ch\\\/pt-pt\\\/\"},{\"@type\":\"ListItem\",\"position\":2,\"name\":\"Proxiflex\"}]},{\"@type\":\"WebSite\",\"@id\":\"https:\\\/\\\/proxipel.ch\\\/pt-pt\\\/#website\",\"url\":\"https:\\\/\\\/proxipel.ch\\\/pt-pt\\\/\",\"name\":\"Proxipel\",\"description\":\"La premi\u00e8re unit\u00e9 mobile de pelletisation int\u00e9grale\",\"publisher\":{\"@id\":\"https:\\\/\\\/proxipel.ch\\\/pt-pt\\\/#organization\"},\"potentialAction\":[{\"@type\":\"SearchAction\",\"target\":{\"@type\":\"EntryPoint\",\"urlTemplate\":\"https:\\\/\\\/proxipel.ch\\\/pt-pt\\\/?s={search_term_string}\"},\"query-input\":{\"@type\":\"PropertyValueSpecification\",\"valueRequired\":true,\"valueName\":\"search_term_string\"}}],\"inLanguage\":\"pt-PT\"},{\"@type\":\"Organization\",\"@id\":\"https:\\\/\\\/proxipel.ch\\\/pt-pt\\\/#organization\",\"name\":\"Proxipel\",\"url\":\"https:\\\/\\\/proxipel.ch\\\/pt-pt\\\/\",\"logo\":{\"@type\":\"ImageObject\",\"inLanguage\":\"pt-PT\",\"@id\":\"https:\\\/\\\/proxipel.ch\\\/pt-pt\\\/#\\\/schema\\\/logo\\\/image\\\/\",\"url\":\"https:\\\/\\\/proxipel.ch\\\/wp-content\\\/uploads\\\/2024\\\/04\\\/proxipel.svg\",\"contentUrl\":\"https:\\\/\\\/proxipel.ch\\\/wp-content\\\/uploads\\\/2024\\\/04\\\/proxipel.svg\",\"width\":\"1024\",\"height\":\"1024\",\"caption\":\"Proxipel\"},\"image\":{\"@id\":\"https:\\\/\\\/proxipel.ch\\\/pt-pt\\\/#\\\/schema\\\/logo\\\/image\\\/\"}}]}<\/script>\n<!-- \/ Yoast SEO plugin. -->","yoast_head_json":{"title":"Proxiflex - Proxipel","description":"A PROXIFLEX \u00e9 a unidade m\u00f3vel de granula\u00e7\u00e3o da Proxipel. F\u00e1cil de transportar e vers\u00e1til, transforma madeira, miscanthus e biomassa agr\u00edcola nas tuas instala\u00e7\u00f5es.","robots":{"index":"index","follow":"follow","max-snippet":"max-snippet:-1","max-image-preview":"max-image-preview:large","max-video-preview":"max-video-preview:-1"},"canonical":"https:\/\/proxipel.ch\/pt-pt\/proxiflex\/","og_locale":"pt_PT","og_type":"article","og_title":"Proxiflex - Proxipel","og_description":"A PROXIFLEX \u00e9 a unidade m\u00f3vel de granula\u00e7\u00e3o da Proxipel. F\u00e1cil de transportar e vers\u00e1til, transforma madeira, miscanthus e biomassa agr\u00edcola nas tuas instala\u00e7\u00f5es.","og_url":"https:\/\/proxipel.ch\/pt-pt\/proxiflex\/","og_site_name":"Proxipel","article_modified_time":"2026-07-17T13:18:53+00:00","og_image":[{"width":1600,"height":903,"url":"https:\/\/proxipel.ch\/wp-content\/uploads\/2024\/10\/camion-usine-pellet.jpeg","type":"image\/jpeg"}],"twitter_card":"summary_large_image","twitter_misc":{"Tempo estimado de leitura":"4 minutos"},"schema":{"@context":"https:\/\/schema.org","@graph":[{"@type":"WebPage","@id":"https:\/\/proxipel.ch\/pt-pt\/proxiflex\/","url":"https:\/\/proxipel.ch\/pt-pt\/proxiflex\/","name":"Proxiflex - Proxipel","isPartOf":{"@id":"https:\/\/proxipel.ch\/pt-pt\/#website"},"primaryImageOfPage":{"@id":"https:\/\/proxipel.ch\/pt-pt\/proxiflex\/#primaryimage"},"image":{"@id":"https:\/\/proxipel.ch\/pt-pt\/proxiflex\/#primaryimage"},"thumbnailUrl":"https:\/\/proxipel.ch\/wp-content\/uploads\/2024\/10\/camion-usine-pellet.jpeg","datePublished":"2024-04-30T05:28:49+00:00","dateModified":"2026-07-17T13:18:53+00:00","description":"A PROXIFLEX \u00e9 a unidade m\u00f3vel de granula\u00e7\u00e3o da Proxipel. F\u00e1cil de transportar e vers\u00e1til, transforma madeira, miscanthus e biomassa agr\u00edcola nas tuas instala\u00e7\u00f5es.","breadcrumb":{"@id":"https:\/\/proxipel.ch\/pt-pt\/proxiflex\/#breadcrumb"},"inLanguage":"pt-PT","potentialAction":[{"@type":"ReadAction","target":["https:\/\/proxipel.ch\/pt-pt\/proxiflex\/"]}]},{"@type":"ImageObject","inLanguage":"pt-PT","@id":"https:\/\/proxipel.ch\/pt-pt\/proxiflex\/#primaryimage","url":"https:\/\/proxipel.ch\/wp-content\/uploads\/2024\/10\/camion-usine-pellet.jpeg","contentUrl":"https:\/\/proxipel.ch\/wp-content\/uploads\/2024\/10\/camion-usine-pellet.jpeg","width":1600,"height":903,"caption":"Proxipel, premi\u00e8re unit\u00e9 mobile et int\u00e9grale de pelletisation"},{"@type":"BreadcrumbList","@id":"https:\/\/proxipel.ch\/pt-pt\/proxiflex\/#breadcrumb","itemListElement":[{"@type":"ListItem","position":1,"name":"P\u00e1gina inicial","item":"https:\/\/proxipel.ch\/pt-pt\/"},{"@type":"ListItem","position":2,"name":"Proxiflex"}]},{"@type":"WebSite","@id":"https:\/\/proxipel.ch\/pt-pt\/#website","url":"https:\/\/proxipel.ch\/pt-pt\/","name":"Proxipel","description":"La premi\u00e8re unit\u00e9 mobile de pelletisation int\u00e9grale","publisher":{"@id":"https:\/\/proxipel.ch\/pt-pt\/#organization"},"potentialAction":[{"@type":"SearchAction","target":{"@type":"EntryPoint","urlTemplate":"https:\/\/proxipel.ch\/pt-pt\/?s={search_term_string}"},"query-input":{"@type":"PropertyValueSpecification","valueRequired":true,"valueName":"search_term_string"}}],"inLanguage":"pt-PT"},{"@type":"Organization","@id":"https:\/\/proxipel.ch\/pt-pt\/#organization","name":"Proxipel","url":"https:\/\/proxipel.ch\/pt-pt\/","logo":{"@type":"ImageObject","inLanguage":"pt-PT","@id":"https:\/\/proxipel.ch\/pt-pt\/#\/schema\/logo\/image\/","url":"https:\/\/proxipel.ch\/wp-content\/uploads\/2024\/04\/proxipel.svg","contentUrl":"https:\/\/proxipel.ch\/wp-content\/uploads\/2024\/04\/proxipel.svg","width":"1024","height":"1024","caption":"Proxipel"},"image":{"@id":"https:\/\/proxipel.ch\/pt-pt\/#\/schema\/logo\/image\/"}}]}},"_links":{"self":[{"href":"https:\/\/proxipel.ch\/pt-pt\/wp-json\/wp\/v2\/pages\/3287","targetHints":{"allow":["GET"]}}],"collection":[{"href":"https:\/\/proxipel.ch\/pt-pt\/wp-json\/wp\/v2\/pages"}],"about":[{"href":"https:\/\/proxipel.ch\/pt-pt\/wp-json\/wp\/v2\/types\/page"}],"author":[{"embeddable":true,"href":"https:\/\/proxipel.ch\/pt-pt\/wp-json\/wp\/v2\/users\/1"}],"replies":[{"embeddable":true,"href":"https:\/\/proxipel.ch\/pt-pt\/wp-json\/wp\/v2\/comments?post=3287"}],"version-history":[{"count":14,"href":"https:\/\/proxipel.ch\/pt-pt\/wp-json\/wp\/v2\/pages\/3287\/revisions"}],"predecessor-version":[{"id":4283,"href":"https:\/\/proxipel.ch\/pt-pt\/wp-json\/wp\/v2\/pages\/3287\/revisions\/4283"}],"wp:featuredmedia":[{"embeddable":true,"href":"https:\/\/proxipel.ch\/pt-pt\/wp-json\/wp\/v2\/media\/3288"}],"wp:attachment":[{"href":"https:\/\/proxipel.ch\/pt-pt\/wp-json\/wp\/v2\/media?parent=3287"}],"curies":[{"name":"wp","href":"https:\/\/api.w.org\/{rel}","templated":true}]}}