{"id":3233,"date":"2025-05-28T11:37:52","date_gmt":"2025-05-28T09:37:52","guid":{"rendered":"https:\/\/proxipel.ch\/moagem-e-granulacao\/"},"modified":"2026-06-29T10:46:38","modified_gmt":"2026-06-29T08:46:38","slug":"moagem-e-granulacao","status":"publish","type":"page","link":"https:\/\/proxipel.ch\/pt-pt\/moagem-e-granulacao\/","title":{"rendered":"Moagem e granula\u00e7\u00e3o"},"content":{"rendered":"<p><img decoding=\"async\" class=\"aligncenter wp-image-289 \" src=\"https:\/\/proxipel.ch\/wp-content\/uploads\/2024\/04\/proxipel.svg\" alt=\"\" width=\"675\" height=\"345\"><\/p>\n<p><a href=\"https:\/\/proxipel.ch\/pt-pt\/\">A Proxipel, a tua unidade m\u00f3vel de peletiza\u00e7\u00e3o integral<\/a>, d\u00e1-te informa\u00e7\u00f5es sobre a tritura\u00e7\u00e3o e a granula\u00e7\u00e3o. Descobre <a href=\"https:\/\/proxipel.ch\/pt-pt\/\">as nossas solu\u00e7\u00f5es de tritura\u00e7\u00e3o e granula\u00e7\u00e3o<\/a> para transformar os teus res\u00edduos em recursos \u00fateis. A tritura\u00e7\u00e3o consiste em reduzir os teus res\u00edduos a pequenos peda\u00e7os, facilitando a sua reciclagem e transforma\u00e7\u00e3o em recursos \u00fateis. A granula\u00e7\u00e3o consiste em transformar esses res\u00edduos em gr\u00e2nulos, que podem ser utilizados como combust\u00edvel para aquecimento.   <\/p>\n<h2>Proxipel, especialista em tritura\u00e7\u00e3o e granula\u00e7\u00e3o<\/h2>\n<p>A Proxipel desenvolveu uma unidade m\u00f3vel de peletiza\u00e7\u00e3o \u00fanica no seu g\u00e9nero: a Proxiflex. Esta unidade de produ\u00e7\u00e3o, miniaturizada para ser totalmente integrada num semirreboque, garante uma grande efici\u00eancia. <\/p>\n<p>Gra\u00e7as \u00e0 sua mobilidade, a f\u00e1brica fica mais perto da biomassa e do consumidor, reduzindo assim consideravelmente os impactos do transporte e da entrega de pellets. O princ\u00edpio da cadeia de abastecimento curta est\u00e1 no centro desta abordagem. <\/p>\n<p>Equipada com um secador patenteado, a Proxiflex permite produzir pellets em conformidade com a norma ISO 17225. \u00c0 sa\u00edda da unidade, os pellets podem ser imediatamente consumidos e comercializados. O desempenho do secador permite utilizar mat\u00e9rias-primas com at\u00e9 50% de humidade  <\/p>\n<h2>Proxipel, a refer\u00eancia em tecnologia m\u00f3vel e assist\u00eancia no local<\/h2>\n<p>Descobre a nossa solu\u00e7\u00e3o de tritura\u00e7\u00e3o e granula\u00e7\u00e3o para transformar os teus res\u00edduos verdes em gr\u00e2nulos. Esta t\u00e9cnica permite-te valorizar os teus res\u00edduos e, ao mesmo tempo, produzir energia renov\u00e1vel. A Proxipel oferece-te solu\u00e7\u00f5es eficazes para uma tritura\u00e7\u00e3o e granula\u00e7\u00e3o ideais dos teus res\u00edduos verdes.  <\/p>\n<h2>Servi\u00e7os da Proxiflex:<\/h2>\n<ul>\n<li><a href=\"https:\/\/proxipel.ch\/proxiflex\/\">A nossa solu\u00e7\u00e3o m\u00f3vel de peletiza\u00e7\u00e3o<\/a><\/li>\n<li><a href=\"https:\/\/proxipel.ch\/technologie\/\">A nossa tecnologia inovadora<\/a><\/li>\n<li><a href=\"https:\/\/proxipel.ch\/service-location-dunite\/\">Aluguer de unidades m\u00f3veis de peletiza\u00e7\u00e3o<\/a><\/li>\n<li><a href=\"https:\/\/proxipel.ch\/pellets\/\">Venda de pellets<\/a><\/li>\n<\/ul>\n<h2>Contacta-nos<\/h2>\n<ul>\n<li><a href=\"https:\/\/proxipel.ch\/contact\/\">Pedir para que me contactem<\/a><\/li>\n<li><a href=\"mailto:nfo@proxipel.com\">Info@proxipel.com<\/a><\/li>\n<li>Tel.: <a href=\"tel:+41218013349\">+41 21 801 33 49<\/a><\/li>\n<\/ul>\n","protected":false},"excerpt":{"rendered":"<p>A Proxipel, a tua unidade m\u00f3vel de peletiza\u00e7\u00e3o integral, d\u00e1-te informa\u00e7\u00f5es sobre a tritura\u00e7\u00e3o e a granula\u00e7\u00e3o. Descobre as nossas solu\u00e7\u00f5es de tritura\u00e7\u00e3o e granula\u00e7\u00e3o para transformar os teus res\u00edduos em recursos \u00fateis. A tritura\u00e7\u00e3o consiste em reduzir os teus res\u00edduos a pequenos peda\u00e7os, facilitando a sua reciclagem e transforma\u00e7\u00e3o em recursos \u00fateis. A granula\u00e7\u00e3o [&hellip;]<\/p>\n","protected":false},"author":7,"featured_media":3016,"parent":0,"menu_order":0,"comment_status":"closed","ping_status":"closed","template":"","meta":{"_et_pb_use_builder":"","_et_pb_old_content":"","_et_gb_content_width":"","inline_featured_image":false,"footnotes":""},"class_list":["post-3233","page","type-page","status-publish","has-post-thumbnail","hentry"],"yoast_head":"<!-- This site is optimized with the Yoast SEO plugin v28.3 - https:\/\/yoast.com\/product\/yoast-seo-wordpress\/ -->\n<title>Moagem e granula\u00e7\u00e3o - Proxipel<\/title>\n<meta name=\"description\" content=\"Moagem e granula\u00e7\u00e3o: conhece a Proxipel, a primeira unidade m\u00f3vel de peletiza\u00e7\u00e3o integral capaz de moer, secar e granular.\" \/>\n<meta name=\"robots\" content=\"index, follow, max-snippet:-1, max-image-preview:large, max-video-preview:-1\" \/>\n<link rel=\"canonical\" href=\"https:\/\/proxipel.ch\/pt-pt\/moagem-e-granulacao\/\" \/>\n<meta property=\"og:locale\" content=\"pt_PT\" \/>\n<meta property=\"og:type\" content=\"article\" \/>\n<meta property=\"og:title\" content=\"Moagem e granula\u00e7\u00e3o - Proxipel\" \/>\n<meta property=\"og:description\" content=\"Moagem e granula\u00e7\u00e3o: conhece a Proxipel, a primeira unidade m\u00f3vel de peletiza\u00e7\u00e3o integral capaz de moer, secar e granular.\" \/>\n<meta property=\"og:url\" content=\"https:\/\/proxipel.ch\/pt-pt\/moagem-e-granulacao\/\" \/>\n<meta property=\"og:site_name\" content=\"Proxipel\" \/>\n<meta property=\"article:modified_time\" content=\"2026-06-29T08:46:38+00:00\" \/>\n<meta property=\"og:image\" content=\"https:\/\/proxipel.ch\/wp-content\/uploads\/2025\/05\/unite-mobile-Proxipel-scaled.webp\" \/>\n\t<meta property=\"og:image:width\" content=\"2560\" \/>\n\t<meta property=\"og:image:height\" content=\"1594\" \/>\n\t<meta property=\"og:image:type\" content=\"image\/webp\" \/>\n<meta name=\"twitter:card\" content=\"summary_large_image\" \/>\n<meta name=\"twitter:label1\" content=\"Tempo estimado de leitura\" \/>\n\t<meta name=\"twitter:data1\" content=\"2 minutos\" \/>\n<script type=\"application\/ld+json\" class=\"yoast-schema-graph\">{\"@context\":\"https:\\\/\\\/schema.org\",\"@graph\":[{\"@type\":\"WebPage\",\"@id\":\"https:\\\/\\\/proxipel.ch\\\/pt-pt\\\/moagem-e-granulacao\\\/\",\"url\":\"https:\\\/\\\/proxipel.ch\\\/pt-pt\\\/moagem-e-granulacao\\\/\",\"name\":\"Moagem e granula\u00e7\u00e3o - Proxipel\",\"isPartOf\":{\"@id\":\"https:\\\/\\\/proxipel.ch\\\/pt-pt\\\/#website\"},\"primaryImageOfPage\":{\"@id\":\"https:\\\/\\\/proxipel.ch\\\/pt-pt\\\/moagem-e-granulacao\\\/#primaryimage\"},\"image\":{\"@id\":\"https:\\\/\\\/proxipel.ch\\\/pt-pt\\\/moagem-e-granulacao\\\/#primaryimage\"},\"thumbnailUrl\":\"https:\\\/\\\/proxipel.ch\\\/wp-content\\\/uploads\\\/2025\\\/05\\\/unite-mobile-Proxipel-scaled.webp\",\"datePublished\":\"2025-05-28T09:37:52+00:00\",\"dateModified\":\"2026-06-29T08:46:38+00:00\",\"description\":\"Moagem e granula\u00e7\u00e3o: conhece a Proxipel, a primeira unidade m\u00f3vel de peletiza\u00e7\u00e3o integral capaz de moer, secar e granular.\",\"breadcrumb\":{\"@id\":\"https:\\\/\\\/proxipel.ch\\\/pt-pt\\\/moagem-e-granulacao\\\/#breadcrumb\"},\"inLanguage\":\"pt-PT\",\"potentialAction\":[{\"@type\":\"ReadAction\",\"target\":[\"https:\\\/\\\/proxipel.ch\\\/pt-pt\\\/moagem-e-granulacao\\\/\"]}]},{\"@type\":\"ImageObject\",\"inLanguage\":\"pt-PT\",\"@id\":\"https:\\\/\\\/proxipel.ch\\\/pt-pt\\\/moagem-e-granulacao\\\/#primaryimage\",\"url\":\"https:\\\/\\\/proxipel.ch\\\/wp-content\\\/uploads\\\/2025\\\/05\\\/unite-mobile-Proxipel-scaled.webp\",\"contentUrl\":\"https:\\\/\\\/proxipel.ch\\\/wp-content\\\/uploads\\\/2025\\\/05\\\/unite-mobile-Proxipel-scaled.webp\",\"width\":2560,\"height\":1594,\"caption\":\"Unit\u00e9 mobile de granulation Proxipel\"},{\"@type\":\"BreadcrumbList\",\"@id\":\"https:\\\/\\\/proxipel.ch\\\/pt-pt\\\/moagem-e-granulacao\\\/#breadcrumb\",\"itemListElement\":[{\"@type\":\"ListItem\",\"position\":1,\"name\":\"P\u00e1gina inicial\",\"item\":\"https:\\\/\\\/proxipel.ch\\\/pt-pt\\\/\"},{\"@type\":\"ListItem\",\"position\":2,\"name\":\"Moagem e granula\u00e7\u00e3o\"}]},{\"@type\":\"WebSite\",\"@id\":\"https:\\\/\\\/proxipel.ch\\\/pt-pt\\\/#website\",\"url\":\"https:\\\/\\\/proxipel.ch\\\/pt-pt\\\/\",\"name\":\"Proxipel\",\"description\":\"La premi\u00e8re unit\u00e9 mobile de pelletisation int\u00e9grale\",\"publisher\":{\"@id\":\"https:\\\/\\\/proxipel.ch\\\/pt-pt\\\/#organization\"},\"potentialAction\":[{\"@type\":\"SearchAction\",\"target\":{\"@type\":\"EntryPoint\",\"urlTemplate\":\"https:\\\/\\\/proxipel.ch\\\/pt-pt\\\/?s={search_term_string}\"},\"query-input\":{\"@type\":\"PropertyValueSpecification\",\"valueRequired\":true,\"valueName\":\"search_term_string\"}}],\"inLanguage\":\"pt-PT\"},{\"@type\":\"Organization\",\"@id\":\"https:\\\/\\\/proxipel.ch\\\/pt-pt\\\/#organization\",\"name\":\"Proxipel\",\"url\":\"https:\\\/\\\/proxipel.ch\\\/pt-pt\\\/\",\"logo\":{\"@type\":\"ImageObject\",\"inLanguage\":\"pt-PT\",\"@id\":\"https:\\\/\\\/proxipel.ch\\\/pt-pt\\\/#\\\/schema\\\/logo\\\/image\\\/\",\"url\":\"https:\\\/\\\/proxipel.ch\\\/wp-content\\\/uploads\\\/2024\\\/04\\\/proxipel.svg\",\"contentUrl\":\"https:\\\/\\\/proxipel.ch\\\/wp-content\\\/uploads\\\/2024\\\/04\\\/proxipel.svg\",\"width\":\"1024\",\"height\":\"1024\",\"caption\":\"Proxipel\"},\"image\":{\"@id\":\"https:\\\/\\\/proxipel.ch\\\/pt-pt\\\/#\\\/schema\\\/logo\\\/image\\\/\"}}]}<\/script>\n<!-- \/ Yoast SEO plugin. -->","yoast_head_json":{"title":"Moagem e granula\u00e7\u00e3o - Proxipel","description":"Moagem e granula\u00e7\u00e3o: conhece a Proxipel, a primeira unidade m\u00f3vel de peletiza\u00e7\u00e3o integral capaz de moer, secar e granular.","robots":{"index":"index","follow":"follow","max-snippet":"max-snippet:-1","max-image-preview":"max-image-preview:large","max-video-preview":"max-video-preview:-1"},"canonical":"https:\/\/proxipel.ch\/pt-pt\/moagem-e-granulacao\/","og_locale":"pt_PT","og_type":"article","og_title":"Moagem e granula\u00e7\u00e3o - Proxipel","og_description":"Moagem e granula\u00e7\u00e3o: conhece a Proxipel, a primeira unidade m\u00f3vel de peletiza\u00e7\u00e3o integral capaz de moer, secar e granular.","og_url":"https:\/\/proxipel.ch\/pt-pt\/moagem-e-granulacao\/","og_site_name":"Proxipel","article_modified_time":"2026-06-29T08:46:38+00:00","og_image":[{"width":2560,"height":1594,"url":"https:\/\/proxipel.ch\/wp-content\/uploads\/2025\/05\/unite-mobile-Proxipel-scaled.webp","type":"image\/webp"}],"twitter_card":"summary_large_image","twitter_misc":{"Tempo estimado de leitura":"2 minutos"},"schema":{"@context":"https:\/\/schema.org","@graph":[{"@type":"WebPage","@id":"https:\/\/proxipel.ch\/pt-pt\/moagem-e-granulacao\/","url":"https:\/\/proxipel.ch\/pt-pt\/moagem-e-granulacao\/","name":"Moagem e granula\u00e7\u00e3o - Proxipel","isPartOf":{"@id":"https:\/\/proxipel.ch\/pt-pt\/#website"},"primaryImageOfPage":{"@id":"https:\/\/proxipel.ch\/pt-pt\/moagem-e-granulacao\/#primaryimage"},"image":{"@id":"https:\/\/proxipel.ch\/pt-pt\/moagem-e-granulacao\/#primaryimage"},"thumbnailUrl":"https:\/\/proxipel.ch\/wp-content\/uploads\/2025\/05\/unite-mobile-Proxipel-scaled.webp","datePublished":"2025-05-28T09:37:52+00:00","dateModified":"2026-06-29T08:46:38+00:00","description":"Moagem e granula\u00e7\u00e3o: conhece a Proxipel, a primeira unidade m\u00f3vel de peletiza\u00e7\u00e3o integral capaz de moer, secar e granular.","breadcrumb":{"@id":"https:\/\/proxipel.ch\/pt-pt\/moagem-e-granulacao\/#breadcrumb"},"inLanguage":"pt-PT","potentialAction":[{"@type":"ReadAction","target":["https:\/\/proxipel.ch\/pt-pt\/moagem-e-granulacao\/"]}]},{"@type":"ImageObject","inLanguage":"pt-PT","@id":"https:\/\/proxipel.ch\/pt-pt\/moagem-e-granulacao\/#primaryimage","url":"https:\/\/proxipel.ch\/wp-content\/uploads\/2025\/05\/unite-mobile-Proxipel-scaled.webp","contentUrl":"https:\/\/proxipel.ch\/wp-content\/uploads\/2025\/05\/unite-mobile-Proxipel-scaled.webp","width":2560,"height":1594,"caption":"Unit\u00e9 mobile de granulation Proxipel"},{"@type":"BreadcrumbList","@id":"https:\/\/proxipel.ch\/pt-pt\/moagem-e-granulacao\/#breadcrumb","itemListElement":[{"@type":"ListItem","position":1,"name":"P\u00e1gina inicial","item":"https:\/\/proxipel.ch\/pt-pt\/"},{"@type":"ListItem","position":2,"name":"Moagem e granula\u00e7\u00e3o"}]},{"@type":"WebSite","@id":"https:\/\/proxipel.ch\/pt-pt\/#website","url":"https:\/\/proxipel.ch\/pt-pt\/","name":"Proxipel","description":"La premi\u00e8re unit\u00e9 mobile de pelletisation int\u00e9grale","publisher":{"@id":"https:\/\/proxipel.ch\/pt-pt\/#organization"},"potentialAction":[{"@type":"SearchAction","target":{"@type":"EntryPoint","urlTemplate":"https:\/\/proxipel.ch\/pt-pt\/?s={search_term_string}"},"query-input":{"@type":"PropertyValueSpecification","valueRequired":true,"valueName":"search_term_string"}}],"inLanguage":"pt-PT"},{"@type":"Organization","@id":"https:\/\/proxipel.ch\/pt-pt\/#organization","name":"Proxipel","url":"https:\/\/proxipel.ch\/pt-pt\/","logo":{"@type":"ImageObject","inLanguage":"pt-PT","@id":"https:\/\/proxipel.ch\/pt-pt\/#\/schema\/logo\/image\/","url":"https:\/\/proxipel.ch\/wp-content\/uploads\/2024\/04\/proxipel.svg","contentUrl":"https:\/\/proxipel.ch\/wp-content\/uploads\/2024\/04\/proxipel.svg","width":"1024","height":"1024","caption":"Proxipel"},"image":{"@id":"https:\/\/proxipel.ch\/pt-pt\/#\/schema\/logo\/image\/"}}]}},"_links":{"self":[{"href":"https:\/\/proxipel.ch\/pt-pt\/wp-json\/wp\/v2\/pages\/3233","targetHints":{"allow":["GET"]}}],"collection":[{"href":"https:\/\/proxipel.ch\/pt-pt\/wp-json\/wp\/v2\/pages"}],"about":[{"href":"https:\/\/proxipel.ch\/pt-pt\/wp-json\/wp\/v2\/types\/page"}],"author":[{"embeddable":true,"href":"https:\/\/proxipel.ch\/pt-pt\/wp-json\/wp\/v2\/users\/7"}],"replies":[{"embeddable":true,"href":"https:\/\/proxipel.ch\/pt-pt\/wp-json\/wp\/v2\/comments?post=3233"}],"version-history":[{"count":1,"href":"https:\/\/proxipel.ch\/pt-pt\/wp-json\/wp\/v2\/pages\/3233\/revisions"}],"predecessor-version":[{"id":3235,"href":"https:\/\/proxipel.ch\/pt-pt\/wp-json\/wp\/v2\/pages\/3233\/revisions\/3235"}],"wp:featuredmedia":[{"embeddable":true,"href":"https:\/\/proxipel.ch\/pt-pt\/wp-json\/wp\/v2\/media\/3016"}],"wp:attachment":[{"href":"https:\/\/proxipel.ch\/pt-pt\/wp-json\/wp\/v2\/media?parent=3233"}],"curies":[{"name":"wp","href":"https:\/\/api.w.org\/{rel}","templated":true}]}}