{"id":3189,"date":"2025-05-28T14:49:19","date_gmt":"2025-05-28T12:49:19","guid":{"rendered":"https:\/\/proxipel.ch\/a-valorizacao-dos-residuos-verdes\/"},"modified":"2026-06-29T10:45:53","modified_gmt":"2026-06-29T08:45:53","slug":"a-valorizacao-dos-residuos-verdes","status":"publish","type":"page","link":"https:\/\/proxipel.ch\/pt-pt\/a-valorizacao-dos-residuos-verdes\/","title":{"rendered":"A valoriza\u00e7\u00e3o dos res\u00edduos verdes"},"content":{"rendered":"<p><img decoding=\"async\" class=\"aligncenter wp-image-289 \" src=\"https:\/\/proxipel.ch\/wp-content\/uploads\/2024\/04\/proxipel.svg\" alt=\"\" width=\"675\" height=\"345\"><\/p>\n<p>A valoriza\u00e7\u00e3o dos res\u00edduos verdes permite transformar esses res\u00edduos em recursos \u00fateis, como composto ou pellets. Descobre as nossas solu\u00e7\u00f5es inovadoras e ecol\u00f3gicas para uma gest\u00e3o sustent\u00e1vel dos teus res\u00edduos verdes. <\/p>\n<h2>Proxipel, especialista em reciclagem e valoriza\u00e7\u00e3o de res\u00edduos verdes<\/h2>\n<p>A Proxipel desenvolveu uma unidade m\u00f3vel de peletiza\u00e7\u00e3o \u00fanica no seu g\u00e9nero: a Proxiflex. Esta unidade de produ\u00e7\u00e3o, miniaturizada para ser totalmente integrada num semirreboque, garante uma grande efici\u00eancia. <\/p>\n<p>Gra\u00e7as \u00e0 sua mobilidade, a f\u00e1brica fica mais perto da biomassa e do consumidor, reduzindo assim consideravelmente os impactos do transporte e da entrega de pellets. O princ\u00edpio da cadeia de abastecimento curta est\u00e1 no centro desta abordagem. <\/p>\n<p>Equipada com um secador patenteado, a Proxiflex permite produzir pellets em conformidade com a norma ISO 17225. \u00c0 sa\u00edda da unidade, os pellets podem ser imediatamente consumidos e comercializados. O desempenho do secador permite utilizar mat\u00e9rias-primas com at\u00e9 50% de humidade  <\/p>\n<h2>A Proxipel, a refer\u00eancia na valoriza\u00e7\u00e3o de res\u00edduos verdes<\/h2>\n<p>A recolha de res\u00edduos verdes \u00e9 uma etapa crucial para a sua reciclagem e valoriza\u00e7\u00e3o. Descobre como recolher e transformar os teus res\u00edduos verdes em recursos \u00fateis. A Proxipel orienta-te atrav\u00e9s dos diferentes m\u00e9todos de recolha de res\u00edduos verdes.  <\/p>\n<h2>Mais informa\u00e7\u00f5es sobre a valoriza\u00e7\u00e3o dos res\u00edduos verdes<\/h2>\n<ol>\n<li><a href=\"https:\/\/proxipel.ch\/broyage-de-dechets-verts\/\">Tritura\u00e7\u00e3o de res\u00edduos verdes<\/a><\/li>\n<li><a href=\"https:\/\/proxipel.ch\/pt-pt\/?page_id=3149\">Reciclagem e valoriza\u00e7\u00e3o dos res\u00edduos verdes<\/a><\/li>\n<li><a href=\"https:\/\/proxipel.ch\/biomasse-et-production-de-pellets\/\">Biomassa e produ\u00e7\u00e3o de pellets<\/a><\/li>\n<\/ol>\n<h2>Servi\u00e7os da Proxiflex:<\/h2>\n<ul>\n<li><a href=\"https:\/\/proxipel.ch\/proxiflex\/\">A nossa solu\u00e7\u00e3o m\u00f3vel de peletiza\u00e7\u00e3o<\/a><\/li>\n<li><a href=\"https:\/\/proxipel.ch\/technologie\/\">A nossa tecnologia inovadora<\/a><\/li>\n<li><a href=\"https:\/\/proxipel.ch\/service-location-dunite\/\">Aluguer de unidades m\u00f3veis de peletiza\u00e7\u00e3o<\/a><\/li>\n<li><a href=\"https:\/\/proxipel.ch\/pellets\/\">Venda de pellets<\/a><\/li>\n<\/ul>\n<h2>Contacta-nos<\/h2>\n<ul>\n<li><a href=\"https:\/\/proxipel.ch\/contact\/\">Granula\u00e7\u00e3o de res\u00edduos verdes<\/a><\/li>\n<li><a href=\"mailto:Info@proxipel.com\">Info@proxipel.com<\/a><\/li>\n<li>Tel.: <a href=\"tel:+41218013349\">+41 21 801 33 49<\/a><\/li>\n<\/ul>\n","protected":false},"excerpt":{"rendered":"<p>A valoriza\u00e7\u00e3o dos res\u00edduos verdes permite transformar esses res\u00edduos em recursos \u00fateis, como composto ou pellets. Descobre as nossas solu\u00e7\u00f5es inovadoras e ecol\u00f3gicas para uma gest\u00e3o sustent\u00e1vel dos teus res\u00edduos verdes. Proxipel, especialista em reciclagem e valoriza\u00e7\u00e3o de res\u00edduos verdes A Proxipel desenvolveu uma unidade m\u00f3vel de peletiza\u00e7\u00e3o \u00fanica no seu g\u00e9nero: a Proxiflex. Esta [&hellip;]<\/p>\n","protected":false},"author":7,"featured_media":3147,"parent":0,"menu_order":0,"comment_status":"closed","ping_status":"closed","template":"","meta":{"_et_pb_use_builder":"","_et_pb_old_content":"","_et_gb_content_width":"","inline_featured_image":false,"footnotes":""},"class_list":["post-3189","page","type-page","status-publish","has-post-thumbnail","hentry"],"yoast_head":"<!-- This site is optimized with the Yoast SEO plugin v28.3 - https:\/\/yoast.com\/product\/yoast-seo-wordpress\/ -->\n<title>A valoriza\u00e7\u00e3o dos res\u00edduos verdes - Proxipel<\/title>\n<meta name=\"description\" content=\"Reciclagem de res\u00edduos verdes: descobre as solu\u00e7\u00f5es da Proxipel, uma solu\u00e7\u00e3o m\u00f3vel de peletiza\u00e7\u00e3o para valorizar os res\u00edduos de madeira\" \/>\n<meta name=\"robots\" content=\"index, follow, max-snippet:-1, max-image-preview:large, max-video-preview:-1\" \/>\n<link rel=\"canonical\" href=\"https:\/\/proxipel.ch\/pt-pt\/a-valorizacao-dos-residuos-verdes\/\" \/>\n<meta property=\"og:locale\" content=\"pt_PT\" \/>\n<meta property=\"og:type\" content=\"article\" \/>\n<meta property=\"og:title\" content=\"A valoriza\u00e7\u00e3o dos res\u00edduos verdes - Proxipel\" \/>\n<meta property=\"og:description\" content=\"Reciclagem de res\u00edduos verdes: descobre as solu\u00e7\u00f5es da Proxipel, uma solu\u00e7\u00e3o m\u00f3vel de peletiza\u00e7\u00e3o para valorizar os res\u00edduos de madeira\" \/>\n<meta property=\"og:url\" content=\"https:\/\/proxipel.ch\/pt-pt\/a-valorizacao-dos-residuos-verdes\/\" \/>\n<meta property=\"og:site_name\" content=\"Proxipel\" \/>\n<meta property=\"article:modified_time\" content=\"2026-06-29T08:45:53+00:00\" \/>\n<meta property=\"og:image\" content=\"https:\/\/proxipel.ch\/wp-content\/uploads\/2025\/01\/camion-usine-pellet.webp\" \/>\n\t<meta property=\"og:image:width\" content=\"1600\" \/>\n\t<meta property=\"og:image:height\" content=\"807\" \/>\n\t<meta property=\"og:image:type\" content=\"image\/webp\" \/>\n<meta name=\"twitter:card\" content=\"summary_large_image\" \/>\n<meta name=\"twitter:label1\" content=\"Tempo estimado de leitura\" \/>\n\t<meta name=\"twitter:data1\" content=\"1 minuto\" \/>\n<script type=\"application\/ld+json\" class=\"yoast-schema-graph\">{\"@context\":\"https:\\\/\\\/schema.org\",\"@graph\":[{\"@type\":\"WebPage\",\"@id\":\"https:\\\/\\\/proxipel.ch\\\/pt-pt\\\/a-valorizacao-dos-residuos-verdes\\\/\",\"url\":\"https:\\\/\\\/proxipel.ch\\\/pt-pt\\\/a-valorizacao-dos-residuos-verdes\\\/\",\"name\":\"A valoriza\u00e7\u00e3o dos res\u00edduos verdes - Proxipel\",\"isPartOf\":{\"@id\":\"https:\\\/\\\/proxipel.ch\\\/pt-pt\\\/#website\"},\"primaryImageOfPage\":{\"@id\":\"https:\\\/\\\/proxipel.ch\\\/pt-pt\\\/a-valorizacao-dos-residuos-verdes\\\/#primaryimage\"},\"image\":{\"@id\":\"https:\\\/\\\/proxipel.ch\\\/pt-pt\\\/a-valorizacao-dos-residuos-verdes\\\/#primaryimage\"},\"thumbnailUrl\":\"https:\\\/\\\/proxipel.ch\\\/wp-content\\\/uploads\\\/2025\\\/01\\\/camion-usine-pellet.webp\",\"datePublished\":\"2025-05-28T12:49:19+00:00\",\"dateModified\":\"2026-06-29T08:45:53+00:00\",\"description\":\"Reciclagem de res\u00edduos verdes: descobre as solu\u00e7\u00f5es da Proxipel, uma solu\u00e7\u00e3o m\u00f3vel de peletiza\u00e7\u00e3o para valorizar os res\u00edduos de madeira\",\"breadcrumb\":{\"@id\":\"https:\\\/\\\/proxipel.ch\\\/pt-pt\\\/a-valorizacao-dos-residuos-verdes\\\/#breadcrumb\"},\"inLanguage\":\"pt-PT\",\"potentialAction\":[{\"@type\":\"ReadAction\",\"target\":[\"https:\\\/\\\/proxipel.ch\\\/pt-pt\\\/a-valorizacao-dos-residuos-verdes\\\/\"]}]},{\"@type\":\"ImageObject\",\"inLanguage\":\"pt-PT\",\"@id\":\"https:\\\/\\\/proxipel.ch\\\/pt-pt\\\/a-valorizacao-dos-residuos-verdes\\\/#primaryimage\",\"url\":\"https:\\\/\\\/proxipel.ch\\\/wp-content\\\/uploads\\\/2025\\\/01\\\/camion-usine-pellet.webp\",\"contentUrl\":\"https:\\\/\\\/proxipel.ch\\\/wp-content\\\/uploads\\\/2025\\\/01\\\/camion-usine-pellet.webp\",\"width\":1600,\"height\":807,\"caption\":\"unit\u00e9 mobile de pelletisation int\u00e9grale\"},{\"@type\":\"BreadcrumbList\",\"@id\":\"https:\\\/\\\/proxipel.ch\\\/pt-pt\\\/a-valorizacao-dos-residuos-verdes\\\/#breadcrumb\",\"itemListElement\":[{\"@type\":\"ListItem\",\"position\":1,\"name\":\"P\u00e1gina inicial\",\"item\":\"https:\\\/\\\/proxipel.ch\\\/pt-pt\\\/\"},{\"@type\":\"ListItem\",\"position\":2,\"name\":\"A valoriza\u00e7\u00e3o dos res\u00edduos verdes\"}]},{\"@type\":\"WebSite\",\"@id\":\"https:\\\/\\\/proxipel.ch\\\/pt-pt\\\/#website\",\"url\":\"https:\\\/\\\/proxipel.ch\\\/pt-pt\\\/\",\"name\":\"Proxipel\",\"description\":\"La premi\u00e8re unit\u00e9 mobile de pelletisation int\u00e9grale\",\"publisher\":{\"@id\":\"https:\\\/\\\/proxipel.ch\\\/pt-pt\\\/#organization\"},\"potentialAction\":[{\"@type\":\"SearchAction\",\"target\":{\"@type\":\"EntryPoint\",\"urlTemplate\":\"https:\\\/\\\/proxipel.ch\\\/pt-pt\\\/?s={search_term_string}\"},\"query-input\":{\"@type\":\"PropertyValueSpecification\",\"valueRequired\":true,\"valueName\":\"search_term_string\"}}],\"inLanguage\":\"pt-PT\"},{\"@type\":\"Organization\",\"@id\":\"https:\\\/\\\/proxipel.ch\\\/pt-pt\\\/#organization\",\"name\":\"Proxipel\",\"url\":\"https:\\\/\\\/proxipel.ch\\\/pt-pt\\\/\",\"logo\":{\"@type\":\"ImageObject\",\"inLanguage\":\"pt-PT\",\"@id\":\"https:\\\/\\\/proxipel.ch\\\/pt-pt\\\/#\\\/schema\\\/logo\\\/image\\\/\",\"url\":\"https:\\\/\\\/proxipel.ch\\\/wp-content\\\/uploads\\\/2024\\\/04\\\/proxipel.svg\",\"contentUrl\":\"https:\\\/\\\/proxipel.ch\\\/wp-content\\\/uploads\\\/2024\\\/04\\\/proxipel.svg\",\"width\":\"1024\",\"height\":\"1024\",\"caption\":\"Proxipel\"},\"image\":{\"@id\":\"https:\\\/\\\/proxipel.ch\\\/pt-pt\\\/#\\\/schema\\\/logo\\\/image\\\/\"}}]}<\/script>\n<!-- \/ Yoast SEO plugin. -->","yoast_head_json":{"title":"A valoriza\u00e7\u00e3o dos res\u00edduos verdes - Proxipel","description":"Reciclagem de res\u00edduos verdes: descobre as solu\u00e7\u00f5es da Proxipel, uma solu\u00e7\u00e3o m\u00f3vel de peletiza\u00e7\u00e3o para valorizar os res\u00edduos de madeira","robots":{"index":"index","follow":"follow","max-snippet":"max-snippet:-1","max-image-preview":"max-image-preview:large","max-video-preview":"max-video-preview:-1"},"canonical":"https:\/\/proxipel.ch\/pt-pt\/a-valorizacao-dos-residuos-verdes\/","og_locale":"pt_PT","og_type":"article","og_title":"A valoriza\u00e7\u00e3o dos res\u00edduos verdes - Proxipel","og_description":"Reciclagem de res\u00edduos verdes: descobre as solu\u00e7\u00f5es da Proxipel, uma solu\u00e7\u00e3o m\u00f3vel de peletiza\u00e7\u00e3o para valorizar os res\u00edduos de madeira","og_url":"https:\/\/proxipel.ch\/pt-pt\/a-valorizacao-dos-residuos-verdes\/","og_site_name":"Proxipel","article_modified_time":"2026-06-29T08:45:53+00:00","og_image":[{"width":1600,"height":807,"url":"https:\/\/proxipel.ch\/wp-content\/uploads\/2025\/01\/camion-usine-pellet.webp","type":"image\/webp"}],"twitter_card":"summary_large_image","twitter_misc":{"Tempo estimado de leitura":"1 minuto"},"schema":{"@context":"https:\/\/schema.org","@graph":[{"@type":"WebPage","@id":"https:\/\/proxipel.ch\/pt-pt\/a-valorizacao-dos-residuos-verdes\/","url":"https:\/\/proxipel.ch\/pt-pt\/a-valorizacao-dos-residuos-verdes\/","name":"A valoriza\u00e7\u00e3o dos res\u00edduos verdes - Proxipel","isPartOf":{"@id":"https:\/\/proxipel.ch\/pt-pt\/#website"},"primaryImageOfPage":{"@id":"https:\/\/proxipel.ch\/pt-pt\/a-valorizacao-dos-residuos-verdes\/#primaryimage"},"image":{"@id":"https:\/\/proxipel.ch\/pt-pt\/a-valorizacao-dos-residuos-verdes\/#primaryimage"},"thumbnailUrl":"https:\/\/proxipel.ch\/wp-content\/uploads\/2025\/01\/camion-usine-pellet.webp","datePublished":"2025-05-28T12:49:19+00:00","dateModified":"2026-06-29T08:45:53+00:00","description":"Reciclagem de res\u00edduos verdes: descobre as solu\u00e7\u00f5es da Proxipel, uma solu\u00e7\u00e3o m\u00f3vel de peletiza\u00e7\u00e3o para valorizar os res\u00edduos de madeira","breadcrumb":{"@id":"https:\/\/proxipel.ch\/pt-pt\/a-valorizacao-dos-residuos-verdes\/#breadcrumb"},"inLanguage":"pt-PT","potentialAction":[{"@type":"ReadAction","target":["https:\/\/proxipel.ch\/pt-pt\/a-valorizacao-dos-residuos-verdes\/"]}]},{"@type":"ImageObject","inLanguage":"pt-PT","@id":"https:\/\/proxipel.ch\/pt-pt\/a-valorizacao-dos-residuos-verdes\/#primaryimage","url":"https:\/\/proxipel.ch\/wp-content\/uploads\/2025\/01\/camion-usine-pellet.webp","contentUrl":"https:\/\/proxipel.ch\/wp-content\/uploads\/2025\/01\/camion-usine-pellet.webp","width":1600,"height":807,"caption":"unit\u00e9 mobile de pelletisation int\u00e9grale"},{"@type":"BreadcrumbList","@id":"https:\/\/proxipel.ch\/pt-pt\/a-valorizacao-dos-residuos-verdes\/#breadcrumb","itemListElement":[{"@type":"ListItem","position":1,"name":"P\u00e1gina inicial","item":"https:\/\/proxipel.ch\/pt-pt\/"},{"@type":"ListItem","position":2,"name":"A valoriza\u00e7\u00e3o dos res\u00edduos verdes"}]},{"@type":"WebSite","@id":"https:\/\/proxipel.ch\/pt-pt\/#website","url":"https:\/\/proxipel.ch\/pt-pt\/","name":"Proxipel","description":"La premi\u00e8re unit\u00e9 mobile de pelletisation int\u00e9grale","publisher":{"@id":"https:\/\/proxipel.ch\/pt-pt\/#organization"},"potentialAction":[{"@type":"SearchAction","target":{"@type":"EntryPoint","urlTemplate":"https:\/\/proxipel.ch\/pt-pt\/?s={search_term_string}"},"query-input":{"@type":"PropertyValueSpecification","valueRequired":true,"valueName":"search_term_string"}}],"inLanguage":"pt-PT"},{"@type":"Organization","@id":"https:\/\/proxipel.ch\/pt-pt\/#organization","name":"Proxipel","url":"https:\/\/proxipel.ch\/pt-pt\/","logo":{"@type":"ImageObject","inLanguage":"pt-PT","@id":"https:\/\/proxipel.ch\/pt-pt\/#\/schema\/logo\/image\/","url":"https:\/\/proxipel.ch\/wp-content\/uploads\/2024\/04\/proxipel.svg","contentUrl":"https:\/\/proxipel.ch\/wp-content\/uploads\/2024\/04\/proxipel.svg","width":"1024","height":"1024","caption":"Proxipel"},"image":{"@id":"https:\/\/proxipel.ch\/pt-pt\/#\/schema\/logo\/image\/"}}]}},"_links":{"self":[{"href":"https:\/\/proxipel.ch\/pt-pt\/wp-json\/wp\/v2\/pages\/3189","targetHints":{"allow":["GET"]}}],"collection":[{"href":"https:\/\/proxipel.ch\/pt-pt\/wp-json\/wp\/v2\/pages"}],"about":[{"href":"https:\/\/proxipel.ch\/pt-pt\/wp-json\/wp\/v2\/types\/page"}],"author":[{"embeddable":true,"href":"https:\/\/proxipel.ch\/pt-pt\/wp-json\/wp\/v2\/users\/7"}],"replies":[{"embeddable":true,"href":"https:\/\/proxipel.ch\/pt-pt\/wp-json\/wp\/v2\/comments?post=3189"}],"version-history":[{"count":1,"href":"https:\/\/proxipel.ch\/pt-pt\/wp-json\/wp\/v2\/pages\/3189\/revisions"}],"predecessor-version":[{"id":3191,"href":"https:\/\/proxipel.ch\/pt-pt\/wp-json\/wp\/v2\/pages\/3189\/revisions\/3191"}],"wp:featuredmedia":[{"embeddable":true,"href":"https:\/\/proxipel.ch\/pt-pt\/wp-json\/wp\/v2\/media\/3147"}],"wp:attachment":[{"href":"https:\/\/proxipel.ch\/pt-pt\/wp-json\/wp\/v2\/media?parent=3189"}],"curies":[{"name":"wp","href":"https:\/\/api.w.org\/{rel}","templated":true}]}}