{"id":3149,"date":"2025-06-02T10:52:32","date_gmt":"2025-06-02T08:52:32","guid":{"rendered":"https:\/\/proxipel.ch\/reciclagem-e-valorizacao-dos-residuos-verdes\/"},"modified":"2026-07-14T17:51:22","modified_gmt":"2026-07-14T15:51:22","slug":"reciclagem-e-valorizacao-dos-residuos-verdes","status":"publish","type":"page","link":"https:\/\/proxipel.ch\/pt-pt\/reciclagem-e-valorizacao-dos-residuos-verdes\/","title":{"rendered":"Reciclagem e valoriza\u00e7\u00e3o dos res\u00edduos verdes"},"content":{"rendered":"<p><img decoding=\"async\" class=\"aligncenter wp-image-289 \" src=\"https:\/\/proxipel.ch\/wp-content\/uploads\/2024\/04\/proxipel.svg\" alt=\"\" width=\"675\" height=\"345\"><\/p>\n<p><a href=\"https:\/\/proxipel.ch\/pt-pt\/\">A Proxipel, a tua unidade m\u00f3vel de peletiza\u00e7\u00e3o integral<\/a>, d\u00e1-te informa\u00e7\u00f5es sobre a reciclagem e a valoriza\u00e7\u00e3o dos res\u00edduos verdes. A reciclagem e a <a href=\"https:\/\/proxipel.ch\/pt-pt\/\">valoriza\u00e7\u00e3o dos res\u00edduos verdes<\/a> permitem transformar esses res\u00edduos em recursos \u00fateis, como composto ou pellets de madeira. Descobre as nossas solu\u00e7\u00f5es inovadoras e ecol\u00f3gicas para uma gest\u00e3o sustent\u00e1vel dos teus res\u00edduos verdes.  <\/p>\n<h2>Proxipel, especialista em reciclagem e valoriza\u00e7\u00e3o de res\u00edduos verdes<\/h2>\n<p>A Proxipel desenvolveu uma unidade m\u00f3vel de peletiza\u00e7\u00e3o \u00fanica no seu g\u00e9nero: a Proxiflex. Esta unidade de produ\u00e7\u00e3o, miniaturizada para ser totalmente integrada num semirreboque, garante uma grande efici\u00eancia. <\/p>\n<p>Gra\u00e7as \u00e0 sua mobilidade, a f\u00e1brica fica mais perto da biomassa e do consumidor, reduzindo assim consideravelmente os impactos do transporte e da entrega de pellets. O princ\u00edpio da cadeia de abastecimento curta est\u00e1 no centro desta abordagem. <\/p>\n<p>Equipada com um secador patenteado, a Proxiflex permite produzir pellets em conformidade com a norma ISO 17225. \u00c0 sa\u00edda da unidade, os pellets podem ser imediatamente consumidos e comercializados. O desempenho do secador permite utilizar mat\u00e9rias-primas com at\u00e9 50% de humidade  <\/p>\n<h2>A Proxipel, a refer\u00eancia na valoriza\u00e7\u00e3o de res\u00edduos verdes<\/h2>\n<p>A reciclagem e a valoriza\u00e7\u00e3o dos res\u00edduos verdes s\u00e3o essenciais para uma gest\u00e3o sustent\u00e1vel dos recursos. Transforma os teus res\u00edduos verdes em composto, palha ou pellets de madeira para uma utiliza\u00e7\u00e3o ecol\u00f3gica e econ\u00f3mica. A Proxipel oferece-te solu\u00e7\u00f5es inovadoras para uma valoriza\u00e7\u00e3o ideal dos teus res\u00edduos verdes.  <\/p>\n<h2>Mais informa\u00e7\u00f5es sobre a reciclagem e a valoriza\u00e7\u00e3o dos res\u00edduos verdes:<\/h2>\n<ul>\n<li class=\"p2\"><a href=\"https:\/\/proxipel.ch\/pt-pt\/a-solucao-de-reciclagem-de-residuos-organicos-no-local\/\">Solu\u00e7\u00e3o de reciclagem de res\u00edduos org\u00e2nicos no local<\/a><\/li>\n<li class=\"p2\"><a href=\"https:\/\/proxipel.ch\/pt-pt\/a-solucao-para-a-valorizacao-dos-residuos-verdes-no-local\/\">Solu\u00e7\u00e3o para a valoriza\u00e7\u00e3o dos res\u00edduos verdes no local<\/a><\/li>\n<li class=\"p2\"><a href=\"https:\/\/proxipel.ch\/pt-pt\/a-solucao-para-a-valorizacao-da-biomassa-em-casa\/\">Solu\u00e7\u00e3o para a valoriza\u00e7\u00e3o da biomassa em casa<\/a><\/li>\n<li class=\"p2\"><a href=\"https:\/\/proxipel.ch\/pt-pt\/transformar-residuos-organicos-em-fertilizantes-granulados\/\">Tudo o que precisas de saber sobre a valoriza\u00e7\u00e3o dos res\u00edduos org\u00e2nicos<\/a><\/li>\n<li class=\"p1\"><a href=\"https:\/\/proxipel.ch\/pt-pt\/a-transformacao-dos-residuos-organicos-em-adubo\/\">A transforma\u00e7\u00e3o dos res\u00edduos org\u00e2nicos em adubo<\/a><\/li>\n<li class=\"p1\"><a href=\"https:\/\/proxipel.ch\/pt-pt\/a-reciclagem-dos-residuos-verdes\/\">A reciclagem dos res\u00edduos verdes<\/a><\/li>\n<li class=\"p1\"><a href=\"https:\/\/proxipel.ch\/pt-pt\/a-reciclagem-de-residuos-verdes-no-local\/\">A reciclagem de res\u00edduos verdes no local<\/a><\/li>\n<li class=\"p1\"><a href=\"https:\/\/proxipel.ch\/pt-pt\/a-recolha-de-residuos-verdes\/\">A recolha de res\u00edduos verdes<\/a><\/li>\n<li class=\"p1\"><a href=\"https:\/\/proxipel.ch\/pt-pt\/a-reciclagem-dos-residuos-em-prol-do-ambiente-2\/\">A reciclagem dos res\u00edduos em prol do ambiente<\/a><\/li>\n<li><a href=\"https:\/\/proxipel.ch\/pt-pt\/por-que-e-que-reciclar-os-residuos-contribui-para-o-desenvolvimento-sustentavel\/\">Por que \u00e9 que reciclar os res\u00edduos contribui para o desenvolvimento sustent\u00e1vel?<\/a><\/li>\n<li class=\"p1\"><a href=\"https:\/\/proxipel.ch\/pt-pt\/a-recolha-de-residuos-verdes\/\">A recolha de res\u00edduos verdes<\/a><\/li>\n<li class=\"p1\"><a href=\"https:\/\/proxipel.ch\/pt-pt\/a-reciclagem-dos-residuos-em-prol-do-ambiente-2\/\">A reciclagem dos res\u00edduos em prol do ambiente<\/a><\/li>\n<\/ul>\n<h2>Servi\u00e7os da Proxiflex:<\/h2>\n<ul>\n<li><a href=\"https:\/\/proxipel.ch\/pt-pt\/proxiflex\/\">A nossa solu\u00e7\u00e3o m\u00f3vel de peletiza\u00e7\u00e3o<\/a><\/li>\n<li><a href=\"https:\/\/proxipel.ch\/pt-pt\/tecnologia\/\">A nossa tecnologia inovadora<\/a><\/li>\n<li><a href=\"https:\/\/proxipel.ch\/pt-pt\/aluguer-de-unidades-moveis-de-peletizacao\/\">Aluguer de unidades m\u00f3veis de peletiza\u00e7\u00e3o<\/a><\/li>\n<li><a href=\"https:\/\/proxipel.ch\/pt-pt\/pellets\/\">Venda de pellets<\/a><\/li>\n<\/ul>\n<h2>Contacta-nos<\/h2>\n<ul>\n<li><a href=\"https:\/\/proxipel.ch\/pt-pt\/contacto\/\">Pedir mais informa\u00e7\u00f5es<\/a><\/li>\n<li><a href=\"mailto:Info@proxipel.com\">Info@proxipel.com<\/a><\/li>\n<li>Tel.: <a href=\"tel:+41218013349\">+41 21 801 33 49<\/a><\/li>\n<\/ul>\n","protected":false},"excerpt":{"rendered":"<p>A Proxipel, a tua unidade m\u00f3vel de peletiza\u00e7\u00e3o integral, d\u00e1-te informa\u00e7\u00f5es sobre a reciclagem e a valoriza\u00e7\u00e3o dos res\u00edduos verdes. A reciclagem e a valoriza\u00e7\u00e3o dos res\u00edduos verdes permitem transformar esses res\u00edduos em recursos \u00fateis, como composto ou pellets de madeira. Descobre as nossas solu\u00e7\u00f5es inovadoras e ecol\u00f3gicas para uma gest\u00e3o sustent\u00e1vel dos teus res\u00edduos [&hellip;]<\/p>\n","protected":false},"author":7,"featured_media":3064,"parent":0,"menu_order":0,"comment_status":"closed","ping_status":"closed","template":"","meta":{"_et_pb_use_builder":"","_et_pb_old_content":"","_et_gb_content_width":"","inline_featured_image":false,"footnotes":""},"class_list":["post-3149","page","type-page","status-publish","has-post-thumbnail","hentry"],"yoast_head":"<!-- This site is optimized with the Yoast SEO plugin v28.3 - https:\/\/yoast.com\/product\/yoast-seo-wordpress\/ -->\n<title>Reciclagem e valoriza\u00e7\u00e3o dos res\u00edduos verdes - Proxipel<\/title>\n<meta name=\"description\" content=\"Reciclagem e valoriza\u00e7\u00e3o de res\u00edduos verdes: conhece a Proxipel, a primeira solu\u00e7\u00e3o m\u00f3vel de peletiza\u00e7\u00e3o\" \/>\n<meta name=\"robots\" content=\"index, follow, max-snippet:-1, max-image-preview:large, max-video-preview:-1\" \/>\n<link rel=\"canonical\" href=\"https:\/\/proxipel.ch\/pt-pt\/reciclagem-e-valorizacao-dos-residuos-verdes\/\" \/>\n<meta property=\"og:locale\" content=\"pt_PT\" \/>\n<meta property=\"og:type\" content=\"article\" \/>\n<meta property=\"og:title\" content=\"Reciclagem e valoriza\u00e7\u00e3o dos res\u00edduos verdes - Proxipel\" \/>\n<meta property=\"og:description\" content=\"Reciclagem e valoriza\u00e7\u00e3o de res\u00edduos verdes: conhece a Proxipel, a primeira solu\u00e7\u00e3o m\u00f3vel de peletiza\u00e7\u00e3o\" \/>\n<meta property=\"og:url\" content=\"https:\/\/proxipel.ch\/pt-pt\/reciclagem-e-valorizacao-dos-residuos-verdes\/\" \/>\n<meta property=\"og:site_name\" content=\"Proxipel\" \/>\n<meta property=\"article:modified_time\" content=\"2026-07-14T15:51:22+00:00\" \/>\n<meta property=\"og:image\" content=\"https:\/\/proxipel.ch\/wp-content\/uploads\/2025\/05\/granules-compost.webp\" \/>\n\t<meta property=\"og:image:width\" content=\"2000\" \/>\n\t<meta property=\"og:image:height\" content=\"1600\" \/>\n\t<meta property=\"og:image:type\" content=\"image\/webp\" \/>\n<meta name=\"twitter:card\" content=\"summary_large_image\" \/>\n<meta name=\"twitter:label1\" content=\"Tempo estimado de leitura\" \/>\n\t<meta name=\"twitter:data1\" content=\"2 minutos\" \/>\n<script type=\"application\/ld+json\" class=\"yoast-schema-graph\">{\"@context\":\"https:\\\/\\\/schema.org\",\"@graph\":[{\"@type\":\"WebPage\",\"@id\":\"https:\\\/\\\/proxipel.ch\\\/pt-pt\\\/reciclagem-e-valorizacao-dos-residuos-verdes\\\/\",\"url\":\"https:\\\/\\\/proxipel.ch\\\/pt-pt\\\/reciclagem-e-valorizacao-dos-residuos-verdes\\\/\",\"name\":\"Reciclagem e valoriza\u00e7\u00e3o dos res\u00edduos verdes - Proxipel\",\"isPartOf\":{\"@id\":\"https:\\\/\\\/proxipel.ch\\\/pt-pt\\\/#website\"},\"primaryImageOfPage\":{\"@id\":\"https:\\\/\\\/proxipel.ch\\\/pt-pt\\\/reciclagem-e-valorizacao-dos-residuos-verdes\\\/#primaryimage\"},\"image\":{\"@id\":\"https:\\\/\\\/proxipel.ch\\\/pt-pt\\\/reciclagem-e-valorizacao-dos-residuos-verdes\\\/#primaryimage\"},\"thumbnailUrl\":\"https:\\\/\\\/proxipel.ch\\\/wp-content\\\/uploads\\\/2025\\\/05\\\/granules-compost.webp\",\"datePublished\":\"2025-06-02T08:52:32+00:00\",\"dateModified\":\"2026-07-14T15:51:22+00:00\",\"description\":\"Reciclagem e valoriza\u00e7\u00e3o de res\u00edduos verdes: conhece a Proxipel, a primeira solu\u00e7\u00e3o m\u00f3vel de peletiza\u00e7\u00e3o\",\"breadcrumb\":{\"@id\":\"https:\\\/\\\/proxipel.ch\\\/pt-pt\\\/reciclagem-e-valorizacao-dos-residuos-verdes\\\/#breadcrumb\"},\"inLanguage\":\"pt-PT\",\"potentialAction\":[{\"@type\":\"ReadAction\",\"target\":[\"https:\\\/\\\/proxipel.ch\\\/pt-pt\\\/reciclagem-e-valorizacao-dos-residuos-verdes\\\/\"]}]},{\"@type\":\"ImageObject\",\"inLanguage\":\"pt-PT\",\"@id\":\"https:\\\/\\\/proxipel.ch\\\/pt-pt\\\/reciclagem-e-valorizacao-dos-residuos-verdes\\\/#primaryimage\",\"url\":\"https:\\\/\\\/proxipel.ch\\\/wp-content\\\/uploads\\\/2025\\\/05\\\/granules-compost.webp\",\"contentUrl\":\"https:\\\/\\\/proxipel.ch\\\/wp-content\\\/uploads\\\/2025\\\/05\\\/granules-compost.webp\",\"width\":2000,\"height\":1600,\"caption\":\"Granul\u00e9s de d\u00e9chets verts\"},{\"@type\":\"BreadcrumbList\",\"@id\":\"https:\\\/\\\/proxipel.ch\\\/pt-pt\\\/reciclagem-e-valorizacao-dos-residuos-verdes\\\/#breadcrumb\",\"itemListElement\":[{\"@type\":\"ListItem\",\"position\":1,\"name\":\"P\u00e1gina inicial\",\"item\":\"https:\\\/\\\/proxipel.ch\\\/pt-pt\\\/\"},{\"@type\":\"ListItem\",\"position\":2,\"name\":\"Reciclagem e valoriza\u00e7\u00e3o dos res\u00edduos verdes\"}]},{\"@type\":\"WebSite\",\"@id\":\"https:\\\/\\\/proxipel.ch\\\/pt-pt\\\/#website\",\"url\":\"https:\\\/\\\/proxipel.ch\\\/pt-pt\\\/\",\"name\":\"Proxipel\",\"description\":\"La premi\u00e8re unit\u00e9 mobile de pelletisation int\u00e9grale\",\"publisher\":{\"@id\":\"https:\\\/\\\/proxipel.ch\\\/pt-pt\\\/#organization\"},\"potentialAction\":[{\"@type\":\"SearchAction\",\"target\":{\"@type\":\"EntryPoint\",\"urlTemplate\":\"https:\\\/\\\/proxipel.ch\\\/pt-pt\\\/?s={search_term_string}\"},\"query-input\":{\"@type\":\"PropertyValueSpecification\",\"valueRequired\":true,\"valueName\":\"search_term_string\"}}],\"inLanguage\":\"pt-PT\"},{\"@type\":\"Organization\",\"@id\":\"https:\\\/\\\/proxipel.ch\\\/pt-pt\\\/#organization\",\"name\":\"Proxipel\",\"url\":\"https:\\\/\\\/proxipel.ch\\\/pt-pt\\\/\",\"logo\":{\"@type\":\"ImageObject\",\"inLanguage\":\"pt-PT\",\"@id\":\"https:\\\/\\\/proxipel.ch\\\/pt-pt\\\/#\\\/schema\\\/logo\\\/image\\\/\",\"url\":\"https:\\\/\\\/proxipel.ch\\\/wp-content\\\/uploads\\\/2024\\\/04\\\/proxipel.svg\",\"contentUrl\":\"https:\\\/\\\/proxipel.ch\\\/wp-content\\\/uploads\\\/2024\\\/04\\\/proxipel.svg\",\"width\":\"1024\",\"height\":\"1024\",\"caption\":\"Proxipel\"},\"image\":{\"@id\":\"https:\\\/\\\/proxipel.ch\\\/pt-pt\\\/#\\\/schema\\\/logo\\\/image\\\/\"}}]}<\/script>\n<!-- \/ Yoast SEO plugin. -->","yoast_head_json":{"title":"Reciclagem e valoriza\u00e7\u00e3o dos res\u00edduos verdes - Proxipel","description":"Reciclagem e valoriza\u00e7\u00e3o de res\u00edduos verdes: conhece a Proxipel, a primeira solu\u00e7\u00e3o m\u00f3vel de peletiza\u00e7\u00e3o","robots":{"index":"index","follow":"follow","max-snippet":"max-snippet:-1","max-image-preview":"max-image-preview:large","max-video-preview":"max-video-preview:-1"},"canonical":"https:\/\/proxipel.ch\/pt-pt\/reciclagem-e-valorizacao-dos-residuos-verdes\/","og_locale":"pt_PT","og_type":"article","og_title":"Reciclagem e valoriza\u00e7\u00e3o dos res\u00edduos verdes - Proxipel","og_description":"Reciclagem e valoriza\u00e7\u00e3o de res\u00edduos verdes: conhece a Proxipel, a primeira solu\u00e7\u00e3o m\u00f3vel de peletiza\u00e7\u00e3o","og_url":"https:\/\/proxipel.ch\/pt-pt\/reciclagem-e-valorizacao-dos-residuos-verdes\/","og_site_name":"Proxipel","article_modified_time":"2026-07-14T15:51:22+00:00","og_image":[{"width":2000,"height":1600,"url":"https:\/\/proxipel.ch\/wp-content\/uploads\/2025\/05\/granules-compost.webp","type":"image\/webp"}],"twitter_card":"summary_large_image","twitter_misc":{"Tempo estimado de leitura":"2 minutos"},"schema":{"@context":"https:\/\/schema.org","@graph":[{"@type":"WebPage","@id":"https:\/\/proxipel.ch\/pt-pt\/reciclagem-e-valorizacao-dos-residuos-verdes\/","url":"https:\/\/proxipel.ch\/pt-pt\/reciclagem-e-valorizacao-dos-residuos-verdes\/","name":"Reciclagem e valoriza\u00e7\u00e3o dos res\u00edduos verdes - Proxipel","isPartOf":{"@id":"https:\/\/proxipel.ch\/pt-pt\/#website"},"primaryImageOfPage":{"@id":"https:\/\/proxipel.ch\/pt-pt\/reciclagem-e-valorizacao-dos-residuos-verdes\/#primaryimage"},"image":{"@id":"https:\/\/proxipel.ch\/pt-pt\/reciclagem-e-valorizacao-dos-residuos-verdes\/#primaryimage"},"thumbnailUrl":"https:\/\/proxipel.ch\/wp-content\/uploads\/2025\/05\/granules-compost.webp","datePublished":"2025-06-02T08:52:32+00:00","dateModified":"2026-07-14T15:51:22+00:00","description":"Reciclagem e valoriza\u00e7\u00e3o de res\u00edduos verdes: conhece a Proxipel, a primeira solu\u00e7\u00e3o m\u00f3vel de peletiza\u00e7\u00e3o","breadcrumb":{"@id":"https:\/\/proxipel.ch\/pt-pt\/reciclagem-e-valorizacao-dos-residuos-verdes\/#breadcrumb"},"inLanguage":"pt-PT","potentialAction":[{"@type":"ReadAction","target":["https:\/\/proxipel.ch\/pt-pt\/reciclagem-e-valorizacao-dos-residuos-verdes\/"]}]},{"@type":"ImageObject","inLanguage":"pt-PT","@id":"https:\/\/proxipel.ch\/pt-pt\/reciclagem-e-valorizacao-dos-residuos-verdes\/#primaryimage","url":"https:\/\/proxipel.ch\/wp-content\/uploads\/2025\/05\/granules-compost.webp","contentUrl":"https:\/\/proxipel.ch\/wp-content\/uploads\/2025\/05\/granules-compost.webp","width":2000,"height":1600,"caption":"Granul\u00e9s de d\u00e9chets verts"},{"@type":"BreadcrumbList","@id":"https:\/\/proxipel.ch\/pt-pt\/reciclagem-e-valorizacao-dos-residuos-verdes\/#breadcrumb","itemListElement":[{"@type":"ListItem","position":1,"name":"P\u00e1gina inicial","item":"https:\/\/proxipel.ch\/pt-pt\/"},{"@type":"ListItem","position":2,"name":"Reciclagem e valoriza\u00e7\u00e3o dos res\u00edduos verdes"}]},{"@type":"WebSite","@id":"https:\/\/proxipel.ch\/pt-pt\/#website","url":"https:\/\/proxipel.ch\/pt-pt\/","name":"Proxipel","description":"La premi\u00e8re unit\u00e9 mobile de pelletisation int\u00e9grale","publisher":{"@id":"https:\/\/proxipel.ch\/pt-pt\/#organization"},"potentialAction":[{"@type":"SearchAction","target":{"@type":"EntryPoint","urlTemplate":"https:\/\/proxipel.ch\/pt-pt\/?s={search_term_string}"},"query-input":{"@type":"PropertyValueSpecification","valueRequired":true,"valueName":"search_term_string"}}],"inLanguage":"pt-PT"},{"@type":"Organization","@id":"https:\/\/proxipel.ch\/pt-pt\/#organization","name":"Proxipel","url":"https:\/\/proxipel.ch\/pt-pt\/","logo":{"@type":"ImageObject","inLanguage":"pt-PT","@id":"https:\/\/proxipel.ch\/pt-pt\/#\/schema\/logo\/image\/","url":"https:\/\/proxipel.ch\/wp-content\/uploads\/2024\/04\/proxipel.svg","contentUrl":"https:\/\/proxipel.ch\/wp-content\/uploads\/2024\/04\/proxipel.svg","width":"1024","height":"1024","caption":"Proxipel"},"image":{"@id":"https:\/\/proxipel.ch\/pt-pt\/#\/schema\/logo\/image\/"}}]}},"_links":{"self":[{"href":"https:\/\/proxipel.ch\/pt-pt\/wp-json\/wp\/v2\/pages\/3149","targetHints":{"allow":["GET"]}}],"collection":[{"href":"https:\/\/proxipel.ch\/pt-pt\/wp-json\/wp\/v2\/pages"}],"about":[{"href":"https:\/\/proxipel.ch\/pt-pt\/wp-json\/wp\/v2\/types\/page"}],"author":[{"embeddable":true,"href":"https:\/\/proxipel.ch\/pt-pt\/wp-json\/wp\/v2\/users\/7"}],"replies":[{"embeddable":true,"href":"https:\/\/proxipel.ch\/pt-pt\/wp-json\/wp\/v2\/comments?post=3149"}],"version-history":[{"count":1,"href":"https:\/\/proxipel.ch\/pt-pt\/wp-json\/wp\/v2\/pages\/3149\/revisions"}],"predecessor-version":[{"id":3151,"href":"https:\/\/proxipel.ch\/pt-pt\/wp-json\/wp\/v2\/pages\/3149\/revisions\/3151"}],"wp:featuredmedia":[{"embeddable":true,"href":"https:\/\/proxipel.ch\/pt-pt\/wp-json\/wp\/v2\/media\/3064"}],"wp:attachment":[{"href":"https:\/\/proxipel.ch\/pt-pt\/wp-json\/wp\/v2\/media?parent=3149"}],"curies":[{"name":"wp","href":"https:\/\/api.w.org\/{rel}","templated":true}]}}