{"id":3122,"date":"2025-06-02T14:32:07","date_gmt":"2025-06-02T12:32:07","guid":{"rendered":"https:\/\/proxipel.ch\/uma-unidade-movel-de-peletizacao-para-todos-os-profissionais-proxiflex-da-proxipel\/"},"modified":"2026-07-14T18:01:27","modified_gmt":"2026-07-14T16:01:27","slug":"uma-unidade-movel-de-peletizacao-para-todos-os-profissionais-proxiflex-da-proxipel","status":"publish","type":"page","link":"https:\/\/proxipel.ch\/pt-pt\/uma-unidade-movel-de-peletizacao-para-todos-os-profissionais-proxiflex-da-proxipel\/","title":{"rendered":"Uma unidade m\u00f3vel de peletiza\u00e7\u00e3o para todos os profissionais: Proxiflex da Proxipel"},"content":{"rendered":"<h3><img decoding=\"async\" class=\"aligncenter wp-image-817 size-large\" src=\"https:\/\/proxipel.ch\/wp-content\/uploads\/2024\/10\/proxipel-camion-pellet-1024x383.jpg\" alt=\"proxipel-cami\u00e3o-pellete\" width=\"1024\" height=\"383\" srcset=\"https:\/\/proxipel.ch\/wp-content\/uploads\/2024\/10\/proxipel-camion-pellet-1024x383.jpg 1024w, https:\/\/proxipel.ch\/wp-content\/uploads\/2024\/10\/proxipel-camion-pellet-980x367.jpg 980w, https:\/\/proxipel.ch\/wp-content\/uploads\/2024\/10\/proxipel-camion-pellet-480x180.jpg 480w\" sizes=\"(min-width: 0px) and (max-width: 480px) 480px, (min-width: 481px) and (max-width: 980px) 980px, (min-width: 981px) 1024px, 100vw\" \/><\/h3>\n<p dir=\"auto\"> <a href=\"https:\/\/proxipel.ch\/pt-pt\/\">A Proxipel apresenta-te as aplica\u00e7\u00f5es da sua unidade m\u00f3vel de peletiza\u00e7\u00e3o integral<\/a>. No setor da valoriza\u00e7\u00e3o de res\u00edduos verdes e da produ\u00e7\u00e3o de pellets de madeira, a inova\u00e7\u00e3o tecnol\u00f3gica desempenha um papel fundamental para responder \u00e0s necessidades dos profissionais. A Proxipel, uma empresa pioneira nesta \u00e1rea, desenvolveu uma solu\u00e7\u00e3o revolucion\u00e1ria com a sua unidade m\u00f3vel de peletiza\u00e7\u00e3o, a Proxiflex. Esta tecnologia oferece uma flexibilidade e uma efici\u00eancia inigual\u00e1veis, permitindo que profissionais de v\u00e1rios setores transformem res\u00edduos verdes em pellets de madeira de alta qualidade diretamente no local. Neste artigo, vamos explorar as caracter\u00edsticas, as vantagens e as aplica\u00e7\u00f5es do Proxiflex, a unidade m\u00f3vel de peletiza\u00e7\u00e3o concebida para todos os profissionais.    <\/p>\n<h2>O que \u00e9 o Proxiflex?<\/h2>\n<p dir=\"auto\">A Proxiflex \u00e9 uma unidade m\u00f3vel de peletiza\u00e7\u00e3o \u00fanica no mundo, desenvolvida pela Proxipel. Esta inova\u00e7\u00e3o permite transformar res\u00edduos verdes em peletes de madeira de alta qualidade, em conformidade com a norma ISO 17225. A unidade m\u00f3vel foi concebida para ser totalmente integrada num semirreboque, oferecendo assim grande mobilidade e efici\u00eancia ideal. Gra\u00e7as ao seu design compacto e m\u00f3vel, a Proxiflex pode ser facilmente transportada e utilizada em diferentes locais, aproximando assim a f\u00e1brica de produ\u00e7\u00e3o das mat\u00e9rias-primas e dos consumidores.   <\/p>\n<h2>As caracter\u00edsticas do Proxiflex<\/h2>\n<ol>\n<li dir=\"auto\"><strong>Mobilidade e flexibilidade<\/strong>: O Proxiflex foi concebido para ser facilmente transport\u00e1vel, permitindo que os profissionais o utilizem em diferentes locais, consoante as suas necessidades. Esta mobilidade reduz os custos de transporte e minimiza a pegada de carbono. <\/li>\n<li dir=\"auto\"><strong>Secador patenteado<\/strong>: A unidade est\u00e1 equipada com um secador patenteado que permite produzir pellets a partir de mat\u00e9rias-primas com at\u00e9 50% de humidade. Este secador garante uma qualidade \u00f3tima dos pellets, em conformidade com a norma ISO 17225. <\/li>\n<li dir=\"auto\"><strong>Caixa de carga<\/strong>: A Proxiflex est\u00e1 equipada com uma caixa de carga capaz de receber materiais como serradura ou aparas, com uma granulometria at\u00e9 50 mm. Esta caracter\u00edstica permite uma grande flexibilidade no tratamento de res\u00edduos verdes. <\/li>\n<li dir=\"auto\"><strong>Ampla gama de granulometria<\/strong>: A Proxipel tamb\u00e9m desenvolve outros modelos que permitem processar materiais com at\u00e9 40 cm de di\u00e2metro, alargando assim as possibilidades de valoriza\u00e7\u00e3o dos res\u00edduos verdes.<\/li>\n<\/ol>\n<h2>As vantagens do Proxiflex<\/h2>\n<ol>\n<li dir=\"auto\"><strong>Redu\u00e7\u00e3o dos custos de transporte<\/strong>: Ao aproximar a f\u00e1brica de produ\u00e7\u00e3o das mat\u00e9rias-primas, a Proxiflex permite reduzir consideravelmente os custos de transporte. Isto \u00e9 particularmente vantajoso para mat\u00e9rias-primas volumosas e pesadas, como res\u00edduos verdes e res\u00edduos de madeira. <\/li>\n<li dir=\"auto\"><strong>Minimiza\u00e7\u00e3o da pegada de carbono<\/strong>: A redu\u00e7\u00e3o das dist\u00e2ncias de transporte contribui para a minimiza\u00e7\u00e3o da pegada de carbono. Ao limitar as emiss\u00f5es de gases com efeito de estufa associadas ao transporte, a Proxiflex contribui para a prote\u00e7\u00e3o do ambiente. <\/li>\n<li dir=\"auto\"><strong>Otimiza\u00e7\u00e3o da efici\u00eancia energ\u00e9tica<\/strong>: A Proxiflex permite produzir pellets de madeira diretamente no local de produ\u00e7\u00e3o, o que otimiza a efici\u00eancia energ\u00e9tica. Os pellets podem ser consumidos e comercializados logo ap\u00f3s a produ\u00e7\u00e3o, reduzindo assim as perdas de energia associadas ao armazenamento e ao transporte. <\/li>\n<li dir=\"auto\"><strong>Flexibilidade e adaptabilidade<\/strong>: As unidades m\u00f3veis de produ\u00e7\u00e3o, como a Proxiflex, s\u00e3o concebidas para serem facilmente transport\u00e1veis e adapt\u00e1veis a diferentes tipos de mat\u00e9rias-primas. Esta flexibilidade permite responder \u00e0s necessidades espec\u00edficas de diferentes setores, como a agricultura, a silvicultura e as autarquias locais. <\/li>\n<\/ol>\n<h2>As aplica\u00e7\u00f5es da Proxiflex<\/h2>\n<p dir=\"auto\">A Proxiflex oferece uma solu\u00e7\u00e3o flex\u00edvel e adapt\u00e1vel para a valoriza\u00e7\u00e3o de res\u00edduos verdes e a produ\u00e7\u00e3o de pellets de madeira. Aqui est\u00e3o alguns exemplos de aplica\u00e7\u00f5es para diferentes setores profissionais: <\/p>\n<ol>\n<li dir=\"auto\"><strong>Agricultura<\/strong>: As unidades m\u00f3veis de produ\u00e7\u00e3o podem ser usadas para transformar res\u00edduos agr\u00edcolas em pellets de madeira, oferecendo assim uma solu\u00e7\u00e3o de aquecimento ecol\u00f3gica e econ\u00f3mica <a href=\"https:\/\/proxipel.ch\/pt-pt\/unidade-movel-de-peletizacao-para-o-setor-agricola\/\">para as explora\u00e7\u00f5es agr\u00edcolas<\/a>. Os <a href=\"https:\/\/proxipel.ch\/pt-pt\/pellets-de-miscanthus-uma-alternativa-sustentavel-a-lenha-para-energia\/\"><span style=\"color: #99cc00;\">pellets de miscanthus<\/span><\/a> ou de palha podem ser usados para aquecer estufas, edif\u00edcios de cria\u00e7\u00e3o de animais e casas. <\/li>\n<li dir=\"auto\"><strong>Silvicultura<\/strong>: As unidades m\u00f3veis de produ\u00e7\u00e3o podem ser usadas para valorizar os res\u00edduos de madeira resultantes da explora\u00e7\u00e3o florestal, contribuindo assim para a gest\u00e3o sustent\u00e1vel das florestas. Os pellets podem ser usados para aquecer os edif\u00edcios florestais e as habita\u00e7\u00f5es dos <a href=\"https:\/\/proxipel.ch\/pt-pt\/unidade-movel-de-peletizacao-para-o-setor-florestal-da-madeira\/\">trabalhadores florestais<\/a>. <\/li>\n<li dir=\"auto\"><strong>Serra\u00e7\u00f5es<\/strong> e empresas de primeira transforma\u00e7\u00e3o da madeira: As unidades m\u00f3veis podem ser utilizadas para<a href=\"https:\/\/proxipel.ch\/pt-pt\/serracao-transforma-os-teus-residuos-de-serracao-em-pellets-no-proprio-local\/\"><span style=\"color: #99cc00;\"> transformar os res\u00edduos das serra\u00e7\u00f5es<\/span><\/a> em pellets de elevado valor acrescentado.<\/li>\n<li dir=\"auto\"><strong>Autarquias<\/strong>: As unidades m\u00f3veis de produ\u00e7\u00e3o podem ser usadas para transformar os res\u00edduos verdes resultantes da manuten\u00e7\u00e3o de parques e jardins em pellets de madeira, oferecendo assim uma solu\u00e7\u00e3o de aquecimento ecol\u00f3gica para edif\u00edcios p\u00fablicos. Os pellets podem ser usados para aquecer escolas, hospitais, escrit\u00f3rios administrativos e habita\u00e7\u00f5es sociais. <\/li>\n<li dir=\"auto\"><strong>Empresas de reciclagem<\/strong>: As unidades m\u00f3veis de produ\u00e7\u00e3o podem ser usadas para <a href=\"https:\/\/proxipel.ch\/pt-pt\/unidade-movel-de-peletizacao-para-a-reciclagem-e-o-tratamento-de-residuos\/\">transformar os res\u00edduos verdes resultantes das atividades de reciclagem<\/a> em pellets de madeira, oferecendo assim uma solu\u00e7\u00e3o ecol\u00f3gica de aquecimento para edif\u00edcios industriais. Os pellets podem ser usados para aquecer f\u00e1bricas, armaz\u00e9ns e escrit\u00f3rios. <\/li>\n<li dir=\"auto\"><strong>Centros equestres e haras<\/strong>: As unidades m\u00f3veis de produ\u00e7\u00e3o podem ser usadas para transformar os res\u00edduos verdes resultantes das atividades equestres em pellets de madeira, oferecendo assim uma solu\u00e7\u00e3o ecol\u00f3gica de aquecimento para os edif\u00edcios equestres. Os pellets podem ser usados para aquecer os est\u00e1bulos, os picadeiros e as habita\u00e7\u00f5es dos funcion\u00e1rios. <\/li>\n<\/ol>\n<h2>Conclus\u00e3o<\/h2>\n<p dir=\"auto\">A Proxiflex, a unidade m\u00f3vel de peletiza\u00e7\u00e3o desenvolvida pela Proxipel, representa um grande avan\u00e7o no dom\u00ednio da valoriza\u00e7\u00e3o dos res\u00edduos verdes e da produ\u00e7\u00e3o de pellets de madeira. Gra\u00e7as \u00e0 sua mobilidade, flexibilidade e efici\u00eancia, o Proxiflex oferece uma solu\u00e7\u00e3o inovadora, ecol\u00f3gica e econ\u00f3mica para profissionais de v\u00e1rios setores. Ao reduzir os custos de transporte, minimizar a pegada de carbono e otimizar a efici\u00eancia energ\u00e9tica, o Proxiflex contribui para a prote\u00e7\u00e3o do ambiente e para a promo\u00e7\u00e3o de uma economia circular. Ao adotarem esta tecnologia, todos os profissionais podem contribuir para a transi\u00e7\u00e3o para uma economia mais sustent\u00e1vel e respeitadora do ambiente.   <\/p>\n<h2>Servi\u00e7os da Proxiflex:<\/h2>\n<ul>\n<li><a href=\"https:\/\/proxipel.ch\/pt-pt\/proxiflex\/\">A nossa solu\u00e7\u00e3o m\u00f3vel de peletiza\u00e7\u00e3o<\/a><\/li>\n<li><a href=\"https:\/\/proxipel.ch\/pt-pt\/tecnologia\/\">A nossa tecnologia inovadora<\/a><\/li>\n<li><a href=\"https:\/\/proxipel.ch\/pt-pt\/aluguer-de-unidades-moveis-de-peletizacao\/\">Aluguer de unidades m\u00f3veis de peletiza\u00e7\u00e3o<\/a><\/li>\n<li><a href=\"https:\/\/proxipel.ch\/pt-pt\/pellets\/\">Venda de pellets<\/a><\/li>\n<\/ul>\n<h2>Contacta-nos<\/h2>\n<ul>\n<li><a href=\"https:\/\/proxipel.ch\/pt-pt\/contacto\/\">Unidade m\u00f3vel de granula\u00e7\u00e3o<\/a><\/li>\n<li><a href=\"mailto:Info@proxipel.com\">Info@proxipel.com<\/a><\/li>\n<li>Tel.: <a href=\"tel:+41218013349\">+41 21 801 33 49<\/a><\/li>\n<\/ul>\n","protected":false},"excerpt":{"rendered":"<p>A Proxipel apresenta-te as aplica\u00e7\u00f5es da sua unidade m\u00f3vel de peletiza\u00e7\u00e3o integral. No setor da valoriza\u00e7\u00e3o de res\u00edduos verdes e da produ\u00e7\u00e3o de pellets de madeira, a inova\u00e7\u00e3o tecnol\u00f3gica desempenha um papel fundamental para responder \u00e0s necessidades dos profissionais. A Proxipel, uma empresa pioneira nesta \u00e1rea, desenvolveu uma solu\u00e7\u00e3o revolucion\u00e1ria com a sua unidade m\u00f3vel [&hellip;]<\/p>\n","protected":false},"author":7,"featured_media":2999,"parent":0,"menu_order":0,"comment_status":"closed","ping_status":"closed","template":"","meta":{"_et_pb_use_builder":"","_et_pb_old_content":"","_et_gb_content_width":"","inline_featured_image":false,"footnotes":""},"class_list":["post-3122","page","type-page","status-publish","has-post-thumbnail","hentry"],"yoast_head":"<!-- This site is optimized with the Yoast SEO plugin v28.3 - https:\/\/yoast.com\/product\/yoast-seo-wordpress\/ -->\n<title>Uma Unidade M\u00f3vel de Peletiza\u00e7\u00e3o para Todos os Profissionais<\/title>\n<meta name=\"description\" content=\"Descobre a Proxiflex, a unidade m\u00f3vel de peletiza\u00e7\u00e3o da Proxipel, para transformar res\u00edduos verdes em pellets de madeira.\" \/>\n<meta name=\"robots\" content=\"index, follow, max-snippet:-1, max-image-preview:large, max-video-preview:-1\" \/>\n<link rel=\"canonical\" href=\"https:\/\/proxipel.ch\/pt-pt\/uma-unidade-movel-de-peletizacao-para-todos-os-profissionais-proxiflex-da-proxipel\/\" \/>\n<meta property=\"og:locale\" content=\"pt_PT\" \/>\n<meta property=\"og:type\" content=\"article\" \/>\n<meta property=\"og:title\" content=\"Uma Unidade M\u00f3vel de Peletiza\u00e7\u00e3o para Todos os Profissionais\" \/>\n<meta property=\"og:description\" content=\"Descobre a Proxiflex, a unidade m\u00f3vel de peletiza\u00e7\u00e3o da Proxipel, para transformar res\u00edduos verdes em pellets de madeira.\" \/>\n<meta property=\"og:url\" content=\"https:\/\/proxipel.ch\/pt-pt\/uma-unidade-movel-de-peletizacao-para-todos-os-profissionais-proxiflex-da-proxipel\/\" \/>\n<meta property=\"og:site_name\" content=\"Proxipel\" \/>\n<meta property=\"article:modified_time\" content=\"2026-07-14T16:01:27+00:00\" \/>\n<meta property=\"og:image\" content=\"https:\/\/proxipel.ch\/wp-content\/uploads\/2024\/10\/proxipel-camion-pellet.jpg\" \/>\n\t<meta property=\"og:image:width\" content=\"1200\" \/>\n\t<meta property=\"og:image:height\" content=\"449\" \/>\n\t<meta property=\"og:image:type\" content=\"image\/jpeg\" \/>\n<meta name=\"twitter:card\" content=\"summary_large_image\" \/>\n<meta name=\"twitter:label1\" content=\"Tempo estimado de leitura\" \/>\n\t<meta name=\"twitter:data1\" content=\"5 minutos\" \/>\n<script type=\"application\/ld+json\" class=\"yoast-schema-graph\">{\"@context\":\"https:\\\/\\\/schema.org\",\"@graph\":[{\"@type\":\"WebPage\",\"@id\":\"https:\\\/\\\/proxipel.ch\\\/pt-pt\\\/uma-unidade-movel-de-peletizacao-para-todos-os-profissionais-proxiflex-da-proxipel\\\/\",\"url\":\"https:\\\/\\\/proxipel.ch\\\/pt-pt\\\/uma-unidade-movel-de-peletizacao-para-todos-os-profissionais-proxiflex-da-proxipel\\\/\",\"name\":\"Uma Unidade M\u00f3vel de Peletiza\u00e7\u00e3o para Todos os Profissionais\",\"isPartOf\":{\"@id\":\"https:\\\/\\\/proxipel.ch\\\/pt-pt\\\/#website\"},\"primaryImageOfPage\":{\"@id\":\"https:\\\/\\\/proxipel.ch\\\/pt-pt\\\/uma-unidade-movel-de-peletizacao-para-todos-os-profissionais-proxiflex-da-proxipel\\\/#primaryimage\"},\"image\":{\"@id\":\"https:\\\/\\\/proxipel.ch\\\/pt-pt\\\/uma-unidade-movel-de-peletizacao-para-todos-os-profissionais-proxiflex-da-proxipel\\\/#primaryimage\"},\"thumbnailUrl\":\"https:\\\/\\\/proxipel.ch\\\/wp-content\\\/uploads\\\/2024\\\/10\\\/proxipel-camion-pellet.jpg\",\"datePublished\":\"2025-06-02T12:32:07+00:00\",\"dateModified\":\"2026-07-14T16:01:27+00:00\",\"description\":\"Descobre a Proxiflex, a unidade m\u00f3vel de peletiza\u00e7\u00e3o da Proxipel, para transformar res\u00edduos verdes em pellets de madeira.\",\"breadcrumb\":{\"@id\":\"https:\\\/\\\/proxipel.ch\\\/pt-pt\\\/uma-unidade-movel-de-peletizacao-para-todos-os-profissionais-proxiflex-da-proxipel\\\/#breadcrumb\"},\"inLanguage\":\"pt-PT\",\"potentialAction\":[{\"@type\":\"ReadAction\",\"target\":[\"https:\\\/\\\/proxipel.ch\\\/pt-pt\\\/uma-unidade-movel-de-peletizacao-para-todos-os-profissionais-proxiflex-da-proxipel\\\/\"]}]},{\"@type\":\"ImageObject\",\"inLanguage\":\"pt-PT\",\"@id\":\"https:\\\/\\\/proxipel.ch\\\/pt-pt\\\/uma-unidade-movel-de-peletizacao-para-todos-os-profissionais-proxiflex-da-proxipel\\\/#primaryimage\",\"url\":\"https:\\\/\\\/proxipel.ch\\\/wp-content\\\/uploads\\\/2024\\\/10\\\/proxipel-camion-pellet.jpg\",\"contentUrl\":\"https:\\\/\\\/proxipel.ch\\\/wp-content\\\/uploads\\\/2024\\\/10\\\/proxipel-camion-pellet.jpg\",\"width\":1200,\"height\":449,\"caption\":\"proxipel-camion-pellet\"},{\"@type\":\"BreadcrumbList\",\"@id\":\"https:\\\/\\\/proxipel.ch\\\/pt-pt\\\/uma-unidade-movel-de-peletizacao-para-todos-os-profissionais-proxiflex-da-proxipel\\\/#breadcrumb\",\"itemListElement\":[{\"@type\":\"ListItem\",\"position\":1,\"name\":\"P\u00e1gina inicial\",\"item\":\"https:\\\/\\\/proxipel.ch\\\/pt-pt\\\/\"},{\"@type\":\"ListItem\",\"position\":2,\"name\":\"Uma unidade m\u00f3vel de peletiza\u00e7\u00e3o para todos os profissionais: Proxiflex da Proxipel\"}]},{\"@type\":\"WebSite\",\"@id\":\"https:\\\/\\\/proxipel.ch\\\/pt-pt\\\/#website\",\"url\":\"https:\\\/\\\/proxipel.ch\\\/pt-pt\\\/\",\"name\":\"Proxipel\",\"description\":\"La premi\u00e8re unit\u00e9 mobile de pelletisation int\u00e9grale\",\"publisher\":{\"@id\":\"https:\\\/\\\/proxipel.ch\\\/pt-pt\\\/#organization\"},\"potentialAction\":[{\"@type\":\"SearchAction\",\"target\":{\"@type\":\"EntryPoint\",\"urlTemplate\":\"https:\\\/\\\/proxipel.ch\\\/pt-pt\\\/?s={search_term_string}\"},\"query-input\":{\"@type\":\"PropertyValueSpecification\",\"valueRequired\":true,\"valueName\":\"search_term_string\"}}],\"inLanguage\":\"pt-PT\"},{\"@type\":\"Organization\",\"@id\":\"https:\\\/\\\/proxipel.ch\\\/pt-pt\\\/#organization\",\"name\":\"Proxipel\",\"url\":\"https:\\\/\\\/proxipel.ch\\\/pt-pt\\\/\",\"logo\":{\"@type\":\"ImageObject\",\"inLanguage\":\"pt-PT\",\"@id\":\"https:\\\/\\\/proxipel.ch\\\/pt-pt\\\/#\\\/schema\\\/logo\\\/image\\\/\",\"url\":\"https:\\\/\\\/proxipel.ch\\\/wp-content\\\/uploads\\\/2024\\\/04\\\/proxipel.svg\",\"contentUrl\":\"https:\\\/\\\/proxipel.ch\\\/wp-content\\\/uploads\\\/2024\\\/04\\\/proxipel.svg\",\"width\":\"1024\",\"height\":\"1024\",\"caption\":\"Proxipel\"},\"image\":{\"@id\":\"https:\\\/\\\/proxipel.ch\\\/pt-pt\\\/#\\\/schema\\\/logo\\\/image\\\/\"}}]}<\/script>\n<!-- \/ Yoast SEO plugin. -->","yoast_head_json":{"title":"Uma Unidade M\u00f3vel de Peletiza\u00e7\u00e3o para Todos os Profissionais","description":"Descobre a Proxiflex, a unidade m\u00f3vel de peletiza\u00e7\u00e3o da Proxipel, para transformar res\u00edduos verdes em pellets de madeira.","robots":{"index":"index","follow":"follow","max-snippet":"max-snippet:-1","max-image-preview":"max-image-preview:large","max-video-preview":"max-video-preview:-1"},"canonical":"https:\/\/proxipel.ch\/pt-pt\/uma-unidade-movel-de-peletizacao-para-todos-os-profissionais-proxiflex-da-proxipel\/","og_locale":"pt_PT","og_type":"article","og_title":"Uma Unidade M\u00f3vel de Peletiza\u00e7\u00e3o para Todos os Profissionais","og_description":"Descobre a Proxiflex, a unidade m\u00f3vel de peletiza\u00e7\u00e3o da Proxipel, para transformar res\u00edduos verdes em pellets de madeira.","og_url":"https:\/\/proxipel.ch\/pt-pt\/uma-unidade-movel-de-peletizacao-para-todos-os-profissionais-proxiflex-da-proxipel\/","og_site_name":"Proxipel","article_modified_time":"2026-07-14T16:01:27+00:00","og_image":[{"width":1200,"height":449,"url":"https:\/\/proxipel.ch\/wp-content\/uploads\/2024\/10\/proxipel-camion-pellet.jpg","type":"image\/jpeg"}],"twitter_card":"summary_large_image","twitter_misc":{"Tempo estimado de leitura":"5 minutos"},"schema":{"@context":"https:\/\/schema.org","@graph":[{"@type":"WebPage","@id":"https:\/\/proxipel.ch\/pt-pt\/uma-unidade-movel-de-peletizacao-para-todos-os-profissionais-proxiflex-da-proxipel\/","url":"https:\/\/proxipel.ch\/pt-pt\/uma-unidade-movel-de-peletizacao-para-todos-os-profissionais-proxiflex-da-proxipel\/","name":"Uma Unidade M\u00f3vel de Peletiza\u00e7\u00e3o para Todos os Profissionais","isPartOf":{"@id":"https:\/\/proxipel.ch\/pt-pt\/#website"},"primaryImageOfPage":{"@id":"https:\/\/proxipel.ch\/pt-pt\/uma-unidade-movel-de-peletizacao-para-todos-os-profissionais-proxiflex-da-proxipel\/#primaryimage"},"image":{"@id":"https:\/\/proxipel.ch\/pt-pt\/uma-unidade-movel-de-peletizacao-para-todos-os-profissionais-proxiflex-da-proxipel\/#primaryimage"},"thumbnailUrl":"https:\/\/proxipel.ch\/wp-content\/uploads\/2024\/10\/proxipel-camion-pellet.jpg","datePublished":"2025-06-02T12:32:07+00:00","dateModified":"2026-07-14T16:01:27+00:00","description":"Descobre a Proxiflex, a unidade m\u00f3vel de peletiza\u00e7\u00e3o da Proxipel, para transformar res\u00edduos verdes em pellets de madeira.","breadcrumb":{"@id":"https:\/\/proxipel.ch\/pt-pt\/uma-unidade-movel-de-peletizacao-para-todos-os-profissionais-proxiflex-da-proxipel\/#breadcrumb"},"inLanguage":"pt-PT","potentialAction":[{"@type":"ReadAction","target":["https:\/\/proxipel.ch\/pt-pt\/uma-unidade-movel-de-peletizacao-para-todos-os-profissionais-proxiflex-da-proxipel\/"]}]},{"@type":"ImageObject","inLanguage":"pt-PT","@id":"https:\/\/proxipel.ch\/pt-pt\/uma-unidade-movel-de-peletizacao-para-todos-os-profissionais-proxiflex-da-proxipel\/#primaryimage","url":"https:\/\/proxipel.ch\/wp-content\/uploads\/2024\/10\/proxipel-camion-pellet.jpg","contentUrl":"https:\/\/proxipel.ch\/wp-content\/uploads\/2024\/10\/proxipel-camion-pellet.jpg","width":1200,"height":449,"caption":"proxipel-camion-pellet"},{"@type":"BreadcrumbList","@id":"https:\/\/proxipel.ch\/pt-pt\/uma-unidade-movel-de-peletizacao-para-todos-os-profissionais-proxiflex-da-proxipel\/#breadcrumb","itemListElement":[{"@type":"ListItem","position":1,"name":"P\u00e1gina inicial","item":"https:\/\/proxipel.ch\/pt-pt\/"},{"@type":"ListItem","position":2,"name":"Uma unidade m\u00f3vel de peletiza\u00e7\u00e3o para todos os profissionais: Proxiflex da Proxipel"}]},{"@type":"WebSite","@id":"https:\/\/proxipel.ch\/pt-pt\/#website","url":"https:\/\/proxipel.ch\/pt-pt\/","name":"Proxipel","description":"La premi\u00e8re unit\u00e9 mobile de pelletisation int\u00e9grale","publisher":{"@id":"https:\/\/proxipel.ch\/pt-pt\/#organization"},"potentialAction":[{"@type":"SearchAction","target":{"@type":"EntryPoint","urlTemplate":"https:\/\/proxipel.ch\/pt-pt\/?s={search_term_string}"},"query-input":{"@type":"PropertyValueSpecification","valueRequired":true,"valueName":"search_term_string"}}],"inLanguage":"pt-PT"},{"@type":"Organization","@id":"https:\/\/proxipel.ch\/pt-pt\/#organization","name":"Proxipel","url":"https:\/\/proxipel.ch\/pt-pt\/","logo":{"@type":"ImageObject","inLanguage":"pt-PT","@id":"https:\/\/proxipel.ch\/pt-pt\/#\/schema\/logo\/image\/","url":"https:\/\/proxipel.ch\/wp-content\/uploads\/2024\/04\/proxipel.svg","contentUrl":"https:\/\/proxipel.ch\/wp-content\/uploads\/2024\/04\/proxipel.svg","width":"1024","height":"1024","caption":"Proxipel"},"image":{"@id":"https:\/\/proxipel.ch\/pt-pt\/#\/schema\/logo\/image\/"}}]}},"_links":{"self":[{"href":"https:\/\/proxipel.ch\/pt-pt\/wp-json\/wp\/v2\/pages\/3122","targetHints":{"allow":["GET"]}}],"collection":[{"href":"https:\/\/proxipel.ch\/pt-pt\/wp-json\/wp\/v2\/pages"}],"about":[{"href":"https:\/\/proxipel.ch\/pt-pt\/wp-json\/wp\/v2\/types\/page"}],"author":[{"embeddable":true,"href":"https:\/\/proxipel.ch\/pt-pt\/wp-json\/wp\/v2\/users\/7"}],"replies":[{"embeddable":true,"href":"https:\/\/proxipel.ch\/pt-pt\/wp-json\/wp\/v2\/comments?post=3122"}],"version-history":[{"count":1,"href":"https:\/\/proxipel.ch\/pt-pt\/wp-json\/wp\/v2\/pages\/3122\/revisions"}],"predecessor-version":[{"id":3125,"href":"https:\/\/proxipel.ch\/pt-pt\/wp-json\/wp\/v2\/pages\/3122\/revisions\/3125"}],"wp:featuredmedia":[{"embeddable":true,"href":"https:\/\/proxipel.ch\/pt-pt\/wp-json\/wp\/v2\/media\/2999"}],"wp:attachment":[{"href":"https:\/\/proxipel.ch\/pt-pt\/wp-json\/wp\/v2\/media?parent=3122"}],"curies":[{"name":"wp","href":"https:\/\/api.w.org\/{rel}","templated":true}]}}