{"id":3116,"date":"2025-06-02T15:54:13","date_gmt":"2025-06-02T13:54:13","guid":{"rendered":"https:\/\/proxipel.ch\/unidade-movel-de-peletizacao-para-cooperativas-florestais\/"},"modified":"2026-06-29T10:45:27","modified_gmt":"2026-06-29T08:45:27","slug":"unidade-movel-de-peletizacao-para-cooperativas-florestais","status":"publish","type":"page","link":"https:\/\/proxipel.ch\/pt-pt\/unidade-movel-de-peletizacao-para-cooperativas-florestais\/","title":{"rendered":"Unidade m\u00f3vel de peletiza\u00e7\u00e3o para cooperativas florestais"},"content":{"rendered":"<p><img decoding=\"async\" class=\"aligncenter wp-image-289 \" src=\"https:\/\/proxipel.ch\/wp-content\/uploads\/2024\/04\/proxipel.svg\" alt=\"\" width=\"675\" height=\"345\"><\/p>\n<p>Aproveita a nossa unidade m\u00f3vel de peletiza\u00e7\u00e3o, especialmente concebida para cooperativas florestais. As cooperativas florestais s\u00e3o associa\u00e7\u00f5es de propriet\u00e1rios florestais que gerem em conjunto as suas florestas. As nossas unidades m\u00f3veis foram concebidas para transformar de forma r\u00e1pida e eficiente os teus res\u00edduos de corte e as tuas aparas florestais em pellets, utilizados como combust\u00edvel para aquecimento.  <\/p>\n<h2>A Proxipel, especialista em unidades m\u00f3veis de peletiza\u00e7\u00e3o para o setor florestal e da madeira<\/h2>\n<p>A Proxipel desenvolveu uma unidade m\u00f3vel de peletiza\u00e7\u00e3o \u00fanica no seu g\u00e9nero: a Proxiflex. Esta unidade de produ\u00e7\u00e3o, miniaturizada para ser totalmente integrada num semirreboque, garante uma grande efici\u00eancia. <\/p>\n<p>Gra\u00e7as \u00e0 sua mobilidade, a f\u00e1brica fica mais perto da biomassa e do consumidor, reduzindo assim consideravelmente os impactos do transporte e da entrega de pellets. O princ\u00edpio da cadeia de abastecimento curta est\u00e1 no centro desta abordagem. <\/p>\n<p>Equipada com um secador patenteado, a Proxiflex permite produzir pellets em conformidade com a norma ISO 17225. \u00c0 sa\u00edda da unidade, os pellets podem ser imediatamente consumidos e comercializados. O desempenho do secador permite utilizar mat\u00e9rias-primas com at\u00e9 50% de humidade  <\/p>\n<h2>Proxipel, a refer\u00eancia em unidades m\u00f3veis de peletiza\u00e7\u00e3o para todos os profissionais<\/h2>\n<p>Descobre a nossa unidade m\u00f3vel de peletiza\u00e7\u00e3o para cooperativas florestais. Esta solu\u00e7\u00e3o permite-te transformar os teus res\u00edduos de madeira em pellets de alta qualidade, diretamente nas tuas instala\u00e7\u00f5es. A Proxipel oferece-te solu\u00e7\u00f5es adaptadas para uma peletiza\u00e7\u00e3o ideal dos teus res\u00edduos de madeira.  <\/p>\n<h2>Servi\u00e7os da Proxiflex:<\/h2>\n<ul>\n<li><a href=\"https:\/\/proxipel.ch\/proxiflex\/\">A nossa solu\u00e7\u00e3o m\u00f3vel de peletiza\u00e7\u00e3o<\/a><\/li>\n<li><a href=\"https:\/\/proxipel.ch\/technologie\/\">A nossa tecnologia inovadora<\/a><\/li>\n<li><a href=\"https:\/\/proxipel.ch\/service-location-dunite\/\">Aluguer de unidades m\u00f3veis de peletiza\u00e7\u00e3o<\/a><\/li>\n<li><a href=\"https:\/\/proxipel.ch\/pellets\/\">Venda de pellets<\/a><\/li>\n<\/ul>\n<h2>Contacta-nos<\/h2>\n<ul>\n<li><a href=\"https:\/\/proxipel.ch\/contact\/\">P\u00e1gina de contacto<\/a><\/li>\n<li>Info [at] proxipel.com<\/li>\n<li>Tel.: <a href=\"tel:+41218013349\">+41 21 801 33 49<\/a><\/li>\n<\/ul>\n","protected":false},"excerpt":{"rendered":"<p>Aproveita a nossa unidade m\u00f3vel de peletiza\u00e7\u00e3o, especialmente concebida para cooperativas florestais. As cooperativas florestais s\u00e3o associa\u00e7\u00f5es de propriet\u00e1rios florestais que gerem em conjunto as suas florestas. As nossas unidades m\u00f3veis foram concebidas para transformar de forma r\u00e1pida e eficiente os teus res\u00edduos de corte e as tuas aparas florestais em pellets, utilizados como combust\u00edvel [&hellip;]<\/p>\n","protected":false},"author":7,"featured_media":3065,"parent":0,"menu_order":0,"comment_status":"closed","ping_status":"closed","template":"","meta":{"_et_pb_use_builder":"","_et_pb_old_content":"","_et_gb_content_width":"","inline_featured_image":false,"footnotes":""},"class_list":["post-3116","page","type-page","status-publish","has-post-thumbnail","hentry"],"yoast_head":"<!-- This site is optimized with the Yoast SEO plugin v28.3 - https:\/\/yoast.com\/product\/yoast-seo-wordpress\/ -->\n<title>Unidade m\u00f3vel de peletiza\u00e7\u00e3o para cooperativas florestais - Proxipel<\/title>\n<meta name=\"description\" content=\"Unidade m\u00f3vel de peletiza\u00e7\u00e3o para cooperativas florestais: conhece o Proxipel, a solu\u00e7\u00e3o m\u00f3vel de peletiza\u00e7\u00e3o integral\" \/>\n<meta name=\"robots\" content=\"index, follow, max-snippet:-1, max-image-preview:large, max-video-preview:-1\" \/>\n<link rel=\"canonical\" href=\"https:\/\/proxipel.ch\/pt-pt\/unidade-movel-de-peletizacao-para-cooperativas-florestais\/\" \/>\n<meta property=\"og:locale\" content=\"pt_PT\" \/>\n<meta property=\"og:type\" content=\"article\" \/>\n<meta property=\"og:title\" content=\"Unidade m\u00f3vel de peletiza\u00e7\u00e3o para cooperativas florestais - Proxipel\" \/>\n<meta property=\"og:description\" content=\"Unidade m\u00f3vel de peletiza\u00e7\u00e3o para cooperativas florestais: conhece o Proxipel, a solu\u00e7\u00e3o m\u00f3vel de peletiza\u00e7\u00e3o integral\" \/>\n<meta property=\"og:url\" content=\"https:\/\/proxipel.ch\/pt-pt\/unidade-movel-de-peletizacao-para-cooperativas-florestais\/\" \/>\n<meta property=\"og:site_name\" content=\"Proxipel\" \/>\n<meta property=\"article:modified_time\" content=\"2026-06-29T08:45:27+00:00\" \/>\n<meta property=\"og:image\" content=\"https:\/\/proxipel.ch\/wp-content\/uploads\/2025\/06\/pellets-residus-forestiers.webp\" \/>\n\t<meta property=\"og:image:width\" content=\"1536\" \/>\n\t<meta property=\"og:image:height\" content=\"1024\" \/>\n\t<meta property=\"og:image:type\" content=\"image\/webp\" \/>\n<meta name=\"twitter:card\" content=\"summary_large_image\" \/>\n<meta name=\"twitter:label1\" content=\"Tempo estimado de leitura\" \/>\n\t<meta name=\"twitter:data1\" content=\"2 minutos\" \/>\n<script type=\"application\/ld+json\" class=\"yoast-schema-graph\">{\"@context\":\"https:\\\/\\\/schema.org\",\"@graph\":[{\"@type\":\"WebPage\",\"@id\":\"https:\\\/\\\/proxipel.ch\\\/pt-pt\\\/unidade-movel-de-peletizacao-para-cooperativas-florestais\\\/\",\"url\":\"https:\\\/\\\/proxipel.ch\\\/pt-pt\\\/unidade-movel-de-peletizacao-para-cooperativas-florestais\\\/\",\"name\":\"Unidade m\u00f3vel de peletiza\u00e7\u00e3o para cooperativas florestais - Proxipel\",\"isPartOf\":{\"@id\":\"https:\\\/\\\/proxipel.ch\\\/pt-pt\\\/#website\"},\"primaryImageOfPage\":{\"@id\":\"https:\\\/\\\/proxipel.ch\\\/pt-pt\\\/unidade-movel-de-peletizacao-para-cooperativas-florestais\\\/#primaryimage\"},\"image\":{\"@id\":\"https:\\\/\\\/proxipel.ch\\\/pt-pt\\\/unidade-movel-de-peletizacao-para-cooperativas-florestais\\\/#primaryimage\"},\"thumbnailUrl\":\"https:\\\/\\\/proxipel.ch\\\/wp-content\\\/uploads\\\/2025\\\/06\\\/pellets-residus-forestiers.webp\",\"datePublished\":\"2025-06-02T13:54:13+00:00\",\"dateModified\":\"2026-06-29T08:45:27+00:00\",\"description\":\"Unidade m\u00f3vel de peletiza\u00e7\u00e3o para cooperativas florestais: conhece o Proxipel, a solu\u00e7\u00e3o m\u00f3vel de peletiza\u00e7\u00e3o integral\",\"breadcrumb\":{\"@id\":\"https:\\\/\\\/proxipel.ch\\\/pt-pt\\\/unidade-movel-de-peletizacao-para-cooperativas-florestais\\\/#breadcrumb\"},\"inLanguage\":\"pt-PT\",\"potentialAction\":[{\"@type\":\"ReadAction\",\"target\":[\"https:\\\/\\\/proxipel.ch\\\/pt-pt\\\/unidade-movel-de-peletizacao-para-cooperativas-florestais\\\/\"]}]},{\"@type\":\"ImageObject\",\"inLanguage\":\"pt-PT\",\"@id\":\"https:\\\/\\\/proxipel.ch\\\/pt-pt\\\/unidade-movel-de-peletizacao-para-cooperativas-florestais\\\/#primaryimage\",\"url\":\"https:\\\/\\\/proxipel.ch\\\/wp-content\\\/uploads\\\/2025\\\/06\\\/pellets-residus-forestiers.webp\",\"contentUrl\":\"https:\\\/\\\/proxipel.ch\\\/wp-content\\\/uploads\\\/2025\\\/06\\\/pellets-residus-forestiers.webp\",\"width\":1536,\"height\":1024,\"caption\":\"Granul\u00e9s de r\u00e9sidus d'\u00e9lagages\"},{\"@type\":\"BreadcrumbList\",\"@id\":\"https:\\\/\\\/proxipel.ch\\\/pt-pt\\\/unidade-movel-de-peletizacao-para-cooperativas-florestais\\\/#breadcrumb\",\"itemListElement\":[{\"@type\":\"ListItem\",\"position\":1,\"name\":\"P\u00e1gina inicial\",\"item\":\"https:\\\/\\\/proxipel.ch\\\/pt-pt\\\/\"},{\"@type\":\"ListItem\",\"position\":2,\"name\":\"Unidade m\u00f3vel de peletiza\u00e7\u00e3o para cooperativas florestais\"}]},{\"@type\":\"WebSite\",\"@id\":\"https:\\\/\\\/proxipel.ch\\\/pt-pt\\\/#website\",\"url\":\"https:\\\/\\\/proxipel.ch\\\/pt-pt\\\/\",\"name\":\"Proxipel\",\"description\":\"La premi\u00e8re unit\u00e9 mobile de pelletisation int\u00e9grale\",\"publisher\":{\"@id\":\"https:\\\/\\\/proxipel.ch\\\/pt-pt\\\/#organization\"},\"potentialAction\":[{\"@type\":\"SearchAction\",\"target\":{\"@type\":\"EntryPoint\",\"urlTemplate\":\"https:\\\/\\\/proxipel.ch\\\/pt-pt\\\/?s={search_term_string}\"},\"query-input\":{\"@type\":\"PropertyValueSpecification\",\"valueRequired\":true,\"valueName\":\"search_term_string\"}}],\"inLanguage\":\"pt-PT\"},{\"@type\":\"Organization\",\"@id\":\"https:\\\/\\\/proxipel.ch\\\/pt-pt\\\/#organization\",\"name\":\"Proxipel\",\"url\":\"https:\\\/\\\/proxipel.ch\\\/pt-pt\\\/\",\"logo\":{\"@type\":\"ImageObject\",\"inLanguage\":\"pt-PT\",\"@id\":\"https:\\\/\\\/proxipel.ch\\\/pt-pt\\\/#\\\/schema\\\/logo\\\/image\\\/\",\"url\":\"https:\\\/\\\/proxipel.ch\\\/wp-content\\\/uploads\\\/2024\\\/04\\\/proxipel.svg\",\"contentUrl\":\"https:\\\/\\\/proxipel.ch\\\/wp-content\\\/uploads\\\/2024\\\/04\\\/proxipel.svg\",\"width\":\"1024\",\"height\":\"1024\",\"caption\":\"Proxipel\"},\"image\":{\"@id\":\"https:\\\/\\\/proxipel.ch\\\/pt-pt\\\/#\\\/schema\\\/logo\\\/image\\\/\"}}]}<\/script>\n<!-- \/ Yoast SEO plugin. -->","yoast_head_json":{"title":"Unidade m\u00f3vel de peletiza\u00e7\u00e3o para cooperativas florestais - Proxipel","description":"Unidade m\u00f3vel de peletiza\u00e7\u00e3o para cooperativas florestais: conhece o Proxipel, a solu\u00e7\u00e3o m\u00f3vel de peletiza\u00e7\u00e3o integral","robots":{"index":"index","follow":"follow","max-snippet":"max-snippet:-1","max-image-preview":"max-image-preview:large","max-video-preview":"max-video-preview:-1"},"canonical":"https:\/\/proxipel.ch\/pt-pt\/unidade-movel-de-peletizacao-para-cooperativas-florestais\/","og_locale":"pt_PT","og_type":"article","og_title":"Unidade m\u00f3vel de peletiza\u00e7\u00e3o para cooperativas florestais - Proxipel","og_description":"Unidade m\u00f3vel de peletiza\u00e7\u00e3o para cooperativas florestais: conhece o Proxipel, a solu\u00e7\u00e3o m\u00f3vel de peletiza\u00e7\u00e3o integral","og_url":"https:\/\/proxipel.ch\/pt-pt\/unidade-movel-de-peletizacao-para-cooperativas-florestais\/","og_site_name":"Proxipel","article_modified_time":"2026-06-29T08:45:27+00:00","og_image":[{"width":1536,"height":1024,"url":"https:\/\/proxipel.ch\/wp-content\/uploads\/2025\/06\/pellets-residus-forestiers.webp","type":"image\/webp"}],"twitter_card":"summary_large_image","twitter_misc":{"Tempo estimado de leitura":"2 minutos"},"schema":{"@context":"https:\/\/schema.org","@graph":[{"@type":"WebPage","@id":"https:\/\/proxipel.ch\/pt-pt\/unidade-movel-de-peletizacao-para-cooperativas-florestais\/","url":"https:\/\/proxipel.ch\/pt-pt\/unidade-movel-de-peletizacao-para-cooperativas-florestais\/","name":"Unidade m\u00f3vel de peletiza\u00e7\u00e3o para cooperativas florestais - Proxipel","isPartOf":{"@id":"https:\/\/proxipel.ch\/pt-pt\/#website"},"primaryImageOfPage":{"@id":"https:\/\/proxipel.ch\/pt-pt\/unidade-movel-de-peletizacao-para-cooperativas-florestais\/#primaryimage"},"image":{"@id":"https:\/\/proxipel.ch\/pt-pt\/unidade-movel-de-peletizacao-para-cooperativas-florestais\/#primaryimage"},"thumbnailUrl":"https:\/\/proxipel.ch\/wp-content\/uploads\/2025\/06\/pellets-residus-forestiers.webp","datePublished":"2025-06-02T13:54:13+00:00","dateModified":"2026-06-29T08:45:27+00:00","description":"Unidade m\u00f3vel de peletiza\u00e7\u00e3o para cooperativas florestais: conhece o Proxipel, a solu\u00e7\u00e3o m\u00f3vel de peletiza\u00e7\u00e3o integral","breadcrumb":{"@id":"https:\/\/proxipel.ch\/pt-pt\/unidade-movel-de-peletizacao-para-cooperativas-florestais\/#breadcrumb"},"inLanguage":"pt-PT","potentialAction":[{"@type":"ReadAction","target":["https:\/\/proxipel.ch\/pt-pt\/unidade-movel-de-peletizacao-para-cooperativas-florestais\/"]}]},{"@type":"ImageObject","inLanguage":"pt-PT","@id":"https:\/\/proxipel.ch\/pt-pt\/unidade-movel-de-peletizacao-para-cooperativas-florestais\/#primaryimage","url":"https:\/\/proxipel.ch\/wp-content\/uploads\/2025\/06\/pellets-residus-forestiers.webp","contentUrl":"https:\/\/proxipel.ch\/wp-content\/uploads\/2025\/06\/pellets-residus-forestiers.webp","width":1536,"height":1024,"caption":"Granul\u00e9s de r\u00e9sidus d'\u00e9lagages"},{"@type":"BreadcrumbList","@id":"https:\/\/proxipel.ch\/pt-pt\/unidade-movel-de-peletizacao-para-cooperativas-florestais\/#breadcrumb","itemListElement":[{"@type":"ListItem","position":1,"name":"P\u00e1gina inicial","item":"https:\/\/proxipel.ch\/pt-pt\/"},{"@type":"ListItem","position":2,"name":"Unidade m\u00f3vel de peletiza\u00e7\u00e3o para cooperativas florestais"}]},{"@type":"WebSite","@id":"https:\/\/proxipel.ch\/pt-pt\/#website","url":"https:\/\/proxipel.ch\/pt-pt\/","name":"Proxipel","description":"La premi\u00e8re unit\u00e9 mobile de pelletisation int\u00e9grale","publisher":{"@id":"https:\/\/proxipel.ch\/pt-pt\/#organization"},"potentialAction":[{"@type":"SearchAction","target":{"@type":"EntryPoint","urlTemplate":"https:\/\/proxipel.ch\/pt-pt\/?s={search_term_string}"},"query-input":{"@type":"PropertyValueSpecification","valueRequired":true,"valueName":"search_term_string"}}],"inLanguage":"pt-PT"},{"@type":"Organization","@id":"https:\/\/proxipel.ch\/pt-pt\/#organization","name":"Proxipel","url":"https:\/\/proxipel.ch\/pt-pt\/","logo":{"@type":"ImageObject","inLanguage":"pt-PT","@id":"https:\/\/proxipel.ch\/pt-pt\/#\/schema\/logo\/image\/","url":"https:\/\/proxipel.ch\/wp-content\/uploads\/2024\/04\/proxipel.svg","contentUrl":"https:\/\/proxipel.ch\/wp-content\/uploads\/2024\/04\/proxipel.svg","width":"1024","height":"1024","caption":"Proxipel"},"image":{"@id":"https:\/\/proxipel.ch\/pt-pt\/#\/schema\/logo\/image\/"}}]}},"_links":{"self":[{"href":"https:\/\/proxipel.ch\/pt-pt\/wp-json\/wp\/v2\/pages\/3116","targetHints":{"allow":["GET"]}}],"collection":[{"href":"https:\/\/proxipel.ch\/pt-pt\/wp-json\/wp\/v2\/pages"}],"about":[{"href":"https:\/\/proxipel.ch\/pt-pt\/wp-json\/wp\/v2\/types\/page"}],"author":[{"embeddable":true,"href":"https:\/\/proxipel.ch\/pt-pt\/wp-json\/wp\/v2\/users\/7"}],"replies":[{"embeddable":true,"href":"https:\/\/proxipel.ch\/pt-pt\/wp-json\/wp\/v2\/comments?post=3116"}],"version-history":[{"count":1,"href":"https:\/\/proxipel.ch\/pt-pt\/wp-json\/wp\/v2\/pages\/3116\/revisions"}],"predecessor-version":[{"id":3117,"href":"https:\/\/proxipel.ch\/pt-pt\/wp-json\/wp\/v2\/pages\/3116\/revisions\/3117"}],"wp:featuredmedia":[{"embeddable":true,"href":"https:\/\/proxipel.ch\/pt-pt\/wp-json\/wp\/v2\/media\/3065"}],"wp:attachment":[{"href":"https:\/\/proxipel.ch\/pt-pt\/wp-json\/wp\/v2\/media?parent=3116"}],"curies":[{"name":"wp","href":"https:\/\/api.w.org\/{rel}","templated":true}]}}