{"id":3170,"date":"2025-06-02T10:38:59","date_gmt":"2025-06-02T08:38:59","guid":{"rendered":"https:\/\/proxipel.ch\/los-pellets-de-madera-ecologicos\/"},"modified":"2026-07-14T17:46:23","modified_gmt":"2026-07-14T15:46:23","slug":"los-pellets-de-madera-ecologicos","status":"publish","type":"page","link":"https:\/\/proxipel.ch\/es\/los-pellets-de-madera-ecologicos\/","title":{"rendered":"Los pellets de madera ecol\u00f3gicos"},"content":{"rendered":"<p><img decoding=\"async\" class=\"aligncenter wp-image-289 \" src=\"https:\/\/proxipel.ch\/wp-content\/uploads\/2024\/04\/proxipel.svg\" alt=\"\" width=\"675\" height=\"345\"><\/p>\n<p>Descubre nuestra gama de pellets de madera ecol\u00f3gicos para gestionar tus residuos de forma respetuosa con el medio ambiente. Los pellets de madera se usan como combustible para la calefacci\u00f3n. <\/p>\n<h2>Proxipel, especialista en la elecci\u00f3n y las caracter\u00edsticas de los pellets<\/h2>\n<p>Proxipel ha desarrollado una unidad de peletizaci\u00f3n m\u00f3vil \u00fanica: Proxiflex. Esta planta de producci\u00f3n, miniaturizada para que pueda integrarse totalmente en un semirremolque, garantiza una gran eficacia. <\/p>\n<p>Gracias a su movilidad, la planta est\u00e1 m\u00e1s cerca de la biomasa y del consumidor, lo que reduce considerablemente el impacto del transporte y la entrega de pellets. El principio de los circuitos cortos es el n\u00facleo de este enfoque. <\/p>\n<p>Equipado con un secador patentado, Proxiflex produce pelets que cumplen la norma ISO 17225. A la salida de la unidad, los pellets pueden consumirse y comercializarse inmediatamente. El rendimiento del secador permite procesar materias primas con un contenido de humedad de hasta el 50%.  <\/p>\n<h2>Proxipel, la marca de referencia en pellets de madera para calefacci\u00f3n<\/h2>\n<p>Descubre nuestros pellets de madera ecol\u00f3gicos, fabricados a partir de materias primas renovables y respetuosas con el medio ambiente. Son ideales para una calefacci\u00f3n sostenible y ecol\u00f3gica. Proxipel te ofrece pellets de madera de alta calidad para un uso ecol\u00f3gico y econ\u00f3mico.  <\/p>\n<h2>Servicios Proxiflex :<\/h2>\n<ul>\n<li><a href=\"https:\/\/proxipel.ch\/es\/proxiflex\/\">Nuestra soluci\u00f3n m\u00f3vil de granulaci\u00f3n<\/a><\/li>\n<li><a href=\"https:\/\/proxipel.ch\/es\/tecnologia\/\">Nuestra tecnolog\u00eda innovadora<\/a><\/li>\n<li><a href=\"https:\/\/proxipel.ch\/es\/alquiler-de-unidades\/\">Alquiler de una unidad m\u00f3vil de peletizaci\u00f3n<\/a><\/li>\n<li><a href=\"https:\/\/proxipel.ch\/es\/pellets\/\">Venta de pellets<\/a><\/li>\n<\/ul>\n<h2>Contacta con nosotros<\/h2>\n<ul>\n<li><a href=\"https:\/\/proxipel.ch\/es\/ponte-en-contacto-con\/\">Solicitar m\u00e1s informaci\u00f3n<\/a><\/li>\n<li><a href=\"mailto:Info@proxipel.com\">Info@proxipel.com informar<\/a><\/li>\n<li>Tel : <a href=\"tel:+41218013349\">+41 21 801 33 49<\/a><\/li>\n<\/ul>\n","protected":false},"excerpt":{"rendered":"<p>Descubre nuestra gama de pellets de madera ecol\u00f3gicos para gestionar tus residuos de forma respetuosa con el medio ambiente. Los pellets de madera se usan como combustible para la calefacci\u00f3n. Proxipel, especialista en la elecci\u00f3n y las caracter\u00edsticas de los pellets Proxipel ha desarrollado una unidad de peletizaci\u00f3n m\u00f3vil \u00fanica: Proxiflex. Esta planta de producci\u00f3n, [&hellip;]<\/p>\n","protected":false},"author":7,"featured_media":1378,"parent":0,"menu_order":0,"comment_status":"closed","ping_status":"closed","template":"","meta":{"_et_pb_use_builder":"","_et_pb_old_content":"","_et_gb_content_width":"","inline_featured_image":false,"footnotes":""},"class_list":["post-3170","page","type-page","status-publish","has-post-thumbnail","hentry"],"yoast_head":"<!-- This site is optimized with the Yoast SEO plugin v28.3 - https:\/\/yoast.com\/product\/yoast-seo-wordpress\/ -->\n<title>Los pellets de madera ecol\u00f3gicos - Proxipel<\/title>\n<meta name=\"description\" content=\"Pellets de madera ecol\u00f3gicos: descubre Proxipel, la primera soluci\u00f3n m\u00f3vil de peletizaci\u00f3n integral\" \/>\n<meta name=\"robots\" content=\"index, follow, max-snippet:-1, max-image-preview:large, max-video-preview:-1\" \/>\n<link rel=\"canonical\" href=\"https:\/\/proxipel.ch\/es\/los-pellets-de-madera-ecologicos\/\" \/>\n<meta property=\"og:locale\" content=\"es_ES\" \/>\n<meta property=\"og:type\" content=\"article\" \/>\n<meta property=\"og:title\" content=\"Los pellets de madera ecol\u00f3gicos - Proxipel\" \/>\n<meta property=\"og:description\" content=\"Pellets de madera ecol\u00f3gicos: descubre Proxipel, la primera soluci\u00f3n m\u00f3vil de peletizaci\u00f3n integral\" \/>\n<meta property=\"og:url\" content=\"https:\/\/proxipel.ch\/es\/los-pellets-de-madera-ecologicos\/\" \/>\n<meta property=\"og:site_name\" content=\"Proxipel\" \/>\n<meta property=\"article:modified_time\" content=\"2026-07-14T15:46:23+00:00\" \/>\n<meta property=\"og:image\" content=\"https:\/\/proxipel.ch\/wp-content\/uploads\/2025\/05\/pellets-feuille-2.webp\" \/>\n\t<meta property=\"og:image:width\" content=\"877\" \/>\n\t<meta property=\"og:image:height\" content=\"583\" \/>\n\t<meta property=\"og:image:type\" content=\"image\/webp\" \/>\n<meta name=\"twitter:card\" content=\"summary_large_image\" \/>\n<meta name=\"twitter:label1\" content=\"Tiempo de lectura\" \/>\n\t<meta name=\"twitter:data1\" content=\"1 minuto\" \/>\n<script type=\"application\/ld+json\" class=\"yoast-schema-graph\">{\"@context\":\"https:\\\/\\\/schema.org\",\"@graph\":[{\"@type\":\"WebPage\",\"@id\":\"https:\\\/\\\/proxipel.ch\\\/es\\\/los-pellets-de-madera-ecologicos\\\/\",\"url\":\"https:\\\/\\\/proxipel.ch\\\/es\\\/los-pellets-de-madera-ecologicos\\\/\",\"name\":\"Los pellets de madera ecol\u00f3gicos - Proxipel\",\"isPartOf\":{\"@id\":\"https:\\\/\\\/proxipel.ch\\\/es\\\/#website\"},\"primaryImageOfPage\":{\"@id\":\"https:\\\/\\\/proxipel.ch\\\/es\\\/los-pellets-de-madera-ecologicos\\\/#primaryimage\"},\"image\":{\"@id\":\"https:\\\/\\\/proxipel.ch\\\/es\\\/los-pellets-de-madera-ecologicos\\\/#primaryimage\"},\"thumbnailUrl\":\"https:\\\/\\\/proxipel.ch\\\/wp-content\\\/uploads\\\/2025\\\/05\\\/pellets-feuille-2.webp\",\"datePublished\":\"2025-06-02T08:38:59+00:00\",\"dateModified\":\"2026-07-14T15:46:23+00:00\",\"description\":\"Pellets de madera ecol\u00f3gicos: descubre Proxipel, la primera soluci\u00f3n m\u00f3vil de peletizaci\u00f3n integral\",\"breadcrumb\":{\"@id\":\"https:\\\/\\\/proxipel.ch\\\/es\\\/los-pellets-de-madera-ecologicos\\\/#breadcrumb\"},\"inLanguage\":\"es\",\"potentialAction\":[{\"@type\":\"ReadAction\",\"target\":[\"https:\\\/\\\/proxipel.ch\\\/es\\\/los-pellets-de-madera-ecologicos\\\/\"]}]},{\"@type\":\"ImageObject\",\"inLanguage\":\"es\",\"@id\":\"https:\\\/\\\/proxipel.ch\\\/es\\\/los-pellets-de-madera-ecologicos\\\/#primaryimage\",\"url\":\"https:\\\/\\\/proxipel.ch\\\/wp-content\\\/uploads\\\/2025\\\/05\\\/pellets-feuille-2.webp\",\"contentUrl\":\"https:\\\/\\\/proxipel.ch\\\/wp-content\\\/uploads\\\/2025\\\/05\\\/pellets-feuille-2.webp\",\"width\":877,\"height\":583,\"caption\":\"Proxipel, premi\u00e8re unit\u00e9 mobile et int\u00e9grale de pelletisation\"},{\"@type\":\"BreadcrumbList\",\"@id\":\"https:\\\/\\\/proxipel.ch\\\/es\\\/los-pellets-de-madera-ecologicos\\\/#breadcrumb\",\"itemListElement\":[{\"@type\":\"ListItem\",\"position\":1,\"name\":\"Inicio\",\"item\":\"https:\\\/\\\/proxipel.ch\\\/es\\\/\"},{\"@type\":\"ListItem\",\"position\":2,\"name\":\"Los pellets de madera ecol\u00f3gicos\"}]},{\"@type\":\"WebSite\",\"@id\":\"https:\\\/\\\/proxipel.ch\\\/es\\\/#website\",\"url\":\"https:\\\/\\\/proxipel.ch\\\/es\\\/\",\"name\":\"Proxipel\",\"description\":\"La premi\u00e8re unit\u00e9 mobile de pelletisation int\u00e9grale\",\"publisher\":{\"@id\":\"https:\\\/\\\/proxipel.ch\\\/es\\\/#organization\"},\"potentialAction\":[{\"@type\":\"SearchAction\",\"target\":{\"@type\":\"EntryPoint\",\"urlTemplate\":\"https:\\\/\\\/proxipel.ch\\\/es\\\/?s={search_term_string}\"},\"query-input\":{\"@type\":\"PropertyValueSpecification\",\"valueRequired\":true,\"valueName\":\"search_term_string\"}}],\"inLanguage\":\"es\"},{\"@type\":\"Organization\",\"@id\":\"https:\\\/\\\/proxipel.ch\\\/es\\\/#organization\",\"name\":\"Proxipel\",\"url\":\"https:\\\/\\\/proxipel.ch\\\/es\\\/\",\"logo\":{\"@type\":\"ImageObject\",\"inLanguage\":\"es\",\"@id\":\"https:\\\/\\\/proxipel.ch\\\/es\\\/#\\\/schema\\\/logo\\\/image\\\/\",\"url\":\"https:\\\/\\\/proxipel.ch\\\/wp-content\\\/uploads\\\/2024\\\/04\\\/proxipel.svg\",\"contentUrl\":\"https:\\\/\\\/proxipel.ch\\\/wp-content\\\/uploads\\\/2024\\\/04\\\/proxipel.svg\",\"width\":\"1024\",\"height\":\"1024\",\"caption\":\"Proxipel\"},\"image\":{\"@id\":\"https:\\\/\\\/proxipel.ch\\\/es\\\/#\\\/schema\\\/logo\\\/image\\\/\"}}]}<\/script>\n<!-- \/ Yoast SEO plugin. -->","yoast_head_json":{"title":"Los pellets de madera ecol\u00f3gicos - Proxipel","description":"Pellets de madera ecol\u00f3gicos: descubre Proxipel, la primera soluci\u00f3n m\u00f3vil de peletizaci\u00f3n integral","robots":{"index":"index","follow":"follow","max-snippet":"max-snippet:-1","max-image-preview":"max-image-preview:large","max-video-preview":"max-video-preview:-1"},"canonical":"https:\/\/proxipel.ch\/es\/los-pellets-de-madera-ecologicos\/","og_locale":"es_ES","og_type":"article","og_title":"Los pellets de madera ecol\u00f3gicos - Proxipel","og_description":"Pellets de madera ecol\u00f3gicos: descubre Proxipel, la primera soluci\u00f3n m\u00f3vil de peletizaci\u00f3n integral","og_url":"https:\/\/proxipel.ch\/es\/los-pellets-de-madera-ecologicos\/","og_site_name":"Proxipel","article_modified_time":"2026-07-14T15:46:23+00:00","og_image":[{"width":877,"height":583,"url":"https:\/\/proxipel.ch\/wp-content\/uploads\/2025\/05\/pellets-feuille-2.webp","type":"image\/webp"}],"twitter_card":"summary_large_image","twitter_misc":{"Tiempo de lectura":"1 minuto"},"schema":{"@context":"https:\/\/schema.org","@graph":[{"@type":"WebPage","@id":"https:\/\/proxipel.ch\/es\/los-pellets-de-madera-ecologicos\/","url":"https:\/\/proxipel.ch\/es\/los-pellets-de-madera-ecologicos\/","name":"Los pellets de madera ecol\u00f3gicos - Proxipel","isPartOf":{"@id":"https:\/\/proxipel.ch\/es\/#website"},"primaryImageOfPage":{"@id":"https:\/\/proxipel.ch\/es\/los-pellets-de-madera-ecologicos\/#primaryimage"},"image":{"@id":"https:\/\/proxipel.ch\/es\/los-pellets-de-madera-ecologicos\/#primaryimage"},"thumbnailUrl":"https:\/\/proxipel.ch\/wp-content\/uploads\/2025\/05\/pellets-feuille-2.webp","datePublished":"2025-06-02T08:38:59+00:00","dateModified":"2026-07-14T15:46:23+00:00","description":"Pellets de madera ecol\u00f3gicos: descubre Proxipel, la primera soluci\u00f3n m\u00f3vil de peletizaci\u00f3n integral","breadcrumb":{"@id":"https:\/\/proxipel.ch\/es\/los-pellets-de-madera-ecologicos\/#breadcrumb"},"inLanguage":"es","potentialAction":[{"@type":"ReadAction","target":["https:\/\/proxipel.ch\/es\/los-pellets-de-madera-ecologicos\/"]}]},{"@type":"ImageObject","inLanguage":"es","@id":"https:\/\/proxipel.ch\/es\/los-pellets-de-madera-ecologicos\/#primaryimage","url":"https:\/\/proxipel.ch\/wp-content\/uploads\/2025\/05\/pellets-feuille-2.webp","contentUrl":"https:\/\/proxipel.ch\/wp-content\/uploads\/2025\/05\/pellets-feuille-2.webp","width":877,"height":583,"caption":"Proxipel, premi\u00e8re unit\u00e9 mobile et int\u00e9grale de pelletisation"},{"@type":"BreadcrumbList","@id":"https:\/\/proxipel.ch\/es\/los-pellets-de-madera-ecologicos\/#breadcrumb","itemListElement":[{"@type":"ListItem","position":1,"name":"Inicio","item":"https:\/\/proxipel.ch\/es\/"},{"@type":"ListItem","position":2,"name":"Los pellets de madera ecol\u00f3gicos"}]},{"@type":"WebSite","@id":"https:\/\/proxipel.ch\/es\/#website","url":"https:\/\/proxipel.ch\/es\/","name":"Proxipel","description":"La premi\u00e8re unit\u00e9 mobile de pelletisation int\u00e9grale","publisher":{"@id":"https:\/\/proxipel.ch\/es\/#organization"},"potentialAction":[{"@type":"SearchAction","target":{"@type":"EntryPoint","urlTemplate":"https:\/\/proxipel.ch\/es\/?s={search_term_string}"},"query-input":{"@type":"PropertyValueSpecification","valueRequired":true,"valueName":"search_term_string"}}],"inLanguage":"es"},{"@type":"Organization","@id":"https:\/\/proxipel.ch\/es\/#organization","name":"Proxipel","url":"https:\/\/proxipel.ch\/es\/","logo":{"@type":"ImageObject","inLanguage":"es","@id":"https:\/\/proxipel.ch\/es\/#\/schema\/logo\/image\/","url":"https:\/\/proxipel.ch\/wp-content\/uploads\/2024\/04\/proxipel.svg","contentUrl":"https:\/\/proxipel.ch\/wp-content\/uploads\/2024\/04\/proxipel.svg","width":"1024","height":"1024","caption":"Proxipel"},"image":{"@id":"https:\/\/proxipel.ch\/es\/#\/schema\/logo\/image\/"}}]}},"_links":{"self":[{"href":"https:\/\/proxipel.ch\/es\/wp-json\/wp\/v2\/pages\/3170","targetHints":{"allow":["GET"]}}],"collection":[{"href":"https:\/\/proxipel.ch\/es\/wp-json\/wp\/v2\/pages"}],"about":[{"href":"https:\/\/proxipel.ch\/es\/wp-json\/wp\/v2\/types\/page"}],"author":[{"embeddable":true,"href":"https:\/\/proxipel.ch\/es\/wp-json\/wp\/v2\/users\/7"}],"replies":[{"embeddable":true,"href":"https:\/\/proxipel.ch\/es\/wp-json\/wp\/v2\/comments?post=3170"}],"version-history":[{"count":2,"href":"https:\/\/proxipel.ch\/es\/wp-json\/wp\/v2\/pages\/3170\/revisions"}],"predecessor-version":[{"id":3930,"href":"https:\/\/proxipel.ch\/es\/wp-json\/wp\/v2\/pages\/3170\/revisions\/3930"}],"wp:featuredmedia":[{"embeddable":true,"href":"https:\/\/proxipel.ch\/es\/wp-json\/wp\/v2\/media\/1378"}],"wp:attachment":[{"href":"https:\/\/proxipel.ch\/es\/wp-json\/wp\/v2\/media?parent=3170"}],"curies":[{"name":"wp","href":"https:\/\/api.w.org\/{rel}","templated":true}]}}