{"id":3127,"date":"2025-06-02T14:32:07","date_gmt":"2025-06-02T12:32:07","guid":{"rendered":"https:\/\/proxipel.ch\/una-unidad-movil-de-peletizacion-para-todos-los-profesionales-proxiflex-de-proxipel\/"},"modified":"2026-07-14T17:49:30","modified_gmt":"2026-07-14T15:49:30","slug":"una-unidad-movil-de-peletizacion-para-todos-los-profesionales-proxiflex-de-proxipel","status":"publish","type":"page","link":"https:\/\/proxipel.ch\/es\/una-unidad-movil-de-peletizacion-para-todos-los-profesionales-proxiflex-de-proxipel\/","title":{"rendered":"Una unidad m\u00f3vil de peletizaci\u00f3n para todos los profesionales: Proxiflex de Proxipel"},"content":{"rendered":"<h3><img decoding=\"async\" class=\"aligncenter wp-image-817 size-large\" src=\"https:\/\/proxipel.ch\/wp-content\/uploads\/2024\/10\/proxipel-camion-pellet-1024x383.jpg\" alt=\"proxipel-cami\u00f3n-pelleta\" width=\"1024\" height=\"383\" srcset=\"https:\/\/proxipel.ch\/wp-content\/uploads\/2024\/10\/proxipel-camion-pellet-1024x383.jpg 1024w, https:\/\/proxipel.ch\/wp-content\/uploads\/2024\/10\/proxipel-camion-pellet-980x367.jpg 980w, https:\/\/proxipel.ch\/wp-content\/uploads\/2024\/10\/proxipel-camion-pellet-480x180.jpg 480w\" sizes=\"(min-width: 0px) and (max-width: 480px) 480px, (min-width: 481px) and (max-width: 980px) 980px, (min-width: 981px) 1024px, 100vw\" \/><\/h3>\n<p dir=\"auto\"> <a href=\"https:\/\/proxipel.ch\/es\/\">Proxipel te presenta las aplicaciones de su unidad m\u00f3vil de peletizaci\u00f3n integral<\/a>. En el sector del aprovechamiento de los residuos verdes y la producci\u00f3n de pellets de madera, la innovaci\u00f3n tecnol\u00f3gica juega un papel clave a la hora de satisfacer las necesidades de los profesionales. Proxipel, una empresa pionera en este campo, ha desarrollado una soluci\u00f3n revolucionaria con su unidad m\u00f3vil de peletizaci\u00f3n, Proxiflex. Esta tecnolog\u00eda ofrece una flexibilidad y una eficacia sin igual, lo que permite a los profesionales de diversos sectores transformar los residuos verdes en pellets de madera de alta calidad directamente in situ. En este art\u00edculo, vamos a explorar las caracter\u00edsticas, las ventajas y las aplicaciones de Proxiflex, la unidad m\u00f3vil de peletizaci\u00f3n dise\u00f1ada para todos los profesionales.    <\/p>\n<h2>\u00bfQu\u00e9 es Proxiflex?<\/h2>\n<p dir=\"auto\">Proxiflex es una unidad m\u00f3vil de peletizaci\u00f3n \u00fanica en el mundo, desarrollada por Proxipel. Esta innovaci\u00f3n permite transformar los residuos verdes en pellets de madera de alta calidad, que cumplen con la norma ISO 17225. La unidad m\u00f3vil est\u00e1 dise\u00f1ada para integrarse por completo en un semirremolque, lo que ofrece una gran movilidad y una eficiencia \u00f3ptima. Gracias a su dise\u00f1o compacto y m\u00f3vil, Proxiflex se puede transportar y utilizar f\u00e1cilmente en diferentes emplazamientos, acercando as\u00ed la planta de producci\u00f3n a las materias primas y a los consumidores.   <\/p>\n<h2>Las caracter\u00edsticas de Proxiflex<\/h2>\n<ol>\n<li dir=\"auto\"><strong>Movilidad y flexibilidad<\/strong>: Proxiflex est\u00e1 dise\u00f1ada para ser f\u00e1cil de transportar, lo que permite a los profesionales usarla en diferentes lugares seg\u00fan sus necesidades. Esta movilidad reduce los costes de transporte y minimiza la huella de carbono. <\/li>\n<li dir=\"auto\"><strong>Secador patentado<\/strong>: La unidad cuenta con un secador patentado que permite producir pellets a partir de materias primas con una humedad de hasta el 50 %. Este secador garantiza una calidad \u00f3ptima de los pellets, de acuerdo con la norma ISO 17225. <\/li>\n<li dir=\"auto\"><strong>Caja de carga<\/strong>: La Proxiflex cuenta con una caja de carga capaz de albergar materiales como serr\u00edn o astillas, con un tama\u00f1o de part\u00edcula de hasta 50 mm. Esta caracter\u00edstica ofrece una gran flexibilidad a la hora de tratar los residuos verdes. <\/li>\n<li dir=\"auto\"><strong>Amplio rango de granulometr\u00eda<\/strong>: Proxipel tambi\u00e9n desarrolla otros modelos que permiten procesar materiales de hasta 40 cm de di\u00e1metro, lo que ampl\u00eda las posibilidades de aprovechamiento de los residuos verdes.<\/li>\n<\/ol>\n<h2>Las ventajas de Proxiflex<\/h2>\n<ol>\n<li dir=\"auto\"><strong>Reducci\u00f3n de los costes de transporte<\/strong>: Al acercar la planta de producci\u00f3n a las materias primas, Proxiflex permite reducir considerablemente los costes de transporte. Esto resulta especialmente ventajoso para las materias primas voluminosas y pesadas, como los residuos verdes y los residuos de madera. <\/li>\n<li dir=\"auto\"><strong>Reducci\u00f3n de la huella de carbono<\/strong>: La reducci\u00f3n de las distancias de transporte ayuda a reducir la huella de carbono. Al limitar las emisiones de gases de efecto invernadero relacionadas con el transporte, Proxiflex contribuye a la protecci\u00f3n del medio ambiente. <\/li>\n<li dir=\"auto\"><strong>Optimizaci\u00f3n de la eficiencia energ\u00e9tica<\/strong>: Proxiflex permite producir pellets de madera directamente en la propia planta de producci\u00f3n, lo que optimiza la eficiencia energ\u00e9tica. Los pellets se pueden consumir y comercializar inmediatamente despu\u00e9s de su producci\u00f3n, lo que reduce las p\u00e9rdidas de energ\u00eda relacionadas con el almacenamiento y el transporte. <\/li>\n<li dir=\"auto\"><strong>Flexibilidad y adaptabilidad<\/strong>: Las unidades m\u00f3viles de producci\u00f3n, como Proxiflex, est\u00e1n dise\u00f1adas para ser f\u00e1ciles de transportar y adaptarse a diferentes tipos de materias primas. Esta flexibilidad permite responder a las necesidades espec\u00edficas de distintos sectores, como la agricultura, la silvicultura y las administraciones locales. <\/li>\n<\/ol>\n<h2>Las aplicaciones de Proxiflex<\/h2>\n<p dir=\"auto\">Proxiflex ofrece una soluci\u00f3n flexible y adaptable para el aprovechamiento de los residuos verdes y la producci\u00f3n de pellets de madera. Aqu\u00ed tienes algunos ejemplos de aplicaciones para distintos sectores profesionales: <\/p>\n<ol>\n<li dir=\"auto\"><strong>Agricultura<\/strong>: Las unidades m\u00f3viles de producci\u00f3n se pueden usar para transformar los residuos agr\u00edcolas en pellets de madera, lo que ofrece una soluci\u00f3n de <a href=\"https:\/\/proxipel.ch\/es\/unidad-movil-de-peletizacion-para-el-sector-agricola\/\">calefacci\u00f3n ecol\u00f3gica y econ\u00f3mica para las explotaciones agr\u00edcolas<\/a>. Los <a href=\"https:\/\/proxipel.ch\/es\/pellets-de-miscanthus-una-alternativa-sostenible-a-la-lena-como-fuente-de-energia\/\"><span style=\"color: #99cc00;\">pellets de miscanthus<\/span><\/a> o de paja se pueden usar para calentar invernaderos, naves ganaderas y viviendas. <\/li>\n<li dir=\"auto\"><strong>Silvicultura<\/strong>: Las unidades m\u00f3viles de producci\u00f3n se pueden utilizar para aprovechar los residuos de madera procedentes de la explotaci\u00f3n forestal, contribuyendo as\u00ed a la gesti\u00f3n sostenible de los bosques. Los pellets se pueden usar para calentar los edificios forestales y las viviendas <a href=\"https:\/\/proxipel.ch\/es\/unidad-movil-de-peletizacion-para-el-sector-forestal-de-la-madera\/\">de los trabajadores forestales<\/a>. <\/li>\n<li dir=\"auto\"><strong>Aserraderos<\/strong> y empresas de primera transformaci\u00f3n de la madera: Las unidades m\u00f3viles se pueden utilizar para<a href=\"https:\/\/proxipel.ch\/es\/aserradero-transforma-tus-residuos-de-madera-en-pellets-alli-mismo\/\"><span style=\"color: #99cc00;\"> transformar los residuos de los aserraderos<\/span><\/a> en pellets de alto valor a\u00f1adido.<\/li>\n<li dir=\"auto\"><strong>Administraciones locales<\/strong>: Las unidades m\u00f3viles de producci\u00f3n se pueden utilizar para transformar los residuos verdes procedentes del mantenimiento de parques y jardines en pellets de madera, ofreciendo as\u00ed una soluci\u00f3n de calefacci\u00f3n ecol\u00f3gica para los edificios p\u00fablicos. Los pellets se pueden usar para calentar colegios, hospitales, oficinas administrativas y viviendas sociales. <\/li>\n<li dir=\"auto\"><strong>Empresas de reciclaje<\/strong>: Las unidades m\u00f3viles de producci\u00f3n se pueden utilizar para <a href=\"https:\/\/proxipel.ch\/es\/unidad-movil-de-peletizacion-para-el-reciclaje-y-el-tratamiento-de-residuos\/\">transformar los residuos verdes generados por las actividades de reciclaje<\/a> en pellets de madera, ofreciendo as\u00ed una soluci\u00f3n de calefacci\u00f3n ecol\u00f3gica para edificios industriales. Los pellets se pueden utilizar para calentar f\u00e1bricas, almacenes y oficinas. <\/li>\n<li dir=\"auto\"><strong>Centros ecuestres y yeguadas<\/strong>: Las unidades m\u00f3viles de producci\u00f3n se pueden utilizar para transformar los residuos verdes generados por las actividades ecuestres en pellets de madera, ofreciendo as\u00ed una soluci\u00f3n de calefacci\u00f3n ecol\u00f3gica para las instalaciones ecuestres. Los pellets se pueden utilizar para calentar los establos, los picaderos y las viviendas de los empleados. <\/li>\n<\/ol>\n<h2>Conclusi\u00f3n<\/h2>\n<p dir=\"auto\">Proxiflex, la unidad m\u00f3vil de peletizaci\u00f3n desarrollada por Proxipel, supone un gran avance en el \u00e1mbito de la valorizaci\u00f3n de los residuos verdes y la producci\u00f3n de pellets de madera. Gracias a su movilidad, flexibilidad y eficiencia, Proxiflex ofrece una soluci\u00f3n innovadora, ecol\u00f3gica y econ\u00f3mica para los profesionales de diversos sectores. Al reducir los costes de transporte, minimizar la huella de carbono y optimizar la eficiencia energ\u00e9tica, Proxiflex contribuye a la protecci\u00f3n del medio ambiente y a la promoci\u00f3n de una econom\u00eda circular. Al adoptar esta tecnolog\u00eda, todos los profesionales pueden contribuir a la transici\u00f3n hacia una econom\u00eda m\u00e1s sostenible y respetuosa con el medio ambiente.   <\/p>\n<h2>Servicios Proxiflex :<\/h2>\n<ul>\n<li><a href=\"https:\/\/proxipel.ch\/es\/proxiflex\/\">Nuestra soluci\u00f3n m\u00f3vil de granulaci\u00f3n<\/a><\/li>\n<li><a href=\"https:\/\/proxipel.ch\/es\/tecnologia\/\">Nuestra tecnolog\u00eda innovadora<\/a><\/li>\n<li><a href=\"https:\/\/proxipel.ch\/es\/alquiler-de-unidades\/\">Alquiler de una unidad m\u00f3vil de peletizaci\u00f3n<\/a><\/li>\n<li><a href=\"https:\/\/proxipel.ch\/es\/pellets\/\">Venta de pellets<\/a><\/li>\n<\/ul>\n<h2>Contacta con nosotros<\/h2>\n<ul>\n<li><a href=\"https:\/\/proxipel.ch\/es\/ponte-en-contacto-con\/\">Planta m\u00f3vil de granulaci\u00f3n<\/a><\/li>\n<li><a href=\"mailto:Info@proxipel.com\">Info@proxipel.com informar<\/a><\/li>\n<li>Tel : <a href=\"tel:+41218013349\">+41 21 801 33 49<\/a><\/li>\n<\/ul>\n","protected":false},"excerpt":{"rendered":"<p>Proxipel te presenta las aplicaciones de su unidad m\u00f3vil de peletizaci\u00f3n integral. En el sector del aprovechamiento de los residuos verdes y la producci\u00f3n de pellets de madera, la innovaci\u00f3n tecnol\u00f3gica juega un papel clave a la hora de satisfacer las necesidades de los profesionales. Proxipel, una empresa pionera en este campo, ha desarrollado una [&hellip;]<\/p>\n","protected":false},"author":7,"featured_media":1282,"parent":0,"menu_order":0,"comment_status":"closed","ping_status":"closed","template":"","meta":{"_et_pb_use_builder":"","_et_pb_old_content":"","_et_gb_content_width":"","inline_featured_image":false,"footnotes":""},"class_list":["post-3127","page","type-page","status-publish","has-post-thumbnail","hentry"],"yoast_head":"<!-- This site is optimized with the Yoast SEO plugin v28.3 - https:\/\/yoast.com\/product\/yoast-seo-wordpress\/ -->\n<title>Una unidad m\u00f3vil de peletizaci\u00f3n para todos los profesionales<\/title>\n<meta name=\"description\" content=\"Descubre Proxiflex, la unidad m\u00f3vil de peletizaci\u00f3n de Proxipel, para transformar los residuos vegetales en pellets de madera.\" \/>\n<meta name=\"robots\" content=\"index, follow, max-snippet:-1, max-image-preview:large, max-video-preview:-1\" \/>\n<link rel=\"canonical\" href=\"https:\/\/proxipel.ch\/es\/una-unidad-movil-de-peletizacion-para-todos-los-profesionales-proxiflex-de-proxipel\/\" \/>\n<meta property=\"og:locale\" content=\"es_ES\" \/>\n<meta property=\"og:type\" content=\"article\" \/>\n<meta property=\"og:title\" content=\"Una unidad m\u00f3vil de peletizaci\u00f3n para todos los profesionales\" \/>\n<meta property=\"og:description\" content=\"Descubre Proxiflex, la unidad m\u00f3vil de peletizaci\u00f3n de Proxipel, para transformar los residuos vegetales en pellets de madera.\" \/>\n<meta property=\"og:url\" content=\"https:\/\/proxipel.ch\/es\/una-unidad-movil-de-peletizacion-para-todos-los-profesionales-proxiflex-de-proxipel\/\" \/>\n<meta property=\"og:site_name\" content=\"Proxipel\" \/>\n<meta property=\"article:modified_time\" content=\"2026-07-14T15:49:30+00:00\" \/>\n<meta property=\"og:image\" content=\"https:\/\/proxipel.ch\/wp-content\/uploads\/2024\/10\/proxipel-camion-pellet.jpg\" \/>\n\t<meta property=\"og:image:width\" content=\"1200\" \/>\n\t<meta property=\"og:image:height\" content=\"449\" \/>\n\t<meta property=\"og:image:type\" content=\"image\/jpeg\" \/>\n<meta name=\"twitter:card\" content=\"summary_large_image\" \/>\n<meta name=\"twitter:label1\" content=\"Tiempo de lectura\" \/>\n\t<meta name=\"twitter:data1\" content=\"6 minutos\" \/>\n<script type=\"application\/ld+json\" class=\"yoast-schema-graph\">{\"@context\":\"https:\\\/\\\/schema.org\",\"@graph\":[{\"@type\":\"WebPage\",\"@id\":\"https:\\\/\\\/proxipel.ch\\\/es\\\/una-unidad-movil-de-peletizacion-para-todos-los-profesionales-proxiflex-de-proxipel\\\/\",\"url\":\"https:\\\/\\\/proxipel.ch\\\/es\\\/una-unidad-movil-de-peletizacion-para-todos-los-profesionales-proxiflex-de-proxipel\\\/\",\"name\":\"Una unidad m\u00f3vil de peletizaci\u00f3n para todos los profesionales\",\"isPartOf\":{\"@id\":\"https:\\\/\\\/proxipel.ch\\\/es\\\/#website\"},\"primaryImageOfPage\":{\"@id\":\"https:\\\/\\\/proxipel.ch\\\/es\\\/una-unidad-movil-de-peletizacion-para-todos-los-profesionales-proxiflex-de-proxipel\\\/#primaryimage\"},\"image\":{\"@id\":\"https:\\\/\\\/proxipel.ch\\\/es\\\/una-unidad-movil-de-peletizacion-para-todos-los-profesionales-proxiflex-de-proxipel\\\/#primaryimage\"},\"thumbnailUrl\":\"https:\\\/\\\/proxipel.ch\\\/wp-content\\\/uploads\\\/2024\\\/10\\\/proxipel-camion-pellet.jpg\",\"datePublished\":\"2025-06-02T12:32:07+00:00\",\"dateModified\":\"2026-07-14T15:49:30+00:00\",\"description\":\"Descubre Proxiflex, la unidad m\u00f3vil de peletizaci\u00f3n de Proxipel, para transformar los residuos vegetales en pellets de madera.\",\"breadcrumb\":{\"@id\":\"https:\\\/\\\/proxipel.ch\\\/es\\\/una-unidad-movil-de-peletizacion-para-todos-los-profesionales-proxiflex-de-proxipel\\\/#breadcrumb\"},\"inLanguage\":\"es\",\"potentialAction\":[{\"@type\":\"ReadAction\",\"target\":[\"https:\\\/\\\/proxipel.ch\\\/es\\\/una-unidad-movil-de-peletizacion-para-todos-los-profesionales-proxiflex-de-proxipel\\\/\"]}]},{\"@type\":\"ImageObject\",\"inLanguage\":\"es\",\"@id\":\"https:\\\/\\\/proxipel.ch\\\/es\\\/una-unidad-movil-de-peletizacion-para-todos-los-profesionales-proxiflex-de-proxipel\\\/#primaryimage\",\"url\":\"https:\\\/\\\/proxipel.ch\\\/wp-content\\\/uploads\\\/2024\\\/10\\\/proxipel-camion-pellet.jpg\",\"contentUrl\":\"https:\\\/\\\/proxipel.ch\\\/wp-content\\\/uploads\\\/2024\\\/10\\\/proxipel-camion-pellet.jpg\",\"width\":1200,\"height\":449,\"caption\":\"proxipel-camion-pellet\"},{\"@type\":\"BreadcrumbList\",\"@id\":\"https:\\\/\\\/proxipel.ch\\\/es\\\/una-unidad-movil-de-peletizacion-para-todos-los-profesionales-proxiflex-de-proxipel\\\/#breadcrumb\",\"itemListElement\":[{\"@type\":\"ListItem\",\"position\":1,\"name\":\"Inicio\",\"item\":\"https:\\\/\\\/proxipel.ch\\\/es\\\/\"},{\"@type\":\"ListItem\",\"position\":2,\"name\":\"Una unidad m\u00f3vil de peletizaci\u00f3n para todos los profesionales: Proxiflex de Proxipel\"}]},{\"@type\":\"WebSite\",\"@id\":\"https:\\\/\\\/proxipel.ch\\\/es\\\/#website\",\"url\":\"https:\\\/\\\/proxipel.ch\\\/es\\\/\",\"name\":\"Proxipel\",\"description\":\"La premi\u00e8re unit\u00e9 mobile de pelletisation int\u00e9grale\",\"publisher\":{\"@id\":\"https:\\\/\\\/proxipel.ch\\\/es\\\/#organization\"},\"potentialAction\":[{\"@type\":\"SearchAction\",\"target\":{\"@type\":\"EntryPoint\",\"urlTemplate\":\"https:\\\/\\\/proxipel.ch\\\/es\\\/?s={search_term_string}\"},\"query-input\":{\"@type\":\"PropertyValueSpecification\",\"valueRequired\":true,\"valueName\":\"search_term_string\"}}],\"inLanguage\":\"es\"},{\"@type\":\"Organization\",\"@id\":\"https:\\\/\\\/proxipel.ch\\\/es\\\/#organization\",\"name\":\"Proxipel\",\"url\":\"https:\\\/\\\/proxipel.ch\\\/es\\\/\",\"logo\":{\"@type\":\"ImageObject\",\"inLanguage\":\"es\",\"@id\":\"https:\\\/\\\/proxipel.ch\\\/es\\\/#\\\/schema\\\/logo\\\/image\\\/\",\"url\":\"https:\\\/\\\/proxipel.ch\\\/wp-content\\\/uploads\\\/2024\\\/04\\\/proxipel.svg\",\"contentUrl\":\"https:\\\/\\\/proxipel.ch\\\/wp-content\\\/uploads\\\/2024\\\/04\\\/proxipel.svg\",\"width\":\"1024\",\"height\":\"1024\",\"caption\":\"Proxipel\"},\"image\":{\"@id\":\"https:\\\/\\\/proxipel.ch\\\/es\\\/#\\\/schema\\\/logo\\\/image\\\/\"}}]}<\/script>\n<!-- \/ Yoast SEO plugin. -->","yoast_head_json":{"title":"Una unidad m\u00f3vil de peletizaci\u00f3n para todos los profesionales","description":"Descubre Proxiflex, la unidad m\u00f3vil de peletizaci\u00f3n de Proxipel, para transformar los residuos vegetales en pellets de madera.","robots":{"index":"index","follow":"follow","max-snippet":"max-snippet:-1","max-image-preview":"max-image-preview:large","max-video-preview":"max-video-preview:-1"},"canonical":"https:\/\/proxipel.ch\/es\/una-unidad-movil-de-peletizacion-para-todos-los-profesionales-proxiflex-de-proxipel\/","og_locale":"es_ES","og_type":"article","og_title":"Una unidad m\u00f3vil de peletizaci\u00f3n para todos los profesionales","og_description":"Descubre Proxiflex, la unidad m\u00f3vil de peletizaci\u00f3n de Proxipel, para transformar los residuos vegetales en pellets de madera.","og_url":"https:\/\/proxipel.ch\/es\/una-unidad-movil-de-peletizacion-para-todos-los-profesionales-proxiflex-de-proxipel\/","og_site_name":"Proxipel","article_modified_time":"2026-07-14T15:49:30+00:00","og_image":[{"width":1200,"height":449,"url":"https:\/\/proxipel.ch\/wp-content\/uploads\/2024\/10\/proxipel-camion-pellet.jpg","type":"image\/jpeg"}],"twitter_card":"summary_large_image","twitter_misc":{"Tiempo de lectura":"6 minutos"},"schema":{"@context":"https:\/\/schema.org","@graph":[{"@type":"WebPage","@id":"https:\/\/proxipel.ch\/es\/una-unidad-movil-de-peletizacion-para-todos-los-profesionales-proxiflex-de-proxipel\/","url":"https:\/\/proxipel.ch\/es\/una-unidad-movil-de-peletizacion-para-todos-los-profesionales-proxiflex-de-proxipel\/","name":"Una unidad m\u00f3vil de peletizaci\u00f3n para todos los profesionales","isPartOf":{"@id":"https:\/\/proxipel.ch\/es\/#website"},"primaryImageOfPage":{"@id":"https:\/\/proxipel.ch\/es\/una-unidad-movil-de-peletizacion-para-todos-los-profesionales-proxiflex-de-proxipel\/#primaryimage"},"image":{"@id":"https:\/\/proxipel.ch\/es\/una-unidad-movil-de-peletizacion-para-todos-los-profesionales-proxiflex-de-proxipel\/#primaryimage"},"thumbnailUrl":"https:\/\/proxipel.ch\/wp-content\/uploads\/2024\/10\/proxipel-camion-pellet.jpg","datePublished":"2025-06-02T12:32:07+00:00","dateModified":"2026-07-14T15:49:30+00:00","description":"Descubre Proxiflex, la unidad m\u00f3vil de peletizaci\u00f3n de Proxipel, para transformar los residuos vegetales en pellets de madera.","breadcrumb":{"@id":"https:\/\/proxipel.ch\/es\/una-unidad-movil-de-peletizacion-para-todos-los-profesionales-proxiflex-de-proxipel\/#breadcrumb"},"inLanguage":"es","potentialAction":[{"@type":"ReadAction","target":["https:\/\/proxipel.ch\/es\/una-unidad-movil-de-peletizacion-para-todos-los-profesionales-proxiflex-de-proxipel\/"]}]},{"@type":"ImageObject","inLanguage":"es","@id":"https:\/\/proxipel.ch\/es\/una-unidad-movil-de-peletizacion-para-todos-los-profesionales-proxiflex-de-proxipel\/#primaryimage","url":"https:\/\/proxipel.ch\/wp-content\/uploads\/2024\/10\/proxipel-camion-pellet.jpg","contentUrl":"https:\/\/proxipel.ch\/wp-content\/uploads\/2024\/10\/proxipel-camion-pellet.jpg","width":1200,"height":449,"caption":"proxipel-camion-pellet"},{"@type":"BreadcrumbList","@id":"https:\/\/proxipel.ch\/es\/una-unidad-movil-de-peletizacion-para-todos-los-profesionales-proxiflex-de-proxipel\/#breadcrumb","itemListElement":[{"@type":"ListItem","position":1,"name":"Inicio","item":"https:\/\/proxipel.ch\/es\/"},{"@type":"ListItem","position":2,"name":"Una unidad m\u00f3vil de peletizaci\u00f3n para todos los profesionales: Proxiflex de Proxipel"}]},{"@type":"WebSite","@id":"https:\/\/proxipel.ch\/es\/#website","url":"https:\/\/proxipel.ch\/es\/","name":"Proxipel","description":"La premi\u00e8re unit\u00e9 mobile de pelletisation int\u00e9grale","publisher":{"@id":"https:\/\/proxipel.ch\/es\/#organization"},"potentialAction":[{"@type":"SearchAction","target":{"@type":"EntryPoint","urlTemplate":"https:\/\/proxipel.ch\/es\/?s={search_term_string}"},"query-input":{"@type":"PropertyValueSpecification","valueRequired":true,"valueName":"search_term_string"}}],"inLanguage":"es"},{"@type":"Organization","@id":"https:\/\/proxipel.ch\/es\/#organization","name":"Proxipel","url":"https:\/\/proxipel.ch\/es\/","logo":{"@type":"ImageObject","inLanguage":"es","@id":"https:\/\/proxipel.ch\/es\/#\/schema\/logo\/image\/","url":"https:\/\/proxipel.ch\/wp-content\/uploads\/2024\/04\/proxipel.svg","contentUrl":"https:\/\/proxipel.ch\/wp-content\/uploads\/2024\/04\/proxipel.svg","width":"1024","height":"1024","caption":"Proxipel"},"image":{"@id":"https:\/\/proxipel.ch\/es\/#\/schema\/logo\/image\/"}}]}},"_links":{"self":[{"href":"https:\/\/proxipel.ch\/es\/wp-json\/wp\/v2\/pages\/3127","targetHints":{"allow":["GET"]}}],"collection":[{"href":"https:\/\/proxipel.ch\/es\/wp-json\/wp\/v2\/pages"}],"about":[{"href":"https:\/\/proxipel.ch\/es\/wp-json\/wp\/v2\/types\/page"}],"author":[{"embeddable":true,"href":"https:\/\/proxipel.ch\/es\/wp-json\/wp\/v2\/users\/7"}],"replies":[{"embeddable":true,"href":"https:\/\/proxipel.ch\/es\/wp-json\/wp\/v2\/comments?post=3127"}],"version-history":[{"count":1,"href":"https:\/\/proxipel.ch\/es\/wp-json\/wp\/v2\/pages\/3127\/revisions"}],"predecessor-version":[{"id":3129,"href":"https:\/\/proxipel.ch\/es\/wp-json\/wp\/v2\/pages\/3127\/revisions\/3129"}],"wp:featuredmedia":[{"embeddable":true,"href":"https:\/\/proxipel.ch\/es\/wp-json\/wp\/v2\/media\/1282"}],"wp:attachment":[{"href":"https:\/\/proxipel.ch\/es\/wp-json\/wp\/v2\/media?parent=3127"}],"curies":[{"name":"wp","href":"https:\/\/api.w.org\/{rel}","templated":true}]}}