{"id":3101,"date":"2025-06-02T15:33:37","date_gmt":"2025-06-02T13:33:37","guid":{"rendered":"https:\/\/proxipel.ch\/unidad-movil-de-peletizacion-para-compostadora\/"},"modified":"2026-06-29T10:45:21","modified_gmt":"2026-06-29T08:45:21","slug":"unidad-movil-de-peletizacion-para-compostadora","status":"publish","type":"page","link":"https:\/\/proxipel.ch\/es\/unidad-movil-de-peletizacion-para-compostadora\/","title":{"rendered":"Unidad m\u00f3vil de peletizaci\u00f3n para compostadora"},"content":{"rendered":"<p><img decoding=\"async\" class=\"aligncenter wp-image-289 \" src=\"https:\/\/proxipel.ch\/wp-content\/uploads\/2024\/04\/proxipel.svg\" alt=\"\" width=\"675\" height=\"345\"><\/p>\n<p>Aprovecha nuestra unidad m\u00f3vil de peletizaci\u00f3n, dise\u00f1ada especialmente para las plantas de compostaje. Las plantas de compostaje son instalaciones donde se aprovechan los residuos org\u00e1nicos y los residuos verdes para convertirlos en compost o en le\u00f1a para calefacci\u00f3n. Nuestras unidades m\u00f3viles est\u00e1n dise\u00f1adas para transformar de forma r\u00e1pida y eficaz tus astillas y residuos verdes en pellets, que se utilizan como combustible para la calefacci\u00f3n.  <\/p>\n<h2>Proxipel, especialista en unidades m\u00f3viles de peletizaci\u00f3n para el reciclaje y el tratamiento de residuos<\/h2>\n<p>Proxipel ha desarrollado una unidad de peletizaci\u00f3n m\u00f3vil \u00fanica: Proxiflex. Esta planta de producci\u00f3n, miniaturizada para que pueda integrarse totalmente en un semirremolque, garantiza una gran eficacia. <\/p>\n<p>Gracias a su movilidad, la planta est\u00e1 m\u00e1s cerca de la biomasa y del consumidor, lo que reduce considerablemente el impacto del transporte y la entrega de pellets. El principio de los circuitos cortos es el n\u00facleo de este enfoque. <\/p>\n<p>Equipado con un secador patentado, Proxiflex produce pelets que cumplen la norma ISO 17225. Una vez fuera de la unidad, los pellets pueden consumirse y comercializarse inmediatamente. El rendimiento del secador permite utilizar materias primas con un contenido de humedad de hasta el 50%.  <\/p>\n<h2>Proxipel, la referencia en unidades m\u00f3viles de peletizaci\u00f3n para todos los profesionales<\/h2>\n<p>Descubre nuestra unidad m\u00f3vil de peletizaci\u00f3n para plantas de compostaje. Esta soluci\u00f3n te permite transformar tus residuos de madera en pellets de alta calidad, directamente en tus instalaciones. Proxipel te ofrece soluciones a medida para una peletizaci\u00f3n \u00f3ptima de tus residuos de madera.  <\/p>\n<h2>Servicios Proxiflex :<\/h2>\n<ul>\n<li><a href=\"https:\/\/proxipel.ch\/es\/?page_id=1158\">Nuestra soluci\u00f3n m\u00f3vil de granulaci\u00f3n<\/a><\/li>\n<li><a href=\"https:\/\/proxipel.ch\/es\/tecnologia\/\">Nuestra tecnolog\u00eda innovadora<\/a><\/li>\n<li><a href=\"https:\/\/proxipel.ch\/es\/?page_id=1141\">Alquiler de una unidad m\u00f3vil de peletizaci\u00f3n<\/a><\/li>\n<li><a href=\"https:\/\/proxipel.ch\/es\/?page_id=1114\">Venta de pellets<\/a><\/li>\n<\/ul>\n<h2>Contacta con nosotros<\/h2>\n<ul>\n<li><a href=\"https:\/\/proxipel.ch\/es\/?page_id=1070\">P\u00e1gina de contacto<\/a><\/li>\n<li>Info [at] proxipel.com<\/li>\n<li>Tel : <a href=\"tel:+41218013349\">+41 21 801 33 49<\/a><\/li>\n<\/ul>\n","protected":false},"excerpt":{"rendered":"<p>Aprovecha nuestra unidad m\u00f3vil de peletizaci\u00f3n, dise\u00f1ada especialmente para las plantas de compostaje. Las plantas de compostaje son instalaciones donde se aprovechan los residuos org\u00e1nicos y los residuos verdes para convertirlos en compost o en le\u00f1a para calefacci\u00f3n. Nuestras unidades m\u00f3viles est\u00e1n dise\u00f1adas para transformar de forma r\u00e1pida y eficaz tus astillas y residuos verdes [&hellip;]<\/p>\n","protected":false},"author":7,"featured_media":1576,"parent":0,"menu_order":0,"comment_status":"closed","ping_status":"closed","template":"","meta":{"_et_pb_use_builder":"","_et_pb_old_content":"","_et_gb_content_width":"","inline_featured_image":false,"footnotes":""},"class_list":["post-3101","page","type-page","status-publish","has-post-thumbnail","hentry"],"yoast_head":"<!-- This site is optimized with the Yoast SEO plugin v28.3 - https:\/\/yoast.com\/product\/yoast-seo-wordpress\/ -->\n<title>Unidad m\u00f3vil de peletizaci\u00f3n para compostadora - Proxipel<\/title>\n<meta name=\"description\" content=\"Unidad m\u00f3vil de peletizaci\u00f3n para compostadoras: descubre Proxipel, la primera soluci\u00f3n m\u00f3vil de granulaci\u00f3n integral.\" \/>\n<meta name=\"robots\" content=\"index, follow, max-snippet:-1, max-image-preview:large, max-video-preview:-1\" \/>\n<link rel=\"canonical\" href=\"https:\/\/proxipel.ch\/es\/unidad-movil-de-peletizacion-para-compostadora\/\" \/>\n<meta property=\"og:locale\" content=\"es_ES\" \/>\n<meta property=\"og:type\" content=\"article\" \/>\n<meta property=\"og:title\" content=\"Unidad m\u00f3vil de peletizaci\u00f3n para compostadora - Proxipel\" \/>\n<meta property=\"og:description\" content=\"Unidad m\u00f3vil de peletizaci\u00f3n para compostadoras: descubre Proxipel, la primera soluci\u00f3n m\u00f3vil de granulaci\u00f3n integral.\" \/>\n<meta property=\"og:url\" content=\"https:\/\/proxipel.ch\/es\/unidad-movil-de-peletizacion-para-compostadora\/\" \/>\n<meta property=\"og:site_name\" content=\"Proxipel\" \/>\n<meta property=\"article:modified_time\" content=\"2026-06-29T08:45:21+00:00\" \/>\n<meta property=\"og:image\" content=\"https:\/\/proxipel.ch\/wp-content\/uploads\/2025\/06\/Granules-de-Compost.webp\" \/>\n\t<meta property=\"og:image:width\" content=\"1536\" \/>\n\t<meta property=\"og:image:height\" content=\"1024\" \/>\n\t<meta property=\"og:image:type\" content=\"image\/webp\" \/>\n<meta name=\"twitter:card\" content=\"summary_large_image\" \/>\n<meta name=\"twitter:label1\" content=\"Tiempo de lectura\" \/>\n\t<meta name=\"twitter:data1\" content=\"2 minutos\" \/>\n<script type=\"application\/ld+json\" class=\"yoast-schema-graph\">{\"@context\":\"https:\\\/\\\/schema.org\",\"@graph\":[{\"@type\":\"WebPage\",\"@id\":\"https:\\\/\\\/proxipel.ch\\\/es\\\/unidad-movil-de-peletizacion-para-compostadora\\\/\",\"url\":\"https:\\\/\\\/proxipel.ch\\\/es\\\/unidad-movil-de-peletizacion-para-compostadora\\\/\",\"name\":\"Unidad m\u00f3vil de peletizaci\u00f3n para compostadora - Proxipel\",\"isPartOf\":{\"@id\":\"https:\\\/\\\/proxipel.ch\\\/es\\\/#website\"},\"primaryImageOfPage\":{\"@id\":\"https:\\\/\\\/proxipel.ch\\\/es\\\/unidad-movil-de-peletizacion-para-compostadora\\\/#primaryimage\"},\"image\":{\"@id\":\"https:\\\/\\\/proxipel.ch\\\/es\\\/unidad-movil-de-peletizacion-para-compostadora\\\/#primaryimage\"},\"thumbnailUrl\":\"https:\\\/\\\/proxipel.ch\\\/wp-content\\\/uploads\\\/2025\\\/06\\\/Granules-de-Compost.webp\",\"datePublished\":\"2025-06-02T13:33:37+00:00\",\"dateModified\":\"2026-06-29T08:45:21+00:00\",\"description\":\"Unidad m\u00f3vil de peletizaci\u00f3n para compostadoras: descubre Proxipel, la primera soluci\u00f3n m\u00f3vil de granulaci\u00f3n integral.\",\"breadcrumb\":{\"@id\":\"https:\\\/\\\/proxipel.ch\\\/es\\\/unidad-movil-de-peletizacion-para-compostadora\\\/#breadcrumb\"},\"inLanguage\":\"es\",\"potentialAction\":[{\"@type\":\"ReadAction\",\"target\":[\"https:\\\/\\\/proxipel.ch\\\/es\\\/unidad-movil-de-peletizacion-para-compostadora\\\/\"]}]},{\"@type\":\"ImageObject\",\"inLanguage\":\"es\",\"@id\":\"https:\\\/\\\/proxipel.ch\\\/es\\\/unidad-movil-de-peletizacion-para-compostadora\\\/#primaryimage\",\"url\":\"https:\\\/\\\/proxipel.ch\\\/wp-content\\\/uploads\\\/2025\\\/06\\\/Granules-de-Compost.webp\",\"contentUrl\":\"https:\\\/\\\/proxipel.ch\\\/wp-content\\\/uploads\\\/2025\\\/06\\\/Granules-de-Compost.webp\",\"width\":1536,\"height\":1024,\"caption\":\"Granul\u00e9s de compost\"},{\"@type\":\"BreadcrumbList\",\"@id\":\"https:\\\/\\\/proxipel.ch\\\/es\\\/unidad-movil-de-peletizacion-para-compostadora\\\/#breadcrumb\",\"itemListElement\":[{\"@type\":\"ListItem\",\"position\":1,\"name\":\"Inicio\",\"item\":\"https:\\\/\\\/proxipel.ch\\\/es\\\/\"},{\"@type\":\"ListItem\",\"position\":2,\"name\":\"Unidad m\u00f3vil de peletizaci\u00f3n para compostadora\"}]},{\"@type\":\"WebSite\",\"@id\":\"https:\\\/\\\/proxipel.ch\\\/es\\\/#website\",\"url\":\"https:\\\/\\\/proxipel.ch\\\/es\\\/\",\"name\":\"Proxipel\",\"description\":\"La premi\u00e8re unit\u00e9 mobile de pelletisation int\u00e9grale\",\"publisher\":{\"@id\":\"https:\\\/\\\/proxipel.ch\\\/es\\\/#organization\"},\"potentialAction\":[{\"@type\":\"SearchAction\",\"target\":{\"@type\":\"EntryPoint\",\"urlTemplate\":\"https:\\\/\\\/proxipel.ch\\\/es\\\/?s={search_term_string}\"},\"query-input\":{\"@type\":\"PropertyValueSpecification\",\"valueRequired\":true,\"valueName\":\"search_term_string\"}}],\"inLanguage\":\"es\"},{\"@type\":\"Organization\",\"@id\":\"https:\\\/\\\/proxipel.ch\\\/es\\\/#organization\",\"name\":\"Proxipel\",\"url\":\"https:\\\/\\\/proxipel.ch\\\/es\\\/\",\"logo\":{\"@type\":\"ImageObject\",\"inLanguage\":\"es\",\"@id\":\"https:\\\/\\\/proxipel.ch\\\/es\\\/#\\\/schema\\\/logo\\\/image\\\/\",\"url\":\"https:\\\/\\\/proxipel.ch\\\/wp-content\\\/uploads\\\/2024\\\/04\\\/proxipel.svg\",\"contentUrl\":\"https:\\\/\\\/proxipel.ch\\\/wp-content\\\/uploads\\\/2024\\\/04\\\/proxipel.svg\",\"width\":\"1024\",\"height\":\"1024\",\"caption\":\"Proxipel\"},\"image\":{\"@id\":\"https:\\\/\\\/proxipel.ch\\\/es\\\/#\\\/schema\\\/logo\\\/image\\\/\"}}]}<\/script>\n<!-- \/ Yoast SEO plugin. -->","yoast_head_json":{"title":"Unidad m\u00f3vil de peletizaci\u00f3n para compostadora - Proxipel","description":"Unidad m\u00f3vil de peletizaci\u00f3n para compostadoras: descubre Proxipel, la primera soluci\u00f3n m\u00f3vil de granulaci\u00f3n integral.","robots":{"index":"index","follow":"follow","max-snippet":"max-snippet:-1","max-image-preview":"max-image-preview:large","max-video-preview":"max-video-preview:-1"},"canonical":"https:\/\/proxipel.ch\/es\/unidad-movil-de-peletizacion-para-compostadora\/","og_locale":"es_ES","og_type":"article","og_title":"Unidad m\u00f3vil de peletizaci\u00f3n para compostadora - Proxipel","og_description":"Unidad m\u00f3vil de peletizaci\u00f3n para compostadoras: descubre Proxipel, la primera soluci\u00f3n m\u00f3vil de granulaci\u00f3n integral.","og_url":"https:\/\/proxipel.ch\/es\/unidad-movil-de-peletizacion-para-compostadora\/","og_site_name":"Proxipel","article_modified_time":"2026-06-29T08:45:21+00:00","og_image":[{"width":1536,"height":1024,"url":"https:\/\/proxipel.ch\/wp-content\/uploads\/2025\/06\/Granules-de-Compost.webp","type":"image\/webp"}],"twitter_card":"summary_large_image","twitter_misc":{"Tiempo de lectura":"2 minutos"},"schema":{"@context":"https:\/\/schema.org","@graph":[{"@type":"WebPage","@id":"https:\/\/proxipel.ch\/es\/unidad-movil-de-peletizacion-para-compostadora\/","url":"https:\/\/proxipel.ch\/es\/unidad-movil-de-peletizacion-para-compostadora\/","name":"Unidad m\u00f3vil de peletizaci\u00f3n para compostadora - Proxipel","isPartOf":{"@id":"https:\/\/proxipel.ch\/es\/#website"},"primaryImageOfPage":{"@id":"https:\/\/proxipel.ch\/es\/unidad-movil-de-peletizacion-para-compostadora\/#primaryimage"},"image":{"@id":"https:\/\/proxipel.ch\/es\/unidad-movil-de-peletizacion-para-compostadora\/#primaryimage"},"thumbnailUrl":"https:\/\/proxipel.ch\/wp-content\/uploads\/2025\/06\/Granules-de-Compost.webp","datePublished":"2025-06-02T13:33:37+00:00","dateModified":"2026-06-29T08:45:21+00:00","description":"Unidad m\u00f3vil de peletizaci\u00f3n para compostadoras: descubre Proxipel, la primera soluci\u00f3n m\u00f3vil de granulaci\u00f3n integral.","breadcrumb":{"@id":"https:\/\/proxipel.ch\/es\/unidad-movil-de-peletizacion-para-compostadora\/#breadcrumb"},"inLanguage":"es","potentialAction":[{"@type":"ReadAction","target":["https:\/\/proxipel.ch\/es\/unidad-movil-de-peletizacion-para-compostadora\/"]}]},{"@type":"ImageObject","inLanguage":"es","@id":"https:\/\/proxipel.ch\/es\/unidad-movil-de-peletizacion-para-compostadora\/#primaryimage","url":"https:\/\/proxipel.ch\/wp-content\/uploads\/2025\/06\/Granules-de-Compost.webp","contentUrl":"https:\/\/proxipel.ch\/wp-content\/uploads\/2025\/06\/Granules-de-Compost.webp","width":1536,"height":1024,"caption":"Granul\u00e9s de compost"},{"@type":"BreadcrumbList","@id":"https:\/\/proxipel.ch\/es\/unidad-movil-de-peletizacion-para-compostadora\/#breadcrumb","itemListElement":[{"@type":"ListItem","position":1,"name":"Inicio","item":"https:\/\/proxipel.ch\/es\/"},{"@type":"ListItem","position":2,"name":"Unidad m\u00f3vil de peletizaci\u00f3n para compostadora"}]},{"@type":"WebSite","@id":"https:\/\/proxipel.ch\/es\/#website","url":"https:\/\/proxipel.ch\/es\/","name":"Proxipel","description":"La premi\u00e8re unit\u00e9 mobile de pelletisation int\u00e9grale","publisher":{"@id":"https:\/\/proxipel.ch\/es\/#organization"},"potentialAction":[{"@type":"SearchAction","target":{"@type":"EntryPoint","urlTemplate":"https:\/\/proxipel.ch\/es\/?s={search_term_string}"},"query-input":{"@type":"PropertyValueSpecification","valueRequired":true,"valueName":"search_term_string"}}],"inLanguage":"es"},{"@type":"Organization","@id":"https:\/\/proxipel.ch\/es\/#organization","name":"Proxipel","url":"https:\/\/proxipel.ch\/es\/","logo":{"@type":"ImageObject","inLanguage":"es","@id":"https:\/\/proxipel.ch\/es\/#\/schema\/logo\/image\/","url":"https:\/\/proxipel.ch\/wp-content\/uploads\/2024\/04\/proxipel.svg","contentUrl":"https:\/\/proxipel.ch\/wp-content\/uploads\/2024\/04\/proxipel.svg","width":"1024","height":"1024","caption":"Proxipel"},"image":{"@id":"https:\/\/proxipel.ch\/es\/#\/schema\/logo\/image\/"}}]}},"_links":{"self":[{"href":"https:\/\/proxipel.ch\/es\/wp-json\/wp\/v2\/pages\/3101","targetHints":{"allow":["GET"]}}],"collection":[{"href":"https:\/\/proxipel.ch\/es\/wp-json\/wp\/v2\/pages"}],"about":[{"href":"https:\/\/proxipel.ch\/es\/wp-json\/wp\/v2\/types\/page"}],"author":[{"embeddable":true,"href":"https:\/\/proxipel.ch\/es\/wp-json\/wp\/v2\/users\/7"}],"replies":[{"embeddable":true,"href":"https:\/\/proxipel.ch\/es\/wp-json\/wp\/v2\/comments?post=3101"}],"version-history":[{"count":1,"href":"https:\/\/proxipel.ch\/es\/wp-json\/wp\/v2\/pages\/3101\/revisions"}],"predecessor-version":[{"id":3103,"href":"https:\/\/proxipel.ch\/es\/wp-json\/wp\/v2\/pages\/3101\/revisions\/3103"}],"wp:featuredmedia":[{"embeddable":true,"href":"https:\/\/proxipel.ch\/es\/wp-json\/wp\/v2\/media\/1576"}],"wp:attachment":[{"href":"https:\/\/proxipel.ch\/es\/wp-json\/wp\/v2\/media?parent=3101"}],"curies":[{"name":"wp","href":"https:\/\/api.w.org\/{rel}","templated":true}]}}