{"id":2872,"date":"2025-06-03T13:37:14","date_gmt":"2025-06-03T11:37:14","guid":{"rendered":"https:\/\/proxipel.ch\/unidad-movil-de-peletizacion-para-el-sector-agricola\/"},"modified":"2026-07-14T18:04:55","modified_gmt":"2026-07-14T16:04:55","slug":"unidad-movil-de-peletizacion-para-el-sector-agricola","status":"publish","type":"page","link":"https:\/\/proxipel.ch\/es\/unidad-movil-de-peletizacion-para-el-sector-agricola\/","title":{"rendered":"Unidad m\u00f3vil de peletizaci\u00f3n para el sector agr\u00edcola"},"content":{"rendered":"<p><img decoding=\"async\" class=\"aligncenter wp-image-289 \" src=\"https:\/\/proxipel.ch\/wp-content\/uploads\/2024\/04\/proxipel.svg\" alt=\"\" width=\"675\" height=\"345\"><\/p>\n<p><a href=\"https:\/\/proxipel.ch\/es\/\">Proxipel, tu unidad m\u00f3vil de peletizaci\u00f3n integral<\/a>, te presenta las ventajas de su soluci\u00f3n para el sector agr\u00edcola. Aprovecha nuestra unidad m\u00f3vil de peletizaci\u00f3n, dise\u00f1ada especialmente para el sector agr\u00edcola. El sector agr\u00edcola es un sector econ\u00f3mico que agrupa las actividades relacionadas con la agricultura. Nuestras unidades m\u00f3viles est\u00e1n dise\u00f1adas para transformar de forma r\u00e1pida y eficaz tus residuos en agropellets, que se utilizan como combustible para la calefacci\u00f3n, como mantillo o como lecho para animales.   <\/p>\n<h2>Proxipel, especialista en unidades m\u00f3viles de peletizaci\u00f3n para el sector agr\u00edcola<\/h2>\n<p>Proxipel ha desarrollado una unidad de peletizaci\u00f3n m\u00f3vil \u00fanica: Proxiflex. Esta planta de producci\u00f3n, miniaturizada para que pueda integrarse totalmente en un semirremolque, garantiza una gran eficacia. <\/p>\n<p>Gracias a su movilidad, la planta est\u00e1 m\u00e1s cerca de la biomasa y del consumidor, lo que reduce considerablemente el impacto del transporte y la entrega de pellets. El principio de los circuitos cortos es el n\u00facleo de este enfoque. <\/p>\n<p>Equipado con un secador patentado, Proxiflex produce pelets que cumplen la norma ISO 17225. A la salida de la unidad, los pellets pueden consumirse y comercializarse inmediatamente. El rendimiento del secador permite procesar materias primas con un contenido de humedad de hasta el 50%.  <\/p>\n<h2>Proxipel, la referencia en unidades m\u00f3viles de peletizaci\u00f3n para todos los profesionales<\/h2>\n<p>Descubre nuestra unidad m\u00f3vil de peletizaci\u00f3n para el sector agr\u00edcola. Esta soluci\u00f3n te permite transformar tus residuos de madera en pellets de alta calidad, directamente en tus instalaciones. Proxipel te ofrece equipos de alto rendimiento para una peletizaci\u00f3n eficaz de tus residuos de madera.  <\/p>\n<h2>Sectores agr\u00edcolas a los que se dirige la unidad de peletizaci\u00f3n Proxipel<\/h2>\n<ul>\n<li class=\"p2\"><a href=\"https:\/\/proxipel.ch\/es\/unidad-movil-de-peletizacion-para-cooperativas-agricolas\/\">Cooperativas agr\u00edcolas<\/a> (transformaci\u00f3n de residuos agr\u00edcolas, digestatos de plantas de metanizaci\u00f3n, madera para energ\u00eda, lecho en H2)<\/li>\n<li class=\"p2\"><a href=\"https:\/\/proxipel.ch\/es\/unidad-movil-de-peletizacion-para-agricultores\/\">Agricultores<\/a> (transformaci\u00f3n de residuos agr\u00edcolas y digestatos de plantas de metanizaci\u00f3n en H\u2082)<\/li>\n<li class=\"p2\"><a href=\"https:\/\/proxipel.ch\/es\/unidad-movil-de-peletizacion-para-ganaderias-de-cria-de-caballos\/\">Haras<\/a> (granulaci\u00f3n del esti\u00e9rcol para lecho o abono en h2)<\/li>\n<li class=\"p2\"><a href=\"https:\/\/proxipel.ch\/es\/unidad-movil-de-peletizacion-para-un-centro-ecuestre\/\">Centro ecuestre<\/a><\/li>\n<\/ul>\n<h2>Servicios Proxiflex :<\/h2>\n<ul>\n<li><a href=\"https:\/\/proxipel.ch\/es\/proxiflex\/\">Nuestra soluci\u00f3n m\u00f3vil de granulaci\u00f3n<\/a><\/li>\n<li><a href=\"https:\/\/proxipel.ch\/es\/tecnologia\/\">Nuestra tecnolog\u00eda innovadora<\/a><\/li>\n<li><a href=\"https:\/\/proxipel.ch\/es\/alquiler-de-unidades\/\">Alquiler de una unidad m\u00f3vil de peletizaci\u00f3n<\/a><\/li>\n<li><a href=\"https:\/\/proxipel.ch\/es\/pellets\/\">Venta de pellets<\/a><\/li>\n<\/ul>\n<h2>Contacta con nosotros<\/h2>\n<ul>\n<li><a href=\"https:\/\/proxipel.ch\/es\/ponte-en-contacto-con\/\">P\u00e1gina de contacto<\/a><\/li>\n<li>Info [at] proxipel.com<\/li>\n<li>Tel : <a href=\"tel:+41218013349\">+41 21 801 33 49<\/a><\/li>\n<\/ul>\n","protected":false},"excerpt":{"rendered":"<p>Proxipel, tu unidad m\u00f3vil de peletizaci\u00f3n integral, te presenta las ventajas de su soluci\u00f3n para el sector agr\u00edcola. Aprovecha nuestra unidad m\u00f3vil de peletizaci\u00f3n, dise\u00f1ada especialmente para el sector agr\u00edcola. El sector agr\u00edcola es un sector econ\u00f3mico que agrupa las actividades relacionadas con la agricultura. Nuestras unidades m\u00f3viles est\u00e1n dise\u00f1adas para transformar de forma r\u00e1pida [&hellip;]<\/p>\n","protected":false},"author":7,"featured_media":1418,"parent":0,"menu_order":0,"comment_status":"closed","ping_status":"closed","template":"","meta":{"_et_pb_use_builder":"","_et_pb_old_content":"","_et_gb_content_width":"","inline_featured_image":false,"footnotes":""},"class_list":["post-2872","page","type-page","status-publish","has-post-thumbnail","hentry"],"yoast_head":"<!-- This site is optimized with the Yoast SEO plugin v28.3 - https:\/\/yoast.com\/product\/yoast-seo-wordpress\/ -->\n<title>Unidad m\u00f3vil de peletizaci\u00f3n para el sector agr\u00edcola - Proxipel<\/title>\n<meta name=\"description\" content=\"Unidad m\u00f3vil de peletizaci\u00f3n para el sector agr\u00edcola: descubre Proxipel, la primera soluci\u00f3n m\u00f3vil de peletizaci\u00f3n integral\" \/>\n<meta name=\"robots\" content=\"index, follow, max-snippet:-1, max-image-preview:large, max-video-preview:-1\" \/>\n<link rel=\"canonical\" href=\"https:\/\/proxipel.ch\/es\/unidad-movil-de-peletizacion-para-el-sector-agricola\/\" \/>\n<meta property=\"og:locale\" content=\"es_ES\" \/>\n<meta property=\"og:type\" content=\"article\" \/>\n<meta property=\"og:title\" content=\"Unidad m\u00f3vil de peletizaci\u00f3n para el sector agr\u00edcola - Proxipel\" \/>\n<meta property=\"og:description\" content=\"Unidad m\u00f3vil de peletizaci\u00f3n para el sector agr\u00edcola: descubre Proxipel, la primera soluci\u00f3n m\u00f3vil de peletizaci\u00f3n integral\" \/>\n<meta property=\"og:url\" content=\"https:\/\/proxipel.ch\/es\/unidad-movil-de-peletizacion-para-el-sector-agricola\/\" \/>\n<meta property=\"og:site_name\" content=\"Proxipel\" \/>\n<meta property=\"article:modified_time\" content=\"2026-07-14T16:04:55+00:00\" \/>\n<meta property=\"og:image\" content=\"https:\/\/proxipel.ch\/wp-content\/uploads\/2025\/05\/pellet-paille.webp\" \/>\n\t<meta property=\"og:image:width\" content=\"1024\" \/>\n\t<meta property=\"og:image:height\" content=\"768\" \/>\n\t<meta property=\"og:image:type\" content=\"image\/webp\" \/>\n<meta name=\"twitter:card\" content=\"summary_large_image\" \/>\n<meta name=\"twitter:label1\" content=\"Tiempo de lectura\" \/>\n\t<meta name=\"twitter:data1\" content=\"2 minutos\" \/>\n<script type=\"application\/ld+json\" class=\"yoast-schema-graph\">{\"@context\":\"https:\\\/\\\/schema.org\",\"@graph\":[{\"@type\":\"WebPage\",\"@id\":\"https:\\\/\\\/proxipel.ch\\\/es\\\/unidad-movil-de-peletizacion-para-el-sector-agricola\\\/\",\"url\":\"https:\\\/\\\/proxipel.ch\\\/es\\\/unidad-movil-de-peletizacion-para-el-sector-agricola\\\/\",\"name\":\"Unidad m\u00f3vil de peletizaci\u00f3n para el sector agr\u00edcola - Proxipel\",\"isPartOf\":{\"@id\":\"https:\\\/\\\/proxipel.ch\\\/es\\\/#website\"},\"primaryImageOfPage\":{\"@id\":\"https:\\\/\\\/proxipel.ch\\\/es\\\/unidad-movil-de-peletizacion-para-el-sector-agricola\\\/#primaryimage\"},\"image\":{\"@id\":\"https:\\\/\\\/proxipel.ch\\\/es\\\/unidad-movil-de-peletizacion-para-el-sector-agricola\\\/#primaryimage\"},\"thumbnailUrl\":\"https:\\\/\\\/proxipel.ch\\\/wp-content\\\/uploads\\\/2025\\\/05\\\/pellet-paille.webp\",\"datePublished\":\"2025-06-03T11:37:14+00:00\",\"dateModified\":\"2026-07-14T16:04:55+00:00\",\"description\":\"Unidad m\u00f3vil de peletizaci\u00f3n para el sector agr\u00edcola: descubre Proxipel, la primera soluci\u00f3n m\u00f3vil de peletizaci\u00f3n integral\",\"breadcrumb\":{\"@id\":\"https:\\\/\\\/proxipel.ch\\\/es\\\/unidad-movil-de-peletizacion-para-el-sector-agricola\\\/#breadcrumb\"},\"inLanguage\":\"es\",\"potentialAction\":[{\"@type\":\"ReadAction\",\"target\":[\"https:\\\/\\\/proxipel.ch\\\/es\\\/unidad-movil-de-peletizacion-para-el-sector-agricola\\\/\"]}]},{\"@type\":\"ImageObject\",\"inLanguage\":\"es\",\"@id\":\"https:\\\/\\\/proxipel.ch\\\/es\\\/unidad-movil-de-peletizacion-para-el-sector-agricola\\\/#primaryimage\",\"url\":\"https:\\\/\\\/proxipel.ch\\\/wp-content\\\/uploads\\\/2025\\\/05\\\/pellet-paille.webp\",\"contentUrl\":\"https:\\\/\\\/proxipel.ch\\\/wp-content\\\/uploads\\\/2025\\\/05\\\/pellet-paille.webp\",\"width\":1024,\"height\":768,\"caption\":\"Granul\u00e9s de paille\"},{\"@type\":\"BreadcrumbList\",\"@id\":\"https:\\\/\\\/proxipel.ch\\\/es\\\/unidad-movil-de-peletizacion-para-el-sector-agricola\\\/#breadcrumb\",\"itemListElement\":[{\"@type\":\"ListItem\",\"position\":1,\"name\":\"Inicio\",\"item\":\"https:\\\/\\\/proxipel.ch\\\/es\\\/\"},{\"@type\":\"ListItem\",\"position\":2,\"name\":\"Unidad m\u00f3vil de peletizaci\u00f3n para el sector agr\u00edcola\"}]},{\"@type\":\"WebSite\",\"@id\":\"https:\\\/\\\/proxipel.ch\\\/es\\\/#website\",\"url\":\"https:\\\/\\\/proxipel.ch\\\/es\\\/\",\"name\":\"Proxipel\",\"description\":\"La premi\u00e8re unit\u00e9 mobile de pelletisation int\u00e9grale\",\"publisher\":{\"@id\":\"https:\\\/\\\/proxipel.ch\\\/es\\\/#organization\"},\"potentialAction\":[{\"@type\":\"SearchAction\",\"target\":{\"@type\":\"EntryPoint\",\"urlTemplate\":\"https:\\\/\\\/proxipel.ch\\\/es\\\/?s={search_term_string}\"},\"query-input\":{\"@type\":\"PropertyValueSpecification\",\"valueRequired\":true,\"valueName\":\"search_term_string\"}}],\"inLanguage\":\"es\"},{\"@type\":\"Organization\",\"@id\":\"https:\\\/\\\/proxipel.ch\\\/es\\\/#organization\",\"name\":\"Proxipel\",\"url\":\"https:\\\/\\\/proxipel.ch\\\/es\\\/\",\"logo\":{\"@type\":\"ImageObject\",\"inLanguage\":\"es\",\"@id\":\"https:\\\/\\\/proxipel.ch\\\/es\\\/#\\\/schema\\\/logo\\\/image\\\/\",\"url\":\"https:\\\/\\\/proxipel.ch\\\/wp-content\\\/uploads\\\/2024\\\/04\\\/proxipel.svg\",\"contentUrl\":\"https:\\\/\\\/proxipel.ch\\\/wp-content\\\/uploads\\\/2024\\\/04\\\/proxipel.svg\",\"width\":\"1024\",\"height\":\"1024\",\"caption\":\"Proxipel\"},\"image\":{\"@id\":\"https:\\\/\\\/proxipel.ch\\\/es\\\/#\\\/schema\\\/logo\\\/image\\\/\"}}]}<\/script>\n<!-- \/ Yoast SEO plugin. -->","yoast_head_json":{"title":"Unidad m\u00f3vil de peletizaci\u00f3n para el sector agr\u00edcola - Proxipel","description":"Unidad m\u00f3vil de peletizaci\u00f3n para el sector agr\u00edcola: descubre Proxipel, la primera soluci\u00f3n m\u00f3vil de peletizaci\u00f3n integral","robots":{"index":"index","follow":"follow","max-snippet":"max-snippet:-1","max-image-preview":"max-image-preview:large","max-video-preview":"max-video-preview:-1"},"canonical":"https:\/\/proxipel.ch\/es\/unidad-movil-de-peletizacion-para-el-sector-agricola\/","og_locale":"es_ES","og_type":"article","og_title":"Unidad m\u00f3vil de peletizaci\u00f3n para el sector agr\u00edcola - Proxipel","og_description":"Unidad m\u00f3vil de peletizaci\u00f3n para el sector agr\u00edcola: descubre Proxipel, la primera soluci\u00f3n m\u00f3vil de peletizaci\u00f3n integral","og_url":"https:\/\/proxipel.ch\/es\/unidad-movil-de-peletizacion-para-el-sector-agricola\/","og_site_name":"Proxipel","article_modified_time":"2026-07-14T16:04:55+00:00","og_image":[{"width":1024,"height":768,"url":"https:\/\/proxipel.ch\/wp-content\/uploads\/2025\/05\/pellet-paille.webp","type":"image\/webp"}],"twitter_card":"summary_large_image","twitter_misc":{"Tiempo de lectura":"2 minutos"},"schema":{"@context":"https:\/\/schema.org","@graph":[{"@type":"WebPage","@id":"https:\/\/proxipel.ch\/es\/unidad-movil-de-peletizacion-para-el-sector-agricola\/","url":"https:\/\/proxipel.ch\/es\/unidad-movil-de-peletizacion-para-el-sector-agricola\/","name":"Unidad m\u00f3vil de peletizaci\u00f3n para el sector agr\u00edcola - Proxipel","isPartOf":{"@id":"https:\/\/proxipel.ch\/es\/#website"},"primaryImageOfPage":{"@id":"https:\/\/proxipel.ch\/es\/unidad-movil-de-peletizacion-para-el-sector-agricola\/#primaryimage"},"image":{"@id":"https:\/\/proxipel.ch\/es\/unidad-movil-de-peletizacion-para-el-sector-agricola\/#primaryimage"},"thumbnailUrl":"https:\/\/proxipel.ch\/wp-content\/uploads\/2025\/05\/pellet-paille.webp","datePublished":"2025-06-03T11:37:14+00:00","dateModified":"2026-07-14T16:04:55+00:00","description":"Unidad m\u00f3vil de peletizaci\u00f3n para el sector agr\u00edcola: descubre Proxipel, la primera soluci\u00f3n m\u00f3vil de peletizaci\u00f3n integral","breadcrumb":{"@id":"https:\/\/proxipel.ch\/es\/unidad-movil-de-peletizacion-para-el-sector-agricola\/#breadcrumb"},"inLanguage":"es","potentialAction":[{"@type":"ReadAction","target":["https:\/\/proxipel.ch\/es\/unidad-movil-de-peletizacion-para-el-sector-agricola\/"]}]},{"@type":"ImageObject","inLanguage":"es","@id":"https:\/\/proxipel.ch\/es\/unidad-movil-de-peletizacion-para-el-sector-agricola\/#primaryimage","url":"https:\/\/proxipel.ch\/wp-content\/uploads\/2025\/05\/pellet-paille.webp","contentUrl":"https:\/\/proxipel.ch\/wp-content\/uploads\/2025\/05\/pellet-paille.webp","width":1024,"height":768,"caption":"Granul\u00e9s de paille"},{"@type":"BreadcrumbList","@id":"https:\/\/proxipel.ch\/es\/unidad-movil-de-peletizacion-para-el-sector-agricola\/#breadcrumb","itemListElement":[{"@type":"ListItem","position":1,"name":"Inicio","item":"https:\/\/proxipel.ch\/es\/"},{"@type":"ListItem","position":2,"name":"Unidad m\u00f3vil de peletizaci\u00f3n para el sector agr\u00edcola"}]},{"@type":"WebSite","@id":"https:\/\/proxipel.ch\/es\/#website","url":"https:\/\/proxipel.ch\/es\/","name":"Proxipel","description":"La premi\u00e8re unit\u00e9 mobile de pelletisation int\u00e9grale","publisher":{"@id":"https:\/\/proxipel.ch\/es\/#organization"},"potentialAction":[{"@type":"SearchAction","target":{"@type":"EntryPoint","urlTemplate":"https:\/\/proxipel.ch\/es\/?s={search_term_string}"},"query-input":{"@type":"PropertyValueSpecification","valueRequired":true,"valueName":"search_term_string"}}],"inLanguage":"es"},{"@type":"Organization","@id":"https:\/\/proxipel.ch\/es\/#organization","name":"Proxipel","url":"https:\/\/proxipel.ch\/es\/","logo":{"@type":"ImageObject","inLanguage":"es","@id":"https:\/\/proxipel.ch\/es\/#\/schema\/logo\/image\/","url":"https:\/\/proxipel.ch\/wp-content\/uploads\/2024\/04\/proxipel.svg","contentUrl":"https:\/\/proxipel.ch\/wp-content\/uploads\/2024\/04\/proxipel.svg","width":"1024","height":"1024","caption":"Proxipel"},"image":{"@id":"https:\/\/proxipel.ch\/es\/#\/schema\/logo\/image\/"}}]}},"_links":{"self":[{"href":"https:\/\/proxipel.ch\/es\/wp-json\/wp\/v2\/pages\/2872","targetHints":{"allow":["GET"]}}],"collection":[{"href":"https:\/\/proxipel.ch\/es\/wp-json\/wp\/v2\/pages"}],"about":[{"href":"https:\/\/proxipel.ch\/es\/wp-json\/wp\/v2\/types\/page"}],"author":[{"embeddable":true,"href":"https:\/\/proxipel.ch\/es\/wp-json\/wp\/v2\/users\/7"}],"replies":[{"embeddable":true,"href":"https:\/\/proxipel.ch\/es\/wp-json\/wp\/v2\/comments?post=2872"}],"version-history":[{"count":2,"href":"https:\/\/proxipel.ch\/es\/wp-json\/wp\/v2\/pages\/2872\/revisions"}],"predecessor-version":[{"id":3961,"href":"https:\/\/proxipel.ch\/es\/wp-json\/wp\/v2\/pages\/2872\/revisions\/3961"}],"wp:featuredmedia":[{"embeddable":true,"href":"https:\/\/proxipel.ch\/es\/wp-json\/wp\/v2\/media\/1418"}],"wp:attachment":[{"href":"https:\/\/proxipel.ch\/es\/wp-json\/wp\/v2\/media?parent=2872"}],"curies":[{"name":"wp","href":"https:\/\/api.w.org\/{rel}","templated":true}]}}