{"id":1114,"date":"2024-04-30T07:49:57","date_gmt":"2024-04-30T05:49:57","guid":{"rendered":"https:\/\/proxipel.ch\/pellets\/"},"modified":"2026-07-20T10:49:01","modified_gmt":"2026-07-20T08:49:01","slug":"pellets","status":"publish","type":"page","link":"https:\/\/proxipel.ch\/es\/pellets\/","title":{"rendered":"Pellets"},"content":{"rendered":"<p>[et_pb_section fb_built=\u00bb1&#8243; _builder_version=\u00bb4.24.3&#8243; _module_preset=\u00bbdefault\u00bb background_image=\u00bbhttps:\/\/proxipel.ch\/wp-content\/uploads\/2024\/09\/ows_3i0y5si.jpg\u00bb custom_margin=\u00bb0px||||false|false\u00bb custom_padding=\u00bb20px||||false|false\u00bb global_colors_info=\u00bb{}\u00bb][et_pb_row _builder_version=\u00bb4.24.3&#8243; _module_preset=\u00bbdefault\u00bb global_colors_info=\u00bb{}\u00bb][et_pb_column type=\u00bb4_4&#8243; _builder_version=\u00bb4.24.3&#8243; _module_preset=\u00bbdefault\u00bb global_colors_info=\u00bb{}\u00bb][\/et_pb_column][\/et_pb_row][\/et_pb_section][et_pb_section fb_built=\u00bb1&#8243; _builder_version=\u00bb4.24.3&#8243; _module_preset=\u00bbdefault\u00bb global_colors_info=\u00bb{}\u00bb][et_pb_row column_structure=\u00bb1_2,1_2&#8243; _builder_version=\u00bb4.24.3&#8243; _module_preset=\u00bbdefault\u00bb global_colors_info=\u00bb{}\u00bb][et_pb_column type=\u00bb1_2&#8243; _builder_version=\u00bb4.24.3&#8243; _module_preset=\u00bbdefault\u00bb global_colors_info=\u00bb{}\u00bb][et_pb_text _builder_version=\u00bb4.24.3&#8243; _module_preset=\u00bbdefault\u00bb global_colors_info=\u00bb{}\u00bb]<\/p>\n<h1>Pellets<\/h1>\n<p><strong>Las ventajas de los pellets de madera<\/strong><\/p>\n<p>Los pellets son un concentrado de energ\u00eda que ofrece una soluci\u00f3n de calefacci\u00f3n eficaz por varias razones:<\/p>\n<ul>\n<li><strong>Precios competitivos:<\/strong> M\u00e1s baratos y estables que otros combustibles.<\/li>\n<li><strong>Optimizaci\u00f3n del almacenamiento:<\/strong> Reducir el espacio necesario para el almacenamiento.<\/li>\n<li>Menos suministros: Menos vol\u00famenes que gestionar para simplificar el aprovisionamiento.<\/li>\n<li>Valorizaci\u00f3n de la biomasa: uso de materiales poco o no valorizados.<\/li>\n<li><strong>Respuesta a la demanda:<\/strong> Ideal para necesidades de calefacci\u00f3n intermitentes.<\/li>\n<li><strong>Costes de capital reducidos:<\/strong> una opci\u00f3n rentable a largo plazo.<\/li>\n<li><strong>Mantenimiento simplificado:<\/strong> menos revisiones de la caldera.<\/li>\n<\/ul>\n<p>[\/et_pb_text][\/et_pb_column][et_pb_column type=\u00bb1_2&#8243; _builder_version=\u00bb4.24.3&#8243; _module_preset=\u00bbdefault\u00bb global_colors_info=\u00bb{}\u00bb][et_pb_image src=\u00bbhttps:\/\/proxipel.ch\/wp-content\/uploads\/2025\/06\/pellets.jpeg\u00bb title_text=\u00bbpellets\u00bb _builder_version=\u00bb4.27.4&#8243; _module_preset=\u00bbdefault\u00bb global_colors_info=\u00bb{}\u00bb][\/et_pb_image][\/et_pb_column][\/et_pb_row][\/et_pb_section][et_pb_section fb_built=\u00bb1&#8243; _builder_version=\u00bb4.24.3&#8243; _module_preset=\u00bbdefault\u00bb background_color=\u00bbgcid-15ff45be-07b4-47cf-8580-02972144fe96&#8243; global_colors_info=\u00bb{%22gcid-15ff45be-07b4-47cf-8580-02972144fe96%22:%91%22background_color%22%93}\u00bb][et_pb_row column_structure=\u00bb1_2,1_2&#8243; _builder_version=\u00bb4.24.3&#8243; _module_preset=\u00bbdefault\u00bb custom_padding=\u00bb34px|||||\u00bb global_colors_info=\u00bb{}\u00bb][et_pb_column type=\u00bb1_2&#8243; _builder_version=\u00bb4.24.3&#8243; _module_preset=\u00bbdefault\u00bb global_colors_info=\u00bb{}\u00bb][et_pb_text _builder_version=\u00bb4.24.3&#8243; _module_preset=\u00bbdefault\u00bb global_colors_info=\u00bb{}\u00bb]<\/p>\n<h2>Nuestra oferta<\/h2>\n<p>Nuestros pellets proceden de bosques locales, respetando los principios de la econom\u00eda circular. Cumplen los requisitos de la norma ISO 17225. <\/p>\n<p>Ofrecemos distintas calidades de pellets, suministrados a granel o en big bags.<\/p>\n<p><b>\u00bfQuieres una oferta personalizada?<\/b><br \/>\u00a1Pide tu presupuesto ahora!<\/p>\n<p style=\"text-align: center;\"><a class=\"btn\" href=\"https:\/\/proxipel.ch\/es\/ponte-en-contacto-con\/\">Pide un presupuesto<\/a><\/p>\n<p>[\/et_pb_text][\/et_pb_column][et_pb_column type=\u00bb1_2&#8243; _builder_version=\u00bb4.24.3&#8243; _module_preset=\u00bbdefault\u00bb global_colors_info=\u00bb{}\u00bb][et_pb_image src=\u00bbhttps:\/\/proxipel.ch\/wp-content\/uploads\/2024\/10\/pellets-bois-1024&#215;683.jpeg\u00bb title_text=\u00bbpellets de madera con hojas y troncos de \u00e1rbol.\u00bb _builder_version=\u00bb4.24.3&#8243; _module_preset=\u00bbdefault\u00bb global_colors_info=\u00bb{}\u00bb][\/et_pb_image][\/et_pb_column][\/et_pb_row][\/et_pb_section][et_pb_section fb_built=\u00bb1&#8243; _builder_version=\u00bb4.24.3&#8243; _module_preset=\u00bbdefault\u00bb custom_margin=\u00bb0px||||false|false\u00bb custom_padding=\u00bb0px||||false|false\u00bb global_colors_info=\u00bb{}\u00bb][et_pb_row _builder_version=\u00bb4.24.3&#8243; _module_preset=\u00bbdefault\u00bb global_colors_info=\u00bb{}\u00bb][et_pb_column type=\u00bb4_4&#8243; _builder_version=\u00bb4.24.3&#8243; _module_preset=\u00bbdefault\u00bb global_colors_info=\u00bb{}\u00bb][et_pb_code _builder_version=\u00bb4.27.7&#8243; _module_preset=\u00bbdefault\u00bb global_colors_info=\u00bb{}\u00bb]<div class='white' style='background:rgba(0,0,0,0); border:solid 0px rgba(0,0,0,0); border-radius:0px; padding:0px 0px 0px 0px;'>\n<div id='sample_slider' class='owl-carousel sa_owl_theme owl-pagination-true autohide-arrows' data-slider-id='sample_slider' style='visibility:hidden;'>\n<div id='sample_slider_slide01' class='sa_hover_container' style='padding:5% 5%; margin:0px 0%; '><div style=\"text-align: left;padding-bottom: 10px\">\r\n<h3><img decoding=\"async\" class=\"alignnone wp-image-2685 size-full\" src=\"https:\/\/proxipel.ch\/wp-content\/uploads\/2026\/05\/camion.webp\" alt=\"cami\u00f3n Proxipel\" width=\"895\" height=\"457\" srcset=\"https:\/\/proxipel.ch\/wp-content\/uploads\/2026\/05\/camion.webp 895w, https:\/\/proxipel.ch\/wp-content\/uploads\/2026\/05\/camion-480x245.webp 480w\" sizes=\"(min-width: 0px) and (max-width: 480px) 480px, (min-width: 481px) 895px, 100vw\" \/><\/h3>\r\n<h2 class=\"et_pb_slide_title et-fb-editable-element et-fb-editable-element__editing\" data-shortcode-id=\"0.0.0.0.0-1714621829766\" data-quickaccess-id=\"header\">Proxiflex<\/h2>\r\n<p>Unidad m\u00f3vil con tolva de carga para material a granel<\/p>\r\n<p><a class=\"btn download\" href=\"https:\/\/proxipel.ch\/wp-content\/uploads\/2024\/09\/3422-Proxiflex-Fiche-Technique-WEB.pdf\">Ficha t\u00e9cnica <\/a><a class=\"btn download\" href=\"https:\/\/proxipel.ch\/es\/proxiflex\/\">M\u00e1s informaci\u00f3n<\/a><\/p>\r\n<\/div><\/div>\n<div id='sample_slider_slide02' class='sa_hover_container' style='padding:5% 5%; margin:0px 0%; background-color:rgb(255, 255, 255); '><div style=\"text-align: left;padding-bottom: 10px\">\r\n<h3><img decoding=\"async\" class=\"alignnone wp-image-2689 size-full\" src=\"https:\/\/proxipel.ch\/wp-content\/uploads\/2026\/05\/fabrication-pellet.webp\" alt=\"fabricaci\u00f3n de pellets\" width=\"895\" height=\"457\" srcset=\"https:\/\/proxipel.ch\/wp-content\/uploads\/2026\/05\/fabrication-pellet.webp 895w, https:\/\/proxipel.ch\/wp-content\/uploads\/2026\/05\/fabrication-pellet-480x245.webp 480w\" sizes=\"(min-width: 0px) and (max-width: 480px) 480px, (min-width: 481px) 895px, 100vw\" \/><\/h3>\r\n<h2 class=\"et_pb_slide_title et-fb-editable-element et-fb-editable-element__editing\" data-shortcode-id=\"0.0.0.0.0-1714621829766\" data-quickaccess-id=\"header\">Servicio de alquiler<\/h2>\r\n<p>Servicio de alquiler de nuestra unidad de peletizaci\u00f3n m\u00f3vil<\/p>\r\n<p><a class=\"btn download\" href=\"https:\/\/proxipel.ch\/es\/alquiler-de-unidades\/\">M\u00e1s informaci\u00f3n<\/a><\/p>\r\n<\/div><\/div>\n<div id='sample_slider_slide03' class='sa_hover_container' style='padding:5% 5%; margin:0px 0%; '><div style=\"text-align: left;padding-bottom: 10px\">\r\n<h3><img decoding=\"async\" class=\"alignnone wp-image-2681 size-full\" src=\"https:\/\/proxipel.ch\/wp-content\/uploads\/2026\/05\/labo-home.webp\" alt=\"labo-home\" width=\"895\" height=\"457\" srcset=\"https:\/\/proxipel.ch\/wp-content\/uploads\/2026\/05\/labo-home.webp 895w, https:\/\/proxipel.ch\/wp-content\/uploads\/2026\/05\/labo-home-480x245.webp 480w\" sizes=\"(min-width: 0px) and (max-width: 480px) 480px, (min-width: 481px) 895px, 100vw\" \/><\/h3>\r\n<h2 class=\"et_pb_slide_title et-fb-editable-element et-fb-editable-element__editing\" data-shortcode-id=\"0.0.0.0.0-1714621829766\" data-quickaccess-id=\"header\">Servicio de acompa\u00f1amiento<\/h2>\r\n<p>Te acompa\u00f1amos en tu proyecto, desde la idea hasta la puesta en marcha<\/p>\r\n<p><a class=\"btn download\" href=\"https:\/\/proxipel.ch\/es\/apoyo-total-a-tu-proyecto\/\">M\u00e1s informaci\u00f3n<\/a><\/p>\r\n<\/div><\/div>\n<div id='sample_slider_slide04' class='sa_hover_container' style='padding:5% 5%; margin:0px 0%; '><div style=\"text-align: left;padding-bottom: 10px\">\r\n<h3><img decoding=\"async\" class=\"alignnone wp-image-2693 size-full\" src=\"https:\/\/proxipel.ch\/wp-content\/uploads\/2026\/05\/pellets-1.webp\" alt=\"pellets\" width=\"895\" height=\"457\" srcset=\"https:\/\/proxipel.ch\/wp-content\/uploads\/2026\/05\/pellets-1.webp 895w, https:\/\/proxipel.ch\/wp-content\/uploads\/2026\/05\/pellets-1-480x245.webp 480w\" sizes=\"(min-width: 0px) and (max-width: 480px) 480px, (min-width: 481px) 895px, 100vw\" \/><\/h3>\r\n<h2 class=\"et_pb_slide_title et-fb-editable-element et-fb-editable-element__editing\" data-shortcode-id=\"0.0.0.0.0-1714621829766\" data-quickaccess-id=\"header\">Pellets<\/h2>\r\n<p>Pellets de calidad, que cumplen con la norma ISO 17225<\/p>\r\n<p><a class=\"btn download\" href=\"https:\/\/proxipel.ch\/es\/pellets\/\">M\u00e1s informaci\u00f3n<\/a><\/p>\r\n<\/div><\/div>\n<\/div>\n<\/div>\n<script type='text\/javascript'>\n\tjQuery(document).ready(function() {\n\t\tjQuery('#sample_slider').owlCarousel({\n\t\t\tresponsive:{\n\t\t\t\t0:{ items:1 },\n\t\t\t\t480:{ items:2 },\n\t\t\t\t768:{ items:2 },\n\t\t\t\t980:{ items:3 },\n\t\t\t\t1200:{ items:3 },\n\t\t\t\t1500:{ items:3 }\n\t\t\t},\n\t\t\tautoplay : true,\n\t\t\tautoplayTimeout : 5000,\n\t\t\tautoplayHoverPause : true,\n\t\t\tsmartSpeed : 200,\n\t\t\tfluidSpeed : 200,\n\t\t\tautoplaySpeed : 200,\n\t\t\tnavSpeed : 200,\n\t\t\tdotsSpeed : 200,\n\t\t\tloop : true,\n\t\t\tnav : true,\n\t\t\tnavText : ['Previous','Next'],\n\t\t\tdots : true,\n\t\t\tresponsiveRefreshRate : 200,\n\t\t\tslideBy : 1,\n\t\t\tmergeFit : true,\n\t\t\tautoHeight : false,\n\t\t\tmouseDrag : false,\n\t\t\ttouchDrag : true\n\t\t});\n\t\tjQuery('#sample_slider').css('visibility', 'visible');\n\t\tsa_resize_sample_slider();\n\t\twindow.addEventListener('resize', sa_resize_sample_slider);\n\t\tfunction sa_resize_sample_slider() {\n\t\t\tvar min_height = '50';\n\t\t\tvar win_width = jQuery(window).width();\n\t\t\tvar slider_width = jQuery('#sample_slider').width();\n\t\t\tif (win_width < 480) {\n\t\t\t\tvar slide_width = slider_width \/ 1;\n\t\t\t} else if (win_width < 768) {\n\t\t\t\tvar slide_width = slider_width \/ 2;\n\t\t\t} else if (win_width < 980) {\n\t\t\t\tvar slide_width = slider_width \/ 2;\n\t\t\t} else if (win_width < 1200) {\n\t\t\t\tvar slide_width = slider_width \/ 3;\n\t\t\t} else if (win_width < 1500) {\n\t\t\t\tvar slide_width = slider_width \/ 3;\n\t\t\t} else {\n\t\t\t\tvar slide_width = slider_width \/ 3;\n\t\t\t}\n\t\t\tslide_width = Math.round(slide_width);\n\t\t\tvar slide_height = '0';\n\t\t\tif (min_height == 'aspect43') {\n\t\t\t\tslide_height = (slide_width \/ 4) * 3;\t\t\t\tslide_height = Math.round(slide_height);\n\t\t\t} else if (min_height == 'aspect169') {\n\t\t\t\tslide_height = (slide_width \/ 16) * 9;\t\t\t\tslide_height = Math.round(slide_height);\n\t\t\t} else {\n\t\t\t\tslide_height = (slide_width \/ 100) * min_height;\t\t\t\tslide_height = Math.round(slide_height);\n\t\t\t}\n\t\t\tjQuery('#sample_slider .owl-item .sa_hover_container').css('min-height', slide_height+'px');\n\t\t}\n\t\tvar owl_goto = jQuery('#sample_slider');\n\t\tjQuery('.sample_slider_goto1').click(function(event){\n\t\t\towl_goto.trigger('to.owl.carousel', 0);\n\t\t});\n\t\tjQuery('.sample_slider_goto2').click(function(event){\n\t\t\towl_goto.trigger('to.owl.carousel', 1);\n\t\t});\n\t\tjQuery('.sample_slider_goto3').click(function(event){\n\t\t\towl_goto.trigger('to.owl.carousel', 2);\n\t\t});\n\t\tjQuery('.sample_slider_goto4').click(function(event){\n\t\t\towl_goto.trigger('to.owl.carousel', 3);\n\t\t});\n\t\tvar resize_4089 = jQuery('.owl-carousel');\n\t\tresize_4089.on('initialized.owl.carousel', function(e) {\n\t\t\tif (typeof(Event) === 'function') {\n\t\t\t\twindow.dispatchEvent(new Event('resize'));\n\t\t\t} else {\n\t\t\t\tvar evt = window.document.createEvent('UIEvents');\n\t\t\t\tevt.initUIEvent('resize', true, false, window, 0);\n\t\t\t\twindow.dispatchEvent(evt);\n\t\t\t}\n\t\t});\n\t});\n<\/script>\n[\/et_pb_code][\/et_pb_column][\/et_pb_row][\/et_pb_section]<\/p>\n","protected":false},"excerpt":{"rendered":"<p>Pellets Las ventajas de los pellets de madera Los pellets son un concentrado de energ\u00eda que ofrece una soluci\u00f3n de calefacci\u00f3n eficaz por varias razones: Precios competitivos: M\u00e1s baratos y estables que otros combustibles. Optimizaci\u00f3n del almacenamiento: Reducir el espacio necesario para el almacenamiento. Menos suministros: Menos vol\u00famenes que gestionar para simplificar el aprovisionamiento. Valorizaci\u00f3n [&hellip;]<\/p>\n","protected":false},"author":1,"featured_media":1356,"parent":0,"menu_order":0,"comment_status":"closed","ping_status":"closed","template":"","meta":{"_et_pb_use_builder":"on","_et_pb_old_content":"","_et_gb_content_width":"","inline_featured_image":false,"footnotes":""},"class_list":["post-1114","page","type-page","status-publish","has-post-thumbnail","hentry"],"yoast_head":"<!-- This site is optimized with the Yoast SEO plugin v28.3 - https:\/\/yoast.com\/product\/yoast-seo-wordpress\/ -->\n<title>Pellets - Proxipel<\/title>\n<meta name=\"description\" content=\"\u00bfQu\u00e9 es un pellet? Composici\u00f3n, certificaciones, rendimiento energ\u00e9tico: todo lo que necesitas saber sobre los pellets de madera para calefacci\u00f3n con Proxipel.\" \/>\n<meta name=\"robots\" content=\"index, follow, max-snippet:-1, max-image-preview:large, max-video-preview:-1\" \/>\n<link rel=\"canonical\" href=\"https:\/\/proxipel.ch\/es\/pellets\/\" \/>\n<meta property=\"og:locale\" content=\"es_ES\" \/>\n<meta property=\"og:type\" content=\"article\" \/>\n<meta property=\"og:title\" content=\"Pellets - Proxipel\" \/>\n<meta property=\"og:description\" content=\"\u00bfQu\u00e9 es un pellet? Composici\u00f3n, certificaciones, rendimiento energ\u00e9tico: todo lo que necesitas saber sobre los pellets de madera para calefacci\u00f3n con Proxipel.\" \/>\n<meta property=\"og:url\" content=\"https:\/\/proxipel.ch\/es\/pellets\/\" \/>\n<meta property=\"og:site_name\" content=\"Proxipel\" \/>\n<meta property=\"article:modified_time\" content=\"2026-07-20T08:49:01+00:00\" \/>\n<meta property=\"og:image\" content=\"https:\/\/proxipel.ch\/wp-content\/uploads\/2025\/05\/granule-myscanthus.webp\" \/>\n\t<meta property=\"og:image:width\" content=\"1080\" \/>\n\t<meta property=\"og:image:height\" content=\"720\" \/>\n\t<meta property=\"og:image:type\" content=\"image\/webp\" \/>\n<meta name=\"twitter:card\" content=\"summary_large_image\" \/>\n<meta name=\"twitter:label1\" content=\"Tiempo de lectura\" \/>\n\t<meta name=\"twitter:data1\" content=\"3 minutos\" \/>\n<script type=\"application\/ld+json\" class=\"yoast-schema-graph\">{\"@context\":\"https:\\\/\\\/schema.org\",\"@graph\":[{\"@type\":\"WebPage\",\"@id\":\"https:\\\/\\\/proxipel.ch\\\/es\\\/pellets\\\/\",\"url\":\"https:\\\/\\\/proxipel.ch\\\/es\\\/pellets\\\/\",\"name\":\"Pellets - Proxipel\",\"isPartOf\":{\"@id\":\"https:\\\/\\\/proxipel.ch\\\/es\\\/#website\"},\"primaryImageOfPage\":{\"@id\":\"https:\\\/\\\/proxipel.ch\\\/es\\\/pellets\\\/#primaryimage\"},\"image\":{\"@id\":\"https:\\\/\\\/proxipel.ch\\\/es\\\/pellets\\\/#primaryimage\"},\"thumbnailUrl\":\"https:\\\/\\\/proxipel.ch\\\/wp-content\\\/uploads\\\/2025\\\/05\\\/granule-myscanthus.webp\",\"datePublished\":\"2024-04-30T05:49:57+00:00\",\"dateModified\":\"2026-07-20T08:49:01+00:00\",\"description\":\"\u00bfQu\u00e9 es un pellet? Composici\u00f3n, certificaciones, rendimiento energ\u00e9tico: todo lo que necesitas saber sobre los pellets de madera para calefacci\u00f3n con Proxipel.\",\"breadcrumb\":{\"@id\":\"https:\\\/\\\/proxipel.ch\\\/es\\\/pellets\\\/#breadcrumb\"},\"inLanguage\":\"es\",\"potentialAction\":[{\"@type\":\"ReadAction\",\"target\":[\"https:\\\/\\\/proxipel.ch\\\/es\\\/pellets\\\/\"]}]},{\"@type\":\"ImageObject\",\"inLanguage\":\"es\",\"@id\":\"https:\\\/\\\/proxipel.ch\\\/es\\\/pellets\\\/#primaryimage\",\"url\":\"https:\\\/\\\/proxipel.ch\\\/wp-content\\\/uploads\\\/2025\\\/05\\\/granule-myscanthus.webp\",\"contentUrl\":\"https:\\\/\\\/proxipel.ch\\\/wp-content\\\/uploads\\\/2025\\\/05\\\/granule-myscanthus.webp\",\"width\":1080,\"height\":720,\"caption\":\"Proxipel, premi\u00e8re unit\u00e9 mobile et int\u00e9grale de pelletisation\"},{\"@type\":\"BreadcrumbList\",\"@id\":\"https:\\\/\\\/proxipel.ch\\\/es\\\/pellets\\\/#breadcrumb\",\"itemListElement\":[{\"@type\":\"ListItem\",\"position\":1,\"name\":\"Inicio\",\"item\":\"https:\\\/\\\/proxipel.ch\\\/es\\\/\"},{\"@type\":\"ListItem\",\"position\":2,\"name\":\"Pellets\"}]},{\"@type\":\"WebSite\",\"@id\":\"https:\\\/\\\/proxipel.ch\\\/es\\\/#website\",\"url\":\"https:\\\/\\\/proxipel.ch\\\/es\\\/\",\"name\":\"Proxipel\",\"description\":\"La premi\u00e8re unit\u00e9 mobile de pelletisation int\u00e9grale\",\"publisher\":{\"@id\":\"https:\\\/\\\/proxipel.ch\\\/es\\\/#organization\"},\"potentialAction\":[{\"@type\":\"SearchAction\",\"target\":{\"@type\":\"EntryPoint\",\"urlTemplate\":\"https:\\\/\\\/proxipel.ch\\\/es\\\/?s={search_term_string}\"},\"query-input\":{\"@type\":\"PropertyValueSpecification\",\"valueRequired\":true,\"valueName\":\"search_term_string\"}}],\"inLanguage\":\"es\"},{\"@type\":\"Organization\",\"@id\":\"https:\\\/\\\/proxipel.ch\\\/es\\\/#organization\",\"name\":\"Proxipel\",\"url\":\"https:\\\/\\\/proxipel.ch\\\/es\\\/\",\"logo\":{\"@type\":\"ImageObject\",\"inLanguage\":\"es\",\"@id\":\"https:\\\/\\\/proxipel.ch\\\/es\\\/#\\\/schema\\\/logo\\\/image\\\/\",\"url\":\"https:\\\/\\\/proxipel.ch\\\/wp-content\\\/uploads\\\/2024\\\/04\\\/proxipel.svg\",\"contentUrl\":\"https:\\\/\\\/proxipel.ch\\\/wp-content\\\/uploads\\\/2024\\\/04\\\/proxipel.svg\",\"width\":\"1024\",\"height\":\"1024\",\"caption\":\"Proxipel\"},\"image\":{\"@id\":\"https:\\\/\\\/proxipel.ch\\\/es\\\/#\\\/schema\\\/logo\\\/image\\\/\"}}]}<\/script>\n<!-- \/ Yoast SEO plugin. -->","yoast_head_json":{"title":"Pellets - Proxipel","description":"\u00bfQu\u00e9 es un pellet? Composici\u00f3n, certificaciones, rendimiento energ\u00e9tico: todo lo que necesitas saber sobre los pellets de madera para calefacci\u00f3n con Proxipel.","robots":{"index":"index","follow":"follow","max-snippet":"max-snippet:-1","max-image-preview":"max-image-preview:large","max-video-preview":"max-video-preview:-1"},"canonical":"https:\/\/proxipel.ch\/es\/pellets\/","og_locale":"es_ES","og_type":"article","og_title":"Pellets - Proxipel","og_description":"\u00bfQu\u00e9 es un pellet? Composici\u00f3n, certificaciones, rendimiento energ\u00e9tico: todo lo que necesitas saber sobre los pellets de madera para calefacci\u00f3n con Proxipel.","og_url":"https:\/\/proxipel.ch\/es\/pellets\/","og_site_name":"Proxipel","article_modified_time":"2026-07-20T08:49:01+00:00","og_image":[{"width":1080,"height":720,"url":"https:\/\/proxipel.ch\/wp-content\/uploads\/2025\/05\/granule-myscanthus.webp","type":"image\/webp"}],"twitter_card":"summary_large_image","twitter_misc":{"Tiempo de lectura":"3 minutos"},"schema":{"@context":"https:\/\/schema.org","@graph":[{"@type":"WebPage","@id":"https:\/\/proxipel.ch\/es\/pellets\/","url":"https:\/\/proxipel.ch\/es\/pellets\/","name":"Pellets - Proxipel","isPartOf":{"@id":"https:\/\/proxipel.ch\/es\/#website"},"primaryImageOfPage":{"@id":"https:\/\/proxipel.ch\/es\/pellets\/#primaryimage"},"image":{"@id":"https:\/\/proxipel.ch\/es\/pellets\/#primaryimage"},"thumbnailUrl":"https:\/\/proxipel.ch\/wp-content\/uploads\/2025\/05\/granule-myscanthus.webp","datePublished":"2024-04-30T05:49:57+00:00","dateModified":"2026-07-20T08:49:01+00:00","description":"\u00bfQu\u00e9 es un pellet? Composici\u00f3n, certificaciones, rendimiento energ\u00e9tico: todo lo que necesitas saber sobre los pellets de madera para calefacci\u00f3n con Proxipel.","breadcrumb":{"@id":"https:\/\/proxipel.ch\/es\/pellets\/#breadcrumb"},"inLanguage":"es","potentialAction":[{"@type":"ReadAction","target":["https:\/\/proxipel.ch\/es\/pellets\/"]}]},{"@type":"ImageObject","inLanguage":"es","@id":"https:\/\/proxipel.ch\/es\/pellets\/#primaryimage","url":"https:\/\/proxipel.ch\/wp-content\/uploads\/2025\/05\/granule-myscanthus.webp","contentUrl":"https:\/\/proxipel.ch\/wp-content\/uploads\/2025\/05\/granule-myscanthus.webp","width":1080,"height":720,"caption":"Proxipel, premi\u00e8re unit\u00e9 mobile et int\u00e9grale de pelletisation"},{"@type":"BreadcrumbList","@id":"https:\/\/proxipel.ch\/es\/pellets\/#breadcrumb","itemListElement":[{"@type":"ListItem","position":1,"name":"Inicio","item":"https:\/\/proxipel.ch\/es\/"},{"@type":"ListItem","position":2,"name":"Pellets"}]},{"@type":"WebSite","@id":"https:\/\/proxipel.ch\/es\/#website","url":"https:\/\/proxipel.ch\/es\/","name":"Proxipel","description":"La premi\u00e8re unit\u00e9 mobile de pelletisation int\u00e9grale","publisher":{"@id":"https:\/\/proxipel.ch\/es\/#organization"},"potentialAction":[{"@type":"SearchAction","target":{"@type":"EntryPoint","urlTemplate":"https:\/\/proxipel.ch\/es\/?s={search_term_string}"},"query-input":{"@type":"PropertyValueSpecification","valueRequired":true,"valueName":"search_term_string"}}],"inLanguage":"es"},{"@type":"Organization","@id":"https:\/\/proxipel.ch\/es\/#organization","name":"Proxipel","url":"https:\/\/proxipel.ch\/es\/","logo":{"@type":"ImageObject","inLanguage":"es","@id":"https:\/\/proxipel.ch\/es\/#\/schema\/logo\/image\/","url":"https:\/\/proxipel.ch\/wp-content\/uploads\/2024\/04\/proxipel.svg","contentUrl":"https:\/\/proxipel.ch\/wp-content\/uploads\/2024\/04\/proxipel.svg","width":"1024","height":"1024","caption":"Proxipel"},"image":{"@id":"https:\/\/proxipel.ch\/es\/#\/schema\/logo\/image\/"}}]}},"_links":{"self":[{"href":"https:\/\/proxipel.ch\/es\/wp-json\/wp\/v2\/pages\/1114","targetHints":{"allow":["GET"]}}],"collection":[{"href":"https:\/\/proxipel.ch\/es\/wp-json\/wp\/v2\/pages"}],"about":[{"href":"https:\/\/proxipel.ch\/es\/wp-json\/wp\/v2\/types\/page"}],"author":[{"embeddable":true,"href":"https:\/\/proxipel.ch\/es\/wp-json\/wp\/v2\/users\/1"}],"replies":[{"embeddable":true,"href":"https:\/\/proxipel.ch\/es\/wp-json\/wp\/v2\/comments?post=1114"}],"version-history":[{"count":21,"href":"https:\/\/proxipel.ch\/es\/wp-json\/wp\/v2\/pages\/1114\/revisions"}],"predecessor-version":[{"id":4358,"href":"https:\/\/proxipel.ch\/es\/wp-json\/wp\/v2\/pages\/1114\/revisions\/4358"}],"wp:featuredmedia":[{"embeddable":true,"href":"https:\/\/proxipel.ch\/es\/wp-json\/wp\/v2\/media\/1356"}],"wp:attachment":[{"href":"https:\/\/proxipel.ch\/es\/wp-json\/wp\/v2\/media?parent=1114"}],"curies":[{"name":"wp","href":"https:\/\/api.w.org\/{rel}","templated":true}]}}