{"id":1085,"date":"2024-04-30T07:52:50","date_gmt":"2024-04-30T05:52:50","guid":{"rendered":"https:\/\/proxipel.ch\/empresa\/"},"modified":"2026-07-21T18:36:01","modified_gmt":"2026-07-21T16:36:01","slug":"empresa","status":"publish","type":"page","link":"https:\/\/proxipel.ch\/es\/empresa\/","title":{"rendered":"Empresa"},"content":{"rendered":"<p>[et_pb_section fb_built=\u00bb1&#8243; _builder_version=\u00bb4.24.3&#8243; _module_preset=\u00bbdefault\u00bb background_image=\u00bbhttps:\/\/proxipel.ch\/wp-content\/uploads\/2017\/02\/materials.jpg\u00bb custom_margin=\u00bb0px||||false|false\u00bb custom_padding=\u00bb20px||||false|false\u00bb global_colors_info=\u00bb{}\u00bb][\/et_pb_section][et_pb_section fb_built=\u00bb1&#8243; _builder_version=\u00bb4.24.3&#8243; _module_preset=\u00bbdefault\u00bb global_colors_info=\u00bb{}\u00bb][et_pb_row _builder_version=\u00bb4.27.4&#8243; _module_preset=\u00bbdefault\u00bb global_colors_info=\u00bb{}\u00bb][et_pb_column type=\u00bb4_4&#8243; _builder_version=\u00bb4.27.4&#8243; _module_preset=\u00bbdefault\u00bb global_colors_info=\u00bb{}\u00bb][et_pb_text _builder_version=\u00bb4.27.4&#8243; _module_preset=\u00bbdefault\u00bb header_font=\u00bbAbel|700||on|||||\u00bb header_text_color=\u00bb#000000&#8243; header_font_size=\u00bb59px\u00bb global_colors_info=\u00bb{}\u00bb]<\/p>\n<h1 style=\"text-align: center;\">La empresa Proxipel<\/h1>\n<p>[\/et_pb_text][\/et_pb_column][\/et_pb_row][et_pb_row _builder_version=\u00bb4.24.3&#8243; _module_preset=\u00bbdefault\u00bb global_colors_info=\u00bb{}\u00bb][et_pb_column type=\u00bb4_4&#8243; _builder_version=\u00bb4.24.3&#8243; _module_preset=\u00bbdefault\u00bb global_colors_info=\u00bb{}\u00bb][et_pb_code _builder_version=\u00bb4.27.7&#8243; _module_preset=\u00bbdefault\u00bb custom_padding=\u00bb18px||46px|||\u00bb hover_enabled=\u00bb0&#8243; global_colors_info=\u00bb{}\u00bb sticky_enabled=\u00bb0&#8243;]        \r\n            <!-- Timeline Meta Data -->\r\n                    \r\n            <!-- Start Parent Container -->\r\n            <div id=\"btimeline-4470\">\r\n                <div class=\"timeline bp_titleline\" data-timeline='{&quot;timeline_type&quot;:&quot;horizontal&quot;,&quot;content_position&quot;:&quot;start&quot;,&quot;date_location&quot;:&quot;right&quot;,&quot;item_datas&quot;:[{&quot;date_label&quot;:&quot;2013&quot;,&quot;item_details&quot;:&quot;Creaci\\u00f3n de Proxipel S\\u00e0rl&quot;},{&quot;date_label&quot;:&quot;2014&quot;,&quot;item_details&quot;:&quot;Inicio de la construcci\\u00f3n del prototipo&quot;},{&quot;date_label&quot;:&quot;2015&quot;,&quot;item_details&quot;:&quot;Conversi\\u00f3n a sociedad an\\u00f3nima, primera ronda de financiaci\\u00f3n&quot;},{&quot;date_label&quot;:&quot;2016&quot;,&quot;item_details&quot;:&quot;Revisi\\u00f3n completa de los planos del prototipo&quot;},{&quot;date_label&quot;:&quot;2017&quot;,&quot;item_details&quot;:&quot;Invenci\\u00f3n del primer modelo de secadora&quot;},{&quot;date_label&quot;:&quot;2019&quot;,&quot;item_details&quot;:&quot;Prototipo terminado y operativo&quot;},{&quot;date_label&quot;:&quot;2020&quot;,&quot;item_details&quot;:&quot;Pruebas de peletizaci\\u00f3n y validaci\\u00f3n de la calidad por parte de la OFEV&quot;},{&quot;date_label&quot;:&quot;2021&quot;,&quot;item_details&quot;:&quot;Ajustes finales del prototipo&quot;},{&quot;date_label&quot;:&quot;2022&quot;,&quot;item_details&quot;:&quot;Demostraciones de clientes: segunda ronda de financiaci\\u00f3n&quot;},{&quot;date_label&quot;:&quot;2023&quot;,&quot;item_details&quot;:&quot;Primer encargo y inicio de la construcci\\u00f3n del prototipo&quot;},{&quot;date_label&quot;:&quot;2024&quot;,&quot;item_details&quot;:&quot;Resultados de los talleres del proyecto piloto&quot;}],&quot;start_item&quot;:&quot;0&quot;,&quot;move_item&quot;:&quot;1&quot;,&quot;visible_items&quot;:&quot;5&quot;,&quot;vertica_trigger&quot;:&quot;15&quot;,&quot;rtl_mode&quot;:&quot;&quot;,&quot;bar_bg_color&quot;:&quot;#dddddd&quot;,&quot;bar_dot_color&quot;:&quot;#ddd&quot;,&quot;item_bg&quot;:&quot;#ffffff&quot;,&quot;item_color&quot;:&quot;#333333&quot;,&quot;item_fontWeight&quot;:&quot;normal&quot;,&quot;item_fontStyle&quot;:&quot;normal&quot;,&quot;item_fontSize&quot;:&quot;14&quot;,&quot;item_border_size&quot;:&quot;1&quot;,&quot;item_border_color&quot;:&quot;#cccccc&quot;,&quot;label_fontSize&quot;:&quot;16&quot;,&quot;lebel_fontWeight&quot;:&quot;normal&quot;,&quot;label_fontStyle&quot;:&quot;normal&quot;,&quot;label_color&quot;:&quot;#222222&quot;}'>\r\n                    <div class=\"timeline__wrap\">\r\n                        <div class=\"timeline__items\">\r\n        \r\n                                    \r\n                                <div class=\"timeline__item  fadeIn\">\r\n                                    <div class=\"timeline__item__inner\">\r\n                                        <div class=\"timeline__content__wrap\">\r\n                                            <div class=\"timeline__content\">\r\n                                                <p class=\"title\">2013 <\/p>\r\n                                                <p>Creaci\u00f3n de Proxipel S\u00e0rl <\/p>\r\n                                            <\/div>\r\n                                        <\/div>\r\n                                    <\/div>\r\n                                <\/div>\r\n        \r\n                                    \r\n                                <div class=\"timeline__item  fadeIn\">\r\n                                    <div class=\"timeline__item__inner\">\r\n                                        <div class=\"timeline__content__wrap\">\r\n                                            <div class=\"timeline__content\">\r\n                                                <p class=\"title\">2014 <\/p>\r\n                                                <p>Inicio de la construcci\u00f3n del prototipo <\/p>\r\n                                            <\/div>\r\n                                        <\/div>\r\n                                    <\/div>\r\n                                <\/div>\r\n        \r\n                                    \r\n                                <div class=\"timeline__item  fadeIn\">\r\n                                    <div class=\"timeline__item__inner\">\r\n                                        <div class=\"timeline__content__wrap\">\r\n                                            <div class=\"timeline__content\">\r\n                                                <p class=\"title\">2015 <\/p>\r\n                                                <p>Conversi\u00f3n a sociedad an\u00f3nima, primera ronda de financiaci\u00f3n <\/p>\r\n                                            <\/div>\r\n                                        <\/div>\r\n                                    <\/div>\r\n                                <\/div>\r\n        \r\n                                    \r\n                                <div class=\"timeline__item  fadeIn\">\r\n                                    <div class=\"timeline__item__inner\">\r\n                                        <div class=\"timeline__content__wrap\">\r\n                                            <div class=\"timeline__content\">\r\n                                                <p class=\"title\">2016 <\/p>\r\n                                                <p>Revisi\u00f3n completa de los planos del prototipo <\/p>\r\n                                            <\/div>\r\n                                        <\/div>\r\n                                    <\/div>\r\n                                <\/div>\r\n        \r\n                                    \r\n                                <div class=\"timeline__item  fadeIn\">\r\n                                    <div class=\"timeline__item__inner\">\r\n                                        <div class=\"timeline__content__wrap\">\r\n                                            <div class=\"timeline__content\">\r\n                                                <p class=\"title\">2017 <\/p>\r\n                                                <p>Invenci\u00f3n del primer modelo de secadora <\/p>\r\n                                            <\/div>\r\n                                        <\/div>\r\n                                    <\/div>\r\n                                <\/div>\r\n        \r\n                                    \r\n                                <div class=\"timeline__item  fadeIn\">\r\n                                    <div class=\"timeline__item__inner\">\r\n                                        <div class=\"timeline__content__wrap\">\r\n                                            <div class=\"timeline__content\">\r\n                                                <p class=\"title\">2019 <\/p>\r\n                                                <p>Prototipo terminado y operativo <\/p>\r\n                                            <\/div>\r\n                                        <\/div>\r\n                                    <\/div>\r\n                                <\/div>\r\n        \r\n                                    \r\n                                <div class=\"timeline__item  fadeIn\">\r\n                                    <div class=\"timeline__item__inner\">\r\n                                        <div class=\"timeline__content__wrap\">\r\n                                            <div class=\"timeline__content\">\r\n                                                <p class=\"title\">2020 <\/p>\r\n                                                <p>Pruebas de peletizaci\u00f3n y validaci\u00f3n de la calidad por parte de la OFEV <\/p>\r\n                                            <\/div>\r\n                                        <\/div>\r\n                                    <\/div>\r\n                                <\/div>\r\n        \r\n                                    \r\n                                <div class=\"timeline__item  fadeIn\">\r\n                                    <div class=\"timeline__item__inner\">\r\n                                        <div class=\"timeline__content__wrap\">\r\n                                            <div class=\"timeline__content\">\r\n                                                <p class=\"title\">2021 <\/p>\r\n                                                <p>Ajustes finales del prototipo <\/p>\r\n                                            <\/div>\r\n                                        <\/div>\r\n                                    <\/div>\r\n                                <\/div>\r\n        \r\n                                    \r\n                                <div class=\"timeline__item  fadeIn\">\r\n                                    <div class=\"timeline__item__inner\">\r\n                                        <div class=\"timeline__content__wrap\">\r\n                                            <div class=\"timeline__content\">\r\n                                                <p class=\"title\">2022 <\/p>\r\n                                                <p>Demostraciones de clientes: segunda ronda de financiaci\u00f3n <\/p>\r\n                                            <\/div>\r\n                                        <\/div>\r\n                                    <\/div>\r\n                                <\/div>\r\n        \r\n                                    \r\n                                <div class=\"timeline__item  fadeIn\">\r\n                                    <div class=\"timeline__item__inner\">\r\n                                        <div class=\"timeline__content__wrap\">\r\n                                            <div class=\"timeline__content\">\r\n                                                <p class=\"title\">2023 <\/p>\r\n                                                <p>Primer encargo y inicio de la construcci\u00f3n del prototipo <\/p>\r\n                                            <\/div>\r\n                                        <\/div>\r\n                                    <\/div>\r\n                                <\/div>\r\n        \r\n                                    \r\n                                <div class=\"timeline__item  fadeIn\">\r\n                                    <div class=\"timeline__item__inner\">\r\n                                        <div class=\"timeline__content__wrap\">\r\n                                            <div class=\"timeline__content\">\r\n                                                <p class=\"title\">2024 <\/p>\r\n                                                <p>Resultados de los talleres del proyecto piloto <\/p>\r\n                                            <\/div>\r\n                                        <\/div>\r\n                                    <\/div>\r\n                                <\/div>\r\n        \r\n                                                    <\/div>\r\n                    <\/div>\r\n                <\/div>\r\n            <\/div> <!-- End Parent Container -->\r\n            <style>\r\n                #btimeline-4470                .timeline__content {\r\n                    background:\r\n                        #ffffff                    ;\r\n                    border:\r\n                        1                        px solid\r\n                        #cccccc                    ;\r\n        \r\n                }\r\n        \r\n                #btimeline-4470                .timeline__content .title{\r\n                    font-size: 14px;\r\n                    color: #333333;\r\n                    font-style: normal;\r\n                    font-weight: normal                }\r\n        \r\n                #btimeline-4470                .timeline__content p {\r\n                    font-size: 16 px;\r\n                    color: #222222;\r\n                    font-style: normal;\r\n                    font-weight: normal                }\r\n        \r\n                \/* Timeline Dot *\/\r\n                #btimeline-4470                .timeline__item::after {\r\n                    background-color: '#fff';\r\n                    border: 5px solid #ddd;\r\n                }\r\n        \r\n                #btimeline-4470                .timeline--horizontal .timeline-divider,\r\n                #btimeline-4470                .timeline:not(.timeline--horizontal)::before {\r\n                    background-color: #dddddd;\r\n                }\r\n        \r\n                #btimeline-4470                .timeline__item--left .timeline__content::before {\r\n                    border-left: 11px solid\r\n                        #cccccc                    ;\r\n                }\r\n        \r\n                #btimeline-4470                .timeline__item--right .timeline__content::before {\r\n                    border-right: 12px solid\r\n                        #cccccc                    ;\r\n                }\r\n        \r\n                #btimeline-4470                .timeline__item--left .timeline__content::after {\r\n                    border-left: 11px solid\r\n                        #ffffff                    ;\r\n                }\r\n        \r\n                #btimeline-4470                .timeline__item--right .timeline__content::after {\r\n                    border-right: 12px solid\r\n                        #ffffff                    ;\r\n                }\r\n        \r\n                #btimeline-4470                .timeline__item.timeline__item--top .timeline__content::before {\r\n                    border-top: 14px solid\r\n                        #cccccc                        !important;\r\n                }\r\n        \r\n                #btimeline-4470                .timeline__item.timeline__item--bottom .timeline__content::before {\r\n                    border-bottom: 14px solid\r\n                        #cccccc                        !important;\r\n                    border-top: none;\r\n                }\r\n        \r\n                \/* Horizontal view *\/\r\n                #btimeline-4470                .timeline__item.timeline__item--top .timeline__content::after {\r\n                    border-top: 12px solid\r\n                        #ffffff                    ;\r\n                }\r\n        \r\n                #btimeline-4470                .timeline__item.timeline__item--bottom .timeline__content::after {\r\n                    border-bottom: 12px solid\r\n                        #ffffff                    ;\r\n                    border-top: none;\r\n                }\r\n        \r\n                \/* Mobaile view *\/\r\n                #btimeline-4470                .timeline--mobile .timeline__wrap .timeline__items {\r\n                    height: auto !important;\r\n                }\r\n    \r\n                #btimeline-4470                .timeline--mobile .timeline__item .timeline__content::before {\r\n                    border-left: none;\r\n                    border-right: 12px solid\r\n                        #cccccc                    ;\r\n                }\r\n        \r\n                #btimeline-4470                .timeline--mobile .timeline__item .timeline__content::after {\r\n                    border-left: none;\r\n                    border-right: 12px solid\r\n                        #ffffff                    ;\r\n                }\r\n        \r\n                #btimeline-4470                .timeline-nav-button {\r\n                    background-color: #fff;\r\n                    border: 2px solid\r\n                        #dddddd                    ;\r\n                }\r\n            <\/style>\r\n        \r\n            [\/et_pb_code][\/et_pb_column][\/et_pb_row][\/et_pb_section][et_pb_section fb_built=\u00bb1&#8243; _builder_version=\u00bb4.24.3&#8243; _module_preset=\u00bbdefault\u00bb background_color=\u00bbrgba(170,219,36,0.3)\u00bb global_colors_info=\u00bb{}\u00bb][et_pb_row column_structure=\u00bb1_2,1_2&#8243; _builder_version=\u00bb4.24.3&#8243; _module_preset=\u00bbdefault\u00bb global_colors_info=\u00bb{}\u00bb][et_pb_column type=\u00bb1_2&#8243; _builder_version=\u00bb4.24.3&#8243; _module_preset=\u00bbdefault\u00bb global_colors_info=\u00bb{}\u00bb][et_pb_image src=\u00bbhttps:\/\/proxipel.ch\/wp-content\/uploads\/2024\/10\/richard.jpg\u00bb title_text=\u00bbrichard\u00bb _builder_version=\u00bb4.24.3&#8243; _module_preset=\u00bbdefault\u00bb global_colors_info=\u00bb{}\u00bb][\/et_pb_image][\/et_pb_column][et_pb_column type=\u00bb1_2&#8243; _builder_version=\u00bb4.24.3&#8243; _module_preset=\u00bbdefault\u00bb global_colors_info=\u00bb{}\u00bb][et_pb_text _builder_version=\u00bb4.24.3&#8243; _module_preset=\u00bbdefault\u00bb global_colors_info=\u00bb{}\u00bb]<\/p>\n<p><em>\u00abLa aventura de Proxipel comenz\u00f3 en 2013. Primero empezamos a trabajar en el proyecto a tiempo parcial, antes de encontrar el momento perfecto para dedicarnos al 100%. Ha sido un largo camino y una gratificante serie de descubrimientos antes de que finalmente lanz\u00e1ramos nuestro prototipo en 2018. Esta m\u00e1quina nos ha permitido aprender mucho sobre la producci\u00f3n de pellets y la optimizaci\u00f3n de las unidades m\u00f3viles. Hemos seguido innovando para poder ofrecer hoy una gama de servicios que responda a las necesidades de los distintos actores del sector del pellet.\u00bb<\/em><\/p>\n<p>Richard Pfister, Director General<\/p>\n<p>[\/et_pb_text][\/et_pb_column][\/et_pb_row][\/et_pb_section][et_pb_section fb_built=\u00bb1&#8243; _builder_version=\u00bb4.24.3&#8243; _module_preset=\u00bbdefault\u00bb global_colors_info=\u00bb{}\u00bb][et_pb_row _builder_version=\u00bb4.24.3&#8243; _module_preset=\u00bbdefault\u00bb global_colors_info=\u00bb{}\u00bb][et_pb_column type=\u00bb4_4&#8243; _builder_version=\u00bb4.24.3&#8243; _module_preset=\u00bbdefault\u00bb global_colors_info=\u00bb{}\u00bb][et_pb_text _builder_version=\u00bb4.24.3&#8243; _module_preset=\u00bbdefault\u00bb global_colors_info=\u00bb{}\u00bb]<\/p>\n<h2>Apoyos y premios<\/h2>\n<p>[\/et_pb_text][et_pb_image src=\u00bbhttps:\/\/proxipel.ch\/wp-content\/uploads\/2025\/08\/awward-scaled-1.jpeg\u00bb title_text=\u00bbawward-scaled-1&#8243; _builder_version=\u00bb4.27.4&#8243; _module_preset=\u00bbdefault\u00bb global_colors_info=\u00bb{}\u00bb][\/et_pb_image][\/et_pb_column][\/et_pb_row][\/et_pb_section][et_pb_section fb_built=\u00bb1&#8243; _builder_version=\u00bb4.24.3&#8243; _module_preset=\u00bbdefault\u00bb background_color=\u00bbrgba(170,219,36,0.35)\u00bb custom_margin=\u00bb0px||||false|false\u00bb custom_padding=\u00bb0px||||false|false\u00bb global_colors_info=\u00bb{}\u00bb][et_pb_row _builder_version=\u00bb4.24.3&#8243; _module_preset=\u00bbdefault\u00bb global_colors_info=\u00bb{}\u00bb][et_pb_column type=\u00bb4_4&#8243; _builder_version=\u00bb4.24.3&#8243; _module_preset=\u00bbdefault\u00bb global_colors_info=\u00bb{}\u00bb][et_pb_text _builder_version=\u00bb4.24.3&#8243; _module_preset=\u00bbdefault\u00bb global_colors_info=\u00bb{}\u00bb]<\/p>\n<p>&nbsp;<\/p>\n<h2>\u00danete a nosotros<\/h2>\n<p>Buscamos constantemente nuevos talentos para incorporar a nuestro equipo.<\/p>\n<h2>\u00bfTe interesa?<\/h2>\n<p>\u00a1<a href=\"https:\/\/proxipel.ch\/es\/ponte-en-contacto-con\/\" style=\"color: #666;\">Ponte en contacto con nosotros<\/a> para contarnos por qu\u00e9 te interesa!<\/p>\n<p>[\/et_pb_text][\/et_pb_column][\/et_pb_row][\/et_pb_section][et_pb_section fb_built=\u00bb1&#8243; _builder_version=\u00bb4.24.3&#8243; _module_preset=\u00bbdefault\u00bb custom_margin=\u00bb0px||||false|false\u00bb custom_padding=\u00bb0px||||false|false\u00bb global_colors_info=\u00bb{}\u00bb][et_pb_row _builder_version=\u00bb4.24.3&#8243; _module_preset=\u00bbdefault\u00bb global_colors_info=\u00bb{}\u00bb][et_pb_column type=\u00bb4_4&#8243; _builder_version=\u00bb4.24.3&#8243; _module_preset=\u00bbdefault\u00bb global_colors_info=\u00bb{}\u00bb][et_pb_code _builder_version=\u00bb4.27.7&#8243; _module_preset=\u00bbdefault\u00bb global_colors_info=\u00bb{}\u00bb]<div class='white' style='background:rgba(0,0,0,0); border:solid 0px rgba(0,0,0,0); border-radius:0px; padding:0px 0px 0px 0px;'>\n<div id='sample_slider' class='owl-carousel sa_owl_theme owl-pagination-true autohide-arrows' data-slider-id='sample_slider' style='visibility:hidden;'>\n<div id='sample_slider_slide01' class='sa_hover_container' style='padding:5% 5%; margin:0px 0%; '><div style=\"text-align: left;padding-bottom: 10px\">\r\n<h3><img decoding=\"async\" class=\"alignnone wp-image-2685 size-full\" src=\"https:\/\/proxipel.ch\/wp-content\/uploads\/2026\/05\/camion.webp\" alt=\"cami\u00f3n Proxipel\" width=\"895\" height=\"457\" srcset=\"https:\/\/proxipel.ch\/wp-content\/uploads\/2026\/05\/camion.webp 895w, https:\/\/proxipel.ch\/wp-content\/uploads\/2026\/05\/camion-480x245.webp 480w\" sizes=\"(min-width: 0px) and (max-width: 480px) 480px, (min-width: 481px) 895px, 100vw\" \/><\/h3>\r\n<h2 class=\"et_pb_slide_title et-fb-editable-element et-fb-editable-element__editing\" data-shortcode-id=\"0.0.0.0.0-1714621829766\" data-quickaccess-id=\"header\">Proxiflex<\/h2>\r\n<p>Unidad m\u00f3vil con tolva de carga para material a granel<\/p>\r\n<p><a class=\"btn download\" href=\"https:\/\/proxipel.ch\/wp-content\/uploads\/2024\/09\/3422-Proxiflex-Fiche-Technique-WEB.pdf\">Ficha t\u00e9cnica <\/a><a class=\"btn download\" href=\"https:\/\/proxipel.ch\/es\/proxiflex\/\">M\u00e1s informaci\u00f3n<\/a><\/p>\r\n<\/div><\/div>\n<div id='sample_slider_slide02' class='sa_hover_container' style='padding:5% 5%; margin:0px 0%; background-color:rgb(255, 255, 255); '><div style=\"text-align: left;padding-bottom: 10px\">\r\n<h3><img decoding=\"async\" class=\"alignnone wp-image-2689 size-full\" src=\"https:\/\/proxipel.ch\/wp-content\/uploads\/2026\/05\/fabrication-pellet.webp\" alt=\"fabricaci\u00f3n de pellets\" width=\"895\" height=\"457\" srcset=\"https:\/\/proxipel.ch\/wp-content\/uploads\/2026\/05\/fabrication-pellet.webp 895w, https:\/\/proxipel.ch\/wp-content\/uploads\/2026\/05\/fabrication-pellet-480x245.webp 480w\" sizes=\"(min-width: 0px) and (max-width: 480px) 480px, (min-width: 481px) 895px, 100vw\" \/><\/h3>\r\n<h2 class=\"et_pb_slide_title et-fb-editable-element et-fb-editable-element__editing\" data-shortcode-id=\"0.0.0.0.0-1714621829766\" data-quickaccess-id=\"header\">Servicio de alquiler<\/h2>\r\n<p>Servicio de alquiler de nuestra unidad de peletizaci\u00f3n m\u00f3vil<\/p>\r\n<p><a class=\"btn download\" href=\"https:\/\/proxipel.ch\/es\/alquiler-de-unidades\/\">M\u00e1s informaci\u00f3n<\/a><\/p>\r\n<\/div><\/div>\n<div id='sample_slider_slide03' class='sa_hover_container' style='padding:5% 5%; margin:0px 0%; '><div style=\"text-align: left;padding-bottom: 10px\">\r\n<h3><img decoding=\"async\" class=\"alignnone wp-image-2681 size-full\" src=\"https:\/\/proxipel.ch\/wp-content\/uploads\/2026\/05\/labo-home.webp\" alt=\"labo-home\" width=\"895\" height=\"457\" srcset=\"https:\/\/proxipel.ch\/wp-content\/uploads\/2026\/05\/labo-home.webp 895w, https:\/\/proxipel.ch\/wp-content\/uploads\/2026\/05\/labo-home-480x245.webp 480w\" sizes=\"(min-width: 0px) and (max-width: 480px) 480px, (min-width: 481px) 895px, 100vw\" \/><\/h3>\r\n<h2 class=\"et_pb_slide_title et-fb-editable-element et-fb-editable-element__editing\" data-shortcode-id=\"0.0.0.0.0-1714621829766\" data-quickaccess-id=\"header\">Servicio de acompa\u00f1amiento<\/h2>\r\n<p>Te acompa\u00f1amos en tu proyecto, desde la idea hasta la puesta en marcha<\/p>\r\n<p><a class=\"btn download\" href=\"https:\/\/proxipel.ch\/es\/apoyo-total-a-tu-proyecto\/\">M\u00e1s informaci\u00f3n<\/a><\/p>\r\n<\/div><\/div>\n<div id='sample_slider_slide04' class='sa_hover_container' style='padding:5% 5%; margin:0px 0%; '><div style=\"text-align: left;padding-bottom: 10px\">\r\n<h3><img decoding=\"async\" class=\"alignnone wp-image-2693 size-full\" src=\"https:\/\/proxipel.ch\/wp-content\/uploads\/2026\/05\/pellets-1.webp\" alt=\"pellets\" width=\"895\" height=\"457\" srcset=\"https:\/\/proxipel.ch\/wp-content\/uploads\/2026\/05\/pellets-1.webp 895w, https:\/\/proxipel.ch\/wp-content\/uploads\/2026\/05\/pellets-1-480x245.webp 480w\" sizes=\"(min-width: 0px) and (max-width: 480px) 480px, (min-width: 481px) 895px, 100vw\" \/><\/h3>\r\n<h2 class=\"et_pb_slide_title et-fb-editable-element et-fb-editable-element__editing\" data-shortcode-id=\"0.0.0.0.0-1714621829766\" data-quickaccess-id=\"header\">Pellets<\/h2>\r\n<p>Pellets de calidad, que cumplen con la norma ISO 17225<\/p>\r\n<p><a class=\"btn download\" href=\"https:\/\/proxipel.ch\/es\/pellets\/\">M\u00e1s informaci\u00f3n<\/a><\/p>\r\n<\/div><\/div>\n<\/div>\n<\/div>\n<script type='text\/javascript'>\n\tjQuery(document).ready(function() {\n\t\tjQuery('#sample_slider').owlCarousel({\n\t\t\tresponsive:{\n\t\t\t\t0:{ items:1 },\n\t\t\t\t480:{ items:2 },\n\t\t\t\t768:{ items:2 },\n\t\t\t\t980:{ items:3 },\n\t\t\t\t1200:{ items:3 },\n\t\t\t\t1500:{ items:3 }\n\t\t\t},\n\t\t\tautoplay : true,\n\t\t\tautoplayTimeout : 5000,\n\t\t\tautoplayHoverPause : true,\n\t\t\tsmartSpeed : 200,\n\t\t\tfluidSpeed : 200,\n\t\t\tautoplaySpeed : 200,\n\t\t\tnavSpeed : 200,\n\t\t\tdotsSpeed : 200,\n\t\t\tloop : true,\n\t\t\tnav : true,\n\t\t\tnavText : ['Previous','Next'],\n\t\t\tdots : true,\n\t\t\tresponsiveRefreshRate : 200,\n\t\t\tslideBy : 1,\n\t\t\tmergeFit : true,\n\t\t\tautoHeight : false,\n\t\t\tmouseDrag : false,\n\t\t\ttouchDrag : true\n\t\t});\n\t\tjQuery('#sample_slider').css('visibility', 'visible');\n\t\tsa_resize_sample_slider();\n\t\twindow.addEventListener('resize', sa_resize_sample_slider);\n\t\tfunction sa_resize_sample_slider() {\n\t\t\tvar min_height = '50';\n\t\t\tvar win_width = jQuery(window).width();\n\t\t\tvar slider_width = jQuery('#sample_slider').width();\n\t\t\tif (win_width < 480) {\n\t\t\t\tvar slide_width = slider_width \/ 1;\n\t\t\t} else if (win_width < 768) {\n\t\t\t\tvar slide_width = slider_width \/ 2;\n\t\t\t} else if (win_width < 980) {\n\t\t\t\tvar slide_width = slider_width \/ 2;\n\t\t\t} else if (win_width < 1200) {\n\t\t\t\tvar slide_width = slider_width \/ 3;\n\t\t\t} else if (win_width < 1500) {\n\t\t\t\tvar slide_width = slider_width \/ 3;\n\t\t\t} else {\n\t\t\t\tvar slide_width = slider_width \/ 3;\n\t\t\t}\n\t\t\tslide_width = Math.round(slide_width);\n\t\t\tvar slide_height = '0';\n\t\t\tif (min_height == 'aspect43') {\n\t\t\t\tslide_height = (slide_width \/ 4) * 3;\t\t\t\tslide_height = Math.round(slide_height);\n\t\t\t} else if (min_height == 'aspect169') {\n\t\t\t\tslide_height = (slide_width \/ 16) * 9;\t\t\t\tslide_height = Math.round(slide_height);\n\t\t\t} else {\n\t\t\t\tslide_height = (slide_width \/ 100) * min_height;\t\t\t\tslide_height = Math.round(slide_height);\n\t\t\t}\n\t\t\tjQuery('#sample_slider .owl-item .sa_hover_container').css('min-height', slide_height+'px');\n\t\t}\n\t\tvar owl_goto = jQuery('#sample_slider');\n\t\tjQuery('.sample_slider_goto1').click(function(event){\n\t\t\towl_goto.trigger('to.owl.carousel', 0);\n\t\t});\n\t\tjQuery('.sample_slider_goto2').click(function(event){\n\t\t\towl_goto.trigger('to.owl.carousel', 1);\n\t\t});\n\t\tjQuery('.sample_slider_goto3').click(function(event){\n\t\t\towl_goto.trigger('to.owl.carousel', 2);\n\t\t});\n\t\tjQuery('.sample_slider_goto4').click(function(event){\n\t\t\towl_goto.trigger('to.owl.carousel', 3);\n\t\t});\n\t\tvar resize_4089 = jQuery('.owl-carousel');\n\t\tresize_4089.on('initialized.owl.carousel', function(e) {\n\t\t\tif (typeof(Event) === 'function') {\n\t\t\t\twindow.dispatchEvent(new Event('resize'));\n\t\t\t} else {\n\t\t\t\tvar evt = window.document.createEvent('UIEvents');\n\t\t\t\tevt.initUIEvent('resize', true, false, window, 0);\n\t\t\t\twindow.dispatchEvent(evt);\n\t\t\t}\n\t\t});\n\t});\n<\/script>\n[\/et_pb_code][\/et_pb_column][\/et_pb_row][\/et_pb_section]<\/p>\n","protected":false},"excerpt":{"rendered":"<p>La empresa Proxipel        \r\n            <!-- Timeline Meta Data -->\r\n                    \r\n            <!-- Start Parent Container -->\r\n            <div id=\"btimeline-4470\">\r\n                <div class=\"timeline bp_titleline\" data-timeline='{&quot;timeline_type&quot;:&quot;horizontal&quot;,&quot;content_position&quot;:&quot;start&quot;,&quot;date_location&quot;:&quot;right&quot;,&quot;item_datas&quot;:[{&quot;date_label&quot;:&quot;2013&quot;,&quot;item_details&quot;:&quot;Creaci\\u00f3n de Proxipel S\\u00e0rl&quot;},{&quot;date_label&quot;:&quot;2014&quot;,&quot;item_details&quot;:&quot;Inicio de la construcci\\u00f3n del prototipo&quot;},{&quot;date_label&quot;:&quot;2015&quot;,&quot;item_details&quot;:&quot;Conversi\\u00f3n a sociedad an\\u00f3nima, primera ronda de financiaci\\u00f3n&quot;},{&quot;date_label&quot;:&quot;2016&quot;,&quot;item_details&quot;:&quot;Revisi\\u00f3n completa de los planos del prototipo&quot;},{&quot;date_label&quot;:&quot;2017&quot;,&quot;item_details&quot;:&quot;Invenci\\u00f3n del primer modelo de secadora&quot;},{&quot;date_label&quot;:&quot;2019&quot;,&quot;item_details&quot;:&quot;Prototipo terminado y operativo&quot;},{&quot;date_label&quot;:&quot;2020&quot;,&quot;item_details&quot;:&quot;Pruebas de peletizaci\\u00f3n y validaci\\u00f3n de la calidad por parte de la OFEV&quot;},{&quot;date_label&quot;:&quot;2021&quot;,&quot;item_details&quot;:&quot;Ajustes finales del prototipo&quot;},{&quot;date_label&quot;:&quot;2022&quot;,&quot;item_details&quot;:&quot;Demostraciones de clientes: segunda ronda de financiaci\\u00f3n&quot;},{&quot;date_label&quot;:&quot;2023&quot;,&quot;item_details&quot;:&quot;Primer encargo y inicio de la construcci\\u00f3n del prototipo&quot;},{&quot;date_label&quot;:&quot;2024&quot;,&quot;item_details&quot;:&quot;Resultados de los talleres del proyecto piloto&quot;}],&quot;start_item&quot;:&quot;0&quot;,&quot;move_item&quot;:&quot;1&quot;,&quot;visible_items&quot;:&quot;5&quot;,&quot;vertica_trigger&quot;:&quot;15&quot;,&quot;rtl_mode&quot;:&quot;&quot;,&quot;bar_bg_color&quot;:&quot;#dddddd&quot;,&quot;bar_dot_color&quot;:&quot;#ddd&quot;,&quot;item_bg&quot;:&quot;#ffffff&quot;,&quot;item_color&quot;:&quot;#333333&quot;,&quot;item_fontWeight&quot;:&quot;normal&quot;,&quot;item_fontStyle&quot;:&quot;normal&quot;,&quot;item_fontSize&quot;:&quot;14&quot;,&quot;item_border_size&quot;:&quot;1&quot;,&quot;item_border_color&quot;:&quot;#cccccc&quot;,&quot;label_fontSize&quot;:&quot;16&quot;,&quot;lebel_fontWeight&quot;:&quot;normal&quot;,&quot;label_fontStyle&quot;:&quot;normal&quot;,&quot;label_color&quot;:&quot;#222222&quot;}'>\r\n                    <div class=\"timeline__wrap\">\r\n                        <div class=\"timeline__items\">\r\n        \r\n                                    \r\n                                <div class=\"timeline__item  fadeIn\">\r\n                                    <div class=\"timeline__item__inner\">\r\n                                        <div class=\"timeline__content__wrap\">\r\n                                            <div class=\"timeline__content\">\r\n                                                <p class=\"title\">2013 <\/p>\r\n                                                <p>Creaci\u00f3n de Proxipel S\u00e0rl <\/p>\r\n                                            <\/div>\r\n                                        <\/div>\r\n                                    <\/div>\r\n                                <\/div>\r\n        \r\n                                    \r\n                                <div class=\"timeline__item  fadeIn\">\r\n                                    <div class=\"timeline__item__inner\">\r\n                                        <div class=\"timeline__content__wrap\">\r\n                                            <div class=\"timeline__content\">\r\n                                                <p class=\"title\">2014 <\/p>\r\n                                                <p>Inicio de la construcci\u00f3n del prototipo <\/p>\r\n                                            <\/div>\r\n                                        <\/div>\r\n                                    <\/div>\r\n                                <\/div>\r\n        \r\n                                    \r\n                                <div class=\"timeline__item  fadeIn\">\r\n                                    <div class=\"timeline__item__inner\">\r\n                                        <div class=\"timeline__content__wrap\">\r\n                                            <div class=\"timeline__content\">\r\n                                                <p class=\"title\">2015 <\/p>\r\n                                                <p>Conversi\u00f3n a sociedad an\u00f3nima, primera ronda de financiaci\u00f3n <\/p>\r\n                                            <\/div>\r\n                                        <\/div>\r\n                                    <\/div>\r\n                                <\/div>\r\n        \r\n                                    \r\n                                <div class=\"timeline__item  fadeIn\">\r\n                                    <div class=\"timeline__item__inner\">\r\n                                        <div class=\"timeline__content__wrap\">\r\n                                            <div class=\"timeline__content\">\r\n                                                <p class=\"title\">2016 <\/p>\r\n                                                <p>Revisi\u00f3n completa de los planos del prototipo <\/p>\r\n                                            <\/div>\r\n                                        <\/div>\r\n                                    <\/div>\r\n                                <\/div>\r\n        \r\n                                    \r\n                                <div class=\"timeline__item  fadeIn\">\r\n                                    <div class=\"timeline__item__inner\">\r\n                                        <div class=\"timeline__content__wrap\">\r\n                                            <div class=\"timeline__content\">\r\n                                                <p class=\"title\">2017 <\/p>\r\n                                                <p>Invenci\u00f3n del primer modelo de secadora <\/p>\r\n                                            <\/div>\r\n                                        <\/div>\r\n                                    <\/div>\r\n                                <\/div>\r\n        \r\n                                    \r\n                                <div class=\"timeline__item  fadeIn\">\r\n                                    <div class=\"timeline__item__inner\">\r\n                                        <div class=\"timeline__content__wrap\">\r\n                                            <div class=\"timeline__content\">\r\n                                                <p class=\"title\">2019 <\/p>\r\n                                                <p>Prototipo terminado y operativo <\/p>\r\n                                            <\/div>\r\n                                        <\/div>\r\n                                    <\/div>\r\n                                <\/div>\r\n        \r\n                                    \r\n                                <div class=\"timeline__item  fadeIn\">\r\n                                    <div class=\"timeline__item__inner\">\r\n                                        <div class=\"timeline__content__wrap\">\r\n                                            <div class=\"timeline__content\">\r\n                                                <p class=\"title\">2020 <\/p>\r\n                                                <p>Pruebas de peletizaci\u00f3n y validaci\u00f3n de la calidad por parte de la OFEV <\/p>\r\n                                            <\/div>\r\n                                        <\/div>\r\n                                    <\/div>\r\n                                <\/div>\r\n        \r\n                                    \r\n                                <div class=\"timeline__item  fadeIn\">\r\n                                    <div class=\"timeline__item__inner\">\r\n                                        <div class=\"timeline__content__wrap\">\r\n                                            <div class=\"timeline__content\">\r\n                                                <p class=\"title\">2021 <\/p>\r\n                                                <p>Ajustes finales del prototipo <\/p>\r\n                                            <\/div>\r\n                                        <\/div>\r\n                                    <\/div>\r\n                                <\/div>\r\n        \r\n                                    \r\n                                <div class=\"timeline__item  fadeIn\">\r\n                                    <div class=\"timeline__item__inner\">\r\n                                        <div class=\"timeline__content__wrap\">\r\n                                            <div class=\"timeline__content\">\r\n                                                <p class=\"title\">2022 <\/p>\r\n                                                <p>Demostraciones de clientes: segunda ronda de financiaci\u00f3n <\/p>\r\n                                            <\/div>\r\n                                        <\/div>\r\n                                    <\/div>\r\n                                <\/div>\r\n        \r\n                                    \r\n                                <div class=\"timeline__item  fadeIn\">\r\n                                    <div class=\"timeline__item__inner\">\r\n                                        <div class=\"timeline__content__wrap\">\r\n                                            <div class=\"timeline__content\">\r\n                                                <p class=\"title\">2023 <\/p>\r\n                                                <p>Primer encargo y inicio de la construcci\u00f3n del prototipo <\/p>\r\n                                            <\/div>\r\n                                        <\/div>\r\n                                    <\/div>\r\n                                <\/div>\r\n        \r\n                                    \r\n                                <div class=\"timeline__item  fadeIn\">\r\n                                    <div class=\"timeline__item__inner\">\r\n                                        <div class=\"timeline__content__wrap\">\r\n                                            <div class=\"timeline__content\">\r\n                                                <p class=\"title\">2024 <\/p>\r\n                                                <p>Resultados de los talleres del proyecto piloto <\/p>\r\n                                            <\/div>\r\n                                        <\/div>\r\n                                    <\/div>\r\n                                <\/div>\r\n        \r\n                                                    <\/div>\r\n                    <\/div>\r\n                <\/div>\r\n            <\/div> <!-- End Parent Container -->\r\n            <style>\r\n                #btimeline-4470                .timeline__content {\r\n                    background:\r\n                        #ffffff                    ;\r\n                    border:\r\n                        1                        px solid\r\n                        #cccccc                    ;\r\n        \r\n                }\r\n        \r\n                #btimeline-4470                .timeline__content .title{\r\n                    font-size: 14px;\r\n                    color: #333333;\r\n                    font-style: normal;\r\n                    font-weight: normal                }\r\n        \r\n                #btimeline-4470                .timeline__content p {\r\n                    font-size: 16 px;\r\n                    color: #222222;\r\n                    font-style: normal;\r\n                    font-weight: normal                }\r\n        \r\n                \/* Timeline Dot *\/\r\n                #btimeline-4470                .timeline__item::after {\r\n                    background-color: '#fff';\r\n                    border: 5px solid #ddd;\r\n                }\r\n        \r\n                #btimeline-4470                .timeline--horizontal .timeline-divider,\r\n                #btimeline-4470                .timeline:not(.timeline--horizontal)::before {\r\n                    background-color: #dddddd;\r\n                }\r\n        \r\n                #btimeline-4470                .timeline__item--left .timeline__content::before {\r\n                    border-left: 11px solid\r\n                        #cccccc                    ;\r\n                }\r\n        \r\n                #btimeline-4470                .timeline__item--right .timeline__content::before {\r\n                    border-right: 12px solid\r\n                        #cccccc                    ;\r\n                }\r\n        \r\n                #btimeline-4470                .timeline__item--left .timeline__content::after {\r\n                    border-left: 11px solid\r\n                        #ffffff                    ;\r\n                }\r\n        \r\n                #btimeline-4470                .timeline__item--right .timeline__content::after {\r\n                    border-right: 12px solid\r\n                        #ffffff                    ;\r\n                }\r\n        \r\n                #btimeline-4470                .timeline__item.timeline__item--top .timeline__content::before {\r\n                    border-top: 14px solid\r\n                        #cccccc                        !important;\r\n                }\r\n        \r\n                #btimeline-4470                .timeline__item.timeline__item--bottom .timeline__content::before {\r\n                    border-bottom: 14px solid\r\n                        #cccccc                        !important;\r\n                    border-top: none;\r\n                }\r\n        \r\n                \/* Horizontal view *\/\r\n                #btimeline-4470                .timeline__item.timeline__item--top .timeline__content::after {\r\n                    border-top: 12px solid\r\n                        #ffffff                    ;\r\n                }\r\n        \r\n                #btimeline-4470                .timeline__item.timeline__item--bottom .timeline__content::after {\r\n                    border-bottom: 12px solid\r\n                        #ffffff                    ;\r\n                    border-top: none;\r\n                }\r\n        \r\n                \/* Mobaile view *\/\r\n                #btimeline-4470                .timeline--mobile .timeline__wrap .timeline__items {\r\n                    height: auto !important;\r\n                }\r\n    \r\n                #btimeline-4470                .timeline--mobile .timeline__item .timeline__content::before {\r\n                    border-left: none;\r\n                    border-right: 12px solid\r\n                        #cccccc                    ;\r\n                }\r\n        \r\n                #btimeline-4470                .timeline--mobile .timeline__item .timeline__content::after {\r\n                    border-left: none;\r\n                    border-right: 12px solid\r\n                        #ffffff                    ;\r\n                }\r\n        \r\n                #btimeline-4470                .timeline-nav-button {\r\n                    background-color: #fff;\r\n                    border: 2px solid\r\n                        #dddddd                    ;\r\n                }\r\n            <\/style>\r\n        \r\n            \u00abLa aventura de Proxipel comenz\u00f3 en 2013. Primero empezamos a trabajar en el proyecto a tiempo parcial, antes de encontrar el momento perfecto para dedicarnos al 100%. Ha sido un largo camino y una gratificante serie de descubrimientos antes de que finalmente lanz\u00e1ramos nuestro prototipo en 2018. Esta m\u00e1quina nos ha permitido [&hellip;]<\/p>\n","protected":false},"author":1,"featured_media":1611,"parent":0,"menu_order":0,"comment_status":"closed","ping_status":"closed","template":"","meta":{"_et_pb_use_builder":"on","_et_pb_old_content":"","_et_gb_content_width":"","inline_featured_image":false,"footnotes":""},"class_list":["post-1085","page","type-page","status-publish","has-post-thumbnail","hentry"],"yoast_head":"<!-- This site is optimized with the Yoast SEO plugin v28.3 - https:\/\/yoast.com\/product\/yoast-seo-wordpress\/ -->\n<title>Empresa - Proxipel<\/title>\n<meta name=\"description\" content=\"Proxipel, pionera en la peletizaci\u00f3n m\u00f3vil, desarrolla soluciones innovadoras para una energ\u00eda local y sostenible.\" \/>\n<meta name=\"robots\" content=\"index, follow, max-snippet:-1, max-image-preview:large, max-video-preview:-1\" \/>\n<link rel=\"canonical\" href=\"https:\/\/proxipel.ch\/es\/empresa\/\" \/>\n<meta property=\"og:locale\" content=\"es_ES\" \/>\n<meta property=\"og:type\" content=\"article\" \/>\n<meta property=\"og:title\" content=\"Empresa - Proxipel\" \/>\n<meta property=\"og:description\" content=\"Proxipel, pionera en la peletizaci\u00f3n m\u00f3vil, desarrolla soluciones innovadoras para una energ\u00eda local y sostenible.\" \/>\n<meta property=\"og:url\" content=\"https:\/\/proxipel.ch\/es\/empresa\/\" \/>\n<meta property=\"og:site_name\" content=\"Proxipel\" \/>\n<meta property=\"article:modified_time\" content=\"2026-07-21T16:36:01+00:00\" \/>\n<meta property=\"og:image\" content=\"https:\/\/proxipel.ch\/wp-content\/uploads\/2025\/06\/Proxipel-Logo.jpeg\" \/>\n\t<meta property=\"og:image:width\" content=\"1897\" \/>\n\t<meta property=\"og:image:height\" content=\"938\" \/>\n\t<meta property=\"og:image:type\" content=\"image\/jpeg\" \/>\n<meta name=\"twitter:card\" content=\"summary_large_image\" \/>\n<meta name=\"twitter:label1\" content=\"Tiempo de lectura\" \/>\n\t<meta name=\"twitter:data1\" content=\"3 minutos\" \/>\n<script type=\"application\/ld+json\" class=\"yoast-schema-graph\">{\"@context\":\"https:\\\/\\\/schema.org\",\"@graph\":[{\"@type\":\"WebPage\",\"@id\":\"https:\\\/\\\/proxipel.ch\\\/es\\\/empresa\\\/\",\"url\":\"https:\\\/\\\/proxipel.ch\\\/es\\\/empresa\\\/\",\"name\":\"Empresa - Proxipel\",\"isPartOf\":{\"@id\":\"https:\\\/\\\/proxipel.ch\\\/es\\\/#website\"},\"primaryImageOfPage\":{\"@id\":\"https:\\\/\\\/proxipel.ch\\\/es\\\/empresa\\\/#primaryimage\"},\"image\":{\"@id\":\"https:\\\/\\\/proxipel.ch\\\/es\\\/empresa\\\/#primaryimage\"},\"thumbnailUrl\":\"https:\\\/\\\/proxipel.ch\\\/wp-content\\\/uploads\\\/2025\\\/06\\\/Proxipel-Logo.jpeg\",\"datePublished\":\"2024-04-30T05:52:50+00:00\",\"dateModified\":\"2026-07-21T16:36:01+00:00\",\"description\":\"Proxipel, pionera en la peletizaci\u00f3n m\u00f3vil, desarrolla soluciones innovadoras para una energ\u00eda local y sostenible.\",\"breadcrumb\":{\"@id\":\"https:\\\/\\\/proxipel.ch\\\/es\\\/empresa\\\/#breadcrumb\"},\"inLanguage\":\"es\",\"potentialAction\":[{\"@type\":\"ReadAction\",\"target\":[\"https:\\\/\\\/proxipel.ch\\\/es\\\/empresa\\\/\"]}]},{\"@type\":\"ImageObject\",\"inLanguage\":\"es\",\"@id\":\"https:\\\/\\\/proxipel.ch\\\/es\\\/empresa\\\/#primaryimage\",\"url\":\"https:\\\/\\\/proxipel.ch\\\/wp-content\\\/uploads\\\/2025\\\/06\\\/Proxipel-Logo.jpeg\",\"contentUrl\":\"https:\\\/\\\/proxipel.ch\\\/wp-content\\\/uploads\\\/2025\\\/06\\\/Proxipel-Logo.jpeg\",\"width\":1897,\"height\":938,\"caption\":\"Proxipel Logo\"},{\"@type\":\"BreadcrumbList\",\"@id\":\"https:\\\/\\\/proxipel.ch\\\/es\\\/empresa\\\/#breadcrumb\",\"itemListElement\":[{\"@type\":\"ListItem\",\"position\":1,\"name\":\"Inicio\",\"item\":\"https:\\\/\\\/proxipel.ch\\\/es\\\/\"},{\"@type\":\"ListItem\",\"position\":2,\"name\":\"Empresa\"}]},{\"@type\":\"WebSite\",\"@id\":\"https:\\\/\\\/proxipel.ch\\\/es\\\/#website\",\"url\":\"https:\\\/\\\/proxipel.ch\\\/es\\\/\",\"name\":\"Proxipel\",\"description\":\"La premi\u00e8re unit\u00e9 mobile de pelletisation int\u00e9grale\",\"publisher\":{\"@id\":\"https:\\\/\\\/proxipel.ch\\\/es\\\/#organization\"},\"potentialAction\":[{\"@type\":\"SearchAction\",\"target\":{\"@type\":\"EntryPoint\",\"urlTemplate\":\"https:\\\/\\\/proxipel.ch\\\/es\\\/?s={search_term_string}\"},\"query-input\":{\"@type\":\"PropertyValueSpecification\",\"valueRequired\":true,\"valueName\":\"search_term_string\"}}],\"inLanguage\":\"es\"},{\"@type\":\"Organization\",\"@id\":\"https:\\\/\\\/proxipel.ch\\\/es\\\/#organization\",\"name\":\"Proxipel\",\"url\":\"https:\\\/\\\/proxipel.ch\\\/es\\\/\",\"logo\":{\"@type\":\"ImageObject\",\"inLanguage\":\"es\",\"@id\":\"https:\\\/\\\/proxipel.ch\\\/es\\\/#\\\/schema\\\/logo\\\/image\\\/\",\"url\":\"https:\\\/\\\/proxipel.ch\\\/wp-content\\\/uploads\\\/2024\\\/04\\\/proxipel.svg\",\"contentUrl\":\"https:\\\/\\\/proxipel.ch\\\/wp-content\\\/uploads\\\/2024\\\/04\\\/proxipel.svg\",\"width\":\"1024\",\"height\":\"1024\",\"caption\":\"Proxipel\"},\"image\":{\"@id\":\"https:\\\/\\\/proxipel.ch\\\/es\\\/#\\\/schema\\\/logo\\\/image\\\/\"}}]}<\/script>\n<!-- \/ Yoast SEO plugin. -->","yoast_head_json":{"title":"Empresa - Proxipel","description":"Proxipel, pionera en la peletizaci\u00f3n m\u00f3vil, desarrolla soluciones innovadoras para una energ\u00eda local y sostenible.","robots":{"index":"index","follow":"follow","max-snippet":"max-snippet:-1","max-image-preview":"max-image-preview:large","max-video-preview":"max-video-preview:-1"},"canonical":"https:\/\/proxipel.ch\/es\/empresa\/","og_locale":"es_ES","og_type":"article","og_title":"Empresa - Proxipel","og_description":"Proxipel, pionera en la peletizaci\u00f3n m\u00f3vil, desarrolla soluciones innovadoras para una energ\u00eda local y sostenible.","og_url":"https:\/\/proxipel.ch\/es\/empresa\/","og_site_name":"Proxipel","article_modified_time":"2026-07-21T16:36:01+00:00","og_image":[{"width":1897,"height":938,"url":"https:\/\/proxipel.ch\/wp-content\/uploads\/2025\/06\/Proxipel-Logo.jpeg","type":"image\/jpeg"}],"twitter_card":"summary_large_image","twitter_misc":{"Tiempo de lectura":"3 minutos"},"schema":{"@context":"https:\/\/schema.org","@graph":[{"@type":"WebPage","@id":"https:\/\/proxipel.ch\/es\/empresa\/","url":"https:\/\/proxipel.ch\/es\/empresa\/","name":"Empresa - Proxipel","isPartOf":{"@id":"https:\/\/proxipel.ch\/es\/#website"},"primaryImageOfPage":{"@id":"https:\/\/proxipel.ch\/es\/empresa\/#primaryimage"},"image":{"@id":"https:\/\/proxipel.ch\/es\/empresa\/#primaryimage"},"thumbnailUrl":"https:\/\/proxipel.ch\/wp-content\/uploads\/2025\/06\/Proxipel-Logo.jpeg","datePublished":"2024-04-30T05:52:50+00:00","dateModified":"2026-07-21T16:36:01+00:00","description":"Proxipel, pionera en la peletizaci\u00f3n m\u00f3vil, desarrolla soluciones innovadoras para una energ\u00eda local y sostenible.","breadcrumb":{"@id":"https:\/\/proxipel.ch\/es\/empresa\/#breadcrumb"},"inLanguage":"es","potentialAction":[{"@type":"ReadAction","target":["https:\/\/proxipel.ch\/es\/empresa\/"]}]},{"@type":"ImageObject","inLanguage":"es","@id":"https:\/\/proxipel.ch\/es\/empresa\/#primaryimage","url":"https:\/\/proxipel.ch\/wp-content\/uploads\/2025\/06\/Proxipel-Logo.jpeg","contentUrl":"https:\/\/proxipel.ch\/wp-content\/uploads\/2025\/06\/Proxipel-Logo.jpeg","width":1897,"height":938,"caption":"Proxipel Logo"},{"@type":"BreadcrumbList","@id":"https:\/\/proxipel.ch\/es\/empresa\/#breadcrumb","itemListElement":[{"@type":"ListItem","position":1,"name":"Inicio","item":"https:\/\/proxipel.ch\/es\/"},{"@type":"ListItem","position":2,"name":"Empresa"}]},{"@type":"WebSite","@id":"https:\/\/proxipel.ch\/es\/#website","url":"https:\/\/proxipel.ch\/es\/","name":"Proxipel","description":"La premi\u00e8re unit\u00e9 mobile de pelletisation int\u00e9grale","publisher":{"@id":"https:\/\/proxipel.ch\/es\/#organization"},"potentialAction":[{"@type":"SearchAction","target":{"@type":"EntryPoint","urlTemplate":"https:\/\/proxipel.ch\/es\/?s={search_term_string}"},"query-input":{"@type":"PropertyValueSpecification","valueRequired":true,"valueName":"search_term_string"}}],"inLanguage":"es"},{"@type":"Organization","@id":"https:\/\/proxipel.ch\/es\/#organization","name":"Proxipel","url":"https:\/\/proxipel.ch\/es\/","logo":{"@type":"ImageObject","inLanguage":"es","@id":"https:\/\/proxipel.ch\/es\/#\/schema\/logo\/image\/","url":"https:\/\/proxipel.ch\/wp-content\/uploads\/2024\/04\/proxipel.svg","contentUrl":"https:\/\/proxipel.ch\/wp-content\/uploads\/2024\/04\/proxipel.svg","width":"1024","height":"1024","caption":"Proxipel"},"image":{"@id":"https:\/\/proxipel.ch\/es\/#\/schema\/logo\/image\/"}}]}},"_links":{"self":[{"href":"https:\/\/proxipel.ch\/es\/wp-json\/wp\/v2\/pages\/1085","targetHints":{"allow":["GET"]}}],"collection":[{"href":"https:\/\/proxipel.ch\/es\/wp-json\/wp\/v2\/pages"}],"about":[{"href":"https:\/\/proxipel.ch\/es\/wp-json\/wp\/v2\/types\/page"}],"author":[{"embeddable":true,"href":"https:\/\/proxipel.ch\/es\/wp-json\/wp\/v2\/users\/1"}],"replies":[{"embeddable":true,"href":"https:\/\/proxipel.ch\/es\/wp-json\/wp\/v2\/comments?post=1085"}],"version-history":[{"count":21,"href":"https:\/\/proxipel.ch\/es\/wp-json\/wp\/v2\/pages\/1085\/revisions"}],"predecessor-version":[{"id":4502,"href":"https:\/\/proxipel.ch\/es\/wp-json\/wp\/v2\/pages\/1085\/revisions\/4502"}],"wp:featuredmedia":[{"embeddable":true,"href":"https:\/\/proxipel.ch\/es\/wp-json\/wp\/v2\/media\/1611"}],"wp:attachment":[{"href":"https:\/\/proxipel.ch\/es\/wp-json\/wp\/v2\/media?parent=1085"}],"curies":[{"name":"wp","href":"https:\/\/api.w.org\/{rel}","templated":true}]}}