{"id":1056,"date":"2017-02-23T12:36:50","date_gmt":"2017-02-23T11:36:50","guid":{"rendered":"https:\/\/proxipel.ch\/la-primera-unidad-movil-de-peletizacion-una-revolucion-para-un-futuro-sostenible\/"},"modified":"2026-07-17T14:56:17","modified_gmt":"2026-07-17T12:56:17","slug":"la-primera-unidad-movil-de-peletizacion-una-revolucion-para-un-futuro-sostenible","status":"publish","type":"page","link":"https:\/\/proxipel.ch\/es\/","title":{"rendered":"La primera unidad m\u00f3vil de peletizaci\u00f3n: una revoluci\u00f3n para un futuro sostenible."},"content":{"rendered":"<p>[et_pb_section fb_built=\u00bb1&#8243; _builder_version=\u00bb4.27.5&#8243; _module_preset=\u00bbdefault\u00bb background_image=\u00bbhttps:\/\/proxipel.ch\/wp-content\/uploads\/2025\/01\/camion-usine-pellet.webp\u00bb parallax=\u00bbon\u00bb height=\u00bb795px\u00bb collapsed=\u00bboff\u00bb global_colors_info=\u00bb{}\u00bb][et_pb_row _builder_version=\u00bb4.27.4&#8243; _module_preset=\u00bbdefault\u00bb global_colors_info=\u00bb{}\u00bb][et_pb_column type=\u00bb4_4&#8243; _builder_version=\u00bb4.27.4&#8243; _module_preset=\u00bbdefault\u00bb global_colors_info=\u00bb{}\u00bb][\/et_pb_column][\/et_pb_row][et_pb_row column_structure=\u00bb1_4,3_4&#8243; _builder_version=\u00bb4.27.4&#8243; _module_preset=\u00bbdefault\u00bb global_colors_info=\u00bb{}\u00bb][et_pb_column type=\u00bb1_4&#8243; _builder_version=\u00bb4.27.4&#8243; _module_preset=\u00bbdefault\u00bb global_colors_info=\u00bb{}\u00bb][\/et_pb_column][et_pb_column type=\u00bb3_4&#8243; _builder_version=\u00bb4.27.4&#8243; _module_preset=\u00bbdefault\u00bb global_colors_info=\u00bb{}\u00bb][et_pb_text _builder_version=\u00bb4.27.4&#8243; _module_preset=\u00bbdefault\u00bb text_font=\u00bbAbel||||||||\u00bb header_font=\u00bbAbel|700||on|||||\u00bb header_text_align=\u00bbcenter\u00bb header_text_color=\u00bb#000000&#8243; header_font_size=\u00bb65px\u00bb header_line_height=\u00bb1.2em\u00bb header_2_font=\u00bbAbel|700|||||||\u00bb header_2_text_color=\u00bb#000000&#8243; header_2_font_size=\u00bb34px\u00bb global_colors_info=\u00bb{}\u00bb][\/et_pb_text][et_pb_text _builder_version=\u00bb4.27.4&#8243; _module_preset=\u00bbdefault\u00bb text_font=\u00bbAbel||||||||\u00bb header_font=\u00bbAbel|700||on|||||\u00bb header_text_align=\u00bbcenter\u00bb header_text_color=\u00bb#FFFFFF\u00bb header_font_size=\u00bb78px\u00bb header_line_height=\u00bb1.2em\u00bb header_2_font=\u00bbAbel|700|||||||\u00bb header_2_text_color=\u00bb#FFFFFF\u00bb header_2_font_size=\u00bb44px\u00bb header_3_font=\u00bbAbel|600|||on||||\u00bb header_3_text_color=\u00bb#FFFFFF\u00bb header_3_font_size=\u00bb27px\u00bb background_color=\u00bbRGBA(255,255,255,0)\u00bb custom_margin=\u00bb|-116px|||false|false\u00bb custom_margin_tablet=\u00bb|-116px|||false|false\u00bb custom_margin_phone=\u00bb|-1px|||false|false\u00bb custom_margin_last_edited=\u00bbon|phone\u00bb custom_padding=\u00bb|0px||||\u00bb header_font_size_tablet=\u00bb78px\u00bb header_font_size_phone=\u00bb44px\u00bb header_font_size_last_edited=\u00bbon|phone\u00bb global_colors_info=\u00bb{}\u00bb]<\/p>\n<h1 style=\"text-align: left;\">La primera unidad m\u00f3vil integral de peletizaci\u00f3n.<\/h1>\n<h2>Proxipel: una revoluci\u00f3n para un futuro sostenible.<\/h2>\n<p>&nbsp;<\/p>\n<p>&nbsp;<\/p>\n<p>[\/et_pb_text][\/et_pb_column][\/et_pb_row][\/et_pb_section][et_pb_section fb_built=\u00bb1&#8243; _builder_version=\u00bb4.24.3&#8243; _module_preset=\u00bbdefault\u00bb collapsed=\u00bbon\u00bb global_colors_info=\u00bb{}\u00bb][et_pb_row column_structure=\u00bb1_4,1_4,1_2&#8243; use_custom_gutter=\u00bbon\u00bb gutter_width=\u00bb1&#8243; admin_label=\u00bbfila\u00bb _builder_version=\u00bb4.24.3&#8243; background_size=\u00bbinitial\u00bb background_position=\u00bbtop_left\u00bb background_repeat=\u00bbrepeat\u00bb custom_margin_tablet=\u00bb\u00bb custom_margin_phone=\u00bb\u00bb custom_margin_last_edited=\u00bbon|desktop\u00bb custom_padding=\u00bb0px|0px|30px|0px|false|false\u00bb make_fullwidth=\u00bboff\u00bb use_custom_width=\u00bbon\u00bb width_unit=\u00bbon\u00bb custom_width_px=\u00bb1080px\u00bb custom_width_percent=\u00bb41%\u00bb global_colors_info=\u00bb{}\u00bb][et_pb_column type=\u00bb1_4&#8243; _builder_version=\u00bb4.16&#8243; custom_padding=\u00bb|||\u00bb global_colors_info=\u00bb{}\u00bb custom_padding__hover=\u00bb|||\u00bb][et_pb_image src=\u00bbhttps:\/\/proxipel.ch\/wp-content\/uploads\/2026\/05\/proxipel-deploiement.webp\u00bb alt=\u00bbdespliegue-de-proxipel\u00bb title_text=\u00bbdespliegue-de-proxipel\u00bb align_tablet=\u00bbcenter\u00bb align_phone=\u00bbcenter\u00bb align_last_edited=\u00bbon|desktop\u00bb admin_label=\u00bbImage\u00bb _builder_version=\u00bb4.27.5&#8243; animation_style=\u00bbslide\u00bb animation_direction=\u00bbleft\u00bb animation_duration=\u00bb500ms\u00bb animation_intensity_slide=\u00bb10%\u00bb border_style=\u00bbsolid\u00bb sticky=\u00bboff\u00bb always_center_on_mobile=\u00bbon\u00bb global_colors_info=\u00bb{}\u00bb][\/et_pb_image][\/et_pb_column][et_pb_column type=\u00bb1_4&#8243; _builder_version=\u00bb4.16&#8243; custom_padding=\u00bb|||\u00bb global_colors_info=\u00bb{}\u00bb custom_padding__hover=\u00bb|||\u00bb][et_pb_image src=\u00bbhttps:\/\/proxipel.ch\/wp-content\/uploads\/2026\/05\/proxipel-ouverture.webp\u00bb alt=\u00bbapertura-de-proxipel\u00bb title_text=\u00bbapertura-de-proxipel\u00bb align_tablet=\u00bbcenter\u00bb align_phone=\u00bbcenter\u00bb align_last_edited=\u00bbon|desktop\u00bb admin_label=\u00bbImage\u00bb _builder_version=\u00bb4.27.5&#8243; animation_style=\u00bbslide\u00bb animation_direction=\u00bbtop\u00bb animation_duration=\u00bb500ms\u00bb animation_intensity_slide=\u00bb10%\u00bb border_style=\u00bbsolid\u00bb animation=\u00bbtop\u00bb sticky=\u00bboff\u00bb always_center_on_mobile=\u00bbon\u00bb global_colors_info=\u00bb{}\u00bb][\/et_pb_image][et_pb_image src=\u00bbhttps:\/\/proxipel.ch\/wp-content\/uploads\/2026\/05\/pellets-1.webp\u00bb alt=\u00bbpellets\u00bb title_text=\u00bbpellets (1)\u00bb align_tablet=\u00bbcenter\u00bb align_phone=\u00bbcenter\u00bb align_last_edited=\u00bbon|desktop\u00bb admin_label=\u00bbImage\u00bb _builder_version=\u00bb4.27.5&#8243; animation_style=\u00bbslide\u00bb animation_direction=\u00bbbottom\u00bb animation_duration=\u00bb500ms\u00bb animation_intensity_slide=\u00bb10%\u00bb border_style=\u00bbsolid\u00bb animation=\u00bbbottom\u00bb sticky=\u00bboff\u00bb always_center_on_mobile=\u00bbon\u00bb global_colors_info=\u00bb{}\u00bb][\/et_pb_image][\/et_pb_column][et_pb_column type=\u00bb1_2&#8243; _builder_version=\u00bb4.16&#8243; custom_padding=\u00bb|||\u00bb global_colors_info=\u00bb{}\u00bb custom_padding__hover=\u00bb|||\u00bb][et_pb_text disabled_on=\u00bboff|off|off\u00bb admin_label=\u00bbText\u00bb _builder_version=\u00bb4.27.5&#8243; text_line_height=\u00bb2em\u00bb header_3_font=\u00bbAbel|700|||||||\u00bb header_3_text_color=\u00bb#000000&#8243; background_size=\u00bbinitial\u00bb background_position=\u00bbtop_left\u00bb background_repeat=\u00bbrepeat\u00bb custom_margin=\u00bb50px|1px||50px||\u00bb custom_margin_tablet=\u00bb\u00bb custom_margin_phone=\u00bb50px|20px||20px\u00bb custom_margin_last_edited=\u00bbon|phone\u00bb use_border_color=\u00bboff\u00bb border_style=\u00bbsolid\u00bb global_colors_info=\u00bb{}\u00bb]<\/p>\n<h3><strong>En Proxipel, nuestra misi\u00f3n es hacer que la producci\u00f3n de pellets sea m\u00e1s accesible, eficiente y sostenible.<br \/><\/strong><\/h3>\n<p>Ofrecemos una <span style=\"color: #a3c85f;\"><a href=\"https:\/\/proxipel.ch\/es\/unidad-movil-de-peletizacion-proxipel-proxiflex-en-video\/\">unidad m\u00f3vil<\/a><\/span> capaz de triturar, secar y peletizar una amplia variedad de biomasas directamente en las instalaciones del cliente. Esto permite a nuestros clientes reducir sus costes y optimizar sus recursos. Adem\u00e1s, este enfoque reduce el transporte y contribuye a una gesti\u00f3n m\u00e1s responsable de la energ\u00eda. Nos comprometemos a ofrecer una soluci\u00f3n innovadora que combina un alto rendimiento industrial con un impacto ambiental positivo. Proxipel le ayuda a <a href=\"https:\/\/proxipel.ch\/es\/recuperacion-de-residuos-verdes\/\" title=\"Aprovechamiento de los residuos verdes\">valorizar los residuos<\/a> y a <a href=\"https:\/\/proxipel.ch\/es\/pellets-para-calefaccion-de-lena-una-solucion-ecologica-y-eficiente-de-proxipel\/\" title=\"Pellets de madera para calefacci\u00f3n.\">producir pellets para calefacci\u00f3n,<\/a> gracias a un s<a href=\"https:\/\/proxipel.ch\/es\/tecnologia-movil-y-servicio-in-situ-una-innovacion-de-proxipel\/\" title=\"Tecnolog\u00eda m\u00f3vil y servicio in situ\">ervicio realizado directamente en sus instalaciones<\/a>, destinado a los <a href=\"https:\/\/proxipel.ch\/es\/una-unidad-movil-de-peletizacion-para-todos-los-profesionales-proxiflex-de-proxipel\/\" title=\"Una unidad m\u00f3vil de peletizaci\u00f3n para todos los profesionales\">actores de los sectores de la madera, la agricultura, la industria agroalimentaria y la gesti\u00f3n de residuos.<\/a>    <\/p>\n<p><strong>Juntos, reduzcamos el transporte y optimicemos el espacio para construir un futuro m\u00e1s responsable.<\/strong><\/p>\n<p>&nbsp;<\/p>\n<p>[\/et_pb_text][et_pb_button button_url=\u00bbhttps:\/\/proxipel.ch\/es\/ponte-en-contacto-con\/\u00bb button_text=\u00bbContacta con nosotros\u00bb button_alignment=\u00bbcenter\u00bb _builder_version=\u00bb4.27.5&#8243; _module_preset=\u00bbdefault\u00bb custom_button=\u00bbon\u00bb button_text_color=\u00bb#AADB24&#8243; custom_margin=\u00bb20px||20px||false|false\u00bb global_colors_info=\u00bb{}\u00bb][\/et_pb_button][et_pb_button button_url=\u00bbhttps:\/\/proxipel.ch\/es\/tecnologia\/\u00bb button_text=\u00bbDescubre la tecnolog\u00eda\u00bb button_alignment=\u00bbcenter\u00bb _builder_version=\u00bb4.24.3&#8243; _module_preset=\u00bbdefault\u00bb custom_button=\u00bbon\u00bb button_text_color=\u00bb#AADB24&#8243; global_colors_info=\u00bb{}\u00bb][\/et_pb_button][\/et_pb_column][\/et_pb_row][et_pb_row disabled_on=\u00bboff|off|off\u00bb _builder_version=\u00bb4.27.5&#8243; _module_preset=\u00bbdefault\u00bb global_colors_info=\u00bb{}\u00bb][et_pb_column type=\u00bb4_4&#8243; _builder_version=\u00bb4.24.3&#8243; _module_preset=\u00bbdefault\u00bb global_colors_info=\u00bb{}\u00bb][et_pb_code _builder_version=\u00bb4.27.7&#8243; _module_preset=\u00bbdefault\u00bb hover_enabled=\u00bb0&#8243; global_colors_info=\u00bb{}\u00bb sticky_enabled=\u00bb0&#8243;]<div class='white' style='background:rgba(0,0,0,0); border:solid 0px rgba(0,0,0,0); border-radius:0px; padding:0px 0px 0px 0px;'>\n<div id='sample_slider' class='owl-carousel sa_owl_theme owl-pagination-true autohide-arrows' data-slider-id='sample_slider' style='visibility:hidden;'>\n<div id='sample_slider_slide01' class='sa_hover_container' style='padding:5% 5%; margin:0px 0%; '><div style=\"text-align: left;padding-bottom: 10px\">\r\n<h3><img decoding=\"async\" class=\"alignnone wp-image-2685 size-full\" src=\"https:\/\/proxipel.ch\/wp-content\/uploads\/2026\/05\/camion.webp\" alt=\"cami\u00f3n Proxipel\" width=\"895\" height=\"457\" srcset=\"https:\/\/proxipel.ch\/wp-content\/uploads\/2026\/05\/camion.webp 895w, https:\/\/proxipel.ch\/wp-content\/uploads\/2026\/05\/camion-480x245.webp 480w\" sizes=\"(min-width: 0px) and (max-width: 480px) 480px, (min-width: 481px) 895px, 100vw\" \/><\/h3>\r\n<h2 class=\"et_pb_slide_title et-fb-editable-element et-fb-editable-element__editing\" data-shortcode-id=\"0.0.0.0.0-1714621829766\" data-quickaccess-id=\"header\">Proxiflex<\/h2>\r\n<p>Unidad m\u00f3vil con tolva de carga para material a granel<\/p>\r\n<p><a class=\"btn download\" href=\"https:\/\/proxipel.ch\/wp-content\/uploads\/2024\/09\/3422-Proxiflex-Fiche-Technique-WEB.pdf\">Ficha t\u00e9cnica <\/a><a class=\"btn download\" href=\"https:\/\/proxipel.ch\/es\/proxiflex\/\">M\u00e1s informaci\u00f3n<\/a><\/p>\r\n<\/div><\/div>\n<div id='sample_slider_slide02' class='sa_hover_container' style='padding:5% 5%; margin:0px 0%; background-color:rgb(255, 255, 255); '><div style=\"text-align: left;padding-bottom: 10px\">\r\n<h3><img decoding=\"async\" class=\"alignnone wp-image-2689 size-full\" src=\"https:\/\/proxipel.ch\/wp-content\/uploads\/2026\/05\/fabrication-pellet.webp\" alt=\"fabricaci\u00f3n de pellets\" width=\"895\" height=\"457\" srcset=\"https:\/\/proxipel.ch\/wp-content\/uploads\/2026\/05\/fabrication-pellet.webp 895w, https:\/\/proxipel.ch\/wp-content\/uploads\/2026\/05\/fabrication-pellet-480x245.webp 480w\" sizes=\"(min-width: 0px) and (max-width: 480px) 480px, (min-width: 481px) 895px, 100vw\" \/><\/h3>\r\n<h2 class=\"et_pb_slide_title et-fb-editable-element et-fb-editable-element__editing\" data-shortcode-id=\"0.0.0.0.0-1714621829766\" data-quickaccess-id=\"header\">Servicio de alquiler<\/h2>\r\n<p>Servicio de alquiler de nuestra unidad de peletizaci\u00f3n m\u00f3vil<\/p>\r\n<p><a class=\"btn download\" href=\"https:\/\/proxipel.ch\/es\/alquiler-de-unidades\/\">M\u00e1s informaci\u00f3n<\/a><\/p>\r\n<\/div><\/div>\n<div id='sample_slider_slide03' class='sa_hover_container' style='padding:5% 5%; margin:0px 0%; '><div style=\"text-align: left;padding-bottom: 10px\">\r\n<h3><img decoding=\"async\" class=\"alignnone wp-image-2681 size-full\" src=\"https:\/\/proxipel.ch\/wp-content\/uploads\/2026\/05\/labo-home.webp\" alt=\"labo-home\" width=\"895\" height=\"457\" srcset=\"https:\/\/proxipel.ch\/wp-content\/uploads\/2026\/05\/labo-home.webp 895w, https:\/\/proxipel.ch\/wp-content\/uploads\/2026\/05\/labo-home-480x245.webp 480w\" sizes=\"(min-width: 0px) and (max-width: 480px) 480px, (min-width: 481px) 895px, 100vw\" \/><\/h3>\r\n<h2 class=\"et_pb_slide_title et-fb-editable-element et-fb-editable-element__editing\" data-shortcode-id=\"0.0.0.0.0-1714621829766\" data-quickaccess-id=\"header\">Servicio de acompa\u00f1amiento<\/h2>\r\n<p>Te acompa\u00f1amos en tu proyecto, desde la idea hasta la puesta en marcha<\/p>\r\n<p><a class=\"btn download\" href=\"https:\/\/proxipel.ch\/es\/apoyo-total-a-tu-proyecto\/\">M\u00e1s informaci\u00f3n<\/a><\/p>\r\n<\/div><\/div>\n<div id='sample_slider_slide04' class='sa_hover_container' style='padding:5% 5%; margin:0px 0%; '><div style=\"text-align: left;padding-bottom: 10px\">\r\n<h3><img decoding=\"async\" class=\"alignnone wp-image-2693 size-full\" src=\"https:\/\/proxipel.ch\/wp-content\/uploads\/2026\/05\/pellets-1.webp\" alt=\"pellets\" width=\"895\" height=\"457\" srcset=\"https:\/\/proxipel.ch\/wp-content\/uploads\/2026\/05\/pellets-1.webp 895w, https:\/\/proxipel.ch\/wp-content\/uploads\/2026\/05\/pellets-1-480x245.webp 480w\" sizes=\"(min-width: 0px) and (max-width: 480px) 480px, (min-width: 481px) 895px, 100vw\" \/><\/h3>\r\n<h2 class=\"et_pb_slide_title et-fb-editable-element et-fb-editable-element__editing\" data-shortcode-id=\"0.0.0.0.0-1714621829766\" data-quickaccess-id=\"header\">Pellets<\/h2>\r\n<p>Pellets de calidad, que cumplen con la norma ISO 17225<\/p>\r\n<p><a class=\"btn download\" href=\"https:\/\/proxipel.ch\/es\/pellets\/\">M\u00e1s informaci\u00f3n<\/a><\/p>\r\n<\/div><\/div>\n<\/div>\n<\/div>\n<script type='text\/javascript'>\n\tjQuery(document).ready(function() {\n\t\tjQuery('#sample_slider').owlCarousel({\n\t\t\tresponsive:{\n\t\t\t\t0:{ items:1 },\n\t\t\t\t480:{ items:2 },\n\t\t\t\t768:{ items:2 },\n\t\t\t\t980:{ items:3 },\n\t\t\t\t1200:{ items:3 },\n\t\t\t\t1500:{ items:3 }\n\t\t\t},\n\t\t\tautoplay : true,\n\t\t\tautoplayTimeout : 5000,\n\t\t\tautoplayHoverPause : true,\n\t\t\tsmartSpeed : 200,\n\t\t\tfluidSpeed : 200,\n\t\t\tautoplaySpeed : 200,\n\t\t\tnavSpeed : 200,\n\t\t\tdotsSpeed : 200,\n\t\t\tloop : true,\n\t\t\tnav : true,\n\t\t\tnavText : ['Previous','Next'],\n\t\t\tdots : true,\n\t\t\tresponsiveRefreshRate : 200,\n\t\t\tslideBy : 1,\n\t\t\tmergeFit : true,\n\t\t\tautoHeight : false,\n\t\t\tmouseDrag : false,\n\t\t\ttouchDrag : true\n\t\t});\n\t\tjQuery('#sample_slider').css('visibility', 'visible');\n\t\tsa_resize_sample_slider();\n\t\twindow.addEventListener('resize', sa_resize_sample_slider);\n\t\tfunction sa_resize_sample_slider() {\n\t\t\tvar min_height = '50';\n\t\t\tvar win_width = jQuery(window).width();\n\t\t\tvar slider_width = jQuery('#sample_slider').width();\n\t\t\tif (win_width < 480) {\n\t\t\t\tvar slide_width = slider_width \/ 1;\n\t\t\t} else if (win_width < 768) {\n\t\t\t\tvar slide_width = slider_width \/ 2;\n\t\t\t} else if (win_width < 980) {\n\t\t\t\tvar slide_width = slider_width \/ 2;\n\t\t\t} else if (win_width < 1200) {\n\t\t\t\tvar slide_width = slider_width \/ 3;\n\t\t\t} else if (win_width < 1500) {\n\t\t\t\tvar slide_width = slider_width \/ 3;\n\t\t\t} else {\n\t\t\t\tvar slide_width = slider_width \/ 3;\n\t\t\t}\n\t\t\tslide_width = Math.round(slide_width);\n\t\t\tvar slide_height = '0';\n\t\t\tif (min_height == 'aspect43') {\n\t\t\t\tslide_height = (slide_width \/ 4) * 3;\t\t\t\tslide_height = Math.round(slide_height);\n\t\t\t} else if (min_height == 'aspect169') {\n\t\t\t\tslide_height = (slide_width \/ 16) * 9;\t\t\t\tslide_height = Math.round(slide_height);\n\t\t\t} else {\n\t\t\t\tslide_height = (slide_width \/ 100) * min_height;\t\t\t\tslide_height = Math.round(slide_height);\n\t\t\t}\n\t\t\tjQuery('#sample_slider .owl-item .sa_hover_container').css('min-height', slide_height+'px');\n\t\t}\n\t\tvar owl_goto = jQuery('#sample_slider');\n\t\tjQuery('.sample_slider_goto1').click(function(event){\n\t\t\towl_goto.trigger('to.owl.carousel', 0);\n\t\t});\n\t\tjQuery('.sample_slider_goto2').click(function(event){\n\t\t\towl_goto.trigger('to.owl.carousel', 1);\n\t\t});\n\t\tjQuery('.sample_slider_goto3').click(function(event){\n\t\t\towl_goto.trigger('to.owl.carousel', 2);\n\t\t});\n\t\tjQuery('.sample_slider_goto4').click(function(event){\n\t\t\towl_goto.trigger('to.owl.carousel', 3);\n\t\t});\n\t\tvar resize_4089 = jQuery('.owl-carousel');\n\t\tresize_4089.on('initialized.owl.carousel', function(e) {\n\t\t\tif (typeof(Event) === 'function') {\n\t\t\t\twindow.dispatchEvent(new Event('resize'));\n\t\t\t} else {\n\t\t\t\tvar evt = window.document.createEvent('UIEvents');\n\t\t\t\tevt.initUIEvent('resize', true, false, window, 0);\n\t\t\t\twindow.dispatchEvent(evt);\n\t\t\t}\n\t\t});\n\t});\n<\/script>\n[\/et_pb_code][\/et_pb_column][\/et_pb_row][et_pb_row _builder_version=\u00bb4.27.4&#8243; _module_preset=\u00bbdefault\u00bb custom_margin_tablet=\u00bb\u00bb custom_margin_phone=\u00bb||||false|false\u00bb custom_margin_last_edited=\u00bbon|phone\u00bb global_colors_info=\u00bb{}\u00bb][et_pb_column type=\u00bb4_4&#8243; _builder_version=\u00bb4.27.4&#8243; _module_preset=\u00bbdefault\u00bb global_colors_info=\u00bb{}\u00bb][et_pb_text disabled_on=\u00bboff|off|off\u00bb _builder_version=\u00bb4.27.4&#8243; _module_preset=\u00bbdefault\u00bb background_size=\u00bbinitial\u00bb background_position=\u00bbtop_left\u00bb background_repeat=\u00bbrepeat\u00bb custom_margin=\u00bb0px|||50px|false|false\u00bb custom_margin_tablet=\u00bb0px|||50px|false|false\u00bb custom_margin_phone=\u00bb100px|||20px\u00bb custom_margin_last_edited=\u00bbon|phone\u00bb custom_padding=\u00bb|||\u00bb global_colors_info=\u00bb{}\u00bb]<\/p>\n<h2 style=\"text-align: center;\">Noticias<\/h2>\n<p>[\/et_pb_text][et_pb_blog fullwidth=\u00bboff\u00bb show_author=\u00bboff\u00bb show_categories=\u00bboff\u00bb _builder_version=\u00bb4.27.4&#8243; _module_preset=\u00bbdefault\u00bb global_colors_info=\u00bb{}\u00bb][\/et_pb_blog][\/et_pb_column][\/et_pb_row][\/et_pb_section][et_pb_section fb_built=\u00bb1&#8243; fullwidth=\u00bbon\u00bb _builder_version=\u00bb4.27.5&#8243; _module_preset=\u00bbdefault\u00bb background_image=\u00bbhttps:\/\/proxipel.ch\/wp-content\/uploads\/2026\/05\/foret-proxipel-1.webp\u00bb global_colors_info=\u00bb{}\u00bb][et_pb_fullwidth_image alt=\u00bbbosque verde durante el d\u00eda\u00bb title_text=\u00bbFoto de Rural Explorer\u00bb _builder_version=\u00bb4.24.3&#8243; _module_preset=\u00bbdefault\u00bb background_image=\u00bbhttps:\/\/proxipel.ch\/wp-content\/uploads\/2024\/09\/ows_3i0y5si.jpg\u00bb min_height=\u00bb200px\u00bb global_colors_info=\u00bb{}\u00bb][\/et_pb_fullwidth_image][\/et_pb_section]<\/p>\n","protected":false},"excerpt":{"rendered":"<p>La primera unidad m\u00f3vil integral de peletizaci\u00f3n. Proxipel: una revoluci\u00f3n para un futuro sostenible. &nbsp; &nbsp;En Proxipel, nuestra misi\u00f3n es hacer que la producci\u00f3n de pellets sea m\u00e1s accesible, eficiente y sostenible. Ofrecemos una unidad m\u00f3vil capaz de triturar, secar y peletizar una amplia variedad de biomasas directamente en las instalaciones del cliente. Esto permite [&hellip;]<\/p>\n","protected":false},"author":8,"featured_media":1611,"parent":0,"menu_order":0,"comment_status":"closed","ping_status":"closed","template":"","meta":{"_et_pb_use_builder":"on","_et_pb_old_content":"","_et_gb_content_width":"","inline_featured_image":false,"footnotes":""},"class_list":["post-1056","page","type-page","status-publish","has-post-thumbnail","hentry"],"yoast_head":"<!-- This site is optimized with the Yoast SEO plugin v28.3 - https:\/\/yoast.com\/product\/yoast-seo-wordpress\/ -->\n<title>La primera unidad m\u00f3vil de peletizaci\u00f3n: una revoluci\u00f3n para un futuro sostenible. - Proxipel<\/title>\n<meta name=\"description\" content=\"Proxipel, una unidad m\u00f3vil de peletizaci\u00f3n \u00fanica en el mundo: producci\u00f3n local de pellets, reducci\u00f3n de los transportes y aprovechamiento de la biomasa.\" \/>\n<meta name=\"robots\" content=\"index, follow, max-snippet:-1, max-image-preview:large, max-video-preview:-1\" \/>\n<link rel=\"canonical\" href=\"https:\/\/proxipel.ch\/es\/\" \/>\n<meta property=\"og:locale\" content=\"es_ES\" \/>\n<meta property=\"og:type\" content=\"article\" \/>\n<meta property=\"og:title\" content=\"La primera unidad m\u00f3vil de peletizaci\u00f3n: una revoluci\u00f3n para un futuro sostenible. - Proxipel\" \/>\n<meta property=\"og:description\" content=\"Proxipel, una unidad m\u00f3vil de peletizaci\u00f3n \u00fanica en el mundo: producci\u00f3n local de pellets, reducci\u00f3n de los transportes y aprovechamiento de la biomasa.\" \/>\n<meta property=\"og:url\" content=\"https:\/\/proxipel.ch\/es\/\" \/>\n<meta property=\"og:site_name\" content=\"Proxipel\" \/>\n<meta property=\"article:modified_time\" content=\"2026-07-17T12:56:17+00:00\" \/>\n<meta property=\"og:image\" content=\"https:\/\/proxipel.ch\/wp-content\/uploads\/2025\/06\/Proxipel-Logo.jpeg\" \/>\n\t<meta property=\"og:image:width\" content=\"1897\" \/>\n\t<meta property=\"og:image:height\" content=\"938\" \/>\n\t<meta property=\"og:image:type\" content=\"image\/jpeg\" \/>\n<meta name=\"twitter:card\" content=\"summary_large_image\" \/>\n<meta name=\"twitter:label1\" content=\"Tiempo de lectura\" \/>\n\t<meta name=\"twitter:data1\" content=\"8 minutos\" \/>\n<script type=\"application\/ld+json\" class=\"yoast-schema-graph\">{\"@context\":\"https:\\\/\\\/schema.org\",\"@graph\":[{\"@type\":\"WebPage\",\"@id\":\"https:\\\/\\\/proxipel.ch\\\/es\\\/\",\"url\":\"https:\\\/\\\/proxipel.ch\\\/es\\\/\",\"name\":\"La primera unidad m\u00f3vil de peletizaci\u00f3n: una revoluci\u00f3n para un futuro sostenible. - Proxipel\",\"isPartOf\":{\"@id\":\"https:\\\/\\\/proxipel.ch\\\/es\\\/#website\"},\"primaryImageOfPage\":{\"@id\":\"https:\\\/\\\/proxipel.ch\\\/es\\\/#primaryimage\"},\"image\":{\"@id\":\"https:\\\/\\\/proxipel.ch\\\/es\\\/#primaryimage\"},\"thumbnailUrl\":\"https:\\\/\\\/proxipel.ch\\\/wp-content\\\/uploads\\\/2025\\\/06\\\/Proxipel-Logo.jpeg\",\"datePublished\":\"2017-02-23T11:36:50+00:00\",\"dateModified\":\"2026-07-17T12:56:17+00:00\",\"description\":\"Proxipel, una unidad m\u00f3vil de peletizaci\u00f3n \u00fanica en el mundo: producci\u00f3n local de pellets, reducci\u00f3n de los transportes y aprovechamiento de la biomasa.\",\"breadcrumb\":{\"@id\":\"https:\\\/\\\/proxipel.ch\\\/es\\\/#breadcrumb\"},\"inLanguage\":\"es\",\"potentialAction\":[{\"@type\":\"ReadAction\",\"target\":[\"https:\\\/\\\/proxipel.ch\\\/es\\\/\"]}]},{\"@type\":\"ImageObject\",\"inLanguage\":\"es\",\"@id\":\"https:\\\/\\\/proxipel.ch\\\/es\\\/#primaryimage\",\"url\":\"https:\\\/\\\/proxipel.ch\\\/wp-content\\\/uploads\\\/2025\\\/06\\\/Proxipel-Logo.jpeg\",\"contentUrl\":\"https:\\\/\\\/proxipel.ch\\\/wp-content\\\/uploads\\\/2025\\\/06\\\/Proxipel-Logo.jpeg\",\"width\":1897,\"height\":938,\"caption\":\"Proxipel Logo\"},{\"@type\":\"BreadcrumbList\",\"@id\":\"https:\\\/\\\/proxipel.ch\\\/es\\\/#breadcrumb\",\"itemListElement\":[{\"@type\":\"ListItem\",\"position\":1,\"name\":\"Inicio\",\"item\":\"https:\\\/\\\/proxipel.ch\\\/es\\\/\"},{\"@type\":\"ListItem\",\"position\":2,\"name\":\"La primera unidad m\u00f3vil de peletizaci\u00f3n: una revoluci\u00f3n para un futuro sostenible.\"}]},{\"@type\":\"WebSite\",\"@id\":\"https:\\\/\\\/proxipel.ch\\\/es\\\/#website\",\"url\":\"https:\\\/\\\/proxipel.ch\\\/es\\\/\",\"name\":\"Proxipel\",\"description\":\"La premi\u00e8re unit\u00e9 mobile de pelletisation int\u00e9grale\",\"publisher\":{\"@id\":\"https:\\\/\\\/proxipel.ch\\\/es\\\/#organization\"},\"potentialAction\":[{\"@type\":\"SearchAction\",\"target\":{\"@type\":\"EntryPoint\",\"urlTemplate\":\"https:\\\/\\\/proxipel.ch\\\/es\\\/?s={search_term_string}\"},\"query-input\":{\"@type\":\"PropertyValueSpecification\",\"valueRequired\":true,\"valueName\":\"search_term_string\"}}],\"inLanguage\":\"es\"},{\"@type\":\"Organization\",\"@id\":\"https:\\\/\\\/proxipel.ch\\\/es\\\/#organization\",\"name\":\"Proxipel\",\"url\":\"https:\\\/\\\/proxipel.ch\\\/es\\\/\",\"logo\":{\"@type\":\"ImageObject\",\"inLanguage\":\"es\",\"@id\":\"https:\\\/\\\/proxipel.ch\\\/es\\\/#\\\/schema\\\/logo\\\/image\\\/\",\"url\":\"https:\\\/\\\/proxipel.ch\\\/wp-content\\\/uploads\\\/2024\\\/04\\\/proxipel.svg\",\"contentUrl\":\"https:\\\/\\\/proxipel.ch\\\/wp-content\\\/uploads\\\/2024\\\/04\\\/proxipel.svg\",\"width\":\"1024\",\"height\":\"1024\",\"caption\":\"Proxipel\"},\"image\":{\"@id\":\"https:\\\/\\\/proxipel.ch\\\/es\\\/#\\\/schema\\\/logo\\\/image\\\/\"}}]}<\/script>\n<!-- \/ Yoast SEO plugin. -->","yoast_head_json":{"title":"La primera unidad m\u00f3vil de peletizaci\u00f3n: una revoluci\u00f3n para un futuro sostenible. - Proxipel","description":"Proxipel, una unidad m\u00f3vil de peletizaci\u00f3n \u00fanica en el mundo: producci\u00f3n local de pellets, reducci\u00f3n de los transportes y aprovechamiento de la biomasa.","robots":{"index":"index","follow":"follow","max-snippet":"max-snippet:-1","max-image-preview":"max-image-preview:large","max-video-preview":"max-video-preview:-1"},"canonical":"https:\/\/proxipel.ch\/es\/","og_locale":"es_ES","og_type":"article","og_title":"La primera unidad m\u00f3vil de peletizaci\u00f3n: una revoluci\u00f3n para un futuro sostenible. - Proxipel","og_description":"Proxipel, una unidad m\u00f3vil de peletizaci\u00f3n \u00fanica en el mundo: producci\u00f3n local de pellets, reducci\u00f3n de los transportes y aprovechamiento de la biomasa.","og_url":"https:\/\/proxipel.ch\/es\/","og_site_name":"Proxipel","article_modified_time":"2026-07-17T12:56:17+00:00","og_image":[{"width":1897,"height":938,"url":"https:\/\/proxipel.ch\/wp-content\/uploads\/2025\/06\/Proxipel-Logo.jpeg","type":"image\/jpeg"}],"twitter_card":"summary_large_image","twitter_misc":{"Tiempo de lectura":"8 minutos"},"schema":{"@context":"https:\/\/schema.org","@graph":[{"@type":"WebPage","@id":"https:\/\/proxipel.ch\/es\/","url":"https:\/\/proxipel.ch\/es\/","name":"La primera unidad m\u00f3vil de peletizaci\u00f3n: una revoluci\u00f3n para un futuro sostenible. - Proxipel","isPartOf":{"@id":"https:\/\/proxipel.ch\/es\/#website"},"primaryImageOfPage":{"@id":"https:\/\/proxipel.ch\/es\/#primaryimage"},"image":{"@id":"https:\/\/proxipel.ch\/es\/#primaryimage"},"thumbnailUrl":"https:\/\/proxipel.ch\/wp-content\/uploads\/2025\/06\/Proxipel-Logo.jpeg","datePublished":"2017-02-23T11:36:50+00:00","dateModified":"2026-07-17T12:56:17+00:00","description":"Proxipel, una unidad m\u00f3vil de peletizaci\u00f3n \u00fanica en el mundo: producci\u00f3n local de pellets, reducci\u00f3n de los transportes y aprovechamiento de la biomasa.","breadcrumb":{"@id":"https:\/\/proxipel.ch\/es\/#breadcrumb"},"inLanguage":"es","potentialAction":[{"@type":"ReadAction","target":["https:\/\/proxipel.ch\/es\/"]}]},{"@type":"ImageObject","inLanguage":"es","@id":"https:\/\/proxipel.ch\/es\/#primaryimage","url":"https:\/\/proxipel.ch\/wp-content\/uploads\/2025\/06\/Proxipel-Logo.jpeg","contentUrl":"https:\/\/proxipel.ch\/wp-content\/uploads\/2025\/06\/Proxipel-Logo.jpeg","width":1897,"height":938,"caption":"Proxipel Logo"},{"@type":"BreadcrumbList","@id":"https:\/\/proxipel.ch\/es\/#breadcrumb","itemListElement":[{"@type":"ListItem","position":1,"name":"Inicio","item":"https:\/\/proxipel.ch\/es\/"},{"@type":"ListItem","position":2,"name":"La primera unidad m\u00f3vil de peletizaci\u00f3n: una revoluci\u00f3n para un futuro sostenible."}]},{"@type":"WebSite","@id":"https:\/\/proxipel.ch\/es\/#website","url":"https:\/\/proxipel.ch\/es\/","name":"Proxipel","description":"La premi\u00e8re unit\u00e9 mobile de pelletisation int\u00e9grale","publisher":{"@id":"https:\/\/proxipel.ch\/es\/#organization"},"potentialAction":[{"@type":"SearchAction","target":{"@type":"EntryPoint","urlTemplate":"https:\/\/proxipel.ch\/es\/?s={search_term_string}"},"query-input":{"@type":"PropertyValueSpecification","valueRequired":true,"valueName":"search_term_string"}}],"inLanguage":"es"},{"@type":"Organization","@id":"https:\/\/proxipel.ch\/es\/#organization","name":"Proxipel","url":"https:\/\/proxipel.ch\/es\/","logo":{"@type":"ImageObject","inLanguage":"es","@id":"https:\/\/proxipel.ch\/es\/#\/schema\/logo\/image\/","url":"https:\/\/proxipel.ch\/wp-content\/uploads\/2024\/04\/proxipel.svg","contentUrl":"https:\/\/proxipel.ch\/wp-content\/uploads\/2024\/04\/proxipel.svg","width":"1024","height":"1024","caption":"Proxipel"},"image":{"@id":"https:\/\/proxipel.ch\/es\/#\/schema\/logo\/image\/"}}]}},"_links":{"self":[{"href":"https:\/\/proxipel.ch\/es\/wp-json\/wp\/v2\/pages\/1056","targetHints":{"allow":["GET"]}}],"collection":[{"href":"https:\/\/proxipel.ch\/es\/wp-json\/wp\/v2\/pages"}],"about":[{"href":"https:\/\/proxipel.ch\/es\/wp-json\/wp\/v2\/types\/page"}],"author":[{"embeddable":true,"href":"https:\/\/proxipel.ch\/es\/wp-json\/wp\/v2\/users\/8"}],"replies":[{"embeddable":true,"href":"https:\/\/proxipel.ch\/es\/wp-json\/wp\/v2\/comments?post=1056"}],"version-history":[{"count":38,"href":"https:\/\/proxipel.ch\/es\/wp-json\/wp\/v2\/pages\/1056\/revisions"}],"predecessor-version":[{"id":4275,"href":"https:\/\/proxipel.ch\/es\/wp-json\/wp\/v2\/pages\/1056\/revisions\/4275"}],"wp:featuredmedia":[{"embeddable":true,"href":"https:\/\/proxipel.ch\/es\/wp-json\/wp\/v2\/media\/1611"}],"wp:attachment":[{"href":"https:\/\/proxipel.ch\/es\/wp-json\/wp\/v2\/media?parent=1056"}],"curies":[{"name":"wp","href":"https:\/\/api.w.org\/{rel}","templated":true}]}}