{"id":3941,"date":"2025-06-02T10:52:32","date_gmt":"2025-06-02T08:52:32","guid":{"rendered":"https:\/\/proxipel.ch\/recycling-und-verwertung-von-gruenabfaellen\/"},"modified":"2025-06-02T10:52:32","modified_gmt":"2025-06-02T08:52:32","slug":"recycling-und-verwertung-von-gruenabfaellen","status":"publish","type":"page","link":"https:\/\/proxipel.ch\/de\/recycling-und-verwertung-von-gruenabfaellen\/","title":{"rendered":"Recycling und Verwertung von Gr\u00fcnabf\u00e4llen"},"content":{"rendered":"<p><img decoding=\"async\" class=\"aligncenter wp-image-289 \" src=\"https:\/\/proxipel.ch\/wp-content\/uploads\/2024\/04\/proxipel.svg\" alt=\"\" width=\"675\" height=\"345\"><\/p>\n<p><a href=\"https:\/\/proxipel.ch\/de\/\">Proxipel, Ihre mobile Komplettanlage zur Pelletierung<\/a>, informiert Sie \u00fcber das Recycling und die Verwertung von Gr\u00fcnabf\u00e4llen. Durch das Recycling und die <a href=\"https:\/\/proxipel.ch\/de\/\">Verwertung von Gr\u00fcnabf\u00e4llen<\/a> lassen sich diese Abf\u00e4lle in n\u00fctzliche Ressourcen wie Kompost oder Holzpellets umwandeln. Entdecken Sie unsere innovativen und umweltfreundlichen L\u00f6sungen f\u00fcr eine \u00f6kologische Bewirtschaftung Ihrer Gr\u00fcnabf\u00e4lle.  <\/p>\n<h2>Proxipel, Spezialist f\u00fcr das Recycling und die Verwertung von Gr\u00fcnabf\u00e4llen<\/h2>\n<p>Proxipel hat eine einzigartige mobile Pelletieranlage entwickelt: Proxiflex. Diese Produktionsanlage, die so miniaturisiert wurde, dass sie vollst\u00e4ndig in einen Sattelauflieger integriert werden kann, gew\u00e4hrleistet eine hohe Effizienz. <\/p>\n<p>Dank ihrer Mobilit\u00e4t r\u00fcckt die Anlage n\u00e4her an die Biomasse und den Verbraucher heran, wodurch die Auswirkungen des Transports und der Lieferung von Pellets erheblich verringert werden. Das Prinzip der kurzen Lieferwege steht im Mittelpunkt dieses Ansatzes. <\/p>\n<p>Proxiflex ist mit einem patentierten Trockner ausgestattet und erm\u00f6glicht die Herstellung von Pellets gem\u00e4\u00df der Norm ISO 17225. Nach Verlassen der Anlage k\u00f6nnen die Pellets sofort verbraucht und vermarktet werden.  Dank der Leistungsf\u00e4higkeit des Trockners k\u00f6nnen Rohstoffe mit einem Feuchtigkeitsgehalt von bis zu 50 % verarbeitet werden<\/p>\n<h2>Proxipel, die Referenz f\u00fcr die Verwertung von Gr\u00fcnabf\u00e4llen<\/h2>\n<p>Das Recycling und die Verwertung von Gr\u00fcnabf\u00e4llen sind f\u00fcr eine nachhaltige Ressourcenbewirtschaftung von entscheidender Bedeutung. Verwandeln Sie Ihre Gr\u00fcnabf\u00e4lle in Kompost, Mulch oder Holzpellets, um sie umweltfreundlich und wirtschaftlich zu nutzen. Proxipel bietet Ihnen innovative L\u00f6sungen f\u00fcr eine optimale Verwertung Ihrer Gr\u00fcnabf\u00e4lle.  <\/p>\n<h2>Weitere Informationen zum Recycling und zur Verwertung von Gr\u00fcnabf\u00e4llen:<\/h2>\n<ul>\n<li class=\"p2\"><a href=\"https:\/\/proxipel.ch\/de\/die-losung-fur-das-recycling-von-organischen-abfallen-vor-ort\/\">L\u00f6sung f\u00fcr das Recycling organischer Abf\u00e4lle vor Ort<\/a><\/li>\n<li class=\"p2\"><a href=\"https:\/\/proxipel.ch\/de\/die-losung-fur-die-verwertung-von-grunabfallen-vor-ort\/\">L\u00f6sung zur Verwertung von Gr\u00fcnabf\u00e4llen vor Ort<\/a><\/li>\n<li class=\"p2\"><a href=\"https:\/\/proxipel.ch\/de\/die-losung-fur-die-nutzung-von-biomasse-zu-hause\/\">L\u00f6sung zur Verwertung von Biomasse im eigenen Haushalt<\/a><\/li>\n<li class=\"p2\"><a href=\"https:\/\/proxipel.ch\/de\/umwandlung-von-organischen-abfaellen-in-granulierten-duenger\/\">Alles, was Sie \u00fcber die Verwertung organischer Abf\u00e4lle wissen m\u00fcssen<\/a><\/li>\n<li class=\"p1\"><a href=\"https:\/\/proxipel.ch\/de\/die-umwandlung-organischer-abfaelle-in-duenger\/\">Die Umwandlung organischer Abf\u00e4lle in D\u00fcnger<\/a><\/li>\n<li class=\"p1\"><a href=\"https:\/\/proxipel.ch\/de\/das-recycling-von-gruenabfaellen\/\">Das Recycling von Gr\u00fcnabf\u00e4llen<\/a><\/li>\n<li class=\"p1\"><a href=\"https:\/\/proxipel.ch\/de\/das-recycling-von-gruenabfaellen-vor-ort\/\">Das Recycling von Gr\u00fcnabf\u00e4llen vor Ort<\/a><\/li>\n<li class=\"p1\"><a href=\"https:\/\/proxipel.ch\/de\/die-sammlung-von-gruenabfaellen\/\">Die Sammlung von Gr\u00fcnabf\u00e4llen<\/a><\/li>\n<li class=\"p1\"><a href=\"https:\/\/proxipel.ch\/de\/abfallrecycling-zum-schutz-der-umwelt\/\">Abfallrecycling zum Schutz der Umwelt<\/a><\/li>\n<li><a href=\"https:\/\/proxipel.ch\/de\/warum-das-recycling-von-abfaellen-zur-nachhaltigen-entwicklung-beitraegt\/\">Warum tr\u00e4gt das Recycling von Abf\u00e4llen zur nachhaltigen Entwicklung bei?<\/a><\/li>\n<li class=\"p1\"><a href=\"https:\/\/proxipel.ch\/de\/die-sammlung-von-gruenabfaellen\/\">Die Sammlung von Gr\u00fcnabf\u00e4llen<\/a><\/li>\n<li class=\"p1\"><a href=\"https:\/\/proxipel.ch\/de\/abfallrecycling-zum-schutz-der-umwelt\/\">Abfallrecycling zum Schutz der Umwelt<\/a><\/li>\n<\/ul>\n<h2>Dienstleistungen von Proxiflex:<\/h2>\n<ul>\n<li><a href=\"https:\/\/proxipel.ch\/de\/proxiflex\/\">Unsere mobile Pelletierungsl\u00f6sung<\/a><\/li>\n<li><a href=\"https:\/\/proxipel.ch\/de\/technologie\/\">Unsere innovative Technologie<\/a><\/li>\n<li><a href=\"https:\/\/proxipel.ch\/de\/einheit-mieten\/\">Vermietung einer mobilen Pelletieranlage<\/a><\/li>\n<li><a href=\"https:\/\/proxipel.ch\/de\/pellets\/\">Verkauf von Pellets<\/a><\/li>\n<\/ul>\n<h2>Kontaktieren Sie uns<\/h2>\n<ul>\n<li><a href=\"https:\/\/proxipel.ch\/de\/kontakt\/\">Weitere Informationen anfordern<\/a><\/li>\n<li><a href=\"mailto:Info@proxipel.com\">Info@proxipel.com<\/a><\/li>\n<li>Tel.: <a href=\"tel:+41218013349\">+41 21 801 33 49<\/a><\/li>\n<\/ul>\n","protected":false},"excerpt":{"rendered":"<p>Proxipel, Ihre mobile Komplettanlage zur Pelletierung, informiert Sie \u00fcber das Recycling und die Verwertung von Gr\u00fcnabf\u00e4llen. Durch das Recycling und die Verwertung von Gr\u00fcnabf\u00e4llen lassen sich diese Abf\u00e4lle in n\u00fctzliche Ressourcen wie Kompost oder Holzpellets umwandeln. Entdecken Sie unsere innovativen und umweltfreundlichen L\u00f6sungen f\u00fcr eine \u00f6kologische Bewirtschaftung Ihrer Gr\u00fcnabf\u00e4lle. Proxipel, Spezialist f\u00fcr das Recycling und [&hellip;]<\/p>\n","protected":false},"author":7,"featured_media":1452,"parent":0,"menu_order":0,"comment_status":"closed","ping_status":"closed","template":"","meta":{"_et_pb_use_builder":"","_et_pb_old_content":"","_et_gb_content_width":"","inline_featured_image":false,"footnotes":""},"class_list":["post-3941","page","type-page","status-publish","has-post-thumbnail","hentry"],"yoast_head":"<!-- This site is optimized with the Yoast SEO plugin v28.3 - https:\/\/yoast.com\/product\/yoast-seo-wordpress\/ -->\n<title>Recycling und Verwertung von Gr\u00fcnabf\u00e4llen - Proxipel<\/title>\n<meta name=\"description\" content=\"Recycling und Verwertung von Gr\u00fcnabf\u00e4llen: Lernen Sie Proxipel kennen, die erste mobile L\u00f6sung zur Pelletierung\" \/>\n<meta name=\"robots\" content=\"index, follow, max-snippet:-1, max-image-preview:large, max-video-preview:-1\" \/>\n<link rel=\"canonical\" href=\"https:\/\/proxipel.ch\/de\/recycling-und-verwertung-von-gruenabfaellen\/\" \/>\n<meta property=\"og:locale\" content=\"de_DE\" \/>\n<meta property=\"og:type\" content=\"article\" \/>\n<meta property=\"og:title\" content=\"Recycling und Verwertung von Gr\u00fcnabf\u00e4llen - Proxipel\" \/>\n<meta property=\"og:description\" content=\"Recycling und Verwertung von Gr\u00fcnabf\u00e4llen: Lernen Sie Proxipel kennen, die erste mobile L\u00f6sung zur Pelletierung\" \/>\n<meta property=\"og:url\" content=\"https:\/\/proxipel.ch\/de\/recycling-und-verwertung-von-gruenabfaellen\/\" \/>\n<meta property=\"og:site_name\" content=\"Proxipel\" \/>\n<meta property=\"og:image\" content=\"https:\/\/proxipel.ch\/wp-content\/uploads\/2025\/05\/granules-compost.webp\" \/>\n\t<meta property=\"og:image:width\" content=\"2000\" \/>\n\t<meta property=\"og:image:height\" content=\"1600\" \/>\n\t<meta property=\"og:image:type\" content=\"image\/webp\" \/>\n<meta name=\"twitter:card\" content=\"summary_large_image\" \/>\n<meta name=\"twitter:label1\" content=\"Gesch\u00e4tzte Lesezeit\" \/>\n\t<meta name=\"twitter:data1\" content=\"2\u00a0Minute\" \/>\n<script type=\"application\/ld+json\" class=\"yoast-schema-graph\">{\"@context\":\"https:\\\/\\\/schema.org\",\"@graph\":[{\"@type\":\"WebPage\",\"@id\":\"https:\\\/\\\/proxipel.ch\\\/de\\\/recycling-und-verwertung-von-gruenabfaellen\\\/\",\"url\":\"https:\\\/\\\/proxipel.ch\\\/de\\\/recycling-und-verwertung-von-gruenabfaellen\\\/\",\"name\":\"Recycling und Verwertung von Gr\u00fcnabf\u00e4llen - Proxipel\",\"isPartOf\":{\"@id\":\"https:\\\/\\\/proxipel.ch\\\/de\\\/#website\"},\"primaryImageOfPage\":{\"@id\":\"https:\\\/\\\/proxipel.ch\\\/de\\\/recycling-und-verwertung-von-gruenabfaellen\\\/#primaryimage\"},\"image\":{\"@id\":\"https:\\\/\\\/proxipel.ch\\\/de\\\/recycling-und-verwertung-von-gruenabfaellen\\\/#primaryimage\"},\"thumbnailUrl\":\"https:\\\/\\\/proxipel.ch\\\/wp-content\\\/uploads\\\/2025\\\/05\\\/granules-compost.webp\",\"datePublished\":\"2025-06-02T08:52:32+00:00\",\"description\":\"Recycling und Verwertung von Gr\u00fcnabf\u00e4llen: Lernen Sie Proxipel kennen, die erste mobile L\u00f6sung zur Pelletierung\",\"breadcrumb\":{\"@id\":\"https:\\\/\\\/proxipel.ch\\\/de\\\/recycling-und-verwertung-von-gruenabfaellen\\\/#breadcrumb\"},\"inLanguage\":\"de\",\"potentialAction\":[{\"@type\":\"ReadAction\",\"target\":[\"https:\\\/\\\/proxipel.ch\\\/de\\\/recycling-und-verwertung-von-gruenabfaellen\\\/\"]}]},{\"@type\":\"ImageObject\",\"inLanguage\":\"de\",\"@id\":\"https:\\\/\\\/proxipel.ch\\\/de\\\/recycling-und-verwertung-von-gruenabfaellen\\\/#primaryimage\",\"url\":\"https:\\\/\\\/proxipel.ch\\\/wp-content\\\/uploads\\\/2025\\\/05\\\/granules-compost.webp\",\"contentUrl\":\"https:\\\/\\\/proxipel.ch\\\/wp-content\\\/uploads\\\/2025\\\/05\\\/granules-compost.webp\",\"width\":2000,\"height\":1600,\"caption\":\"Granul\u00e9 compost\"},{\"@type\":\"BreadcrumbList\",\"@id\":\"https:\\\/\\\/proxipel.ch\\\/de\\\/recycling-und-verwertung-von-gruenabfaellen\\\/#breadcrumb\",\"itemListElement\":[{\"@type\":\"ListItem\",\"position\":1,\"name\":\"Accueil\",\"item\":\"https:\\\/\\\/proxipel.ch\\\/de\\\/\"},{\"@type\":\"ListItem\",\"position\":2,\"name\":\"Recycling und Verwertung von Gr\u00fcnabf\u00e4llen\"}]},{\"@type\":\"WebSite\",\"@id\":\"https:\\\/\\\/proxipel.ch\\\/de\\\/#website\",\"url\":\"https:\\\/\\\/proxipel.ch\\\/de\\\/\",\"name\":\"Proxipel\",\"description\":\"La premi\u00e8re unit\u00e9 mobile de pelletisation int\u00e9grale\",\"publisher\":{\"@id\":\"https:\\\/\\\/proxipel.ch\\\/de\\\/#organization\"},\"potentialAction\":[{\"@type\":\"SearchAction\",\"target\":{\"@type\":\"EntryPoint\",\"urlTemplate\":\"https:\\\/\\\/proxipel.ch\\\/de\\\/?s={search_term_string}\"},\"query-input\":{\"@type\":\"PropertyValueSpecification\",\"valueRequired\":true,\"valueName\":\"search_term_string\"}}],\"inLanguage\":\"de\"},{\"@type\":\"Organization\",\"@id\":\"https:\\\/\\\/proxipel.ch\\\/de\\\/#organization\",\"name\":\"Proxipel\",\"url\":\"https:\\\/\\\/proxipel.ch\\\/de\\\/\",\"logo\":{\"@type\":\"ImageObject\",\"inLanguage\":\"de\",\"@id\":\"https:\\\/\\\/proxipel.ch\\\/de\\\/#\\\/schema\\\/logo\\\/image\\\/\",\"url\":\"https:\\\/\\\/proxipel.ch\\\/wp-content\\\/uploads\\\/2024\\\/04\\\/proxipel.svg\",\"contentUrl\":\"https:\\\/\\\/proxipel.ch\\\/wp-content\\\/uploads\\\/2024\\\/04\\\/proxipel.svg\",\"width\":\"1024\",\"height\":\"1024\",\"caption\":\"Proxipel\"},\"image\":{\"@id\":\"https:\\\/\\\/proxipel.ch\\\/de\\\/#\\\/schema\\\/logo\\\/image\\\/\"}}]}<\/script>\n<!-- \/ Yoast SEO plugin. -->","yoast_head_json":{"title":"Recycling und Verwertung von Gr\u00fcnabf\u00e4llen - Proxipel","description":"Recycling und Verwertung von Gr\u00fcnabf\u00e4llen: Lernen Sie Proxipel kennen, die erste mobile L\u00f6sung zur Pelletierung","robots":{"index":"index","follow":"follow","max-snippet":"max-snippet:-1","max-image-preview":"max-image-preview:large","max-video-preview":"max-video-preview:-1"},"canonical":"https:\/\/proxipel.ch\/de\/recycling-und-verwertung-von-gruenabfaellen\/","og_locale":"de_DE","og_type":"article","og_title":"Recycling und Verwertung von Gr\u00fcnabf\u00e4llen - Proxipel","og_description":"Recycling und Verwertung von Gr\u00fcnabf\u00e4llen: Lernen Sie Proxipel kennen, die erste mobile L\u00f6sung zur Pelletierung","og_url":"https:\/\/proxipel.ch\/de\/recycling-und-verwertung-von-gruenabfaellen\/","og_site_name":"Proxipel","og_image":[{"width":2000,"height":1600,"url":"https:\/\/proxipel.ch\/wp-content\/uploads\/2025\/05\/granules-compost.webp","type":"image\/webp"}],"twitter_card":"summary_large_image","twitter_misc":{"Gesch\u00e4tzte Lesezeit":"2\u00a0Minute"},"schema":{"@context":"https:\/\/schema.org","@graph":[{"@type":"WebPage","@id":"https:\/\/proxipel.ch\/de\/recycling-und-verwertung-von-gruenabfaellen\/","url":"https:\/\/proxipel.ch\/de\/recycling-und-verwertung-von-gruenabfaellen\/","name":"Recycling und Verwertung von Gr\u00fcnabf\u00e4llen - Proxipel","isPartOf":{"@id":"https:\/\/proxipel.ch\/de\/#website"},"primaryImageOfPage":{"@id":"https:\/\/proxipel.ch\/de\/recycling-und-verwertung-von-gruenabfaellen\/#primaryimage"},"image":{"@id":"https:\/\/proxipel.ch\/de\/recycling-und-verwertung-von-gruenabfaellen\/#primaryimage"},"thumbnailUrl":"https:\/\/proxipel.ch\/wp-content\/uploads\/2025\/05\/granules-compost.webp","datePublished":"2025-06-02T08:52:32+00:00","description":"Recycling und Verwertung von Gr\u00fcnabf\u00e4llen: Lernen Sie Proxipel kennen, die erste mobile L\u00f6sung zur Pelletierung","breadcrumb":{"@id":"https:\/\/proxipel.ch\/de\/recycling-und-verwertung-von-gruenabfaellen\/#breadcrumb"},"inLanguage":"de","potentialAction":[{"@type":"ReadAction","target":["https:\/\/proxipel.ch\/de\/recycling-und-verwertung-von-gruenabfaellen\/"]}]},{"@type":"ImageObject","inLanguage":"de","@id":"https:\/\/proxipel.ch\/de\/recycling-und-verwertung-von-gruenabfaellen\/#primaryimage","url":"https:\/\/proxipel.ch\/wp-content\/uploads\/2025\/05\/granules-compost.webp","contentUrl":"https:\/\/proxipel.ch\/wp-content\/uploads\/2025\/05\/granules-compost.webp","width":2000,"height":1600,"caption":"Granul\u00e9 compost"},{"@type":"BreadcrumbList","@id":"https:\/\/proxipel.ch\/de\/recycling-und-verwertung-von-gruenabfaellen\/#breadcrumb","itemListElement":[{"@type":"ListItem","position":1,"name":"Accueil","item":"https:\/\/proxipel.ch\/de\/"},{"@type":"ListItem","position":2,"name":"Recycling und Verwertung von Gr\u00fcnabf\u00e4llen"}]},{"@type":"WebSite","@id":"https:\/\/proxipel.ch\/de\/#website","url":"https:\/\/proxipel.ch\/de\/","name":"Proxipel","description":"La premi\u00e8re unit\u00e9 mobile de pelletisation int\u00e9grale","publisher":{"@id":"https:\/\/proxipel.ch\/de\/#organization"},"potentialAction":[{"@type":"SearchAction","target":{"@type":"EntryPoint","urlTemplate":"https:\/\/proxipel.ch\/de\/?s={search_term_string}"},"query-input":{"@type":"PropertyValueSpecification","valueRequired":true,"valueName":"search_term_string"}}],"inLanguage":"de"},{"@type":"Organization","@id":"https:\/\/proxipel.ch\/de\/#organization","name":"Proxipel","url":"https:\/\/proxipel.ch\/de\/","logo":{"@type":"ImageObject","inLanguage":"de","@id":"https:\/\/proxipel.ch\/de\/#\/schema\/logo\/image\/","url":"https:\/\/proxipel.ch\/wp-content\/uploads\/2024\/04\/proxipel.svg","contentUrl":"https:\/\/proxipel.ch\/wp-content\/uploads\/2024\/04\/proxipel.svg","width":"1024","height":"1024","caption":"Proxipel"},"image":{"@id":"https:\/\/proxipel.ch\/de\/#\/schema\/logo\/image\/"}}]}},"_links":{"self":[{"href":"https:\/\/proxipel.ch\/de\/wp-json\/wp\/v2\/pages\/3941","targetHints":{"allow":["GET"]}}],"collection":[{"href":"https:\/\/proxipel.ch\/de\/wp-json\/wp\/v2\/pages"}],"about":[{"href":"https:\/\/proxipel.ch\/de\/wp-json\/wp\/v2\/types\/page"}],"author":[{"embeddable":true,"href":"https:\/\/proxipel.ch\/de\/wp-json\/wp\/v2\/users\/7"}],"replies":[{"embeddable":true,"href":"https:\/\/proxipel.ch\/de\/wp-json\/wp\/v2\/comments?post=3941"}],"version-history":[{"count":0,"href":"https:\/\/proxipel.ch\/de\/wp-json\/wp\/v2\/pages\/3941\/revisions"}],"wp:featuredmedia":[{"embeddable":true,"href":"https:\/\/proxipel.ch\/de\/wp-json\/wp\/v2\/media\/1452"}],"wp:attachment":[{"href":"https:\/\/proxipel.ch\/de\/wp-json\/wp\/v2\/media?parent=3941"}],"curies":[{"name":"wp","href":"https:\/\/api.w.org\/{rel}","templated":true}]}}