{"id":3938,"date":"2025-06-02T10:46:44","date_gmt":"2025-06-02T08:46:44","guid":{"rendered":"https:\/\/proxipel.ch\/warum-das-recycling-von-abfaellen-zur-nachhaltigen-entwicklung-beitraegt\/"},"modified":"2025-06-02T10:46:44","modified_gmt":"2025-06-02T08:46:44","slug":"warum-das-recycling-von-abfaellen-zur-nachhaltigen-entwicklung-beitraegt","status":"publish","type":"page","link":"https:\/\/proxipel.ch\/de\/warum-das-recycling-von-abfaellen-zur-nachhaltigen-entwicklung-beitraegt\/","title":{"rendered":"Warum das Recycling von Abf\u00e4llen zur nachhaltigen Entwicklung beitr\u00e4gt"},"content":{"rendered":"<p><img decoding=\"async\" class=\"aligncenter wp-image-289 \" src=\"https:\/\/proxipel.ch\/wp-content\/uploads\/2024\/04\/proxipel.svg\" alt=\"\" width=\"675\" height=\"345\"><\/p>\n<p>Das Recycling von Abf\u00e4llen tr\u00e4gt zur nachhaltigen Entwicklung bei, indem diese Abf\u00e4lle in n\u00fctzliche Ressourcen umgewandelt und die Umwelt gesch\u00fctzt werden. Entdecken Sie unsere innovativen und umweltfreundlichen L\u00f6sungen f\u00fcr eine \u00f6kologische Abfallbewirtschaftung. <\/p>\n<h2>Proxipel, Spezialist f\u00fcr das Recycling und die Verwertung von Gr\u00fcnabf\u00e4llen<\/h2>\n<p>Proxipel hat eine einzigartige mobile Pelletieranlage entwickelt: Proxiflex. Diese Produktionsanlage, die so miniaturisiert wurde, dass sie vollst\u00e4ndig in einen Sattelauflieger integriert werden kann, gew\u00e4hrleistet eine hohe Effizienz. <\/p>\n<p>Dank ihrer Mobilit\u00e4t r\u00fcckt die Anlage n\u00e4her an die Biomasse und den Verbraucher heran, wodurch die Auswirkungen des Transports und der Lieferung von Pellets erheblich verringert werden. Das Prinzip der kurzen Lieferwege steht im Mittelpunkt dieses Ansatzes. <\/p>\n<p>Proxiflex ist mit einem patentierten Trockner ausgestattet und erm\u00f6glicht die Herstellung von Pellets gem\u00e4\u00df der Norm ISO 17225. Nach Verlassen der Anlage k\u00f6nnen die Pellets sofort verbraucht und vermarktet werden.  Dank der Leistungsf\u00e4higkeit des Trockners k\u00f6nnen Rohstoffe mit einem Feuchtigkeitsgehalt von bis zu 50 % verarbeitet werden<\/p>\n<h2>Proxipel, die Referenz f\u00fcr die Verwertung von Gr\u00fcnabf\u00e4llen<\/h2>\n<p>Das Recycling von Abf\u00e4llen tr\u00e4gt zur nachhaltigen Entwicklung bei, indem es die Menge der auf Deponien gelagerten Abf\u00e4lle verringert und diese Abf\u00e4lle in n\u00fctzliche Ressourcen umwandelt. Erfahren Sie, wie diese Praxis zum Schutz der Umwelt und zur F\u00f6rderung einer Kreislaufwirtschaft beitr\u00e4gt. Proxipel f\u00fchrt Sie durch die Vorteile des Recyclings f\u00fcr die nachhaltige Entwicklung.  <\/p>\n<h2>Dienstleistungen von Proxiflex:<\/h2>\n<ul>\n<li><a href=\"https:\/\/proxipel.ch\/de\/proxiflex\/\">Unsere mobile Pelletierungsl\u00f6sung<\/a><\/li>\n<li><a href=\"https:\/\/proxipel.ch\/de\/technologie\/\">Unsere innovative Technologie<\/a><\/li>\n<li><a href=\"https:\/\/proxipel.ch\/de\/einheit-mieten\/\">Vermietung einer mobilen Pelletieranlage<\/a><\/li>\n<li><a href=\"https:\/\/proxipel.ch\/de\/pellets\/\">Verkauf von Pellets<\/a><\/li>\n<\/ul>\n<h2>Kontaktieren Sie uns<\/h2>\n<ul>\n<li><a href=\"https:\/\/proxipel.ch\/de\/kontakt\/\">Kontaktseite<\/a><\/li>\n<li>Info [at] proxipel.com<\/li>\n<li>Tel.: <a href=\"tel:+41218013349\">+41 21 801 33 49<\/a><\/li>\n<\/ul>\n","protected":false},"excerpt":{"rendered":"<p>Das Recycling von Abf\u00e4llen tr\u00e4gt zur nachhaltigen Entwicklung bei, indem diese Abf\u00e4lle in n\u00fctzliche Ressourcen umgewandelt und die Umwelt gesch\u00fctzt werden. Entdecken Sie unsere innovativen und umweltfreundlichen L\u00f6sungen f\u00fcr eine \u00f6kologische Abfallbewirtschaftung. Proxipel, Spezialist f\u00fcr das Recycling und die Verwertung von Gr\u00fcnabf\u00e4llen Proxipel hat eine einzigartige mobile Pelletieranlage entwickelt: Proxiflex. Diese Produktionsanlage, die so miniaturisiert [&hellip;]<\/p>\n","protected":false},"author":7,"featured_media":1270,"parent":0,"menu_order":0,"comment_status":"closed","ping_status":"closed","template":"","meta":{"_et_pb_use_builder":"","_et_pb_old_content":"","_et_gb_content_width":"","inline_featured_image":false,"footnotes":""},"class_list":["post-3938","page","type-page","status-publish","has-post-thumbnail","hentry"],"yoast_head":"<!-- This site is optimized with the Yoast SEO plugin v28.3 - https:\/\/yoast.com\/product\/yoast-seo-wordpress\/ -->\n<title>Warum das Recycling von Abf\u00e4llen zur nachhaltigen Entwicklung beitr\u00e4gt - Proxipel<\/title>\n<meta name=\"description\" content=\"Recycling, Kreislaufwirtschaft und energetische Verwertung: Verstehen Sie, warum die Verwertung von Abf\u00e4llen ein entscheidender Hebel f\u00fcr eine nachhaltigere Zukunft ist.\" \/>\n<meta name=\"robots\" content=\"index, follow, max-snippet:-1, max-image-preview:large, max-video-preview:-1\" \/>\n<link rel=\"canonical\" href=\"https:\/\/proxipel.ch\/de\/warum-das-recycling-von-abfaellen-zur-nachhaltigen-entwicklung-beitraegt\/\" \/>\n<meta property=\"og:locale\" content=\"de_DE\" \/>\n<meta property=\"og:type\" content=\"article\" \/>\n<meta property=\"og:title\" content=\"Warum das Recycling von Abf\u00e4llen zur nachhaltigen Entwicklung beitr\u00e4gt - Proxipel\" \/>\n<meta property=\"og:description\" content=\"Recycling, Kreislaufwirtschaft und energetische Verwertung: Verstehen Sie, warum die Verwertung von Abf\u00e4llen ein entscheidender Hebel f\u00fcr eine nachhaltigere Zukunft ist.\" \/>\n<meta property=\"og:url\" content=\"https:\/\/proxipel.ch\/de\/warum-das-recycling-von-abfaellen-zur-nachhaltigen-entwicklung-beitraegt\/\" \/>\n<meta property=\"og:site_name\" content=\"Proxipel\" \/>\n<meta property=\"og:image\" content=\"https:\/\/proxipel.ch\/wp-content\/uploads\/2024\/09\/camion-proxipel.jpg\" \/>\n\t<meta property=\"og:image:width\" content=\"1204\" \/>\n\t<meta property=\"og:image:height\" content=\"554\" \/>\n\t<meta property=\"og:image:type\" content=\"image\/jpeg\" \/>\n<meta name=\"twitter:card\" content=\"summary_large_image\" \/>\n<meta name=\"twitter:label1\" content=\"Gesch\u00e4tzte Lesezeit\" \/>\n\t<meta name=\"twitter:data1\" content=\"1\u00a0Minute\" \/>\n<script type=\"application\/ld+json\" class=\"yoast-schema-graph\">{\"@context\":\"https:\\\/\\\/schema.org\",\"@graph\":[{\"@type\":\"WebPage\",\"@id\":\"https:\\\/\\\/proxipel.ch\\\/de\\\/warum-das-recycling-von-abfaellen-zur-nachhaltigen-entwicklung-beitraegt\\\/\",\"url\":\"https:\\\/\\\/proxipel.ch\\\/de\\\/warum-das-recycling-von-abfaellen-zur-nachhaltigen-entwicklung-beitraegt\\\/\",\"name\":\"Warum das Recycling von Abf\u00e4llen zur nachhaltigen Entwicklung beitr\u00e4gt - Proxipel\",\"isPartOf\":{\"@id\":\"https:\\\/\\\/proxipel.ch\\\/de\\\/#website\"},\"primaryImageOfPage\":{\"@id\":\"https:\\\/\\\/proxipel.ch\\\/de\\\/warum-das-recycling-von-abfaellen-zur-nachhaltigen-entwicklung-beitraegt\\\/#primaryimage\"},\"image\":{\"@id\":\"https:\\\/\\\/proxipel.ch\\\/de\\\/warum-das-recycling-von-abfaellen-zur-nachhaltigen-entwicklung-beitraegt\\\/#primaryimage\"},\"thumbnailUrl\":\"https:\\\/\\\/proxipel.ch\\\/wp-content\\\/uploads\\\/2024\\\/09\\\/camion-proxipel.jpg\",\"datePublished\":\"2025-06-02T08:46:44+00:00\",\"description\":\"Recycling, Kreislaufwirtschaft und energetische Verwertung: Verstehen Sie, warum die Verwertung von Abf\u00e4llen ein entscheidender Hebel f\u00fcr eine nachhaltigere Zukunft ist.\",\"breadcrumb\":{\"@id\":\"https:\\\/\\\/proxipel.ch\\\/de\\\/warum-das-recycling-von-abfaellen-zur-nachhaltigen-entwicklung-beitraegt\\\/#breadcrumb\"},\"inLanguage\":\"de\",\"potentialAction\":[{\"@type\":\"ReadAction\",\"target\":[\"https:\\\/\\\/proxipel.ch\\\/de\\\/warum-das-recycling-von-abfaellen-zur-nachhaltigen-entwicklung-beitraegt\\\/\"]}]},{\"@type\":\"ImageObject\",\"inLanguage\":\"de\",\"@id\":\"https:\\\/\\\/proxipel.ch\\\/de\\\/warum-das-recycling-von-abfaellen-zur-nachhaltigen-entwicklung-beitraegt\\\/#primaryimage\",\"url\":\"https:\\\/\\\/proxipel.ch\\\/wp-content\\\/uploads\\\/2024\\\/09\\\/camion-proxipel.jpg\",\"contentUrl\":\"https:\\\/\\\/proxipel.ch\\\/wp-content\\\/uploads\\\/2024\\\/09\\\/camion-proxipel.jpg\",\"width\":1204,\"height\":554,\"caption\":\"Unit\u00e9 mobile de granulation Proxipel\"},{\"@type\":\"BreadcrumbList\",\"@id\":\"https:\\\/\\\/proxipel.ch\\\/de\\\/warum-das-recycling-von-abfaellen-zur-nachhaltigen-entwicklung-beitraegt\\\/#breadcrumb\",\"itemListElement\":[{\"@type\":\"ListItem\",\"position\":1,\"name\":\"Accueil\",\"item\":\"https:\\\/\\\/proxipel.ch\\\/de\\\/\"},{\"@type\":\"ListItem\",\"position\":2,\"name\":\"Warum das Recycling von Abf\u00e4llen zur nachhaltigen Entwicklung beitr\u00e4gt\"}]},{\"@type\":\"WebSite\",\"@id\":\"https:\\\/\\\/proxipel.ch\\\/de\\\/#website\",\"url\":\"https:\\\/\\\/proxipel.ch\\\/de\\\/\",\"name\":\"Proxipel\",\"description\":\"La premi\u00e8re unit\u00e9 mobile de pelletisation int\u00e9grale\",\"publisher\":{\"@id\":\"https:\\\/\\\/proxipel.ch\\\/de\\\/#organization\"},\"potentialAction\":[{\"@type\":\"SearchAction\",\"target\":{\"@type\":\"EntryPoint\",\"urlTemplate\":\"https:\\\/\\\/proxipel.ch\\\/de\\\/?s={search_term_string}\"},\"query-input\":{\"@type\":\"PropertyValueSpecification\",\"valueRequired\":true,\"valueName\":\"search_term_string\"}}],\"inLanguage\":\"de\"},{\"@type\":\"Organization\",\"@id\":\"https:\\\/\\\/proxipel.ch\\\/de\\\/#organization\",\"name\":\"Proxipel\",\"url\":\"https:\\\/\\\/proxipel.ch\\\/de\\\/\",\"logo\":{\"@type\":\"ImageObject\",\"inLanguage\":\"de\",\"@id\":\"https:\\\/\\\/proxipel.ch\\\/de\\\/#\\\/schema\\\/logo\\\/image\\\/\",\"url\":\"https:\\\/\\\/proxipel.ch\\\/wp-content\\\/uploads\\\/2024\\\/04\\\/proxipel.svg\",\"contentUrl\":\"https:\\\/\\\/proxipel.ch\\\/wp-content\\\/uploads\\\/2024\\\/04\\\/proxipel.svg\",\"width\":\"1024\",\"height\":\"1024\",\"caption\":\"Proxipel\"},\"image\":{\"@id\":\"https:\\\/\\\/proxipel.ch\\\/de\\\/#\\\/schema\\\/logo\\\/image\\\/\"}}]}<\/script>\n<!-- \/ Yoast SEO plugin. -->","yoast_head_json":{"title":"Warum das Recycling von Abf\u00e4llen zur nachhaltigen Entwicklung beitr\u00e4gt - Proxipel","description":"Recycling, Kreislaufwirtschaft und energetische Verwertung: Verstehen Sie, warum die Verwertung von Abf\u00e4llen ein entscheidender Hebel f\u00fcr eine nachhaltigere Zukunft ist.","robots":{"index":"index","follow":"follow","max-snippet":"max-snippet:-1","max-image-preview":"max-image-preview:large","max-video-preview":"max-video-preview:-1"},"canonical":"https:\/\/proxipel.ch\/de\/warum-das-recycling-von-abfaellen-zur-nachhaltigen-entwicklung-beitraegt\/","og_locale":"de_DE","og_type":"article","og_title":"Warum das Recycling von Abf\u00e4llen zur nachhaltigen Entwicklung beitr\u00e4gt - Proxipel","og_description":"Recycling, Kreislaufwirtschaft und energetische Verwertung: Verstehen Sie, warum die Verwertung von Abf\u00e4llen ein entscheidender Hebel f\u00fcr eine nachhaltigere Zukunft ist.","og_url":"https:\/\/proxipel.ch\/de\/warum-das-recycling-von-abfaellen-zur-nachhaltigen-entwicklung-beitraegt\/","og_site_name":"Proxipel","og_image":[{"width":1204,"height":554,"url":"https:\/\/proxipel.ch\/wp-content\/uploads\/2024\/09\/camion-proxipel.jpg","type":"image\/jpeg"}],"twitter_card":"summary_large_image","twitter_misc":{"Gesch\u00e4tzte Lesezeit":"1\u00a0Minute"},"schema":{"@context":"https:\/\/schema.org","@graph":[{"@type":"WebPage","@id":"https:\/\/proxipel.ch\/de\/warum-das-recycling-von-abfaellen-zur-nachhaltigen-entwicklung-beitraegt\/","url":"https:\/\/proxipel.ch\/de\/warum-das-recycling-von-abfaellen-zur-nachhaltigen-entwicklung-beitraegt\/","name":"Warum das Recycling von Abf\u00e4llen zur nachhaltigen Entwicklung beitr\u00e4gt - Proxipel","isPartOf":{"@id":"https:\/\/proxipel.ch\/de\/#website"},"primaryImageOfPage":{"@id":"https:\/\/proxipel.ch\/de\/warum-das-recycling-von-abfaellen-zur-nachhaltigen-entwicklung-beitraegt\/#primaryimage"},"image":{"@id":"https:\/\/proxipel.ch\/de\/warum-das-recycling-von-abfaellen-zur-nachhaltigen-entwicklung-beitraegt\/#primaryimage"},"thumbnailUrl":"https:\/\/proxipel.ch\/wp-content\/uploads\/2024\/09\/camion-proxipel.jpg","datePublished":"2025-06-02T08:46:44+00:00","description":"Recycling, Kreislaufwirtschaft und energetische Verwertung: Verstehen Sie, warum die Verwertung von Abf\u00e4llen ein entscheidender Hebel f\u00fcr eine nachhaltigere Zukunft ist.","breadcrumb":{"@id":"https:\/\/proxipel.ch\/de\/warum-das-recycling-von-abfaellen-zur-nachhaltigen-entwicklung-beitraegt\/#breadcrumb"},"inLanguage":"de","potentialAction":[{"@type":"ReadAction","target":["https:\/\/proxipel.ch\/de\/warum-das-recycling-von-abfaellen-zur-nachhaltigen-entwicklung-beitraegt\/"]}]},{"@type":"ImageObject","inLanguage":"de","@id":"https:\/\/proxipel.ch\/de\/warum-das-recycling-von-abfaellen-zur-nachhaltigen-entwicklung-beitraegt\/#primaryimage","url":"https:\/\/proxipel.ch\/wp-content\/uploads\/2024\/09\/camion-proxipel.jpg","contentUrl":"https:\/\/proxipel.ch\/wp-content\/uploads\/2024\/09\/camion-proxipel.jpg","width":1204,"height":554,"caption":"Unit\u00e9 mobile de granulation Proxipel"},{"@type":"BreadcrumbList","@id":"https:\/\/proxipel.ch\/de\/warum-das-recycling-von-abfaellen-zur-nachhaltigen-entwicklung-beitraegt\/#breadcrumb","itemListElement":[{"@type":"ListItem","position":1,"name":"Accueil","item":"https:\/\/proxipel.ch\/de\/"},{"@type":"ListItem","position":2,"name":"Warum das Recycling von Abf\u00e4llen zur nachhaltigen Entwicklung beitr\u00e4gt"}]},{"@type":"WebSite","@id":"https:\/\/proxipel.ch\/de\/#website","url":"https:\/\/proxipel.ch\/de\/","name":"Proxipel","description":"La premi\u00e8re unit\u00e9 mobile de pelletisation int\u00e9grale","publisher":{"@id":"https:\/\/proxipel.ch\/de\/#organization"},"potentialAction":[{"@type":"SearchAction","target":{"@type":"EntryPoint","urlTemplate":"https:\/\/proxipel.ch\/de\/?s={search_term_string}"},"query-input":{"@type":"PropertyValueSpecification","valueRequired":true,"valueName":"search_term_string"}}],"inLanguage":"de"},{"@type":"Organization","@id":"https:\/\/proxipel.ch\/de\/#organization","name":"Proxipel","url":"https:\/\/proxipel.ch\/de\/","logo":{"@type":"ImageObject","inLanguage":"de","@id":"https:\/\/proxipel.ch\/de\/#\/schema\/logo\/image\/","url":"https:\/\/proxipel.ch\/wp-content\/uploads\/2024\/04\/proxipel.svg","contentUrl":"https:\/\/proxipel.ch\/wp-content\/uploads\/2024\/04\/proxipel.svg","width":"1024","height":"1024","caption":"Proxipel"},"image":{"@id":"https:\/\/proxipel.ch\/de\/#\/schema\/logo\/image\/"}}]}},"_links":{"self":[{"href":"https:\/\/proxipel.ch\/de\/wp-json\/wp\/v2\/pages\/3938","targetHints":{"allow":["GET"]}}],"collection":[{"href":"https:\/\/proxipel.ch\/de\/wp-json\/wp\/v2\/pages"}],"about":[{"href":"https:\/\/proxipel.ch\/de\/wp-json\/wp\/v2\/types\/page"}],"author":[{"embeddable":true,"href":"https:\/\/proxipel.ch\/de\/wp-json\/wp\/v2\/users\/7"}],"replies":[{"embeddable":true,"href":"https:\/\/proxipel.ch\/de\/wp-json\/wp\/v2\/comments?post=3938"}],"version-history":[{"count":0,"href":"https:\/\/proxipel.ch\/de\/wp-json\/wp\/v2\/pages\/3938\/revisions"}],"wp:featuredmedia":[{"embeddable":true,"href":"https:\/\/proxipel.ch\/de\/wp-json\/wp\/v2\/media\/1270"}],"wp:attachment":[{"href":"https:\/\/proxipel.ch\/de\/wp-json\/wp\/v2\/media?parent=3938"}],"curies":[{"name":"wp","href":"https:\/\/api.w.org\/{rel}","templated":true}]}}