{"id":1433,"date":"2025-05-28T14:49:19","date_gmt":"2025-05-28T12:49:19","guid":{"rendered":"https:\/\/proxipel.ch\/verwertung-von-grunabfallen\/"},"modified":"2026-07-15T09:20:45","modified_gmt":"2026-07-15T07:20:45","slug":"verwertung-von-grunabfallen","status":"publish","type":"page","link":"https:\/\/proxipel.ch\/de\/verwertung-von-grunabfallen\/","title":{"rendered":"Die Verwertung von Gr\u00fcnabf\u00e4llen"},"content":{"rendered":"<p><img decoding=\"async\" class=\"aligncenter wp-image-289 \" src=\"https:\/\/proxipel.ch\/wp-content\/uploads\/2024\/04\/proxipel.svg\" alt=\"\" width=\"675\" height=\"345\"><\/p>\n<p>Durch die Verwertung von Gr\u00fcnabf\u00e4llen lassen sich diese in n\u00fctzliche Ressourcen wie Kompost oder Pellets umwandeln. Entdecken Sie unsere innovativen und umweltfreundlichen L\u00f6sungen f\u00fcr eine \u00f6kologische Bewirtschaftung Ihrer Gr\u00fcnabf\u00e4lle. <\/p>\n<h2>Proxipel, Spezialist f\u00fcr das Recycling und die Verwertung von Gr\u00fcnabf\u00e4llen<\/h2>\n<p>Proxipel hat eine einzigartige mobile Pelletieranlage entwickelt: Proxiflex. Diese Produktionsanlage, die so miniaturisiert wurde, dass sie vollst\u00e4ndig in einen Sattelauflieger integriert werden kann, gew\u00e4hrleistet eine hohe Effizienz. <\/p>\n<p>Dank ihrer Mobilit\u00e4t r\u00fcckt die Anlage n\u00e4her an die Biomasse und den Verbraucher heran, wodurch die Auswirkungen des Transports und der Lieferung von Pellets erheblich verringert werden. Das Prinzip der kurzen Lieferwege steht im Mittelpunkt dieses Ansatzes. <\/p>\n<p>Ausgestattet mit einem patentierten Trockner erm\u00f6glicht Proxiflex die Herstellung von Pellets gem\u00e4\u00df der Norm ISO 17225. Nach Verlassen der Anlage k\u00f6nnen die Pellets sofort verbraucht und vermarktet werden. Dank der Leistungsf\u00e4higkeit des Trockners k\u00f6nnen Rohstoffe mit einem Feuchtigkeitsgehalt von bis zu 50 % verarbeitet werden.  <\/p>\n<h2>Proxipel, die erste Adresse f\u00fcr die Verwertung von Gr\u00fcnabf\u00e4llen<\/h2>\n<p>Die Sammlung von Gr\u00fcnabf\u00e4llen ist ein entscheidender Schritt f\u00fcr deren Recycling und Verwertung. Erfahren Sie, wie Sie Ihre Gr\u00fcnabf\u00e4lle sammeln und in n\u00fctzliche Ressourcen umwandeln k\u00f6nnen. Proxipel f\u00fchrt Sie durch die verschiedenen Methoden der Gr\u00fcnabfallsammlung.  <\/p>\n<h2>Weitere Informationen zur Verwertung von Gr\u00fcnabf\u00e4llen<\/h2>\n<ol>\n<li><a href=\"https:\/\/proxipel.ch\/de\/zerkleinerung-von-grunabfallen\/\">Zerkleinerung von Gr\u00fcnabf\u00e4llen<\/a><\/li>\n<li><a href=\"https:\/\/proxipel.ch\/de\/recycling-und-verwertung-von-gruenabfaellen\/\">Recycling und Verwertung von Gr\u00fcnabf\u00e4llen<\/a><\/li>\n<li><a href=\"https:\/\/proxipel.ch\/de\/biomasse-und-pelletsproduktion\/\">Biomasse und Pelletproduktion<\/a><\/li>\n<\/ol>\n<h2>Dienstleistungen von Proxiflex:<\/h2>\n<ul>\n<li><a href=\"https:\/\/proxipel.ch\/de\/proxiflex\/\">Unsere mobile Pelletierungsl\u00f6sung<\/a><\/li>\n<li><a href=\"https:\/\/proxipel.ch\/de\/technologie\/\">Unsere innovative Technologie<\/a><\/li>\n<li><a href=\"https:\/\/proxipel.ch\/de\/einheit-mieten\/\">Vermietung einer mobilen Pelletieranlage<\/a><\/li>\n<li><a href=\"https:\/\/proxipel.ch\/de\/pellets\/\">Verkauf von Pellets<\/a><\/li>\n<\/ul>\n<h2>Kontaktieren Sie uns<\/h2>\n<ul>\n<li><a href=\"https:\/\/proxipel.ch\/de\/kontakt\/\">Zerkleinerung von Gr\u00fcnabf\u00e4llen<\/a><\/li>\n<li><a href=\"mailto:Info@proxipel.com\">Info@proxipel.com<\/a><\/li>\n<li>Tel.: <a href=\"tel:+41218013349\">+41 21 801 33 49<\/a><\/li>\n<\/ul>\n","protected":false},"excerpt":{"rendered":"<p>Durch die Verwertung von Gr\u00fcnabf\u00e4llen lassen sich diese in n\u00fctzliche Ressourcen wie Kompost oder Pellets umwandeln. Entdecken Sie unsere innovativen und umweltfreundlichen L\u00f6sungen f\u00fcr eine \u00f6kologische Bewirtschaftung Ihrer Gr\u00fcnabf\u00e4lle. Proxipel, Spezialist f\u00fcr das Recycling und die Verwertung von Gr\u00fcnabf\u00e4llen Proxipel hat eine einzigartige mobile Pelletieranlage entwickelt: Proxiflex. Diese Produktionsanlage, die so miniaturisiert wurde, dass sie [&hellip;]<\/p>\n","protected":false},"author":7,"featured_media":1230,"parent":0,"menu_order":0,"comment_status":"closed","ping_status":"closed","template":"","meta":{"_et_pb_use_builder":"","_et_pb_old_content":"","_et_gb_content_width":"","inline_featured_image":false,"footnotes":""},"class_list":["post-1433","page","type-page","status-publish","has-post-thumbnail","hentry"],"yoast_head":"<!-- This site is optimized with the Yoast SEO plugin v28.3 - https:\/\/yoast.com\/product\/yoast-seo-wordpress\/ -->\n<title>Die Verwertung von Gr\u00fcnabf\u00e4llen - Proxipel<\/title>\n<meta name=\"description\" content=\"Verwertung von Gr\u00fcnabf\u00e4llen: Entdecken Sie die L\u00f6sungen von Proxipel \u2013 eine mobile Pelletierungsanlage zur Verwertung von Holzresten\" \/>\n<meta name=\"robots\" content=\"index, follow, max-snippet:-1, max-image-preview:large, max-video-preview:-1\" \/>\n<link rel=\"canonical\" href=\"https:\/\/proxipel.ch\/de\/verwertung-von-grunabfallen\/\" \/>\n<meta property=\"og:locale\" content=\"de_DE\" \/>\n<meta property=\"og:type\" content=\"article\" \/>\n<meta property=\"og:title\" content=\"Die Verwertung von Gr\u00fcnabf\u00e4llen - Proxipel\" \/>\n<meta property=\"og:description\" content=\"Verwertung von Gr\u00fcnabf\u00e4llen: Entdecken Sie die L\u00f6sungen von Proxipel \u2013 eine mobile Pelletierungsanlage zur Verwertung von Holzresten\" \/>\n<meta property=\"og:url\" content=\"https:\/\/proxipel.ch\/de\/verwertung-von-grunabfallen\/\" \/>\n<meta property=\"og:site_name\" content=\"Proxipel\" \/>\n<meta property=\"article:modified_time\" content=\"2026-07-15T07:20:45+00:00\" \/>\n<meta property=\"og:image\" content=\"https:\/\/proxipel.ch\/wp-content\/uploads\/2025\/01\/camion-usine-pellet.webp\" \/>\n\t<meta property=\"og:image:width\" content=\"1600\" \/>\n\t<meta property=\"og:image:height\" content=\"807\" \/>\n\t<meta property=\"og:image:type\" content=\"image\/webp\" \/>\n<meta name=\"twitter:card\" content=\"summary_large_image\" \/>\n<meta name=\"twitter:label1\" content=\"Gesch\u00e4tzte Lesezeit\" \/>\n\t<meta name=\"twitter:data1\" content=\"1\u00a0Minute\" \/>\n<script type=\"application\/ld+json\" class=\"yoast-schema-graph\">{\"@context\":\"https:\\\/\\\/schema.org\",\"@graph\":[{\"@type\":\"WebPage\",\"@id\":\"https:\\\/\\\/proxipel.ch\\\/de\\\/verwertung-von-grunabfallen\\\/\",\"url\":\"https:\\\/\\\/proxipel.ch\\\/de\\\/verwertung-von-grunabfallen\\\/\",\"name\":\"Die Verwertung von Gr\u00fcnabf\u00e4llen - Proxipel\",\"isPartOf\":{\"@id\":\"https:\\\/\\\/proxipel.ch\\\/de\\\/#website\"},\"primaryImageOfPage\":{\"@id\":\"https:\\\/\\\/proxipel.ch\\\/de\\\/verwertung-von-grunabfallen\\\/#primaryimage\"},\"image\":{\"@id\":\"https:\\\/\\\/proxipel.ch\\\/de\\\/verwertung-von-grunabfallen\\\/#primaryimage\"},\"thumbnailUrl\":\"https:\\\/\\\/proxipel.ch\\\/wp-content\\\/uploads\\\/2025\\\/01\\\/camion-usine-pellet.webp\",\"datePublished\":\"2025-05-28T12:49:19+00:00\",\"dateModified\":\"2026-07-15T07:20:45+00:00\",\"description\":\"Verwertung von Gr\u00fcnabf\u00e4llen: Entdecken Sie die L\u00f6sungen von Proxipel \u2013 eine mobile Pelletierungsanlage zur Verwertung von Holzresten\",\"breadcrumb\":{\"@id\":\"https:\\\/\\\/proxipel.ch\\\/de\\\/verwertung-von-grunabfallen\\\/#breadcrumb\"},\"inLanguage\":\"de\",\"potentialAction\":[{\"@type\":\"ReadAction\",\"target\":[\"https:\\\/\\\/proxipel.ch\\\/de\\\/verwertung-von-grunabfallen\\\/\"]}]},{\"@type\":\"ImageObject\",\"inLanguage\":\"de\",\"@id\":\"https:\\\/\\\/proxipel.ch\\\/de\\\/verwertung-von-grunabfallen\\\/#primaryimage\",\"url\":\"https:\\\/\\\/proxipel.ch\\\/wp-content\\\/uploads\\\/2025\\\/01\\\/camion-usine-pellet.webp\",\"contentUrl\":\"https:\\\/\\\/proxipel.ch\\\/wp-content\\\/uploads\\\/2025\\\/01\\\/camion-usine-pellet.webp\",\"width\":1600,\"height\":807,\"caption\":\"unit\u00e9 mobile de pelletisation int\u00e9grale\"},{\"@type\":\"BreadcrumbList\",\"@id\":\"https:\\\/\\\/proxipel.ch\\\/de\\\/verwertung-von-grunabfallen\\\/#breadcrumb\",\"itemListElement\":[{\"@type\":\"ListItem\",\"position\":1,\"name\":\"Accueil\",\"item\":\"https:\\\/\\\/proxipel.ch\\\/de\\\/\"},{\"@type\":\"ListItem\",\"position\":2,\"name\":\"Die Verwertung von Gr\u00fcnabf\u00e4llen\"}]},{\"@type\":\"WebSite\",\"@id\":\"https:\\\/\\\/proxipel.ch\\\/de\\\/#website\",\"url\":\"https:\\\/\\\/proxipel.ch\\\/de\\\/\",\"name\":\"Proxipel\",\"description\":\"La premi\u00e8re unit\u00e9 mobile de pelletisation int\u00e9grale\",\"publisher\":{\"@id\":\"https:\\\/\\\/proxipel.ch\\\/de\\\/#organization\"},\"potentialAction\":[{\"@type\":\"SearchAction\",\"target\":{\"@type\":\"EntryPoint\",\"urlTemplate\":\"https:\\\/\\\/proxipel.ch\\\/de\\\/?s={search_term_string}\"},\"query-input\":{\"@type\":\"PropertyValueSpecification\",\"valueRequired\":true,\"valueName\":\"search_term_string\"}}],\"inLanguage\":\"de\"},{\"@type\":\"Organization\",\"@id\":\"https:\\\/\\\/proxipel.ch\\\/de\\\/#organization\",\"name\":\"Proxipel\",\"url\":\"https:\\\/\\\/proxipel.ch\\\/de\\\/\",\"logo\":{\"@type\":\"ImageObject\",\"inLanguage\":\"de\",\"@id\":\"https:\\\/\\\/proxipel.ch\\\/de\\\/#\\\/schema\\\/logo\\\/image\\\/\",\"url\":\"https:\\\/\\\/proxipel.ch\\\/wp-content\\\/uploads\\\/2024\\\/04\\\/proxipel.svg\",\"contentUrl\":\"https:\\\/\\\/proxipel.ch\\\/wp-content\\\/uploads\\\/2024\\\/04\\\/proxipel.svg\",\"width\":\"1024\",\"height\":\"1024\",\"caption\":\"Proxipel\"},\"image\":{\"@id\":\"https:\\\/\\\/proxipel.ch\\\/de\\\/#\\\/schema\\\/logo\\\/image\\\/\"}}]}<\/script>\n<!-- \/ Yoast SEO plugin. -->","yoast_head_json":{"title":"Die Verwertung von Gr\u00fcnabf\u00e4llen - Proxipel","description":"Verwertung von Gr\u00fcnabf\u00e4llen: Entdecken Sie die L\u00f6sungen von Proxipel \u2013 eine mobile Pelletierungsanlage zur Verwertung von Holzresten","robots":{"index":"index","follow":"follow","max-snippet":"max-snippet:-1","max-image-preview":"max-image-preview:large","max-video-preview":"max-video-preview:-1"},"canonical":"https:\/\/proxipel.ch\/de\/verwertung-von-grunabfallen\/","og_locale":"de_DE","og_type":"article","og_title":"Die Verwertung von Gr\u00fcnabf\u00e4llen - Proxipel","og_description":"Verwertung von Gr\u00fcnabf\u00e4llen: Entdecken Sie die L\u00f6sungen von Proxipel \u2013 eine mobile Pelletierungsanlage zur Verwertung von Holzresten","og_url":"https:\/\/proxipel.ch\/de\/verwertung-von-grunabfallen\/","og_site_name":"Proxipel","article_modified_time":"2026-07-15T07:20:45+00:00","og_image":[{"width":1600,"height":807,"url":"https:\/\/proxipel.ch\/wp-content\/uploads\/2025\/01\/camion-usine-pellet.webp","type":"image\/webp"}],"twitter_card":"summary_large_image","twitter_misc":{"Gesch\u00e4tzte Lesezeit":"1\u00a0Minute"},"schema":{"@context":"https:\/\/schema.org","@graph":[{"@type":"WebPage","@id":"https:\/\/proxipel.ch\/de\/verwertung-von-grunabfallen\/","url":"https:\/\/proxipel.ch\/de\/verwertung-von-grunabfallen\/","name":"Die Verwertung von Gr\u00fcnabf\u00e4llen - Proxipel","isPartOf":{"@id":"https:\/\/proxipel.ch\/de\/#website"},"primaryImageOfPage":{"@id":"https:\/\/proxipel.ch\/de\/verwertung-von-grunabfallen\/#primaryimage"},"image":{"@id":"https:\/\/proxipel.ch\/de\/verwertung-von-grunabfallen\/#primaryimage"},"thumbnailUrl":"https:\/\/proxipel.ch\/wp-content\/uploads\/2025\/01\/camion-usine-pellet.webp","datePublished":"2025-05-28T12:49:19+00:00","dateModified":"2026-07-15T07:20:45+00:00","description":"Verwertung von Gr\u00fcnabf\u00e4llen: Entdecken Sie die L\u00f6sungen von Proxipel \u2013 eine mobile Pelletierungsanlage zur Verwertung von Holzresten","breadcrumb":{"@id":"https:\/\/proxipel.ch\/de\/verwertung-von-grunabfallen\/#breadcrumb"},"inLanguage":"de","potentialAction":[{"@type":"ReadAction","target":["https:\/\/proxipel.ch\/de\/verwertung-von-grunabfallen\/"]}]},{"@type":"ImageObject","inLanguage":"de","@id":"https:\/\/proxipel.ch\/de\/verwertung-von-grunabfallen\/#primaryimage","url":"https:\/\/proxipel.ch\/wp-content\/uploads\/2025\/01\/camion-usine-pellet.webp","contentUrl":"https:\/\/proxipel.ch\/wp-content\/uploads\/2025\/01\/camion-usine-pellet.webp","width":1600,"height":807,"caption":"unit\u00e9 mobile de pelletisation int\u00e9grale"},{"@type":"BreadcrumbList","@id":"https:\/\/proxipel.ch\/de\/verwertung-von-grunabfallen\/#breadcrumb","itemListElement":[{"@type":"ListItem","position":1,"name":"Accueil","item":"https:\/\/proxipel.ch\/de\/"},{"@type":"ListItem","position":2,"name":"Die Verwertung von Gr\u00fcnabf\u00e4llen"}]},{"@type":"WebSite","@id":"https:\/\/proxipel.ch\/de\/#website","url":"https:\/\/proxipel.ch\/de\/","name":"Proxipel","description":"La premi\u00e8re unit\u00e9 mobile de pelletisation int\u00e9grale","publisher":{"@id":"https:\/\/proxipel.ch\/de\/#organization"},"potentialAction":[{"@type":"SearchAction","target":{"@type":"EntryPoint","urlTemplate":"https:\/\/proxipel.ch\/de\/?s={search_term_string}"},"query-input":{"@type":"PropertyValueSpecification","valueRequired":true,"valueName":"search_term_string"}}],"inLanguage":"de"},{"@type":"Organization","@id":"https:\/\/proxipel.ch\/de\/#organization","name":"Proxipel","url":"https:\/\/proxipel.ch\/de\/","logo":{"@type":"ImageObject","inLanguage":"de","@id":"https:\/\/proxipel.ch\/de\/#\/schema\/logo\/image\/","url":"https:\/\/proxipel.ch\/wp-content\/uploads\/2024\/04\/proxipel.svg","contentUrl":"https:\/\/proxipel.ch\/wp-content\/uploads\/2024\/04\/proxipel.svg","width":"1024","height":"1024","caption":"Proxipel"},"image":{"@id":"https:\/\/proxipel.ch\/de\/#\/schema\/logo\/image\/"}}]}},"_links":{"self":[{"href":"https:\/\/proxipel.ch\/de\/wp-json\/wp\/v2\/pages\/1433","targetHints":{"allow":["GET"]}}],"collection":[{"href":"https:\/\/proxipel.ch\/de\/wp-json\/wp\/v2\/pages"}],"about":[{"href":"https:\/\/proxipel.ch\/de\/wp-json\/wp\/v2\/types\/page"}],"author":[{"embeddable":true,"href":"https:\/\/proxipel.ch\/de\/wp-json\/wp\/v2\/users\/7"}],"replies":[{"embeddable":true,"href":"https:\/\/proxipel.ch\/de\/wp-json\/wp\/v2\/comments?post=1433"}],"version-history":[{"count":3,"href":"https:\/\/proxipel.ch\/de\/wp-json\/wp\/v2\/pages\/1433\/revisions"}],"predecessor-version":[{"id":3810,"href":"https:\/\/proxipel.ch\/de\/wp-json\/wp\/v2\/pages\/1433\/revisions\/3810"}],"wp:featuredmedia":[{"embeddable":true,"href":"https:\/\/proxipel.ch\/de\/wp-json\/wp\/v2\/media\/1230"}],"wp:attachment":[{"href":"https:\/\/proxipel.ch\/de\/wp-json\/wp\/v2\/media?parent=1433"}],"curies":[{"name":"wp","href":"https:\/\/api.w.org\/{rel}","templated":true}]}}