{"id":1395,"date":"2025-05-28T11:37:52","date_gmt":"2025-05-28T09:37:52","guid":{"rendered":"https:\/\/proxipel.ch\/zerkleinerung-und-granulierung\/"},"modified":"2026-07-15T09:33:01","modified_gmt":"2026-07-15T07:33:01","slug":"zerkleinerung-und-granulierung","status":"publish","type":"page","link":"https:\/\/proxipel.ch\/de\/zerkleinerung-und-granulierung\/","title":{"rendered":"Zerkleinerung und Granulierung"},"content":{"rendered":"<p><img decoding=\"async\" class=\"aligncenter wp-image-289 \" src=\"https:\/\/proxipel.ch\/wp-content\/uploads\/2024\/04\/proxipel.svg\" alt=\"\" width=\"675\" height=\"345\"><\/p>\n<p><a href=\"https:\/\/proxipel.ch\/de\/\">Proxipel, Ihre mobile Komplettanlage zur Pelletierung<\/a>, informiert Sie \u00fcber die Zerkleinerung und Granulierung. Entdecken Sie unsere <a href=\"https:\/\/proxipel.ch\/de\/\">L\u00f6sungen zur Zerkleinerung und Granulierung<\/a>, um Ihre Abf\u00e4lle in n\u00fctzliche Ressourcen umzuwandeln. Beim Zerkleinern werden Ihre Abf\u00e4lle in kleine St\u00fccke zerkleinert, was deren Recycling und Umwandlung in n\u00fctzliche Ressourcen erleichtert. Bei der Granulierung werden diese Abf\u00e4lle in Granulat umgewandelt, das als Brennstoff f\u00fcr Heizzwecke verwendet werden kann.   <\/p>\n<h2>Proxipel, Spezialist f\u00fcr Zerkleinerung und Pelletierung<\/h2>\n<p>Proxipel hat eine einzigartige mobile Pelletieranlage entwickelt: Proxiflex. Diese Produktionsanlage, die so miniaturisiert wurde, dass sie vollst\u00e4ndig in einen Sattelauflieger integriert werden kann, gew\u00e4hrleistet eine hohe Effizienz. <\/p>\n<p>Dank ihrer Mobilit\u00e4t r\u00fcckt die Anlage n\u00e4her an die Biomasse und den Verbraucher heran, wodurch die Auswirkungen des Transports und der Lieferung von Pellets erheblich verringert werden. Das Prinzip der kurzen Lieferwege steht im Mittelpunkt dieses Ansatzes. <\/p>\n<p>Ausgestattet mit einem patentierten Trockner erm\u00f6glicht Proxiflex die Herstellung von Pellets gem\u00e4\u00df der Norm ISO 17225. Nach Verlassen der Anlage k\u00f6nnen die Pellets sofort verbraucht und vermarktet werden. Dank der Leistungsf\u00e4higkeit des Trockners k\u00f6nnen Rohstoffe mit einem Feuchtigkeitsgehalt von bis zu 50 % verarbeitet werden.  <\/p>\n<h2>Proxipel, die Referenz f\u00fcr mobile Technologie und Service vor Ort<\/h2>\n<p>Entdecken Sie unsere Zerkleinerungs- und Granulierl\u00f6sung, mit der Sie Ihre Gr\u00fcnabf\u00e4lle in Granulat umwandeln k\u00f6nnen. Mit dieser Technik k\u00f6nnen Sie Ihre Abf\u00e4lle verwerten und gleichzeitig erneuerbare Energie erzeugen. Proxipel bietet Ihnen effiziente L\u00f6sungen f\u00fcr eine optimale Zerkleinerung und Granulierung Ihrer Gr\u00fcnabf\u00e4lle.  <\/p>\n<h2>Dienstleistungen von Proxiflex:<\/h2>\n<ul>\n<li><a href=\"https:\/\/proxipel.ch\/de\/proxiflex\/\">Unsere mobile Pelletierungsl\u00f6sung<\/a><\/li>\n<li><a href=\"https:\/\/proxipel.ch\/de\/technologie\/\">Unsere innovative Technologie<\/a><\/li>\n<li><a href=\"https:\/\/proxipel.ch\/de\/einheit-mieten\/\">Vermietung einer mobilen Pelletieranlage<\/a><\/li>\n<li><a href=\"https:\/\/proxipel.ch\/de\/pellets\/\">Verkauf von Pellets<\/a><\/li>\n<\/ul>\n<h2>Kontaktieren Sie uns<\/h2>\n<ul>\n<li><a href=\"https:\/\/proxipel.ch\/de\/kontakt\/\">Um R\u00fcckmeldung bitten<\/a><\/li>\n<li><a href=\"mailto:nfo@proxipel.com\">Info@proxipel.com<\/a><\/li>\n<li>Tel.: <a href=\"tel:+41218013349\">+41 21 801 33 49<\/a><\/li>\n<\/ul>\n","protected":false},"excerpt":{"rendered":"<p>Proxipel, Ihre mobile Komplettanlage zur Pelletierung, informiert Sie \u00fcber die Zerkleinerung und Granulierung. Entdecken Sie unsere L\u00f6sungen zur Zerkleinerung und Granulierung, um Ihre Abf\u00e4lle in n\u00fctzliche Ressourcen umzuwandeln. Beim Zerkleinern werden Ihre Abf\u00e4lle in kleine St\u00fccke zerkleinert, was deren Recycling und Umwandlung in n\u00fctzliche Ressourcen erleichtert. Bei der Granulierung werden diese Abf\u00e4lle in Granulat umgewandelt, [&hellip;]<\/p>\n","protected":false},"author":7,"featured_media":1388,"parent":0,"menu_order":0,"comment_status":"closed","ping_status":"closed","template":"","meta":{"_et_pb_use_builder":"","_et_pb_old_content":"","_et_gb_content_width":"","inline_featured_image":false,"footnotes":""},"class_list":["post-1395","page","type-page","status-publish","has-post-thumbnail","hentry"],"yoast_head":"<!-- This site is optimized with the Yoast SEO plugin v28.3 - https:\/\/yoast.com\/product\/yoast-seo-wordpress\/ -->\n<title>Zerkleinerung und Granulierung - Proxipel<\/title>\n<meta name=\"description\" content=\"Zerkleinern und Granulieren: Entdecken Sie Proxipel, die erste mobile Gesamtpelletieranlage, die zerkleinern, trocknen und granulieren kann.\" \/>\n<meta name=\"robots\" content=\"index, follow, max-snippet:-1, max-image-preview:large, max-video-preview:-1\" \/>\n<link rel=\"canonical\" href=\"https:\/\/proxipel.ch\/de\/zerkleinerung-und-granulierung\/\" \/>\n<meta property=\"og:locale\" content=\"de_DE\" \/>\n<meta property=\"og:type\" content=\"article\" \/>\n<meta property=\"og:title\" content=\"Zerkleinerung und Granulierung - Proxipel\" \/>\n<meta property=\"og:description\" content=\"Zerkleinern und Granulieren: Entdecken Sie Proxipel, die erste mobile Gesamtpelletieranlage, die zerkleinern, trocknen und granulieren kann.\" \/>\n<meta property=\"og:url\" content=\"https:\/\/proxipel.ch\/de\/zerkleinerung-und-granulierung\/\" \/>\n<meta property=\"og:site_name\" content=\"Proxipel\" \/>\n<meta property=\"article:modified_time\" content=\"2026-07-15T07:33:01+00:00\" \/>\n<meta property=\"og:image\" content=\"https:\/\/proxipel.ch\/wp-content\/uploads\/2025\/05\/unite-mobile-Proxipel-scaled.webp\" \/>\n\t<meta property=\"og:image:width\" content=\"2560\" \/>\n\t<meta property=\"og:image:height\" content=\"1594\" \/>\n\t<meta property=\"og:image:type\" content=\"image\/webp\" \/>\n<meta name=\"twitter:card\" content=\"summary_large_image\" \/>\n<meta name=\"twitter:label1\" content=\"Gesch\u00e4tzte Lesezeit\" \/>\n\t<meta name=\"twitter:data1\" content=\"1\u00a0Minute\" \/>\n<script type=\"application\/ld+json\" class=\"yoast-schema-graph\">{\"@context\":\"https:\\\/\\\/schema.org\",\"@graph\":[{\"@type\":\"WebPage\",\"@id\":\"https:\\\/\\\/proxipel.ch\\\/de\\\/zerkleinerung-und-granulierung\\\/\",\"url\":\"https:\\\/\\\/proxipel.ch\\\/de\\\/zerkleinerung-und-granulierung\\\/\",\"name\":\"Zerkleinerung und Granulierung - Proxipel\",\"isPartOf\":{\"@id\":\"https:\\\/\\\/proxipel.ch\\\/de\\\/#website\"},\"primaryImageOfPage\":{\"@id\":\"https:\\\/\\\/proxipel.ch\\\/de\\\/zerkleinerung-und-granulierung\\\/#primaryimage\"},\"image\":{\"@id\":\"https:\\\/\\\/proxipel.ch\\\/de\\\/zerkleinerung-und-granulierung\\\/#primaryimage\"},\"thumbnailUrl\":\"https:\\\/\\\/proxipel.ch\\\/wp-content\\\/uploads\\\/2025\\\/05\\\/unite-mobile-Proxipel-scaled.webp\",\"datePublished\":\"2025-05-28T09:37:52+00:00\",\"dateModified\":\"2026-07-15T07:33:01+00:00\",\"description\":\"Zerkleinern und Granulieren: Entdecken Sie Proxipel, die erste mobile Gesamtpelletieranlage, die zerkleinern, trocknen und granulieren kann.\",\"breadcrumb\":{\"@id\":\"https:\\\/\\\/proxipel.ch\\\/de\\\/zerkleinerung-und-granulierung\\\/#breadcrumb\"},\"inLanguage\":\"de\",\"potentialAction\":[{\"@type\":\"ReadAction\",\"target\":[\"https:\\\/\\\/proxipel.ch\\\/de\\\/zerkleinerung-und-granulierung\\\/\"]}]},{\"@type\":\"ImageObject\",\"inLanguage\":\"de\",\"@id\":\"https:\\\/\\\/proxipel.ch\\\/de\\\/zerkleinerung-und-granulierung\\\/#primaryimage\",\"url\":\"https:\\\/\\\/proxipel.ch\\\/wp-content\\\/uploads\\\/2025\\\/05\\\/unite-mobile-Proxipel-scaled.webp\",\"contentUrl\":\"https:\\\/\\\/proxipel.ch\\\/wp-content\\\/uploads\\\/2025\\\/05\\\/unite-mobile-Proxipel-scaled.webp\",\"width\":2560,\"height\":1594,\"caption\":\"Unit\u00e9 mobile de granulation Proxipel\"},{\"@type\":\"BreadcrumbList\",\"@id\":\"https:\\\/\\\/proxipel.ch\\\/de\\\/zerkleinerung-und-granulierung\\\/#breadcrumb\",\"itemListElement\":[{\"@type\":\"ListItem\",\"position\":1,\"name\":\"Accueil\",\"item\":\"https:\\\/\\\/proxipel.ch\\\/de\\\/\"},{\"@type\":\"ListItem\",\"position\":2,\"name\":\"Zerkleinerung und Granulierung\"}]},{\"@type\":\"WebSite\",\"@id\":\"https:\\\/\\\/proxipel.ch\\\/de\\\/#website\",\"url\":\"https:\\\/\\\/proxipel.ch\\\/de\\\/\",\"name\":\"Proxipel\",\"description\":\"La premi\u00e8re unit\u00e9 mobile de pelletisation int\u00e9grale\",\"publisher\":{\"@id\":\"https:\\\/\\\/proxipel.ch\\\/de\\\/#organization\"},\"potentialAction\":[{\"@type\":\"SearchAction\",\"target\":{\"@type\":\"EntryPoint\",\"urlTemplate\":\"https:\\\/\\\/proxipel.ch\\\/de\\\/?s={search_term_string}\"},\"query-input\":{\"@type\":\"PropertyValueSpecification\",\"valueRequired\":true,\"valueName\":\"search_term_string\"}}],\"inLanguage\":\"de\"},{\"@type\":\"Organization\",\"@id\":\"https:\\\/\\\/proxipel.ch\\\/de\\\/#organization\",\"name\":\"Proxipel\",\"url\":\"https:\\\/\\\/proxipel.ch\\\/de\\\/\",\"logo\":{\"@type\":\"ImageObject\",\"inLanguage\":\"de\",\"@id\":\"https:\\\/\\\/proxipel.ch\\\/de\\\/#\\\/schema\\\/logo\\\/image\\\/\",\"url\":\"https:\\\/\\\/proxipel.ch\\\/wp-content\\\/uploads\\\/2024\\\/04\\\/proxipel.svg\",\"contentUrl\":\"https:\\\/\\\/proxipel.ch\\\/wp-content\\\/uploads\\\/2024\\\/04\\\/proxipel.svg\",\"width\":\"1024\",\"height\":\"1024\",\"caption\":\"Proxipel\"},\"image\":{\"@id\":\"https:\\\/\\\/proxipel.ch\\\/de\\\/#\\\/schema\\\/logo\\\/image\\\/\"}}]}<\/script>\n<!-- \/ Yoast SEO plugin. -->","yoast_head_json":{"title":"Zerkleinerung und Granulierung - Proxipel","description":"Zerkleinern und Granulieren: Entdecken Sie Proxipel, die erste mobile Gesamtpelletieranlage, die zerkleinern, trocknen und granulieren kann.","robots":{"index":"index","follow":"follow","max-snippet":"max-snippet:-1","max-image-preview":"max-image-preview:large","max-video-preview":"max-video-preview:-1"},"canonical":"https:\/\/proxipel.ch\/de\/zerkleinerung-und-granulierung\/","og_locale":"de_DE","og_type":"article","og_title":"Zerkleinerung und Granulierung - Proxipel","og_description":"Zerkleinern und Granulieren: Entdecken Sie Proxipel, die erste mobile Gesamtpelletieranlage, die zerkleinern, trocknen und granulieren kann.","og_url":"https:\/\/proxipel.ch\/de\/zerkleinerung-und-granulierung\/","og_site_name":"Proxipel","article_modified_time":"2026-07-15T07:33:01+00:00","og_image":[{"width":2560,"height":1594,"url":"https:\/\/proxipel.ch\/wp-content\/uploads\/2025\/05\/unite-mobile-Proxipel-scaled.webp","type":"image\/webp"}],"twitter_card":"summary_large_image","twitter_misc":{"Gesch\u00e4tzte Lesezeit":"1\u00a0Minute"},"schema":{"@context":"https:\/\/schema.org","@graph":[{"@type":"WebPage","@id":"https:\/\/proxipel.ch\/de\/zerkleinerung-und-granulierung\/","url":"https:\/\/proxipel.ch\/de\/zerkleinerung-und-granulierung\/","name":"Zerkleinerung und Granulierung - Proxipel","isPartOf":{"@id":"https:\/\/proxipel.ch\/de\/#website"},"primaryImageOfPage":{"@id":"https:\/\/proxipel.ch\/de\/zerkleinerung-und-granulierung\/#primaryimage"},"image":{"@id":"https:\/\/proxipel.ch\/de\/zerkleinerung-und-granulierung\/#primaryimage"},"thumbnailUrl":"https:\/\/proxipel.ch\/wp-content\/uploads\/2025\/05\/unite-mobile-Proxipel-scaled.webp","datePublished":"2025-05-28T09:37:52+00:00","dateModified":"2026-07-15T07:33:01+00:00","description":"Zerkleinern und Granulieren: Entdecken Sie Proxipel, die erste mobile Gesamtpelletieranlage, die zerkleinern, trocknen und granulieren kann.","breadcrumb":{"@id":"https:\/\/proxipel.ch\/de\/zerkleinerung-und-granulierung\/#breadcrumb"},"inLanguage":"de","potentialAction":[{"@type":"ReadAction","target":["https:\/\/proxipel.ch\/de\/zerkleinerung-und-granulierung\/"]}]},{"@type":"ImageObject","inLanguage":"de","@id":"https:\/\/proxipel.ch\/de\/zerkleinerung-und-granulierung\/#primaryimage","url":"https:\/\/proxipel.ch\/wp-content\/uploads\/2025\/05\/unite-mobile-Proxipel-scaled.webp","contentUrl":"https:\/\/proxipel.ch\/wp-content\/uploads\/2025\/05\/unite-mobile-Proxipel-scaled.webp","width":2560,"height":1594,"caption":"Unit\u00e9 mobile de granulation Proxipel"},{"@type":"BreadcrumbList","@id":"https:\/\/proxipel.ch\/de\/zerkleinerung-und-granulierung\/#breadcrumb","itemListElement":[{"@type":"ListItem","position":1,"name":"Accueil","item":"https:\/\/proxipel.ch\/de\/"},{"@type":"ListItem","position":2,"name":"Zerkleinerung und Granulierung"}]},{"@type":"WebSite","@id":"https:\/\/proxipel.ch\/de\/#website","url":"https:\/\/proxipel.ch\/de\/","name":"Proxipel","description":"La premi\u00e8re unit\u00e9 mobile de pelletisation int\u00e9grale","publisher":{"@id":"https:\/\/proxipel.ch\/de\/#organization"},"potentialAction":[{"@type":"SearchAction","target":{"@type":"EntryPoint","urlTemplate":"https:\/\/proxipel.ch\/de\/?s={search_term_string}"},"query-input":{"@type":"PropertyValueSpecification","valueRequired":true,"valueName":"search_term_string"}}],"inLanguage":"de"},{"@type":"Organization","@id":"https:\/\/proxipel.ch\/de\/#organization","name":"Proxipel","url":"https:\/\/proxipel.ch\/de\/","logo":{"@type":"ImageObject","inLanguage":"de","@id":"https:\/\/proxipel.ch\/de\/#\/schema\/logo\/image\/","url":"https:\/\/proxipel.ch\/wp-content\/uploads\/2024\/04\/proxipel.svg","contentUrl":"https:\/\/proxipel.ch\/wp-content\/uploads\/2024\/04\/proxipel.svg","width":"1024","height":"1024","caption":"Proxipel"},"image":{"@id":"https:\/\/proxipel.ch\/de\/#\/schema\/logo\/image\/"}}]}},"_links":{"self":[{"href":"https:\/\/proxipel.ch\/de\/wp-json\/wp\/v2\/pages\/1395","targetHints":{"allow":["GET"]}}],"collection":[{"href":"https:\/\/proxipel.ch\/de\/wp-json\/wp\/v2\/pages"}],"about":[{"href":"https:\/\/proxipel.ch\/de\/wp-json\/wp\/v2\/types\/page"}],"author":[{"embeddable":true,"href":"https:\/\/proxipel.ch\/de\/wp-json\/wp\/v2\/users\/7"}],"replies":[{"embeddable":true,"href":"https:\/\/proxipel.ch\/de\/wp-json\/wp\/v2\/comments?post=1395"}],"version-history":[{"count":3,"href":"https:\/\/proxipel.ch\/de\/wp-json\/wp\/v2\/pages\/1395\/revisions"}],"predecessor-version":[{"id":3814,"href":"https:\/\/proxipel.ch\/de\/wp-json\/wp\/v2\/pages\/1395\/revisions\/3814"}],"wp:featuredmedia":[{"embeddable":true,"href":"https:\/\/proxipel.ch\/de\/wp-json\/wp\/v2\/media\/1388"}],"wp:attachment":[{"href":"https:\/\/proxipel.ch\/de\/wp-json\/wp\/v2\/media?parent=1395"}],"curies":[{"name":"wp","href":"https:\/\/api.w.org\/{rel}","templated":true}]}}